{"id":48197,"date":"2024-11-29T17:01:37","date_gmt":"2024-11-30T00:01:37","guid":{"rendered":"https:\/\/www.opinionpublica.tv\/portada\/?page_id=48197"},"modified":"2024-12-27T12:49:50","modified_gmt":"2024-12-27T19:49:50","slug":"el-libro-de-la-semana","status":"publish","type":"page","link":"https:\/\/www.opinionpublica.tv\/portada\/el-libro-de-la-semana\/","title":{"rendered":"El Libro de la Semana"},"content":{"rendered":"\t\t<div data-elementor-type=\"wp-page\" data-elementor-id=\"48197\" class=\"elementor elementor-48197\" data-elementor-post-type=\"page\">\n\t\t\t\t<div class=\"elementor-element elementor-element-8a8e4d4 e-flex e-con-boxed e-con e-parent\" data-id=\"8a8e4d4\" data-element_type=\"container\" data-e-type=\"container\">\n\t\t\t\t\t<div class=\"e-con-inner\">\n\t\t<div class=\"elementor-element elementor-element-7c56bd1 e-con-full e-flex e-con e-child\" data-id=\"7c56bd1\" data-element_type=\"container\" data-e-type=\"container\">\n\t\t\t\t<div class=\"elementor-element elementor-element-efdd8c3 elementor-widget elementor-widget-heading\" data-id=\"efdd8c3\" data-element_type=\"widget\" data-e-type=\"widget\" data-widget_type=\"heading.default\">\n\t\t\t\t<div class=\"elementor-widget-container\">\n\t\t\t\t\t<h2 class=\"elementor-heading-title elementor-size-default\">El Libro de la Semana<\/h2>\t\t\t\t<\/div>\n\t\t\t\t<\/div>\n\t\t\t\t<div class=\"elementor-element elementor-element-1d51331 elementor-widget elementor-widget-heading\" data-id=\"1d51331\" data-element_type=\"widget\" data-e-type=\"widget\" data-widget_type=\"heading.default\">\n\t\t\t\t<div class=\"elementor-widget-container\">\n\t\t\t\t\t<h3 class=\"elementor-heading-title elementor-size-default\"><a href=\"mailto:direccion@opinionpublica.tv\">Contacto: direccion@opinionpublica.tv<\/a><\/h3>\t\t\t\t<\/div>\n\t\t\t\t<\/div>\n\t\t\t\t<div class=\"elementor-element elementor-element-4d36377 elementor-grid-1 elementor-grid-tablet-2 elementor-grid-mobile-1 elementor-posts--thumbnail-top elementor-card-shadow-yes elementor-posts__hover-gradient elementor-widget elementor-widget-posts\" data-id=\"4d36377\" data-element_type=\"widget\" data-e-type=\"widget\" data-settings=\"{&quot;cards_columns&quot;:&quot;1&quot;,&quot;cards_columns_tablet&quot;:&quot;2&quot;,&quot;cards_columns_mobile&quot;:&quot;1&quot;,&quot;cards_row_gap&quot;:{&quot;unit&quot;:&quot;px&quot;,&quot;size&quot;:35,&quot;sizes&quot;:[]},&quot;cards_row_gap_tablet&quot;:{&quot;unit&quot;:&quot;px&quot;,&quot;size&quot;:&quot;&quot;,&quot;sizes&quot;:[]},&quot;cards_row_gap_mobile&quot;:{&quot;unit&quot;:&quot;px&quot;,&quot;size&quot;:&quot;&quot;,&quot;sizes&quot;:[]}}\" data-widget_type=\"posts.cards\">\n\t\t\t\t<div class=\"elementor-widget-container\">\n\t\t\t\t\t\t\t<div class=\"elementor-posts-container elementor-posts elementor-posts--skin-cards elementor-grid\" role=\"list\">\n\t\t\t\t<article class=\"elementor-post elementor-grid-item post-92750 post type-post status-publish format-standard has-post-thumbnail hentry category-el-libro-de-la-semana tag-lectura tag-libro-de-la-semana\" role=\"listitem\">\n\t\t\t<div class=\"elementor-post__card\">\n\t\t\t\t<a class=\"elementor-post__thumbnail__link\" href=\"https:\/\/www.opinionpublica.tv\/portada\/la-vida-en-un-scroll-como-las-pantallas-moldean-y-dirigen-lo-que-somos-autor-moises-g-recio\/\" tabindex=\"-1\" ><div class=\"elementor-post__thumbnail\"><img fetchpriority=\"high\" decoding=\"async\" width=\"663\" height=\"1024\" src=\"https:\/\/www.opinionpublica.tv\/portada\/wp-content\/uploads\/2026\/08\/La-vida-en-un-scroll-Como-las-pantallas-moldean-y-dirigen-lo-que-somos-663x1024.jpg\" class=\"attachment-large size-large wp-image-92751\" alt=\"La vida en un scroll Co\u0301mo las pantallas moldean y dirigen lo que somos\" srcset=\"https:\/\/www.opinionpublica.tv\/portada\/wp-content\/uploads\/2026\/08\/La-vida-en-un-scroll-Como-las-pantallas-moldean-y-dirigen-lo-que-somos-663x1024.jpg 663w, https:\/\/www.opinionpublica.tv\/portada\/wp-content\/uploads\/2026\/08\/La-vida-en-un-scroll-Como-las-pantallas-moldean-y-dirigen-lo-que-somos-194x300.jpg 194w, https:\/\/www.opinionpublica.tv\/portada\/wp-content\/uploads\/2026\/08\/La-vida-en-un-scroll-Como-las-pantallas-moldean-y-dirigen-lo-que-somos-768x1186.jpg 768w, https:\/\/www.opinionpublica.tv\/portada\/wp-content\/uploads\/2026\/08\/La-vida-en-un-scroll-Como-las-pantallas-moldean-y-dirigen-lo-que-somos.jpg 971w\" sizes=\"(max-width: 663px) 100vw, 663px\" \/><\/div><\/a>\n\t\t\t\t<div class=\"elementor-post__badge\">El Libro de la Semana<\/div>\n\t\t\t\t<div class=\"elementor-post__text\">\n\t\t\t\t<h1 class=\"elementor-post__title\">\n\t\t\t<a href=\"https:\/\/www.opinionpublica.tv\/portada\/la-vida-en-un-scroll-como-las-pantallas-moldean-y-dirigen-lo-que-somos-autor-moises-g-recio\/\" >\n\t\t\t\tLa vida en un scroll: C\u00f3mo las pantallas moldean lo que somos | Mois\u00e9s Recio\t\t\t<\/a>\n\t\t<\/h1>\n\t\t\t\t<div class=\"elementor-post__excerpt\">\n\t\t\t<p>Hace unos a\u00f1os decid\u00ed alejarme de las redes sociales por un par de semanas. Los beneficios son tan claros y r\u00e1pidos que extend\u00ed ese exilio<\/p>\n\t\t<\/div>\n\t\t\n\t\t<a class=\"elementor-post__read-more\" href=\"https:\/\/www.opinionpublica.tv\/portada\/la-vida-en-un-scroll-como-las-pantallas-moldean-y-dirigen-lo-que-somos-autor-moises-g-recio\/\" aria-label=\"M\u00e1s informaci\u00f3n sobre La vida en un scroll: C\u00f3mo las pantallas moldean lo que somos | Mois\u00e9s Recio\" tabindex=\"-1\" >\n\t\t\tLeer m\u00e1s \u00bb\t\t<\/a>\n\n\t\t\t\t<\/div>\n\t\t\t\t<div class=\"elementor-post__meta-data\">\n\t\t\t\t\t<span class=\"elementor-post-date\">\n\t\t\t29 de agosto de 2026\t\t<\/span>\n\t\t\t\t<\/div>\n\t\t\t\t\t<\/div>\n\t\t<\/article>\n\t\t\t\t<\/div>\n\t\t\n\t\t\t\t\t\t<\/div>\n\t\t\t\t<\/div>\n\t\t\t\t<div class=\"elementor-element elementor-element-4a1addb elementor-grid-2 elementor-grid-tablet-2 elementor-grid-mobile-1 elementor-posts--thumbnail-top elementor-card-shadow-yes elementor-posts__hover-gradient elementor-widget elementor-widget-posts\" data-id=\"4a1addb\" data-element_type=\"widget\" data-e-type=\"widget\" data-settings=\"{&quot;cards_columns&quot;:&quot;2&quot;,&quot;cards_columns_tablet&quot;:&quot;2&quot;,&quot;cards_columns_mobile&quot;:&quot;1&quot;,&quot;cards_row_gap&quot;:{&quot;unit&quot;:&quot;px&quot;,&quot;size&quot;:35,&quot;sizes&quot;:[]},&quot;cards_row_gap_tablet&quot;:{&quot;unit&quot;:&quot;px&quot;,&quot;size&quot;:&quot;&quot;,&quot;sizes&quot;:[]},&quot;cards_row_gap_mobile&quot;:{&quot;unit&quot;:&quot;px&quot;,&quot;size&quot;:&quot;&quot;,&quot;sizes&quot;:[]}}\" data-widget_type=\"posts.cards\">\n\t\t\t\t<div class=\"elementor-widget-container\">\n\t\t\t\t\t\t\t<div class=\"elementor-posts-container elementor-posts elementor-posts--skin-cards elementor-grid\" role=\"list\">\n\t\t\t\t<article class=\"elementor-post elementor-grid-item post-92750 post type-post status-publish format-standard has-post-thumbnail hentry category-el-libro-de-la-semana tag-lectura tag-libro-de-la-semana\" role=\"listitem\">\n\t\t\t<div class=\"elementor-post__card\">\n\t\t\t\t<a class=\"elementor-post__thumbnail__link\" href=\"https:\/\/www.opinionpublica.tv\/portada\/la-vida-en-un-scroll-como-las-pantallas-moldean-y-dirigen-lo-que-somos-autor-moises-g-recio\/\" tabindex=\"-1\" ><div class=\"elementor-post__thumbnail\"><img decoding=\"async\" width=\"194\" height=\"300\" src=\"https:\/\/www.opinionpublica.tv\/portada\/wp-content\/uploads\/2026\/08\/La-vida-en-un-scroll-Como-las-pantallas-moldean-y-dirigen-lo-que-somos-194x300.jpg\" class=\"attachment-medium size-medium wp-image-92751\" alt=\"La vida en un scroll Co\u0301mo las pantallas moldean y dirigen lo que somos\" srcset=\"https:\/\/www.opinionpublica.tv\/portada\/wp-content\/uploads\/2026\/08\/La-vida-en-un-scroll-Como-las-pantallas-moldean-y-dirigen-lo-que-somos-194x300.jpg 194w, https:\/\/www.opinionpublica.tv\/portada\/wp-content\/uploads\/2026\/08\/La-vida-en-un-scroll-Como-las-pantallas-moldean-y-dirigen-lo-que-somos-768x1186.jpg 768w, https:\/\/www.opinionpublica.tv\/portada\/wp-content\/uploads\/2026\/08\/La-vida-en-un-scroll-Como-las-pantallas-moldean-y-dirigen-lo-que-somos-663x1024.jpg 663w, https:\/\/www.opinionpublica.tv\/portada\/wp-content\/uploads\/2026\/08\/La-vida-en-un-scroll-Como-las-pantallas-moldean-y-dirigen-lo-que-somos.jpg 971w\" sizes=\"(max-width: 194px) 100vw, 194px\" \/><\/div><\/a>\n\t\t\t\t<div class=\"elementor-post__badge\">El Libro de la Semana<\/div>\n\t\t\t\t<div class=\"elementor-post__text\">\n\t\t\t\t<h3 class=\"elementor-post__title\">\n\t\t\t<a href=\"https:\/\/www.opinionpublica.tv\/portada\/la-vida-en-un-scroll-como-las-pantallas-moldean-y-dirigen-lo-que-somos-autor-moises-g-recio\/\" >\n\t\t\t\tLa vida en un scroll: C\u00f3mo las pantallas moldean lo que somos | Mois\u00e9s Recio\t\t\t<\/a>\n\t\t<\/h3>\n\t\t\n\t\t<a class=\"elementor-post__read-more\" href=\"https:\/\/www.opinionpublica.tv\/portada\/la-vida-en-un-scroll-como-las-pantallas-moldean-y-dirigen-lo-que-somos-autor-moises-g-recio\/\" aria-label=\"M\u00e1s informaci\u00f3n sobre La vida en un scroll: C\u00f3mo las pantallas moldean lo que somos | Mois\u00e9s Recio\" tabindex=\"-1\" >\n\t\t\tLeer m\u00e1s \u00bb\t\t<\/a>\n\n\t\t\t\t<\/div>\n\t\t\t\t<div class=\"elementor-post__meta-data\">\n\t\t\t\t\t<span class=\"elementor-post-date\">\n\t\t\t29 de agosto de 2026\t\t<\/span>\n\t\t\t\t<\/div>\n\t\t\t\t\t<\/div>\n\t\t<\/article>\n\t\t\t\t<article class=\"elementor-post elementor-grid-item post-92262 post type-post status-publish format-standard has-post-thumbnail hentry category-el-libro-de-la-semana tag-inversion tag-lectura tag-libro-de-la-semana\" role=\"listitem\">\n\t\t\t<div class=\"elementor-post__card\">\n\t\t\t\t<a class=\"elementor-post__thumbnail__link\" href=\"https:\/\/www.opinionpublica.tv\/portada\/el-libro-de-la-semana-el-habito-de-invertir-autor-nick-maggiullie\/\" tabindex=\"-1\" ><div class=\"elementor-post__thumbnail\"><img decoding=\"async\" width=\"196\" height=\"300\" src=\"https:\/\/www.opinionpublica.tv\/portada\/wp-content\/uploads\/2026\/08\/El-libro-de-la-semana-El-Habito-de-Invertir-Autor-Nick-Maggiullie-196x300.jpg\" class=\"attachment-medium size-medium wp-image-92264\" alt=\"El libro de la semana | El Ha\u0301bito de Invertir | Autor Nick Maggiullie\" srcset=\"https:\/\/www.opinionpublica.tv\/portada\/wp-content\/uploads\/2026\/08\/El-libro-de-la-semana-El-Habito-de-Invertir-Autor-Nick-Maggiullie-196x300.jpg 196w, https:\/\/www.opinionpublica.tv\/portada\/wp-content\/uploads\/2026\/08\/El-libro-de-la-semana-El-Habito-de-Invertir-Autor-Nick-Maggiullie-668x1024.jpg 668w, https:\/\/www.opinionpublica.tv\/portada\/wp-content\/uploads\/2026\/08\/El-libro-de-la-semana-El-Habito-de-Invertir-Autor-Nick-Maggiullie-767x1177.jpg 767w, https:\/\/www.opinionpublica.tv\/portada\/wp-content\/uploads\/2026\/08\/El-libro-de-la-semana-El-Habito-de-Invertir-Autor-Nick-Maggiullie.jpg 978w\" sizes=\"(max-width: 196px) 100vw, 196px\" \/><\/div><\/a>\n\t\t\t\t<div class=\"elementor-post__badge\">El Libro de la Semana<\/div>\n\t\t\t\t<div class=\"elementor-post__text\">\n\t\t\t\t<h3 class=\"elementor-post__title\">\n\t\t\t<a href=\"https:\/\/www.opinionpublica.tv\/portada\/el-libro-de-la-semana-el-habito-de-invertir-autor-nick-maggiullie\/\" >\n\t\t\t\tEl libro de la semana | El H\u00e1bito de Invertir | Autor: Nick Maggiullie\t\t\t<\/a>\n\t\t<\/h3>\n\t\t\n\t\t<a class=\"elementor-post__read-more\" href=\"https:\/\/www.opinionpublica.tv\/portada\/el-libro-de-la-semana-el-habito-de-invertir-autor-nick-maggiullie\/\" aria-label=\"M\u00e1s informaci\u00f3n sobre El libro de la semana | El H\u00e1bito de Invertir | Autor: Nick Maggiullie\" tabindex=\"-1\" >\n\t\t\tLeer m\u00e1s \u00bb\t\t<\/a>\n\n\t\t\t\t<\/div>\n\t\t\t\t<div class=\"elementor-post__meta-data\">\n\t\t\t\t\t<span class=\"elementor-post-date\">\n\t\t\t22 de agosto de 2026\t\t<\/span>\n\t\t\t\t<\/div>\n\t\t\t\t\t<\/div>\n\t\t<\/article>\n\t\t\t\t<article class=\"elementor-post elementor-grid-item post-91821 post type-post status-publish format-standard has-post-thumbnail hentry category-el-libro-de-la-semana tag-lectura tag-libros\" role=\"listitem\">\n\t\t\t<div class=\"elementor-post__card\">\n\t\t\t\t<a class=\"elementor-post__thumbnail__link\" href=\"https:\/\/www.opinionpublica.tv\/portada\/el-libro-de-la-semana-el-encuentro-de-cuatro-imperios-autor-javier-fernandez-aguado\/\" tabindex=\"-1\" ><div class=\"elementor-post__thumbnail\"><img loading=\"lazy\" decoding=\"async\" width=\"192\" height=\"300\" src=\"https:\/\/www.opinionpublica.tv\/portada\/wp-content\/uploads\/2026\/08\/El-encuentro-de-cuatro-imperios-Autor-Javier-Fernandez-Aguado-192x300.jpg\" class=\"attachment-medium size-medium wp-image-91826\" alt=\"Version 1.0.0\" srcset=\"https:\/\/www.opinionpublica.tv\/portada\/wp-content\/uploads\/2026\/08\/El-encuentro-de-cuatro-imperios-Autor-Javier-Fernandez-Aguado-192x300.jpg 192w, https:\/\/www.opinionpublica.tv\/portada\/wp-content\/uploads\/2026\/08\/El-encuentro-de-cuatro-imperios-Autor-Javier-Fernandez-Aguado-656x1024.jpg 656w, https:\/\/www.opinionpublica.tv\/portada\/wp-content\/uploads\/2026\/08\/El-encuentro-de-cuatro-imperios-Autor-Javier-Fernandez-Aguado.jpg 673w\" sizes=\"(max-width: 192px) 100vw, 192px\" \/><\/div><\/a>\n\t\t\t\t<div class=\"elementor-post__badge\">El Libro de la Semana<\/div>\n\t\t\t\t<div class=\"elementor-post__text\">\n\t\t\t\t<h3 class=\"elementor-post__title\">\n\t\t\t<a href=\"https:\/\/www.opinionpublica.tv\/portada\/el-libro-de-la-semana-el-encuentro-de-cuatro-imperios-autor-javier-fernandez-aguado\/\" >\n\t\t\t\tEl encuentro de cuatro imperios | Autor: Javier Fern\u00e1ndez Aguado\t\t\t<\/a>\n\t\t<\/h3>\n\t\t\n\t\t<a class=\"elementor-post__read-more\" href=\"https:\/\/www.opinionpublica.tv\/portada\/el-libro-de-la-semana-el-encuentro-de-cuatro-imperios-autor-javier-fernandez-aguado\/\" aria-label=\"M\u00e1s informaci\u00f3n sobre El encuentro de cuatro imperios | Autor: Javier Fern\u00e1ndez Aguado\" tabindex=\"-1\" >\n\t\t\tLeer m\u00e1s \u00bb\t\t<\/a>\n\n\t\t\t\t<\/div>\n\t\t\t\t<div class=\"elementor-post__meta-data\">\n\t\t\t\t\t<span class=\"elementor-post-date\">\n\t\t\t15 de agosto de 2026\t\t<\/span>\n\t\t\t\t<\/div>\n\t\t\t\t\t<\/div>\n\t\t<\/article>\n\t\t\t\t<article class=\"elementor-post elementor-grid-item post-91320 post type-post status-publish format-standard has-post-thumbnail hentry category-el-libro-de-la-semana tag-arthur-c-brooks tag-lectura tag-libro-de-la-semana\" role=\"listitem\">\n\t\t\t<div class=\"elementor-post__card\">\n\t\t\t\t<a class=\"elementor-post__thumbnail__link\" href=\"https:\/\/www.opinionpublica.tv\/portada\/la-madurez-inteligente-como-alcanzar-el-exito-en-la-segunda-mitad-de-la-vida-arthur-c-brooks\/\" tabindex=\"-1\" ><div class=\"elementor-post__thumbnail\"><img loading=\"lazy\" decoding=\"async\" width=\"207\" height=\"300\" src=\"https:\/\/www.opinionpublica.tv\/portada\/wp-content\/uploads\/2026\/08\/La-madurez-inteligente-Exito-en-la-segunda-mitad-de-la-vida-Arthur-C.-Brooks-207x300.jpg\" class=\"attachment-medium size-medium wp-image-91326\" alt=\"Version 1.0.0\" srcset=\"https:\/\/www.opinionpublica.tv\/portada\/wp-content\/uploads\/2026\/08\/La-madurez-inteligente-Exito-en-la-segunda-mitad-de-la-vida-Arthur-C.-Brooks-207x300.jpg 207w, https:\/\/www.opinionpublica.tv\/portada\/wp-content\/uploads\/2026\/08\/La-madurez-inteligente-Exito-en-la-segunda-mitad-de-la-vida-Arthur-C.-Brooks.jpg 515w\" sizes=\"(max-width: 207px) 100vw, 207px\" \/><\/div><\/a>\n\t\t\t\t<div class=\"elementor-post__badge\">El Libro de la Semana<\/div>\n\t\t\t\t<div class=\"elementor-post__text\">\n\t\t\t\t<h3 class=\"elementor-post__title\">\n\t\t\t<a href=\"https:\/\/www.opinionpublica.tv\/portada\/la-madurez-inteligente-como-alcanzar-el-exito-en-la-segunda-mitad-de-la-vida-arthur-c-brooks\/\" >\n\t\t\t\tLa madurez inteligente | \u00c9xito en la segunda mitad de la vida | Arthur C. Brooks\t\t\t<\/a>\n\t\t<\/h3>\n\t\t\n\t\t<a class=\"elementor-post__read-more\" href=\"https:\/\/www.opinionpublica.tv\/portada\/la-madurez-inteligente-como-alcanzar-el-exito-en-la-segunda-mitad-de-la-vida-arthur-c-brooks\/\" aria-label=\"M\u00e1s informaci\u00f3n sobre La madurez inteligente | \u00c9xito en la segunda mitad de la vida | Arthur C. Brooks\" tabindex=\"-1\" >\n\t\t\tLeer m\u00e1s \u00bb\t\t<\/a>\n\n\t\t\t\t<\/div>\n\t\t\t\t<div class=\"elementor-post__meta-data\">\n\t\t\t\t\t<span class=\"elementor-post-date\">\n\t\t\t8 de agosto de 2026\t\t<\/span>\n\t\t\t\t<\/div>\n\t\t\t\t\t<\/div>\n\t\t<\/article>\n\t\t\t\t<article class=\"elementor-post elementor-grid-item post-90857 post type-post status-publish format-standard has-post-thumbnail hentry category-el-libro-de-la-semana tag-lectura tag-libro-de-la-semana\" role=\"listitem\">\n\t\t\t<div class=\"elementor-post__card\">\n\t\t\t\t<a class=\"elementor-post__thumbnail__link\" href=\"https:\/\/www.opinionpublica.tv\/portada\/asi-en-los-pinos-como-en-la-tierra-historias-incomodas-de-siete-familias-presidenciales-en-mexico-diana-penagos-jessica-saenz-y-alberto-tavira\/\" tabindex=\"-1\" ><div class=\"elementor-post__thumbnail\"><img loading=\"lazy\" decoding=\"async\" width=\"218\" height=\"300\" src=\"https:\/\/www.opinionpublica.tv\/portada\/wp-content\/uploads\/2026\/07\/Asi-en-Los-Pinos-como-en-la-tierra-historias-incomodas-de-7-familias-presidenciales-218x300.jpg\" class=\"attachment-medium size-medium wp-image-90862\" alt=\"Asi\u0301 en Los Pinos como en la tierra historias inco\u0301modas de 7 familias presidenciales\" srcset=\"https:\/\/www.opinionpublica.tv\/portada\/wp-content\/uploads\/2026\/07\/Asi-en-Los-Pinos-como-en-la-tierra-historias-incomodas-de-7-familias-presidenciales-218x300.jpg 218w, https:\/\/www.opinionpublica.tv\/portada\/wp-content\/uploads\/2026\/07\/Asi-en-Los-Pinos-como-en-la-tierra-historias-incomodas-de-7-familias-presidenciales-745x1024.jpg 745w, https:\/\/www.opinionpublica.tv\/portada\/wp-content\/uploads\/2026\/07\/Asi-en-Los-Pinos-como-en-la-tierra-historias-incomodas-de-7-familias-presidenciales-768x1056.jpg 768w, https:\/\/www.opinionpublica.tv\/portada\/wp-content\/uploads\/2026\/07\/Asi-en-Los-Pinos-como-en-la-tierra-historias-incomodas-de-7-familias-presidenciales.jpg 1091w\" sizes=\"(max-width: 218px) 100vw, 218px\" \/><\/div><\/a>\n\t\t\t\t<div class=\"elementor-post__badge\">El Libro de la Semana<\/div>\n\t\t\t\t<div class=\"elementor-post__text\">\n\t\t\t\t<h3 class=\"elementor-post__title\">\n\t\t\t<a href=\"https:\/\/www.opinionpublica.tv\/portada\/asi-en-los-pinos-como-en-la-tierra-historias-incomodas-de-siete-familias-presidenciales-en-mexico-diana-penagos-jessica-saenz-y-alberto-tavira\/\" >\n\t\t\t\tAs\u00ed en Los Pinos como en la tierra: historias inc\u00f3modas de 7 familias presidenciales\t\t\t<\/a>\n\t\t<\/h3>\n\t\t\n\t\t<a class=\"elementor-post__read-more\" href=\"https:\/\/www.opinionpublica.tv\/portada\/asi-en-los-pinos-como-en-la-tierra-historias-incomodas-de-siete-familias-presidenciales-en-mexico-diana-penagos-jessica-saenz-y-alberto-tavira\/\" aria-label=\"M\u00e1s informaci\u00f3n sobre As\u00ed en Los Pinos como en la tierra: historias inc\u00f3modas de 7 familias presidenciales\" tabindex=\"-1\" >\n\t\t\tLeer m\u00e1s \u00bb\t\t<\/a>\n\n\t\t\t\t<\/div>\n\t\t\t\t<div class=\"elementor-post__meta-data\">\n\t\t\t\t\t<span class=\"elementor-post-date\">\n\t\t\t1 de agosto de 2026\t\t<\/span>\n\t\t\t\t<\/div>\n\t\t\t\t\t<\/div>\n\t\t<\/article>\n\t\t\t\t<article class=\"elementor-post elementor-grid-item post-90355 post type-post status-publish format-standard has-post-thumbnail hentry category-el-libro-de-la-semana tag-doris-gasperin-bulbarela tag-lectura tag-libro-de-la-semana\" role=\"listitem\">\n\t\t\t<div class=\"elementor-post__card\">\n\t\t\t\t<a class=\"elementor-post__thumbnail__link\" href=\"https:\/\/www.opinionpublica.tv\/portada\/el-libro-de-la-semana-las-nonnas-la-santa-y-la-cabrona-autora-doris-gasperin-bulbarela\/\" tabindex=\"-1\" ><div class=\"elementor-post__thumbnail\"><img loading=\"lazy\" decoding=\"async\" width=\"209\" height=\"300\" src=\"https:\/\/www.opinionpublica.tv\/portada\/wp-content\/uploads\/2026\/07\/Las-Nonnas-La-Santa-y-La-Cabrona-Autora-Doris-Gasperin-Bulbarela-209x300.jpg\" class=\"attachment-medium size-medium wp-image-90358\" alt=\"Las Nonnas La Santa y La Cabrona | Autora Doris Gasperin Bulbarela\" srcset=\"https:\/\/www.opinionpublica.tv\/portada\/wp-content\/uploads\/2026\/07\/Las-Nonnas-La-Santa-y-La-Cabrona-Autora-Doris-Gasperin-Bulbarela-209x300.jpg 209w, https:\/\/www.opinionpublica.tv\/portada\/wp-content\/uploads\/2026\/07\/Las-Nonnas-La-Santa-y-La-Cabrona-Autora-Doris-Gasperin-Bulbarela-713x1024.jpg 713w, https:\/\/www.opinionpublica.tv\/portada\/wp-content\/uploads\/2026\/07\/Las-Nonnas-La-Santa-y-La-Cabrona-Autora-Doris-Gasperin-Bulbarela-768x1103.jpg 768w, https:\/\/www.opinionpublica.tv\/portada\/wp-content\/uploads\/2026\/07\/Las-Nonnas-La-Santa-y-La-Cabrona-Autora-Doris-Gasperin-Bulbarela.jpg 1044w\" sizes=\"(max-width: 209px) 100vw, 209px\" \/><\/div><\/a>\n\t\t\t\t<div class=\"elementor-post__badge\">El Libro de la Semana<\/div>\n\t\t\t\t<div class=\"elementor-post__text\">\n\t\t\t\t<h3 class=\"elementor-post__title\">\n\t\t\t<a href=\"https:\/\/www.opinionpublica.tv\/portada\/el-libro-de-la-semana-las-nonnas-la-santa-y-la-cabrona-autora-doris-gasperin-bulbarela\/\" >\n\t\t\t\tLas Nonnas La Santa y La Cabrona | Autora: Doris Gasperin Bulbarela\t\t\t<\/a>\n\t\t<\/h3>\n\t\t\n\t\t<a class=\"elementor-post__read-more\" href=\"https:\/\/www.opinionpublica.tv\/portada\/el-libro-de-la-semana-las-nonnas-la-santa-y-la-cabrona-autora-doris-gasperin-bulbarela\/\" aria-label=\"M\u00e1s informaci\u00f3n sobre Las Nonnas La Santa y La Cabrona | Autora: Doris Gasperin Bulbarela\" tabindex=\"-1\" >\n\t\t\tLeer m\u00e1s \u00bb\t\t<\/a>\n\n\t\t\t\t<\/div>\n\t\t\t\t<div class=\"elementor-post__meta-data\">\n\t\t\t\t\t<span class=\"elementor-post-date\">\n\t\t\t25 de julio de 2026\t\t<\/span>\n\t\t\t\t<\/div>\n\t\t\t\t\t<\/div>\n\t\t<\/article>\n\t\t\t\t<\/div>\n\t\t\n\t\t\t\t\t\t<\/div>\n\t\t\t\t<\/div>\n\t\t\t\t<\/div>\n\t\t<div class=\"elementor-element elementor-element-2c3b00f e-con-full e-flex e-con e-child\" data-id=\"2c3b00f\" data-element_type=\"container\" data-e-type=\"container\">\n\t\t\t\t<div class=\"elementor-element elementor-element-7616782 elementor-align-justify elementor-widget elementor-widget-button\" data-id=\"7616782\" data-element_type=\"widget\" data-e-type=\"widget\" data-widget_type=\"button.default\">\n\t\t\t\t<div class=\"elementor-widget-container\">\n\t\t\t\t\t\t\t\t\t<div class=\"elementor-button-wrapper\">\n\t\t\t\t\t<a class=\"elementor-button elementor-size-sm\" role=\"button\">\n\t\t\t\t\t\t<span class=\"elementor-button-content-wrapper\">\n\t\t\t\t\t\t\t\t\t<span class=\"elementor-button-text\">OPINI\u00d3N P\u00daBLICA<\/span>\n\t\t\t\t\t<\/span>\n\t\t\t\t\t<\/a>\n\t\t\t\t<\/div>\n\t\t\t\t\t\t\t\t<\/div>\n\t\t\t\t<\/div>\n\t\t\t\t<div class=\"elementor-element elementor-element-4d4e7e2 elementor-grid-1 elementor-posts--thumbnail-none elementor-grid-tablet-2 elementor-grid-mobile-1 elementor-card-shadow-yes elementor-posts__hover-gradient elementor-widget elementor-widget-posts\" data-id=\"4d4e7e2\" data-element_type=\"widget\" data-e-type=\"widget\" data-settings=\"{&quot;cards_columns&quot;:&quot;1&quot;,&quot;cards_columns_tablet&quot;:&quot;2&quot;,&quot;cards_columns_mobile&quot;:&quot;1&quot;,&quot;cards_row_gap&quot;:{&quot;unit&quot;:&quot;px&quot;,&quot;size&quot;:35,&quot;sizes&quot;:[]},&quot;cards_row_gap_tablet&quot;:{&quot;unit&quot;:&quot;px&quot;,&quot;size&quot;:&quot;&quot;,&quot;sizes&quot;:[]},&quot;cards_row_gap_mobile&quot;:{&quot;unit&quot;:&quot;px&quot;,&quot;size&quot;:&quot;&quot;,&quot;sizes&quot;:[]}}\" data-widget_type=\"posts.cards\">\n\t\t\t\t<div class=\"elementor-widget-container\">\n\t\t\t\t\t\t\t<div class=\"elementor-posts-container elementor-posts elementor-posts--skin-cards elementor-grid\" role=\"list\">\n\t\t\t\t<article class=\"elementor-post elementor-grid-item post-91725 post type-post status-publish format-standard has-post-thumbnail hentry category-cartapacio tag-cartapacio tag-raul-ruiz\" role=\"listitem\">\n\t\t\t<div class=\"elementor-post__card\">\n\t\t\t\t<div class=\"elementor-post__text\">\n\t\t\t\t<h2 class=\"elementor-post__title\">\n\t\t\t<a href=\"https:\/\/www.opinionpublica.tv\/portada\/sin-correa-y-sin-bozal\/\" >\n\t\t\t\tSin correa y sin bozal\t\t\t<\/a>\n\t\t<\/h2>\n\t\t\t\t<div class=\"elementor-post__excerpt\">\n\t\t\t<p>Ra\u00fal Ruiz __________________________ No puede uno soltar tantito a CJTOWN, porque se convierte nuevamente en Ciudad Ca\u00f3tica. Entre los chicotazos del clima, los agujeros que se producen con la lluvia y la inseguridad vial, los juarenses explotaron un d\u00eda y se fueron a quejar contra un grupo de agentes extorsionadores. El coordinador de Vialidad Lic. Jes\u00fas Manuel Garc\u00eda, alcanz\u00f3 a dar de baja a algunos. Y suspendi\u00f3 por un tiempo a otros quienes andan rabiosos porque quieren regresar y andar sueltos. No queremos correa ni bozal. Han dicho a sus propios compa\u00f1eros. Y obviamente no se le van a subir a las barbas a don Jes\u00fas Manuel Garc\u00eda Reyes. Si hay novedades, se las platico. CONEXIONES POTOSINAS Mientras tanto, en<\/p>\n\t\t<\/div>\n\t\t\n\t\t<a class=\"elementor-post__read-more\" href=\"https:\/\/www.opinionpublica.tv\/portada\/sin-correa-y-sin-bozal\/\" aria-label=\"M\u00e1s informaci\u00f3n sobre Sin correa y sin bozal\" tabindex=\"-1\" >\n\t\t\tLeer m\u00e1s \u00bb\t\t<\/a>\n\n\t\t\t\t<\/div>\n\t\t\t\t<div class=\"elementor-post__meta-data\">\n\t\t\t\t\t<span class=\"elementor-post-author\">\n\t\t\tOPTV\t\t<\/span>\n\t\t\t\t<span class=\"elementor-post-date\">\n\t\t\t14 de agosto de 2026\t\t<\/span>\n\t\t\t\t<\/div>\n\t\t\t\t\t<\/div>\n\t\t<\/article>\n\t\t\t\t<\/div>\n\t\t\n\t\t\t\t\t\t<\/div>\n\t\t\t\t<\/div>\n\t\t\t\t<\/div>\n\t\t<div class=\"elementor-element elementor-element-9836ef4 e-con-full e-flex e-con e-child\" data-id=\"9836ef4\" data-element_type=\"container\" data-e-type=\"container\">\n\t\t\t\t<div class=\"elementor-element elementor-element-1055058 elementor-align-justify elementor-widget elementor-widget-button\" data-id=\"1055058\" data-element_type=\"widget\" data-e-type=\"widget\" data-widget_type=\"button.default\">\n\t\t\t\t<div class=\"elementor-widget-container\">\n\t\t\t\t\t\t\t\t\t<div class=\"elementor-button-wrapper\">\n\t\t\t\t\t<a class=\"elementor-button elementor-size-sm\" role=\"button\">\n\t\t\t\t\t\t<span class=\"elementor-button-content-wrapper\">\n\t\t\t\t\t\t\t\t\t<span class=\"elementor-button-text\">UN D\u00cdA COMO HOY<\/span>\n\t\t\t\t\t<\/span>\n\t\t\t\t\t<\/a>\n\t\t\t\t<\/div>\n\t\t\t\t\t\t\t\t<\/div>\n\t\t\t\t<\/div>\n\t\t\t\t<div class=\"elementor-element elementor-element-c440ba9 elementor-grid-1 elementor-grid-tablet-2 elementor-grid-mobile-1 elementor-posts--thumbnail-top elementor-card-shadow-yes elementor-posts__hover-gradient elementor-widget elementor-widget-posts\" data-id=\"c440ba9\" data-element_type=\"widget\" data-e-type=\"widget\" data-settings=\"{&quot;cards_columns&quot;:&quot;1&quot;,&quot;cards_row_gap&quot;:{&quot;unit&quot;:&quot;px&quot;,&quot;size&quot;:46,&quot;sizes&quot;:[]},&quot;cards_columns_tablet&quot;:&quot;2&quot;,&quot;cards_columns_mobile&quot;:&quot;1&quot;,&quot;cards_row_gap_tablet&quot;:{&quot;unit&quot;:&quot;px&quot;,&quot;size&quot;:&quot;&quot;,&quot;sizes&quot;:[]},&quot;cards_row_gap_mobile&quot;:{&quot;unit&quot;:&quot;px&quot;,&quot;size&quot;:&quot;&quot;,&quot;sizes&quot;:[]}}\" data-widget_type=\"posts.cards\">\n\t\t\t\t<div class=\"elementor-widget-container\">\n\t\t\t\t\t\t\t<div class=\"elementor-posts-container elementor-posts elementor-posts--skin-cards elementor-grid\" role=\"list\">\n\t\t\t\t<article class=\"elementor-post elementor-grid-item post-92861 post type-post status-publish format-standard has-post-thumbnail hentry category-un-dia-como-hoy tag-efemerides-30-de-agosto tag-transbordador-espacial-discovery\" role=\"listitem\">\n\t\t\t<div class=\"elementor-post__card\">\n\t\t\t\t<a class=\"elementor-post__thumbnail__link\" href=\"https:\/\/www.opinionpublica.tv\/portada\/efemerides-30-de-agosto-un-dia-como-hoy-en-la-historia-2\/\" tabindex=\"-1\" ><div class=\"elementor-post__thumbnail\"><img loading=\"lazy\" decoding=\"async\" width=\"300\" height=\"199\" src=\"https:\/\/www.opinionpublica.tv\/portada\/wp-content\/uploads\/2026\/08\/1984-Estados-Unidos-lanza-por-primera-vez-el-transbordador-espacial-Discovery-1-300x199.webp\" class=\"attachment-medium size-medium wp-image-92864\" alt=\"1984, Estados Unidos lanza por primera vez el transbordador espacial Discovery\" srcset=\"https:\/\/www.opinionpublica.tv\/portada\/wp-content\/uploads\/2026\/08\/1984-Estados-Unidos-lanza-por-primera-vez-el-transbordador-espacial-Discovery-1-300x199.webp 300w, https:\/\/www.opinionpublica.tv\/portada\/wp-content\/uploads\/2026\/08\/1984-Estados-Unidos-lanza-por-primera-vez-el-transbordador-espacial-Discovery-1-768x508.webp 768w, https:\/\/www.opinionpublica.tv\/portada\/wp-content\/uploads\/2026\/08\/1984-Estados-Unidos-lanza-por-primera-vez-el-transbordador-espacial-Discovery-1-1024x678.webp 1024w, https:\/\/www.opinionpublica.tv\/portada\/wp-content\/uploads\/2026\/08\/1984-Estados-Unidos-lanza-por-primera-vez-el-transbordador-espacial-Discovery-1.webp 1041w\" sizes=\"(max-width: 300px) 100vw, 300px\" \/><\/div><\/a>\n\t\t\t\t<div class=\"elementor-post__badge\">UN D\u00cdA COMO HOY...<\/div>\n\t\t\t\t<div class=\"elementor-post__text\">\n\t\t\t\t<h2 class=\"elementor-post__title\">\n\t\t\t<a href=\"https:\/\/www.opinionpublica.tv\/portada\/efemerides-30-de-agosto-un-dia-como-hoy-en-la-historia-2\/\" >\n\t\t\t\tEfem\u00e9rides 30 de agosto | Un d\u00eda como hoy en la historia&#8230;\t\t\t<\/a>\n\t\t<\/h2>\n\t\t\n\t\t<a class=\"elementor-post__read-more\" href=\"https:\/\/www.opinionpublica.tv\/portada\/efemerides-30-de-agosto-un-dia-como-hoy-en-la-historia-2\/\" aria-label=\"M\u00e1s informaci\u00f3n sobre Efem\u00e9rides 30 de agosto | Un d\u00eda como hoy en la historia&#8230;\" tabindex=\"-1\" >\n\t\t\tLeer m\u00e1s \u00bb\t\t<\/a>\n\n\t\t\t\t<\/div>\n\t\t\t\t<div class=\"elementor-post__meta-data\">\n\t\t\t\t\t<span class=\"elementor-post-author\">\n\t\t\tOPTV\t\t<\/span>\n\t\t\t\t<span class=\"elementor-post-date\">\n\t\t\t30 de agosto de 2026\t\t<\/span>\n\t\t\t\t<\/div>\n\t\t\t\t\t<\/div>\n\t\t<\/article>\n\t\t\t\t<\/div>\n\t\t\n\t\t\t\t\t\t<\/div>\n\t\t\t\t<\/div>\n\t\t\t\t<\/div>\n\t\t\t\t\t<\/div>\n\t\t\t\t<\/div>\n\t\t\t\t<\/div>\n\t\t","protected":false},"excerpt":{"rendered":"<p>El Libro de la Semana Contacto: direccion@opinionpublica.tv OPINI\u00d3N P\u00daBLICA UN D\u00cdA COMO HOY<\/p>\n","protected":false},"author":1,"featured_media":0,"parent":0,"menu_order":0,"comment_status":"closed","ping_status":"closed","template":"","meta":{"_acf_changed":false,"_monsterinsights_skip_tracking":false,"slim_seo":{"title":"Efem\u00e9rides 30 de agosto | Un d\u00eda como hoy en la historia... - Opini\u00f3n P\u00fablica","description":"Un d\u00eda 30 de agosto como hoy, pero de 1984, Estados Unidos lanza por primera vez el transbordador espacial Discovery, en la misi\u00f3n STS-41-D, con dos sat\u00e9lites d"},"footnotes":""},"class_list":["post-48197","page","type-page","status-publish","hentry"],"acf":[],"_links":{"self":[{"href":"https:\/\/www.opinionpublica.tv\/portada\/wp-json\/wp\/v2\/pages\/48197","targetHints":{"allow":["GET"]}}],"collection":[{"href":"https:\/\/www.opinionpublica.tv\/portada\/wp-json\/wp\/v2\/pages"}],"about":[{"href":"https:\/\/www.opinionpublica.tv\/portada\/wp-json\/wp\/v2\/types\/page"}],"author":[{"embeddable":true,"href":"https:\/\/www.opinionpublica.tv\/portada\/wp-json\/wp\/v2\/users\/1"}],"replies":[{"embeddable":true,"href":"https:\/\/www.opinionpublica.tv\/portada\/wp-json\/wp\/v2\/comments?post=48197"}],"version-history":[{"count":8,"href":"https:\/\/www.opinionpublica.tv\/portada\/wp-json\/wp\/v2\/pages\/48197\/revisions"}],"predecessor-version":[{"id":50219,"href":"https:\/\/www.opinionpublica.tv\/portada\/wp-json\/wp\/v2\/pages\/48197\/revisions\/50219"}],"wp:attachment":[{"href":"https:\/\/www.opinionpublica.tv\/portada\/wp-json\/wp\/v2\/media?parent=48197"}],"curies":[{"name":"wp","href":"https:\/\/api.w.org\/{rel}","templated":true}]}}