{"id":42191,"date":"2024-08-19T16:39:25","date_gmt":"2024-08-19T22:39:25","guid":{"rendered":"https:\/\/www.opinionpublica.tv\/portada\/?page_id=42191"},"modified":"2024-08-24T10:43:40","modified_gmt":"2024-08-24T16:43:40","slug":"una-reflexion-personal","status":"publish","type":"page","link":"https:\/\/www.opinionpublica.tv\/portada\/una-reflexion-personal\/","title":{"rendered":"Una Reflexi\u00f3n Personal"},"content":{"rendered":"\t\t<div data-elementor-type=\"wp-page\" data-elementor-id=\"42191\" class=\"elementor elementor-42191\" data-elementor-post-type=\"page\">\n\t\t\t\t<div class=\"elementor-element elementor-element-1ba830e9 e-flex e-con-boxed e-con e-parent\" data-id=\"1ba830e9\" data-element_type=\"container\" data-e-type=\"container\">\n\t\t\t\t\t<div class=\"e-con-inner\">\n\t\t<div class=\"elementor-element elementor-element-6859c21b e-con-full e-flex e-con e-child\" data-id=\"6859c21b\" data-element_type=\"container\" data-e-type=\"container\">\n\t\t\t\t<div class=\"elementor-element elementor-element-7c25d3e elementor-widget elementor-widget-heading\" data-id=\"7c25d3e\" data-element_type=\"widget\" data-e-type=\"widget\" data-widget_type=\"heading.default\">\n\t\t\t\t<div class=\"elementor-widget-container\">\n\t\t\t\t\t<h2 class=\"elementor-heading-title elementor-size-default\">Una Reflexi\u00f3n Personal<\/h2>\t\t\t\t<\/div>\n\t\t\t\t<\/div>\n\t\t\t\t<div class=\"elementor-element elementor-element-be685bd elementor-widget elementor-widget-heading\" data-id=\"be685bd\" data-element_type=\"widget\" data-e-type=\"widget\" data-widget_type=\"heading.default\">\n\t\t\t\t<div class=\"elementor-widget-container\">\n\t\t\t\t\t<h6 class=\"elementor-heading-title elementor-size-default\">Luis Villegas<\/h6>\t\t\t\t<\/div>\n\t\t\t\t<\/div>\n\t\t\t\t<div class=\"elementor-element elementor-element-6ee4a497 elementor-widget elementor-widget-heading\" data-id=\"6ee4a497\" data-element_type=\"widget\" data-e-type=\"widget\" data-widget_type=\"heading.default\">\n\t\t\t\t<div class=\"elementor-widget-container\">\n\t\t\t\t\t<h3 class=\"elementor-heading-title elementor-size-default\"><a href=\"mailto:direccion@opinionpublica.tv\">Contacto: direccion@opinionpublica.tv<\/a><\/h3>\t\t\t\t<\/div>\n\t\t\t\t<\/div>\n\t\t\t\t<div class=\"elementor-element elementor-element-6a8c5f60 elementor-grid-1 elementor-grid-tablet-2 elementor-grid-mobile-1 elementor-posts--thumbnail-top elementor-card-shadow-yes elementor-posts__hover-gradient elementor-widget elementor-widget-posts\" data-id=\"6a8c5f60\" data-element_type=\"widget\" data-e-type=\"widget\" data-settings=\"{&quot;cards_columns&quot;:&quot;1&quot;,&quot;cards_columns_tablet&quot;:&quot;2&quot;,&quot;cards_columns_mobile&quot;:&quot;1&quot;,&quot;cards_row_gap&quot;:{&quot;unit&quot;:&quot;px&quot;,&quot;size&quot;:35,&quot;sizes&quot;:[]},&quot;cards_row_gap_tablet&quot;:{&quot;unit&quot;:&quot;px&quot;,&quot;size&quot;:&quot;&quot;,&quot;sizes&quot;:[]},&quot;cards_row_gap_mobile&quot;:{&quot;unit&quot;:&quot;px&quot;,&quot;size&quot;:&quot;&quot;,&quot;sizes&quot;:[]}}\" data-widget_type=\"posts.cards\">\n\t\t\t\t<div class=\"elementor-widget-container\">\n\t\t\t\t\t\t\t<div class=\"elementor-posts-container elementor-posts elementor-posts--skin-cards elementor-grid\" role=\"list\">\n\t\t\t\t<article class=\"elementor-post elementor-grid-item post-61260 post type-post status-publish format-standard has-post-thumbnail hentry category-principal-columnas tag-luis-villegas\" role=\"listitem\">\n\t\t\t<div class=\"elementor-post__card\">\n\t\t\t\t<a class=\"elementor-post__thumbnail__link\" href=\"https:\/\/www.opinionpublica.tv\/portada\/autopsia-de-una-eleccion-judicial\/\" tabindex=\"-1\" ><div class=\"elementor-post__thumbnail\"><img fetchpriority=\"high\" decoding=\"async\" width=\"255\" height=\"198\" src=\"https:\/\/www.opinionpublica.tv\/portada\/wp-content\/uploads\/2024\/10\/Luis-Villegas-Montes.jpeg\" class=\"attachment-large size-large wp-image-45647\" alt=\"Luis Villegas Montes\" \/><\/div><\/a>\n\t\t\t\t<div class=\"elementor-post__badge\">Una Reflexi\u00f3n Personal<\/div>\n\t\t\t\t<div class=\"elementor-post__text\">\n\t\t\t\t<h1 class=\"elementor-post__title\">\n\t\t\t<a href=\"https:\/\/www.opinionpublica.tv\/portada\/autopsia-de-una-eleccion-judicial\/\" >\n\t\t\t\tAutopsia de una elecci\u00f3n judicial\t\t\t<\/a>\n\t\t<\/h1>\n\t\t\t\t<div class=\"elementor-post__excerpt\">\n\t\t\t<p>Luis Villegas Montes ___________________________ El pasado primero de junio fue el domingo m\u00e1s caro, c\u00ednico e in\u00fatil en la historia reciente de M\u00e9xico (escribo \u201creciente\u201d<\/p>\n\t\t<\/div>\n\t\t\n\t\t<a class=\"elementor-post__read-more\" href=\"https:\/\/www.opinionpublica.tv\/portada\/autopsia-de-una-eleccion-judicial\/\" aria-label=\"M\u00e1s informaci\u00f3n sobre Autopsia de una elecci\u00f3n judicial\" tabindex=\"-1\" >\n\t\t\tLeer m\u00e1s \u00bb\t\t<\/a>\n\n\t\t\t\t<\/div>\n\t\t\t\t<div class=\"elementor-post__meta-data\">\n\t\t\t\t\t<span class=\"elementor-post-author\">\n\t\t\tOPTV\t\t<\/span>\n\t\t\t\t<span class=\"elementor-post-date\">\n\t\t\t10 de junio de 2025\t\t<\/span>\n\t\t\t\t<\/div>\n\t\t\t\t\t<\/div>\n\t\t<\/article>\n\t\t\t\t<\/div>\n\t\t\n\t\t\t\t\t\t<\/div>\n\t\t\t\t<\/div>\n\t\t\t\t<\/div>\n\t\t<div class=\"elementor-element elementor-element-6ab0e0bc e-con-full e-flex e-con e-child\" data-id=\"6ab0e0bc\" data-element_type=\"container\" data-e-type=\"container\">\n\t\t\t\t<div class=\"elementor-element elementor-element-fa3a9d1 elementor-align-justify elementor-widget elementor-widget-button\" data-id=\"fa3a9d1\" data-element_type=\"widget\" data-e-type=\"widget\" data-widget_type=\"button.default\">\n\t\t\t\t<div class=\"elementor-widget-container\">\n\t\t\t\t\t\t\t\t\t<div class=\"elementor-button-wrapper\">\n\t\t\t\t\t<a class=\"elementor-button elementor-size-sm\" role=\"button\">\n\t\t\t\t\t\t<span class=\"elementor-button-content-wrapper\">\n\t\t\t\t\t\t\t\t\t<span class=\"elementor-button-text\">OPINI\u00d3N P\u00daBLICA<\/span>\n\t\t\t\t\t<\/span>\n\t\t\t\t\t<\/a>\n\t\t\t\t<\/div>\n\t\t\t\t\t\t\t\t<\/div>\n\t\t\t\t<\/div>\n\t\t\t\t<div class=\"elementor-element elementor-element-5fd45658 elementor-grid-1 elementor-posts--thumbnail-none elementor-grid-tablet-2 elementor-grid-mobile-1 elementor-card-shadow-yes elementor-posts__hover-gradient elementor-widget elementor-widget-posts\" data-id=\"5fd45658\" data-element_type=\"widget\" data-e-type=\"widget\" data-settings=\"{&quot;cards_columns&quot;:&quot;1&quot;,&quot;cards_columns_tablet&quot;:&quot;2&quot;,&quot;cards_columns_mobile&quot;:&quot;1&quot;,&quot;cards_row_gap&quot;:{&quot;unit&quot;:&quot;px&quot;,&quot;size&quot;:35,&quot;sizes&quot;:[]},&quot;cards_row_gap_tablet&quot;:{&quot;unit&quot;:&quot;px&quot;,&quot;size&quot;:&quot;&quot;,&quot;sizes&quot;:[]},&quot;cards_row_gap_mobile&quot;:{&quot;unit&quot;:&quot;px&quot;,&quot;size&quot;:&quot;&quot;,&quot;sizes&quot;:[]}}\" data-widget_type=\"posts.cards\">\n\t\t\t\t<div class=\"elementor-widget-container\">\n\t\t\t\t\t\t\t<div class=\"elementor-posts-container elementor-posts elementor-posts--skin-cards elementor-grid\" role=\"list\">\n\t\t\t\t<article class=\"elementor-post elementor-grid-item post-91725 post type-post status-publish format-standard has-post-thumbnail hentry category-cartapacio tag-cartapacio tag-raul-ruiz\" role=\"listitem\">\n\t\t\t<div class=\"elementor-post__card\">\n\t\t\t\t<div class=\"elementor-post__text\">\n\t\t\t\t<h2 class=\"elementor-post__title\">\n\t\t\t<a href=\"https:\/\/www.opinionpublica.tv\/portada\/sin-correa-y-sin-bozal\/\" >\n\t\t\t\tSin correa y sin bozal\t\t\t<\/a>\n\t\t<\/h2>\n\t\t\t\t<div class=\"elementor-post__excerpt\">\n\t\t\t<p>Ra\u00fal Ruiz __________________________ No puede uno soltar tantito a CJTOWN, porque se convierte nuevamente en Ciudad Ca\u00f3tica. Entre los chicotazos del clima, los agujeros que se producen con la lluvia y la inseguridad vial, los juarenses explotaron un d\u00eda y se fueron a quejar contra un grupo de agentes extorsionadores. El coordinador de Vialidad Lic. Jes\u00fas Manuel Garc\u00eda, alcanz\u00f3 a dar de baja a algunos. Y suspendi\u00f3 por un tiempo a otros quienes andan rabiosos porque quieren regresar y andar sueltos. No queremos correa ni bozal. Han dicho a sus propios compa\u00f1eros. Y obviamente no se le van a subir a las barbas a don Jes\u00fas Manuel Garc\u00eda Reyes. Si hay novedades, se las platico. CONEXIONES POTOSINAS Mientras tanto, en<\/p>\n\t\t<\/div>\n\t\t\n\t\t<a class=\"elementor-post__read-more\" href=\"https:\/\/www.opinionpublica.tv\/portada\/sin-correa-y-sin-bozal\/\" aria-label=\"M\u00e1s informaci\u00f3n sobre Sin correa y sin bozal\" tabindex=\"-1\" >\n\t\t\tLeer m\u00e1s \u00bb\t\t<\/a>\n\n\t\t\t\t<\/div>\n\t\t\t\t<div class=\"elementor-post__meta-data\">\n\t\t\t\t\t<span class=\"elementor-post-author\">\n\t\t\tOPTV\t\t<\/span>\n\t\t\t\t<span class=\"elementor-post-date\">\n\t\t\t14 de agosto de 2026\t\t<\/span>\n\t\t\t\t<\/div>\n\t\t\t\t\t<\/div>\n\t\t<\/article>\n\t\t\t\t<\/div>\n\t\t\n\t\t\t\t\t\t<\/div>\n\t\t\t\t<\/div>\n\t\t\t\t<\/div>\n\t\t<div class=\"elementor-element elementor-element-50b203b9 e-con-full e-flex e-con e-child\" data-id=\"50b203b9\" data-element_type=\"container\" data-e-type=\"container\">\n\t\t\t\t<div class=\"elementor-element elementor-element-20fd0c88 elementor-align-justify elementor-widget elementor-widget-button\" data-id=\"20fd0c88\" data-element_type=\"widget\" data-e-type=\"widget\" data-widget_type=\"button.default\">\n\t\t\t\t<div class=\"elementor-widget-container\">\n\t\t\t\t\t\t\t\t\t<div class=\"elementor-button-wrapper\">\n\t\t\t\t\t<a class=\"elementor-button elementor-size-sm\" role=\"button\">\n\t\t\t\t\t\t<span class=\"elementor-button-content-wrapper\">\n\t\t\t\t\t\t\t\t\t<span class=\"elementor-button-text\">UN D\u00cdA COMO HOY<\/span>\n\t\t\t\t\t<\/span>\n\t\t\t\t\t<\/a>\n\t\t\t\t<\/div>\n\t\t\t\t\t\t\t\t<\/div>\n\t\t\t\t<\/div>\n\t\t\t\t<div class=\"elementor-element elementor-element-109e0fc0 elementor-grid-1 elementor-grid-tablet-2 elementor-grid-mobile-1 elementor-posts--thumbnail-top elementor-card-shadow-yes elementor-posts__hover-gradient elementor-widget elementor-widget-posts\" data-id=\"109e0fc0\" data-element_type=\"widget\" data-e-type=\"widget\" data-settings=\"{&quot;cards_columns&quot;:&quot;1&quot;,&quot;cards_row_gap&quot;:{&quot;unit&quot;:&quot;px&quot;,&quot;size&quot;:46,&quot;sizes&quot;:[]},&quot;cards_columns_tablet&quot;:&quot;2&quot;,&quot;cards_columns_mobile&quot;:&quot;1&quot;,&quot;cards_row_gap_tablet&quot;:{&quot;unit&quot;:&quot;px&quot;,&quot;size&quot;:&quot;&quot;,&quot;sizes&quot;:[]},&quot;cards_row_gap_mobile&quot;:{&quot;unit&quot;:&quot;px&quot;,&quot;size&quot;:&quot;&quot;,&quot;sizes&quot;:[]}}\" data-widget_type=\"posts.cards\">\n\t\t\t\t<div class=\"elementor-widget-container\">\n\t\t\t\t\t\t\t<div class=\"elementor-posts-container elementor-posts elementor-posts--skin-cards elementor-grid\" role=\"list\">\n\t\t\t\t<article class=\"elementor-post elementor-grid-item post-92866 post type-post status-publish format-standard has-post-thumbnail hentry category-un-dia-como-hoy tag-diana-spencer tag-efemerides-31-de-agosto\" role=\"listitem\">\n\t\t\t<div class=\"elementor-post__card\">\n\t\t\t\t<a class=\"elementor-post__thumbnail__link\" href=\"https:\/\/www.opinionpublica.tv\/portada\/efemerides-31-de-agosto-un-dia-como-hoy-en-la-historia-2\/\" tabindex=\"-1\" ><div class=\"elementor-post__thumbnail\"><img decoding=\"async\" width=\"300\" height=\"158\" src=\"https:\/\/www.opinionpublica.tv\/portada\/wp-content\/uploads\/2026\/08\/1997-Diana-Spencer-princesa-de-Gales-muere-en-Paris-en-un-accidente-de-automovil-300x158.jpeg\" class=\"attachment-medium size-medium wp-image-92867\" alt=\"1997, Diana Spencer, princesa de Gales, muere en Pari\u0301s en un accidente de automo\u0301vil\" srcset=\"https:\/\/www.opinionpublica.tv\/portada\/wp-content\/uploads\/2026\/08\/1997-Diana-Spencer-princesa-de-Gales-muere-en-Paris-en-un-accidente-de-automovil-300x158.jpeg 300w, https:\/\/www.opinionpublica.tv\/portada\/wp-content\/uploads\/2026\/08\/1997-Diana-Spencer-princesa-de-Gales-muere-en-Paris-en-un-accidente-de-automovil.jpeg 617w\" sizes=\"(max-width: 300px) 100vw, 300px\" \/><\/div><\/a>\n\t\t\t\t<div class=\"elementor-post__badge\">UN D\u00cdA COMO HOY...<\/div>\n\t\t\t\t<div class=\"elementor-post__text\">\n\t\t\t\t<h2 class=\"elementor-post__title\">\n\t\t\t<a href=\"https:\/\/www.opinionpublica.tv\/portada\/efemerides-31-de-agosto-un-dia-como-hoy-en-la-historia-2\/\" >\n\t\t\t\tEfem\u00e9rides 31 de agosto | Un d\u00eda como hoy en la historia&#8230;\t\t\t<\/a>\n\t\t<\/h2>\n\t\t\n\t\t<a class=\"elementor-post__read-more\" href=\"https:\/\/www.opinionpublica.tv\/portada\/efemerides-31-de-agosto-un-dia-como-hoy-en-la-historia-2\/\" aria-label=\"M\u00e1s informaci\u00f3n sobre Efem\u00e9rides 31 de agosto | Un d\u00eda como hoy en la historia&#8230;\" tabindex=\"-1\" >\n\t\t\tLeer m\u00e1s \u00bb\t\t<\/a>\n\n\t\t\t\t<\/div>\n\t\t\t\t<div class=\"elementor-post__meta-data\">\n\t\t\t\t\t<span class=\"elementor-post-author\">\n\t\t\tOPTV\t\t<\/span>\n\t\t\t\t<span class=\"elementor-post-date\">\n\t\t\t31 de agosto de 2026\t\t<\/span>\n\t\t\t\t<\/div>\n\t\t\t\t\t<\/div>\n\t\t<\/article>\n\t\t\t\t<\/div>\n\t\t\n\t\t\t\t\t\t<\/div>\n\t\t\t\t<\/div>\n\t\t\t\t<\/div>\n\t\t\t\t\t<\/div>\n\t\t\t\t<\/div>\n\t\t<div class=\"elementor-element elementor-element-39b53abf e-flex e-con-boxed e-con e-parent\" data-id=\"39b53abf\" data-element_type=\"container\" data-e-type=\"container\">\n\t\t\t\t\t<div class=\"e-con-inner\">\n\t\t\t\t<div class=\"elementor-element elementor-element-5e5c64ff elementor-posts--thumbnail-none elementor-grid-3 elementor-grid-tablet-2 elementor-grid-mobile-1 elementor-card-shadow-yes elementor-posts__hover-gradient elementor-widget elementor-widget-posts\" data-id=\"5e5c64ff\" data-element_type=\"widget\" data-e-type=\"widget\" data-settings=\"{&quot;pagination_type&quot;:&quot;numbers&quot;,&quot;cards_columns&quot;:&quot;3&quot;,&quot;cards_columns_tablet&quot;:&quot;2&quot;,&quot;cards_columns_mobile&quot;:&quot;1&quot;,&quot;cards_row_gap&quot;:{&quot;unit&quot;:&quot;px&quot;,&quot;size&quot;:35,&quot;sizes&quot;:[]},&quot;cards_row_gap_tablet&quot;:{&quot;unit&quot;:&quot;px&quot;,&quot;size&quot;:&quot;&quot;,&quot;sizes&quot;:[]},&quot;cards_row_gap_mobile&quot;:{&quot;unit&quot;:&quot;px&quot;,&quot;size&quot;:&quot;&quot;,&quot;sizes&quot;:[]}}\" data-widget_type=\"posts.cards\">\n\t\t\t\t<div class=\"elementor-widget-container\">\n\t\t\t\t\t\t\t<div class=\"elementor-posts-container elementor-posts elementor-posts--skin-cards elementor-grid\" role=\"list\">\n\t\t\t\t<article class=\"elementor-post elementor-grid-item post-60809 post type-post status-publish format-standard has-post-thumbnail hentry category-principal-columnas tag-luis-villegas\" role=\"listitem\">\n\t\t\t<div class=\"elementor-post__card\">\n\t\t\t\t<div class=\"elementor-post__text\">\n\t\t\t\t<h1 class=\"elementor-post__title\">\n\t\t\t<a href=\"https:\/\/www.opinionpublica.tv\/portada\/ocaso-en-toga\/\" >\n\t\t\t\tOcaso en toga\t\t\t<\/a>\n\t\t<\/h1>\n\t\t\t\t<div class=\"elementor-post__excerpt\">\n\t\t\t<p>Luis Villegas Montes ___________________________ \u201cFue nuestra. Fue limpia. Fue digna. La perdimos: Reforma judicial por m\u00e9ritos. Q.E.P.D. (\u201cQu\u00e9 Est\u00fapida Pretensi\u00f3n Deliberativa\u201d\u2026 dicen los que la<\/p>\n\t\t<\/div>\n\t\t\n\t\t<a class=\"elementor-post__read-more\" href=\"https:\/\/www.opinionpublica.tv\/portada\/ocaso-en-toga\/\" aria-label=\"M\u00e1s informaci\u00f3n sobre Ocaso en toga\" tabindex=\"-1\" >\n\t\t\tLeer m\u00e1s \u00bb\t\t<\/a>\n\n\t\t\t\t<\/div>\n\t\t\t\t<div class=\"elementor-post__meta-data\">\n\t\t\t\t\t<span class=\"elementor-post-author\">\n\t\t\tOPTV\t\t<\/span>\n\t\t\t\t<span class=\"elementor-post-date\">\n\t\t\t3 de junio de 2025\t\t<\/span>\n\t\t\t\t<\/div>\n\t\t\t\t\t<\/div>\n\t\t<\/article>\n\t\t\t\t<article class=\"elementor-post elementor-grid-item post-60578 post type-post status-publish format-standard has-post-thumbnail hentry category-principal-columnas\" role=\"listitem\">\n\t\t\t<div class=\"elementor-post__card\">\n\t\t\t\t<div class=\"elementor-post__text\">\n\t\t\t\t<h1 class=\"elementor-post__title\">\n\t\t\t<a href=\"https:\/\/www.opinionpublica.tv\/portada\/el-arte-del-colapso-una-advertencia-una-condena-y-un-espejo-2a-parte\/\" >\n\t\t\t\tEl arte del colapso: una advertencia, una condena y un espejo (2\u00aa parte)\t\t\t<\/a>\n\t\t<\/h1>\n\t\t\t\t<div class=\"elementor-post__excerpt\">\n\t\t\t<p>Luis Villegas Montes ___________________________ Prosigamos con ese esp\u00edritu ominoso que inauguramos la semana pasada sobre este p\u00e1ramo con llamamos \u201cmodernidad\u201d. Lucifer, si fuera eficiente y<\/p>\n\t\t<\/div>\n\t\t\n\t\t<a class=\"elementor-post__read-more\" href=\"https:\/\/www.opinionpublica.tv\/portada\/el-arte-del-colapso-una-advertencia-una-condena-y-un-espejo-2a-parte\/\" aria-label=\"M\u00e1s informaci\u00f3n sobre El arte del colapso: una advertencia, una condena y un espejo (2\u00aa parte)\" tabindex=\"-1\" >\n\t\t\tLeer m\u00e1s \u00bb\t\t<\/a>\n\n\t\t\t\t<\/div>\n\t\t\t\t<div class=\"elementor-post__meta-data\">\n\t\t\t\t\t<span class=\"elementor-post-author\">\n\t\t\tOPTV\t\t<\/span>\n\t\t\t\t<span class=\"elementor-post-date\">\n\t\t\t31 de mayo de 2025\t\t<\/span>\n\t\t\t\t<\/div>\n\t\t\t\t\t<\/div>\n\t\t<\/article>\n\t\t\t\t<article class=\"elementor-post elementor-grid-item post-60478 post type-post status-publish format-standard has-post-thumbnail hentry category-principal-columnas tag-luis-villegas\" role=\"listitem\">\n\t\t\t<div class=\"elementor-post__card\">\n\t\t\t\t<div class=\"elementor-post__text\">\n\t\t\t\t<h1 class=\"elementor-post__title\">\n\t\t\t<a href=\"https:\/\/www.opinionpublica.tv\/portada\/el-arte-del-colapso-una-advertencia-una-condena-y-un-espejo-1a-de-2-partes\/\" >\n\t\t\t\tEl arte del colapso: una advertencia, una condena y un espejo (1\u00aa parte)\t\t\t<\/a>\n\t\t<\/h1>\n\t\t\t\t<div class=\"elementor-post__excerpt\">\n\t\t\t<p>Luis Villegas Montes ___________________________ Hay muchas formas de acabar con la humanidad; de todas ellas, existen por lo menos tres estilos que valen la pena:<\/p>\n\t\t<\/div>\n\t\t\n\t\t<a class=\"elementor-post__read-more\" href=\"https:\/\/www.opinionpublica.tv\/portada\/el-arte-del-colapso-una-advertencia-una-condena-y-un-espejo-1a-de-2-partes\/\" aria-label=\"M\u00e1s informaci\u00f3n sobre El arte del colapso: una advertencia, una condena y un espejo (1\u00aa parte)\" tabindex=\"-1\" >\n\t\t\tLeer m\u00e1s \u00bb\t\t<\/a>\n\n\t\t\t\t<\/div>\n\t\t\t\t<div class=\"elementor-post__meta-data\">\n\t\t\t\t\t<span class=\"elementor-post-author\">\n\t\t\tOPTV\t\t<\/span>\n\t\t\t\t<span class=\"elementor-post-date\">\n\t\t\t30 de mayo de 2025\t\t<\/span>\n\t\t\t\t<\/div>\n\t\t\t\t\t<\/div>\n\t\t<\/article>\n\t\t\t\t<article class=\"elementor-post elementor-grid-item post-60309 post type-post status-publish format-standard has-post-thumbnail hentry category-principal-columnas tag-luis-villegas\" role=\"listitem\">\n\t\t\t<div class=\"elementor-post__card\">\n\t\t\t\t<div class=\"elementor-post__text\">\n\t\t\t\t<h1 class=\"elementor-post__title\">\n\t\t\t<a href=\"https:\/\/www.opinionpublica.tv\/portada\/y-tu-con-ficosec-o-sin-ficosec\/\" >\n\t\t\t\t\u00bfY t\u00fa, con FICOSEC o sin FICOSEC?\t\t\t<\/a>\n\t\t<\/h1>\n\t\t\t\t<div class=\"elementor-post__excerpt\">\n\t\t\t<p>Luis Villegas Montes ___________________________ Hay momentos en la vida p\u00fablica en que la diferencia entre el discurso y la acci\u00f3n se reduce a una firma.<\/p>\n\t\t<\/div>\n\t\t\n\t\t<a class=\"elementor-post__read-more\" href=\"https:\/\/www.opinionpublica.tv\/portada\/y-tu-con-ficosec-o-sin-ficosec\/\" aria-label=\"M\u00e1s informaci\u00f3n sobre \u00bfY t\u00fa, con FICOSEC o sin FICOSEC?\" tabindex=\"-1\" >\n\t\t\tLeer m\u00e1s \u00bb\t\t<\/a>\n\n\t\t\t\t<\/div>\n\t\t\t\t<div class=\"elementor-post__meta-data\">\n\t\t\t\t\t<span class=\"elementor-post-author\">\n\t\t\tOPTV\t\t<\/span>\n\t\t\t\t<span class=\"elementor-post-date\">\n\t\t\t27 de mayo de 2025\t\t<\/span>\n\t\t\t\t<\/div>\n\t\t\t\t\t<\/div>\n\t\t<\/article>\n\t\t\t\t<article class=\"elementor-post elementor-grid-item post-58095 post type-post status-publish format-standard has-post-thumbnail hentry category-principal-columnas tag-luis-villegas\" role=\"listitem\">\n\t\t\t<div class=\"elementor-post__card\">\n\t\t\t\t<div class=\"elementor-post__text\">\n\t\t\t\t<h1 class=\"elementor-post__title\">\n\t\t\t<a href=\"https:\/\/www.opinionpublica.tv\/portada\/se-murio-el-papa-y-san-malaquias-me-esta-mirando\/\" >\n\t\t\t\tSe muri\u00f3 el Papa (y San Malaqu\u00edas me est\u00e1 mirando)\t\t\t<\/a>\n\t\t<\/h1>\n\t\t\t\t<div class=\"elementor-post__excerpt\">\n\t\t\t<p>Luis Villegas Montes ___________________________ El mi\u00e9rcoles escrib\u00ed que se me estaba muriendo gente importante y que cuando cre\u00eda que ya era suficiente con tanta aflicci\u00f3n<\/p>\n\t\t<\/div>\n\t\t\n\t\t<a class=\"elementor-post__read-more\" href=\"https:\/\/www.opinionpublica.tv\/portada\/se-murio-el-papa-y-san-malaquias-me-esta-mirando\/\" aria-label=\"M\u00e1s informaci\u00f3n sobre Se muri\u00f3 el Papa (y San Malaqu\u00edas me est\u00e1 mirando)\" tabindex=\"-1\" >\n\t\t\tLeer m\u00e1s \u00bb\t\t<\/a>\n\n\t\t\t\t<\/div>\n\t\t\t\t<div class=\"elementor-post__meta-data\">\n\t\t\t\t\t<span class=\"elementor-post-author\">\n\t\t\tOPTV\t\t<\/span>\n\t\t\t\t<span class=\"elementor-post-date\">\n\t\t\t29 de abril de 2025\t\t<\/span>\n\t\t\t\t<\/div>\n\t\t\t\t\t<\/div>\n\t\t<\/article>\n\t\t\t\t<article class=\"elementor-post elementor-grid-item post-57633 post type-post status-publish format-standard has-post-thumbnail hentry category-principal-columnas tag-luis-villegas\" role=\"listitem\">\n\t\t\t<div class=\"elementor-post__card\">\n\t\t\t\t<div class=\"elementor-post__text\">\n\t\t\t\t<h1 class=\"elementor-post__title\">\n\t\t\t<a href=\"https:\/\/www.opinionpublica.tv\/portada\/una-rata-en-tribuna\/\" >\n\t\t\t\tUna rata en tribuna\t\t\t<\/a>\n\t\t<\/h1>\n\t\t\t\t<div class=\"elementor-post__excerpt\">\n\t\t\t<p>Luis Villegas Montes ___________________________ Hace unos d\u00edas ocurri\u00f3 una escena de antolog\u00eda: el Senado de la Rep\u00fablica se convirti\u00f3 en un teatrillo de carpa barata;<\/p>\n\t\t<\/div>\n\t\t\n\t\t<a class=\"elementor-post__read-more\" href=\"https:\/\/www.opinionpublica.tv\/portada\/una-rata-en-tribuna\/\" aria-label=\"M\u00e1s informaci\u00f3n sobre Una rata en tribuna\" tabindex=\"-1\" >\n\t\t\tLeer m\u00e1s \u00bb\t\t<\/a>\n\n\t\t\t\t<\/div>\n\t\t\t\t<div class=\"elementor-post__meta-data\">\n\t\t\t\t\t<span class=\"elementor-post-author\">\n\t\t\tOPTV\t\t<\/span>\n\t\t\t\t<span class=\"elementor-post-date\">\n\t\t\t22 de abril de 2025\t\t<\/span>\n\t\t\t\t<\/div>\n\t\t\t\t\t<\/div>\n\t\t<\/article>\n\t\t\t\t<article class=\"elementor-post elementor-grid-item post-57410 post type-post status-publish format-standard has-post-thumbnail hentry category-principal-columnas tag-luis-villegas\" role=\"listitem\">\n\t\t\t<div class=\"elementor-post__card\">\n\t\t\t\t<div class=\"elementor-post__text\">\n\t\t\t\t<h1 class=\"elementor-post__title\">\n\t\t\t<a href=\"https:\/\/www.opinionpublica.tv\/portada\/murio-mario-vargas-llosa-y-algo-en-mi-tambien\/\" >\n\t\t\t\tMuri\u00f3 Mario Vargas Llosa y algo en m\u00ed tambi\u00e9n\t\t\t<\/a>\n\t\t<\/h1>\n\t\t\t\t<div class=\"elementor-post__excerpt\">\n\t\t\t<p>Luis Villegas Montes ___________________________ Me lleg\u00f3, de s\u00fabito, un mensaje de texto: la noticia brutal, inapelable, definitiva, Mario Vargas Llosa ha muerto. Lo escribo y<\/p>\n\t\t<\/div>\n\t\t\n\t\t<a class=\"elementor-post__read-more\" href=\"https:\/\/www.opinionpublica.tv\/portada\/murio-mario-vargas-llosa-y-algo-en-mi-tambien\/\" aria-label=\"M\u00e1s informaci\u00f3n sobre Muri\u00f3 Mario Vargas Llosa y algo en m\u00ed tambi\u00e9n\" tabindex=\"-1\" >\n\t\t\tLeer m\u00e1s \u00bb\t\t<\/a>\n\n\t\t\t\t<\/div>\n\t\t\t\t<div class=\"elementor-post__meta-data\">\n\t\t\t\t\t<span class=\"elementor-post-author\">\n\t\t\tOPTV\t\t<\/span>\n\t\t\t\t<span class=\"elementor-post-date\">\n\t\t\t19 de abril de 2025\t\t<\/span>\n\t\t\t\t<\/div>\n\t\t\t\t\t<\/div>\n\t\t<\/article>\n\t\t\t\t<article class=\"elementor-post elementor-grid-item post-55653 post type-post status-publish format-standard has-post-thumbnail hentry category-principal-columnas tag-luis-villegas\" role=\"listitem\">\n\t\t\t<div class=\"elementor-post__card\">\n\t\t\t\t<div class=\"elementor-post__text\">\n\t\t\t\t<h1 class=\"elementor-post__title\">\n\t\t\t<a href=\"https:\/\/www.opinionpublica.tv\/portada\/narcos-a-domicilio-la-entrega-del-siglo\/\" >\n\t\t\t\tNarcos a domicilio: la entrega del siglo\t\t\t<\/a>\n\t\t<\/h1>\n\t\t\t\t<div class=\"elementor-post__excerpt\">\n\t\t\t<p>Luis Villegas Montes ___________________________ Si alguien pens\u00f3 que la 4T \u2014por darle unos centavitos a los fam\u00e9licos de este pa\u00eds\u2014 iba a pasar a la<\/p>\n\t\t<\/div>\n\t\t\n\t\t<a class=\"elementor-post__read-more\" href=\"https:\/\/www.opinionpublica.tv\/portada\/narcos-a-domicilio-la-entrega-del-siglo\/\" aria-label=\"M\u00e1s informaci\u00f3n sobre Narcos a domicilio: la entrega del siglo\" tabindex=\"-1\" >\n\t\t\tLeer m\u00e1s \u00bb\t\t<\/a>\n\n\t\t\t\t<\/div>\n\t\t\t\t<div class=\"elementor-post__meta-data\">\n\t\t\t\t\t<span class=\"elementor-post-author\">\n\t\t\tOPTV\t\t<\/span>\n\t\t\t\t<span class=\"elementor-post-date\">\n\t\t\t22 de marzo de 2025\t\t<\/span>\n\t\t\t\t<\/div>\n\t\t\t\t\t<\/div>\n\t\t<\/article>\n\t\t\t\t<article class=\"elementor-post elementor-grid-item post-55435 post type-post status-publish format-standard has-post-thumbnail hentry category-principal-columnas tag-luis-villegas\" role=\"listitem\">\n\t\t\t<div class=\"elementor-post__card\">\n\t\t\t\t<div class=\"elementor-post__text\">\n\t\t\t\t<h1 class=\"elementor-post__title\">\n\t\t\t<a href=\"https:\/\/www.opinionpublica.tv\/portada\/amador-sheinbaum-lo-ama-o-se-lo-mandaron\/\" >\n\t\t\t\tAmador: \u00bfSheinbaum lo ama o se lo mandaron?\t\t\t<\/a>\n\t\t<\/h1>\n\t\t\t\t<div class=\"elementor-post__excerpt\">\n\t\t\t<p>Luis Villegas Montes ___________________________ \u00a1Ah, la pol\u00edtica mexicana! Ese eterno carrusel donde los mismos rostros se reciclan con nuevos t\u00edtulos, como si cambiar de sombrero<\/p>\n\t\t<\/div>\n\t\t\n\t\t<a class=\"elementor-post__read-more\" href=\"https:\/\/www.opinionpublica.tv\/portada\/amador-sheinbaum-lo-ama-o-se-lo-mandaron\/\" aria-label=\"M\u00e1s informaci\u00f3n sobre Amador: \u00bfSheinbaum lo ama o se lo mandaron?\" tabindex=\"-1\" >\n\t\t\tLeer m\u00e1s \u00bb\t\t<\/a>\n\n\t\t\t\t<\/div>\n\t\t\t\t<div class=\"elementor-post__meta-data\">\n\t\t\t\t\t<span class=\"elementor-post-author\">\n\t\t\tOPTV\t\t<\/span>\n\t\t\t\t<span class=\"elementor-post-date\">\n\t\t\t18 de marzo de 2025\t\t<\/span>\n\t\t\t\t<\/div>\n\t\t\t\t\t<\/div>\n\t\t<\/article>\n\t\t\t\t<article class=\"elementor-post elementor-grid-item post-54331 post type-post status-publish format-standard has-post-thumbnail hentry category-principal-columnas tag-luis-villegas\" role=\"listitem\">\n\t\t\t<div class=\"elementor-post__card\">\n\t\t\t\t<div class=\"elementor-post__text\">\n\t\t\t\t<h1 class=\"elementor-post__title\">\n\t\t\t<a href=\"https:\/\/www.opinionpublica.tv\/portada\/carta-abierta-a-le-magistrade\/\" >\n\t\t\t\tCarta abierta a Le Magistrade\t\t\t<\/a>\n\t\t<\/h1>\n\t\t\t\t<div class=\"elementor-post__excerpt\">\n\t\t\t<p>Luis Villegas Montes ___________________________ Celebro por todo lo alto que, por fin y a Dios gracias, aunque sea ya para el final, algunos empiecen a<\/p>\n\t\t<\/div>\n\t\t\n\t\t<a class=\"elementor-post__read-more\" href=\"https:\/\/www.opinionpublica.tv\/portada\/carta-abierta-a-le-magistrade\/\" aria-label=\"M\u00e1s informaci\u00f3n sobre Carta abierta a Le Magistrade\" tabindex=\"-1\" >\n\t\t\tLeer m\u00e1s \u00bb\t\t<\/a>\n\n\t\t\t\t<\/div>\n\t\t\t\t<div class=\"elementor-post__meta-data\">\n\t\t\t\t\t<span class=\"elementor-post-author\">\n\t\t\tOPTV\t\t<\/span>\n\t\t\t\t<span class=\"elementor-post-date\">\n\t\t\t1 de marzo de 2025\t\t<\/span>\n\t\t\t\t<\/div>\n\t\t\t\t\t<\/div>\n\t\t<\/article>\n\t\t\t\t<article class=\"elementor-post elementor-grid-item post-53885 post type-post status-publish format-standard has-post-thumbnail hentry category-principal-columnas tag-luis-villegas\" role=\"listitem\">\n\t\t\t<div class=\"elementor-post__card\">\n\t\t\t\t<div class=\"elementor-post__text\">\n\t\t\t\t<h1 class=\"elementor-post__title\">\n\t\t\t<a href=\"https:\/\/www.opinionpublica.tv\/portada\/el-horror-que-esta-por-venir\/\" >\n\t\t\t\tEl horror que est\u00e1 por venir\t\t\t<\/a>\n\t\t<\/h1>\n\t\t\t\t<div class=\"elementor-post__excerpt\">\n\t\t\t<p>Luis Villegas Montes ___________________________ El proceso preliminar de inscripci\u00f3n para los aspirantes a magistrados y jueces que integrar\u00e1n el Poder Judicial del Estado de Chihuahua<\/p>\n\t\t<\/div>\n\t\t\n\t\t<a class=\"elementor-post__read-more\" href=\"https:\/\/www.opinionpublica.tv\/portada\/el-horror-que-esta-por-venir\/\" aria-label=\"M\u00e1s informaci\u00f3n sobre El horror que est\u00e1 por venir\" tabindex=\"-1\" >\n\t\t\tLeer m\u00e1s \u00bb\t\t<\/a>\n\n\t\t\t\t<\/div>\n\t\t\t\t<div class=\"elementor-post__meta-data\">\n\t\t\t\t\t<span class=\"elementor-post-author\">\n\t\t\tOPTV\t\t<\/span>\n\t\t\t\t<span class=\"elementor-post-date\">\n\t\t\t22 de febrero de 2025\t\t<\/span>\n\t\t\t\t<\/div>\n\t\t\t\t\t<\/div>\n\t\t<\/article>\n\t\t\t\t<article class=\"elementor-post elementor-grid-item post-51311 post type-post status-publish format-standard has-post-thumbnail hentry category-principal-columnas tag-luis-villegas\" role=\"listitem\">\n\t\t\t<div class=\"elementor-post__card\">\n\t\t\t\t<div class=\"elementor-post__text\">\n\t\t\t\t<h1 class=\"elementor-post__title\">\n\t\t\t<a href=\"https:\/\/www.opinionpublica.tv\/portada\/un-poco-de-libros\/\" >\n\t\t\t\tUn poco de libros\t\t\t<\/a>\n\t\t<\/h1>\n\t\t\t\t<div class=\"elementor-post__excerpt\">\n\t\t\t<p>Luis Villegas ___________________________ Est\u00e1 tan mal la situaci\u00f3n en el pa\u00eds: la deuda externa, la inseguridad, la violencia, la corrupci\u00f3n y la estupidez de un<\/p>\n\t\t<\/div>\n\t\t\n\t\t<a class=\"elementor-post__read-more\" href=\"https:\/\/www.opinionpublica.tv\/portada\/un-poco-de-libros\/\" aria-label=\"M\u00e1s informaci\u00f3n sobre Un poco de libros\" tabindex=\"-1\" >\n\t\t\tLeer m\u00e1s \u00bb\t\t<\/a>\n\n\t\t\t\t<\/div>\n\t\t\t\t<div class=\"elementor-post__meta-data\">\n\t\t\t\t\t<span class=\"elementor-post-author\">\n\t\t\tOPTV\t\t<\/span>\n\t\t\t\t<span class=\"elementor-post-date\">\n\t\t\t14 de enero de 2025\t\t<\/span>\n\t\t\t\t<\/div>\n\t\t\t\t\t<\/div>\n\t\t<\/article>\n\t\t\t\t<\/div>\n\t\t\n\t\t\t\t<div class=\"e-load-more-anchor\" data-page=\"1\" data-max-page=\"10\" data-next-page=\"https:\/\/www.opinionpublica.tv\/portada\/wp-json\/wp\/v2\/pages\/42191\/page\/2\/\"><\/div>\n\t\t\t\t<nav class=\"elementor-pagination\" aria-label=\"Paginaci\u00f3n\">\n\t\t\t<span aria-current=\"page\" class=\"page-numbers current\"><span class=\"elementor-screen-only\">P\u00e1gina<\/span>1<\/span>\n<a class=\"page-numbers\" href=\"https:\/\/www.opinionpublica.tv\/portada\/wp-json\/wp\/v2\/pages\/42191\/page\/2\/\"><span class=\"elementor-screen-only\">P\u00e1gina<\/span>2<\/a>\n<a class=\"page-numbers\" href=\"https:\/\/www.opinionpublica.tv\/portada\/wp-json\/wp\/v2\/pages\/42191\/page\/3\/\"><span class=\"elementor-screen-only\">P\u00e1gina<\/span>3<\/a>\n<span class=\"page-numbers dots\">&hellip;<\/span>\n<a class=\"page-numbers\" href=\"https:\/\/www.opinionpublica.tv\/portada\/wp-json\/wp\/v2\/pages\/42191\/page\/10\/\"><span class=\"elementor-screen-only\">P\u00e1gina<\/span>10<\/a>\t\t<\/nav>\n\t\t\t\t\t\t<\/div>\n\t\t\t\t<\/div>\n\t\t\t\t\t<\/div>\n\t\t\t\t<\/div>\n\t\t\t\t<\/div>\n\t\t","protected":false},"excerpt":{"rendered":"<p>Una Reflexi\u00f3n Personal Luis Villegas Contacto: direccion@opinionpublica.tv OPINI\u00d3N P\u00daBLICA UN D\u00cdA COMO HOY<\/p>\n","protected":false},"author":5,"featured_media":0,"parent":0,"menu_order":0,"comment_status":"closed","ping_status":"closed","template":"","meta":{"_acf_changed":false,"_monsterinsights_skip_tracking":false,"slim_seo":{"title":"Un poco de libros - Opini\u00f3n P\u00fablica","description":"Luis Villegas ___________________________ Est\u00e1 tan mal la situaci\u00f3n en el pa\u00eds: la deuda externa, la inseguridad, la violencia, la corrupci\u00f3n y la estupidez de"},"footnotes":""},"class_list":["post-42191","page","type-page","status-publish","hentry"],"acf":[],"_links":{"self":[{"href":"https:\/\/www.opinionpublica.tv\/portada\/wp-json\/wp\/v2\/pages\/42191","targetHints":{"allow":["GET"]}}],"collection":[{"href":"https:\/\/www.opinionpublica.tv\/portada\/wp-json\/wp\/v2\/pages"}],"about":[{"href":"https:\/\/www.opinionpublica.tv\/portada\/wp-json\/wp\/v2\/types\/page"}],"author":[{"embeddable":true,"href":"https:\/\/www.opinionpublica.tv\/portada\/wp-json\/wp\/v2\/users\/5"}],"replies":[{"embeddable":true,"href":"https:\/\/www.opinionpublica.tv\/portada\/wp-json\/wp\/v2\/comments?post=42191"}],"version-history":[{"count":7,"href":"https:\/\/www.opinionpublica.tv\/portada\/wp-json\/wp\/v2\/pages\/42191\/revisions"}],"predecessor-version":[{"id":42494,"href":"https:\/\/www.opinionpublica.tv\/portada\/wp-json\/wp\/v2\/pages\/42191\/revisions\/42494"}],"wp:attachment":[{"href":"https:\/\/www.opinionpublica.tv\/portada\/wp-json\/wp\/v2\/media?parent=42191"}],"curies":[{"name":"wp","href":"https:\/\/api.w.org\/{rel}","templated":true}]}}