{"id":42185,"date":"2024-08-19T16:37:33","date_gmt":"2024-08-19T22:37:33","guid":{"rendered":"https:\/\/www.opinionpublica.tv\/portada\/?page_id=42185"},"modified":"2024-08-24T10:42:51","modified_gmt":"2024-08-24T16:42:51","slug":"ultima-instancia","status":"publish","type":"page","link":"https:\/\/www.opinionpublica.tv\/portada\/ultima-instancia\/","title":{"rendered":"\u00daltima Instancia"},"content":{"rendered":"\t\t<div data-elementor-type=\"wp-page\" data-elementor-id=\"42185\" class=\"elementor elementor-42185\" data-elementor-post-type=\"page\">\n\t\t\t\t<div class=\"elementor-element elementor-element-3020a2f7 e-flex e-con-boxed e-con e-parent\" data-id=\"3020a2f7\" data-element_type=\"container\" data-e-type=\"container\">\n\t\t\t\t\t<div class=\"e-con-inner\">\n\t\t<div class=\"elementor-element elementor-element-406a746d e-con-full e-flex e-con e-child\" data-id=\"406a746d\" data-element_type=\"container\" data-e-type=\"container\">\n\t\t\t\t<div class=\"elementor-element elementor-element-7274d08 elementor-widget elementor-widget-heading\" data-id=\"7274d08\" data-element_type=\"widget\" data-e-type=\"widget\" data-widget_type=\"heading.default\">\n\t\t\t\t<div class=\"elementor-widget-container\">\n\t\t\t\t\t<h2 class=\"elementor-heading-title elementor-size-default\">\u00daltima Instancia<\/h2>\t\t\t\t<\/div>\n\t\t\t\t<\/div>\n\t\t\t\t<div class=\"elementor-element elementor-element-5d697e0 elementor-widget elementor-widget-heading\" data-id=\"5d697e0\" data-element_type=\"widget\" data-e-type=\"widget\" data-widget_type=\"heading.default\">\n\t\t\t\t<div class=\"elementor-widget-container\">\n\t\t\t\t\t<h6 class=\"elementor-heading-title elementor-size-default\">Carlos Angulo<\/h6>\t\t\t\t<\/div>\n\t\t\t\t<\/div>\n\t\t\t\t<div class=\"elementor-element elementor-element-6509cd89 elementor-widget elementor-widget-heading\" data-id=\"6509cd89\" data-element_type=\"widget\" data-e-type=\"widget\" data-widget_type=\"heading.default\">\n\t\t\t\t<div class=\"elementor-widget-container\">\n\t\t\t\t\t<h3 class=\"elementor-heading-title elementor-size-default\"><a href=\"mailto:direccion@opinionpublica.tv\">Contacto: direccion@opinionpublica.tv<\/a><\/h3>\t\t\t\t<\/div>\n\t\t\t\t<\/div>\n\t\t\t\t<div class=\"elementor-element elementor-element-6355e9bf elementor-grid-1 elementor-grid-tablet-2 elementor-grid-mobile-1 elementor-posts--thumbnail-top elementor-card-shadow-yes elementor-posts__hover-gradient elementor-widget elementor-widget-posts\" data-id=\"6355e9bf\" data-element_type=\"widget\" data-e-type=\"widget\" data-settings=\"{&quot;cards_columns&quot;:&quot;1&quot;,&quot;cards_columns_tablet&quot;:&quot;2&quot;,&quot;cards_columns_mobile&quot;:&quot;1&quot;,&quot;cards_row_gap&quot;:{&quot;unit&quot;:&quot;px&quot;,&quot;size&quot;:35,&quot;sizes&quot;:[]},&quot;cards_row_gap_tablet&quot;:{&quot;unit&quot;:&quot;px&quot;,&quot;size&quot;:&quot;&quot;,&quot;sizes&quot;:[]},&quot;cards_row_gap_mobile&quot;:{&quot;unit&quot;:&quot;px&quot;,&quot;size&quot;:&quot;&quot;,&quot;sizes&quot;:[]}}\" data-widget_type=\"posts.cards\">\n\t\t\t\t<div class=\"elementor-widget-container\">\n\t\t\t\t\t\t\t<div class=\"elementor-posts-container elementor-posts elementor-posts--skin-cards elementor-grid\" role=\"list\">\n\t\t\t\t<article class=\"elementor-post elementor-grid-item post-92498 post type-post status-publish format-standard has-post-thumbnail hentry category-ultima-instancia tag-carlos-angulo tag-poder-judicial\" role=\"listitem\">\n\t\t\t<div class=\"elementor-post__card\">\n\t\t\t\t<a class=\"elementor-post__thumbnail__link\" href=\"https:\/\/www.opinionpublica.tv\/portada\/la-gran-encrucijada-de-mexico-sin-poder-judicial-independiente\/\" tabindex=\"-1\" ><div class=\"elementor-post__thumbnail\"><img fetchpriority=\"high\" decoding=\"async\" width=\"270\" height=\"270\" src=\"https:\/\/www.opinionpublica.tv\/portada\/wp-content\/uploads\/2024\/09\/Carlos-Angulo.jpg\" class=\"attachment-large size-large wp-image-43452\" alt=\"Carlos Angulo\" srcset=\"https:\/\/www.opinionpublica.tv\/portada\/wp-content\/uploads\/2024\/09\/Carlos-Angulo.jpg 270w, https:\/\/www.opinionpublica.tv\/portada\/wp-content\/uploads\/2024\/09\/Carlos-Angulo-150x150.jpg 150w\" sizes=\"(max-width: 270px) 100vw, 270px\" \/><\/div><\/a>\n\t\t\t\t<div class=\"elementor-post__badge\">\u00daltima Instancia<\/div>\n\t\t\t\t<div class=\"elementor-post__text\">\n\t\t\t\t<h1 class=\"elementor-post__title\">\n\t\t\t<a href=\"https:\/\/www.opinionpublica.tv\/portada\/la-gran-encrucijada-de-mexico-sin-poder-judicial-independiente\/\" >\n\t\t\t\tLa gran encrucijada de M\u00e9xico sin Poder Judicial independiente\t\t\t<\/a>\n\t\t<\/h1>\n\t\t\t\t<div class=\"elementor-post__excerpt\">\n\t\t\t<p>Carlos Angulo Parra ___________________________ La econom\u00eda no crece, y \u201ccomo dijo Don Teofilito\u201d, ni crecer\u00e1, mientras M\u00e9xico no recupere al Poder Judicial que ten\u00eda antes<\/p>\n\t\t<\/div>\n\t\t\n\t\t<a class=\"elementor-post__read-more\" href=\"https:\/\/www.opinionpublica.tv\/portada\/la-gran-encrucijada-de-mexico-sin-poder-judicial-independiente\/\" aria-label=\"M\u00e1s informaci\u00f3n sobre La gran encrucijada de M\u00e9xico sin Poder Judicial independiente\" tabindex=\"-1\" >\n\t\t\tLeer m\u00e1s \u00bb\t\t<\/a>\n\n\t\t\t\t<\/div>\n\t\t\t\t<div class=\"elementor-post__meta-data\">\n\t\t\t\t\t<span class=\"elementor-post-author\">\n\t\t\tOPTV\t\t<\/span>\n\t\t\t\t<span class=\"elementor-post-date\">\n\t\t\t27 de agosto de 2026\t\t<\/span>\n\t\t\t\t<\/div>\n\t\t\t\t\t<\/div>\n\t\t<\/article>\n\t\t\t\t<\/div>\n\t\t\n\t\t\t\t\t\t<\/div>\n\t\t\t\t<\/div>\n\t\t\t\t<\/div>\n\t\t<div class=\"elementor-element elementor-element-7cc9f253 e-con-full e-flex e-con e-child\" data-id=\"7cc9f253\" data-element_type=\"container\" data-e-type=\"container\">\n\t\t\t\t<div class=\"elementor-element elementor-element-59600813 elementor-align-justify elementor-widget elementor-widget-button\" data-id=\"59600813\" data-element_type=\"widget\" data-e-type=\"widget\" data-widget_type=\"button.default\">\n\t\t\t\t<div class=\"elementor-widget-container\">\n\t\t\t\t\t\t\t\t\t<div class=\"elementor-button-wrapper\">\n\t\t\t\t\t<a class=\"elementor-button elementor-size-sm\" role=\"button\">\n\t\t\t\t\t\t<span class=\"elementor-button-content-wrapper\">\n\t\t\t\t\t\t\t\t\t<span class=\"elementor-button-text\">OPINI\u00d3N P\u00daBLICA<\/span>\n\t\t\t\t\t<\/span>\n\t\t\t\t\t<\/a>\n\t\t\t\t<\/div>\n\t\t\t\t\t\t\t\t<\/div>\n\t\t\t\t<\/div>\n\t\t\t\t<div class=\"elementor-element elementor-element-73243613 elementor-grid-1 elementor-posts--thumbnail-none elementor-grid-tablet-2 elementor-grid-mobile-1 elementor-card-shadow-yes elementor-posts__hover-gradient elementor-widget elementor-widget-posts\" data-id=\"73243613\" data-element_type=\"widget\" data-e-type=\"widget\" data-settings=\"{&quot;cards_columns&quot;:&quot;1&quot;,&quot;cards_columns_tablet&quot;:&quot;2&quot;,&quot;cards_columns_mobile&quot;:&quot;1&quot;,&quot;cards_row_gap&quot;:{&quot;unit&quot;:&quot;px&quot;,&quot;size&quot;:35,&quot;sizes&quot;:[]},&quot;cards_row_gap_tablet&quot;:{&quot;unit&quot;:&quot;px&quot;,&quot;size&quot;:&quot;&quot;,&quot;sizes&quot;:[]},&quot;cards_row_gap_mobile&quot;:{&quot;unit&quot;:&quot;px&quot;,&quot;size&quot;:&quot;&quot;,&quot;sizes&quot;:[]}}\" data-widget_type=\"posts.cards\">\n\t\t\t\t<div class=\"elementor-widget-container\">\n\t\t\t\t\t\t\t<div class=\"elementor-posts-container elementor-posts elementor-posts--skin-cards elementor-grid\" role=\"list\">\n\t\t\t\t<article class=\"elementor-post elementor-grid-item post-91725 post type-post status-publish format-standard has-post-thumbnail hentry category-cartapacio tag-cartapacio tag-raul-ruiz\" role=\"listitem\">\n\t\t\t<div class=\"elementor-post__card\">\n\t\t\t\t<div class=\"elementor-post__text\">\n\t\t\t\t<h2 class=\"elementor-post__title\">\n\t\t\t<a href=\"https:\/\/www.opinionpublica.tv\/portada\/sin-correa-y-sin-bozal\/\" >\n\t\t\t\tSin correa y sin bozal\t\t\t<\/a>\n\t\t<\/h2>\n\t\t\t\t<div class=\"elementor-post__excerpt\">\n\t\t\t<p>Ra\u00fal Ruiz __________________________ No puede uno soltar tantito a CJTOWN, porque se convierte nuevamente en Ciudad Ca\u00f3tica. Entre los chicotazos del clima, los agujeros que se producen con la lluvia y la inseguridad vial, los juarenses explotaron un d\u00eda y se fueron a quejar contra un grupo de agentes extorsionadores. El coordinador de Vialidad Lic. Jes\u00fas Manuel Garc\u00eda, alcanz\u00f3 a dar de baja a algunos. Y suspendi\u00f3 por un tiempo a otros quienes andan rabiosos porque quieren regresar y andar sueltos. No queremos correa ni bozal. Han dicho a sus propios compa\u00f1eros. Y obviamente no se le van a subir a las barbas a don Jes\u00fas Manuel Garc\u00eda Reyes. Si hay novedades, se las platico. CONEXIONES POTOSINAS Mientras tanto, en<\/p>\n\t\t<\/div>\n\t\t\n\t\t<a class=\"elementor-post__read-more\" href=\"https:\/\/www.opinionpublica.tv\/portada\/sin-correa-y-sin-bozal\/\" aria-label=\"M\u00e1s informaci\u00f3n sobre Sin correa y sin bozal\" tabindex=\"-1\" >\n\t\t\tLeer m\u00e1s \u00bb\t\t<\/a>\n\n\t\t\t\t<\/div>\n\t\t\t\t<div class=\"elementor-post__meta-data\">\n\t\t\t\t\t<span class=\"elementor-post-author\">\n\t\t\tOPTV\t\t<\/span>\n\t\t\t\t<span class=\"elementor-post-date\">\n\t\t\t14 de agosto de 2026\t\t<\/span>\n\t\t\t\t<\/div>\n\t\t\t\t\t<\/div>\n\t\t<\/article>\n\t\t\t\t<\/div>\n\t\t\n\t\t\t\t\t\t<\/div>\n\t\t\t\t<\/div>\n\t\t\t\t<\/div>\n\t\t<div class=\"elementor-element elementor-element-309168bd e-con-full e-flex e-con e-child\" data-id=\"309168bd\" data-element_type=\"container\" data-e-type=\"container\">\n\t\t\t\t<div class=\"elementor-element elementor-element-2ff28e5d elementor-align-justify elementor-widget elementor-widget-button\" data-id=\"2ff28e5d\" data-element_type=\"widget\" data-e-type=\"widget\" data-widget_type=\"button.default\">\n\t\t\t\t<div class=\"elementor-widget-container\">\n\t\t\t\t\t\t\t\t\t<div class=\"elementor-button-wrapper\">\n\t\t\t\t\t<a class=\"elementor-button elementor-size-sm\" role=\"button\">\n\t\t\t\t\t\t<span class=\"elementor-button-content-wrapper\">\n\t\t\t\t\t\t\t\t\t<span class=\"elementor-button-text\">UN D\u00cdA COMO HOY<\/span>\n\t\t\t\t\t<\/span>\n\t\t\t\t\t<\/a>\n\t\t\t\t<\/div>\n\t\t\t\t\t\t\t\t<\/div>\n\t\t\t\t<\/div>\n\t\t\t\t<div class=\"elementor-element elementor-element-3f737bc7 elementor-grid-1 elementor-grid-tablet-2 elementor-grid-mobile-1 elementor-posts--thumbnail-top elementor-card-shadow-yes elementor-posts__hover-gradient elementor-widget elementor-widget-posts\" data-id=\"3f737bc7\" data-element_type=\"widget\" data-e-type=\"widget\" data-settings=\"{&quot;cards_columns&quot;:&quot;1&quot;,&quot;cards_row_gap&quot;:{&quot;unit&quot;:&quot;px&quot;,&quot;size&quot;:46,&quot;sizes&quot;:[]},&quot;cards_columns_tablet&quot;:&quot;2&quot;,&quot;cards_columns_mobile&quot;:&quot;1&quot;,&quot;cards_row_gap_tablet&quot;:{&quot;unit&quot;:&quot;px&quot;,&quot;size&quot;:&quot;&quot;,&quot;sizes&quot;:[]},&quot;cards_row_gap_mobile&quot;:{&quot;unit&quot;:&quot;px&quot;,&quot;size&quot;:&quot;&quot;,&quot;sizes&quot;:[]}}\" data-widget_type=\"posts.cards\">\n\t\t\t\t<div class=\"elementor-widget-container\">\n\t\t\t\t\t\t\t<div class=\"elementor-posts-container elementor-posts elementor-posts--skin-cards elementor-grid\" role=\"list\">\n\t\t\t\t<article class=\"elementor-post elementor-grid-item post-92861 post type-post status-publish format-standard has-post-thumbnail hentry category-un-dia-como-hoy tag-efemerides-30-de-agosto tag-transbordador-espacial-discovery\" role=\"listitem\">\n\t\t\t<div class=\"elementor-post__card\">\n\t\t\t\t<a class=\"elementor-post__thumbnail__link\" href=\"https:\/\/www.opinionpublica.tv\/portada\/efemerides-30-de-agosto-un-dia-como-hoy-en-la-historia-2\/\" tabindex=\"-1\" ><div class=\"elementor-post__thumbnail\"><img decoding=\"async\" width=\"300\" height=\"199\" src=\"https:\/\/www.opinionpublica.tv\/portada\/wp-content\/uploads\/2026\/08\/1984-Estados-Unidos-lanza-por-primera-vez-el-transbordador-espacial-Discovery-1-300x199.webp\" class=\"attachment-medium size-medium wp-image-92864\" alt=\"1984, Estados Unidos lanza por primera vez el transbordador espacial Discovery\" srcset=\"https:\/\/www.opinionpublica.tv\/portada\/wp-content\/uploads\/2026\/08\/1984-Estados-Unidos-lanza-por-primera-vez-el-transbordador-espacial-Discovery-1-300x199.webp 300w, https:\/\/www.opinionpublica.tv\/portada\/wp-content\/uploads\/2026\/08\/1984-Estados-Unidos-lanza-por-primera-vez-el-transbordador-espacial-Discovery-1-768x508.webp 768w, https:\/\/www.opinionpublica.tv\/portada\/wp-content\/uploads\/2026\/08\/1984-Estados-Unidos-lanza-por-primera-vez-el-transbordador-espacial-Discovery-1-1024x678.webp 1024w, https:\/\/www.opinionpublica.tv\/portada\/wp-content\/uploads\/2026\/08\/1984-Estados-Unidos-lanza-por-primera-vez-el-transbordador-espacial-Discovery-1.webp 1041w\" sizes=\"(max-width: 300px) 100vw, 300px\" \/><\/div><\/a>\n\t\t\t\t<div class=\"elementor-post__badge\">UN D\u00cdA COMO HOY...<\/div>\n\t\t\t\t<div class=\"elementor-post__text\">\n\t\t\t\t<h2 class=\"elementor-post__title\">\n\t\t\t<a href=\"https:\/\/www.opinionpublica.tv\/portada\/efemerides-30-de-agosto-un-dia-como-hoy-en-la-historia-2\/\" >\n\t\t\t\tEfem\u00e9rides 30 de agosto | Un d\u00eda como hoy en la historia&#8230;\t\t\t<\/a>\n\t\t<\/h2>\n\t\t\n\t\t<a class=\"elementor-post__read-more\" href=\"https:\/\/www.opinionpublica.tv\/portada\/efemerides-30-de-agosto-un-dia-como-hoy-en-la-historia-2\/\" aria-label=\"M\u00e1s informaci\u00f3n sobre Efem\u00e9rides 30 de agosto | Un d\u00eda como hoy en la historia&#8230;\" tabindex=\"-1\" >\n\t\t\tLeer m\u00e1s \u00bb\t\t<\/a>\n\n\t\t\t\t<\/div>\n\t\t\t\t<div class=\"elementor-post__meta-data\">\n\t\t\t\t\t<span class=\"elementor-post-author\">\n\t\t\tOPTV\t\t<\/span>\n\t\t\t\t<span class=\"elementor-post-date\">\n\t\t\t30 de agosto de 2026\t\t<\/span>\n\t\t\t\t<\/div>\n\t\t\t\t\t<\/div>\n\t\t<\/article>\n\t\t\t\t<\/div>\n\t\t\n\t\t\t\t\t\t<\/div>\n\t\t\t\t<\/div>\n\t\t\t\t<\/div>\n\t\t\t\t\t<\/div>\n\t\t\t\t<\/div>\n\t\t<div class=\"elementor-element elementor-element-70452d38 e-flex e-con-boxed e-con e-parent\" data-id=\"70452d38\" data-element_type=\"container\" data-e-type=\"container\">\n\t\t\t\t\t<div class=\"e-con-inner\">\n\t\t\t\t<div class=\"elementor-element elementor-element-1fe11a elementor-posts--thumbnail-none elementor-grid-3 elementor-grid-tablet-2 elementor-grid-mobile-1 elementor-card-shadow-yes elementor-posts__hover-gradient elementor-widget elementor-widget-posts\" data-id=\"1fe11a\" data-element_type=\"widget\" data-e-type=\"widget\" data-settings=\"{&quot;pagination_type&quot;:&quot;numbers&quot;,&quot;cards_columns&quot;:&quot;3&quot;,&quot;cards_columns_tablet&quot;:&quot;2&quot;,&quot;cards_columns_mobile&quot;:&quot;1&quot;,&quot;cards_row_gap&quot;:{&quot;unit&quot;:&quot;px&quot;,&quot;size&quot;:35,&quot;sizes&quot;:[]},&quot;cards_row_gap_tablet&quot;:{&quot;unit&quot;:&quot;px&quot;,&quot;size&quot;:&quot;&quot;,&quot;sizes&quot;:[]},&quot;cards_row_gap_mobile&quot;:{&quot;unit&quot;:&quot;px&quot;,&quot;size&quot;:&quot;&quot;,&quot;sizes&quot;:[]}}\" data-widget_type=\"posts.cards\">\n\t\t\t\t<div class=\"elementor-widget-container\">\n\t\t\t\t\t\t\t<div class=\"elementor-posts-container elementor-posts elementor-posts--skin-cards elementor-grid\" role=\"list\">\n\t\t\t\t<article class=\"elementor-post elementor-grid-item post-91608 post type-post status-publish format-standard has-post-thumbnail hentry category-ultima-instancia tag-carlos-angulo\" role=\"listitem\">\n\t\t\t<div class=\"elementor-post__card\">\n\t\t\t\t<div class=\"elementor-post__text\">\n\t\t\t\t<h1 class=\"elementor-post__title\">\n\t\t\t<a href=\"https:\/\/www.opinionpublica.tv\/portada\/la-vision-de-estados-unidos-para-con-mexico\/\" >\n\t\t\t\tLa visi\u00f3n de Estados Unidos para con M\u00e9xico\t\t\t<\/a>\n\t\t<\/h1>\n\t\t\t\t<div class=\"elementor-post__excerpt\">\n\t\t\t<p>Carlos Angulo Parra __________________________ Recientemente ha estado en la conversaci\u00f3n p\u00fablica en M\u00e9xico la amenaza de que Estados Unidos (EU) va a intervenir directamente en<\/p>\n\t\t<\/div>\n\t\t\n\t\t<a class=\"elementor-post__read-more\" href=\"https:\/\/www.opinionpublica.tv\/portada\/la-vision-de-estados-unidos-para-con-mexico\/\" aria-label=\"M\u00e1s informaci\u00f3n sobre La visi\u00f3n de Estados Unidos para con M\u00e9xico\" tabindex=\"-1\" >\n\t\t\tLeer m\u00e1s \u00bb\t\t<\/a>\n\n\t\t\t\t<\/div>\n\t\t\t\t<div class=\"elementor-post__meta-data\">\n\t\t\t\t\t<span class=\"elementor-post-author\">\n\t\t\tOPTV\t\t<\/span>\n\t\t\t\t<span class=\"elementor-post-date\">\n\t\t\t13 de agosto de 2026\t\t<\/span>\n\t\t\t\t<\/div>\n\t\t\t\t\t<\/div>\n\t\t<\/article>\n\t\t\t\t<article class=\"elementor-post elementor-grid-item post-90555 post type-post status-publish format-standard has-post-thumbnail hentry category-ultima-instancia tag-carlos-angulo tag-morena\" role=\"listitem\">\n\t\t\t<div class=\"elementor-post__card\">\n\t\t\t\t<div class=\"elementor-post__text\">\n\t\t\t\t<h1 class=\"elementor-post__title\">\n\t\t\t<a href=\"https:\/\/www.opinionpublica.tv\/portada\/moralmente-derrotados\/\" >\n\t\t\t\tMoralmente derrotados\t\t\t<\/a>\n\t\t<\/h1>\n\t\t\t\t<div class=\"elementor-post__excerpt\">\n\t\t\t<p>Carlos Angulo Parra ___________________________ Cuando Morena gan\u00f3 las elecciones en 2018, hubo grandes esperanzas que todo cambiar\u00eda para M\u00e9xico, que la corrupci\u00f3n se acabar\u00eda, que<\/p>\n\t\t<\/div>\n\t\t\n\t\t<a class=\"elementor-post__read-more\" href=\"https:\/\/www.opinionpublica.tv\/portada\/moralmente-derrotados\/\" aria-label=\"M\u00e1s informaci\u00f3n sobre Moralmente derrotados\" tabindex=\"-1\" >\n\t\t\tLeer m\u00e1s \u00bb\t\t<\/a>\n\n\t\t\t\t<\/div>\n\t\t\t\t<div class=\"elementor-post__meta-data\">\n\t\t\t\t\t<span class=\"elementor-post-author\">\n\t\t\tOPTV\t\t<\/span>\n\t\t\t\t<span class=\"elementor-post-date\">\n\t\t\t30 de julio de 2026\t\t<\/span>\n\t\t\t\t<\/div>\n\t\t\t\t\t<\/div>\n\t\t<\/article>\n\t\t\t\t<article class=\"elementor-post elementor-grid-item post-90139 post type-post status-publish format-standard has-post-thumbnail hentry category-ultima-instancia tag-carlos-angulo tag-ernesto-ruffo\" role=\"listitem\">\n\t\t\t<div class=\"elementor-post__card\">\n\t\t\t\t<div class=\"elementor-post__text\">\n\t\t\t\t<h1 class=\"elementor-post__title\">\n\t\t\t<a href=\"https:\/\/www.opinionpublica.tv\/portada\/el-caso-ruffo\/\" >\n\t\t\t\tEl caso Ruffo\t\t\t<\/a>\n\t\t<\/h1>\n\t\t\t\t<div class=\"elementor-post__excerpt\">\n\t\t\t<p>Carlos Angulo Parra ___________________________ Estimo que el Gobierno se ha metido en un gran brete queriendo desviar la responsabilidad del escandaloso contrabando de combustible que<\/p>\n\t\t<\/div>\n\t\t\n\t\t<a class=\"elementor-post__read-more\" href=\"https:\/\/www.opinionpublica.tv\/portada\/el-caso-ruffo\/\" aria-label=\"M\u00e1s informaci\u00f3n sobre El caso Ruffo\" tabindex=\"-1\" >\n\t\t\tLeer m\u00e1s \u00bb\t\t<\/a>\n\n\t\t\t\t<\/div>\n\t\t\t\t<div class=\"elementor-post__meta-data\">\n\t\t\t\t\t<span class=\"elementor-post-author\">\n\t\t\tOPTV\t\t<\/span>\n\t\t\t\t<span class=\"elementor-post-date\">\n\t\t\t23 de julio de 2026\t\t<\/span>\n\t\t\t\t<\/div>\n\t\t\t\t\t<\/div>\n\t\t<\/article>\n\t\t\t\t<article class=\"elementor-post elementor-grid-item post-89643 post type-post status-publish format-standard has-post-thumbnail hentry category-ultima-instancia tag-carlos-angulo tag-cruz-perez-cuellar tag-elecciones-2027\" role=\"listitem\">\n\t\t\t<div class=\"elementor-post__card\">\n\t\t\t\t<div class=\"elementor-post__text\">\n\t\t\t\t<h1 class=\"elementor-post__title\">\n\t\t\t<a href=\"https:\/\/www.opinionpublica.tv\/portada\/sera-andrea-o-sera-cruz\/\" >\n\t\t\t\tSer\u00e1 Andrea o ser\u00e1 Cruz\t\t\t<\/a>\n\t\t<\/h1>\n\t\t\t\t<div class=\"elementor-post__excerpt\">\n\t\t\t<p>Carlos Angulo ___________________________ Existen m\u00faltiples conversaciones en Chihuahua sobre las posibles postulaciones del oficialismo para la candidatura a la gubernatura del Estado. Las personas que<\/p>\n\t\t<\/div>\n\t\t\n\t\t<a class=\"elementor-post__read-more\" href=\"https:\/\/www.opinionpublica.tv\/portada\/sera-andrea-o-sera-cruz\/\" aria-label=\"M\u00e1s informaci\u00f3n sobre Ser\u00e1 Andrea o ser\u00e1 Cruz\" tabindex=\"-1\" >\n\t\t\tLeer m\u00e1s \u00bb\t\t<\/a>\n\n\t\t\t\t<\/div>\n\t\t\t\t<div class=\"elementor-post__meta-data\">\n\t\t\t\t\t<span class=\"elementor-post-author\">\n\t\t\tOPTV\t\t<\/span>\n\t\t\t\t<span class=\"elementor-post-date\">\n\t\t\t16 de julio de 2026\t\t<\/span>\n\t\t\t\t<\/div>\n\t\t\t\t\t<\/div>\n\t\t<\/article>\n\t\t\t\t<article class=\"elementor-post elementor-grid-item post-89210 post type-post status-publish format-standard has-post-thumbnail hentry category-ultima-instancia tag-carlos-angulo\" role=\"listitem\">\n\t\t\t<div class=\"elementor-post__card\">\n\t\t\t\t<div class=\"elementor-post__text\">\n\t\t\t\t<h1 class=\"elementor-post__title\">\n\t\t\t<a href=\"https:\/\/www.opinionpublica.tv\/portada\/el-perfil-del-candidato-ideal\/\" >\n\t\t\t\tEl perfil del candidato ideal\t\t\t<\/a>\n\t\t<\/h1>\n\t\t\t\t<div class=\"elementor-post__excerpt\">\n\t\t\t<p>Carlos Angulo ___________________________ Me atrevo a especular sobre cu\u00e1l ser\u00eda el perfil ideal de una candidatura de la oposici\u00f3n que fuere capaz de vencer a<\/p>\n\t\t<\/div>\n\t\t\n\t\t<a class=\"elementor-post__read-more\" href=\"https:\/\/www.opinionpublica.tv\/portada\/el-perfil-del-candidato-ideal\/\" aria-label=\"M\u00e1s informaci\u00f3n sobre El perfil del candidato ideal\" tabindex=\"-1\" >\n\t\t\tLeer m\u00e1s \u00bb\t\t<\/a>\n\n\t\t\t\t<\/div>\n\t\t\t\t<div class=\"elementor-post__meta-data\">\n\t\t\t\t\t<span class=\"elementor-post-author\">\n\t\t\tOPTV\t\t<\/span>\n\t\t\t\t<span class=\"elementor-post-date\">\n\t\t\t9 de julio de 2026\t\t<\/span>\n\t\t\t\t<\/div>\n\t\t\t\t\t<\/div>\n\t\t<\/article>\n\t\t\t\t<article class=\"elementor-post elementor-grid-item post-88593 post type-post status-publish format-standard has-post-thumbnail hentry category-ultima-instancia tag-carlos-angulo\" role=\"listitem\">\n\t\t\t<div class=\"elementor-post__card\">\n\t\t\t\t<div class=\"elementor-post__text\">\n\t\t\t\t<h1 class=\"elementor-post__title\">\n\t\t\t<a href=\"https:\/\/www.opinionpublica.tv\/portada\/somos-mexico-oportunidades-y-retos\/\" >\n\t\t\t\tSomos M\u00e9xico: oportunidades y retos\t\t\t<\/a>\n\t\t<\/h1>\n\t\t\t\t<div class=\"elementor-post__excerpt\">\n\t\t\t<p>Carlos Angulo ___________________________ Ha habido mucho entusiasmo en la reciente aprobaci\u00f3n del INE de un nuevo partido pol\u00edtico, denominado \u201cSomos M\u00e9xico\u201d o \u201cSomos MX\u201d, que<\/p>\n\t\t<\/div>\n\t\t\n\t\t<a class=\"elementor-post__read-more\" href=\"https:\/\/www.opinionpublica.tv\/portada\/somos-mexico-oportunidades-y-retos\/\" aria-label=\"M\u00e1s informaci\u00f3n sobre Somos M\u00e9xico: oportunidades y retos\" tabindex=\"-1\" >\n\t\t\tLeer m\u00e1s \u00bb\t\t<\/a>\n\n\t\t\t\t<\/div>\n\t\t\t\t<div class=\"elementor-post__meta-data\">\n\t\t\t\t\t<span class=\"elementor-post-author\">\n\t\t\tOPTV\t\t<\/span>\n\t\t\t\t<span class=\"elementor-post-date\">\n\t\t\t2 de julio de 2026\t\t<\/span>\n\t\t\t\t<\/div>\n\t\t\t\t\t<\/div>\n\t\t<\/article>\n\t\t\t\t<article class=\"elementor-post elementor-grid-item post-88074 post type-post status-publish format-standard has-post-thumbnail hentry category-ultima-instancia tag-carlos-angulo\" role=\"listitem\">\n\t\t\t<div class=\"elementor-post__card\">\n\t\t\t\t<div class=\"elementor-post__text\">\n\t\t\t\t<h1 class=\"elementor-post__title\">\n\t\t\t<a href=\"https:\/\/www.opinionpublica.tv\/portada\/la-relacion-de-ee-uu-y-mexico-el-comercio-y-la-seguridad\/\" >\n\t\t\t\tLa relaci\u00f3n de EE. UU. y M\u00e9xico, el comercio y la seguridad\t\t\t<\/a>\n\t\t<\/h1>\n\t\t\t\t<div class=\"elementor-post__excerpt\">\n\t\t\t<p>Carlos Angulo Parra __________________________ M\u00e9xico y Estados Unidos (EU) siempre han tenido una relaci\u00f3n tensa, b\u00e1sicamente, porque sus intereses hab\u00edan sido siempre distintos. En el<\/p>\n\t\t<\/div>\n\t\t\n\t\t<a class=\"elementor-post__read-more\" href=\"https:\/\/www.opinionpublica.tv\/portada\/la-relacion-de-ee-uu-y-mexico-el-comercio-y-la-seguridad\/\" aria-label=\"M\u00e1s informaci\u00f3n sobre La relaci\u00f3n de EE. UU. y M\u00e9xico, el comercio y la seguridad\" tabindex=\"-1\" >\n\t\t\tLeer m\u00e1s \u00bb\t\t<\/a>\n\n\t\t\t\t<\/div>\n\t\t\t\t<div class=\"elementor-post__meta-data\">\n\t\t\t\t\t<span class=\"elementor-post-author\">\n\t\t\tOPTV\t\t<\/span>\n\t\t\t\t<span class=\"elementor-post-date\">\n\t\t\t25 de junio de 2026\t\t<\/span>\n\t\t\t\t<\/div>\n\t\t\t\t\t<\/div>\n\t\t<\/article>\n\t\t\t\t<article class=\"elementor-post elementor-grid-item post-87577 post type-post status-publish format-standard has-post-thumbnail hentry category-ultima-instancia tag-carlos-angulo\" role=\"listitem\">\n\t\t\t<div class=\"elementor-post__card\">\n\t\t\t\t<div class=\"elementor-post__text\">\n\t\t\t\t<h1 class=\"elementor-post__title\">\n\t\t\t<a href=\"https:\/\/www.opinionpublica.tv\/portada\/claudia-y-los-grignos-el-t-mec-y-que-puede-venir\/\" >\n\t\t\t\tClaudia y los gringos, El T-MEC, y que puede venir\t\t\t<\/a>\n\t\t<\/h1>\n\t\t\t\t<div class=\"elementor-post__excerpt\">\n\t\t\t<p>Carlos Angulo Parra __________________________ Pues, aunque se resista la presidente de creer las m\u00faltiples advertencias recibidas de diversos funcionarios de la administraci\u00f3n del presidente Trump,<\/p>\n\t\t<\/div>\n\t\t\n\t\t<a class=\"elementor-post__read-more\" href=\"https:\/\/www.opinionpublica.tv\/portada\/claudia-y-los-grignos-el-t-mec-y-que-puede-venir\/\" aria-label=\"M\u00e1s informaci\u00f3n sobre Claudia y los gringos, El T-MEC, y que puede venir\" tabindex=\"-1\" >\n\t\t\tLeer m\u00e1s \u00bb\t\t<\/a>\n\n\t\t\t\t<\/div>\n\t\t\t\t<div class=\"elementor-post__meta-data\">\n\t\t\t\t\t<span class=\"elementor-post-author\">\n\t\t\tOPTV\t\t<\/span>\n\t\t\t\t<span class=\"elementor-post-date\">\n\t\t\t18 de junio de 2026\t\t<\/span>\n\t\t\t\t<\/div>\n\t\t\t\t\t<\/div>\n\t\t<\/article>\n\t\t\t\t<article class=\"elementor-post elementor-grid-item post-87150 post type-post status-publish format-standard has-post-thumbnail hentry category-ultima-instancia tag-carlos-angulo tag-claudia-sheinbaum tag-mundial-de-futbol-2026\" role=\"listitem\">\n\t\t\t<div class=\"elementor-post__card\">\n\t\t\t\t<div class=\"elementor-post__text\">\n\t\t\t\t<h1 class=\"elementor-post__title\">\n\t\t\t<a href=\"https:\/\/www.opinionpublica.tv\/portada\/la-exposicion-de-claudia-ante-el-mundial\/\" >\n\t\t\t\tLa exposici\u00f3n de Claudia ante el Mundial\t\t\t<\/a>\n\t\t<\/h1>\n\t\t\t\t<div class=\"elementor-post__excerpt\">\n\t\t\t<p>Carlos Angulo Parra __________________________ En bonito problema se est\u00e1 metiendo la presidente con el p\u00e9simo gobierno que tiene, con el gran n\u00famero de fiascos que<\/p>\n\t\t<\/div>\n\t\t\n\t\t<a class=\"elementor-post__read-more\" href=\"https:\/\/www.opinionpublica.tv\/portada\/la-exposicion-de-claudia-ante-el-mundial\/\" aria-label=\"M\u00e1s informaci\u00f3n sobre La exposici\u00f3n de Claudia ante el Mundial\" tabindex=\"-1\" >\n\t\t\tLeer m\u00e1s \u00bb\t\t<\/a>\n\n\t\t\t\t<\/div>\n\t\t\t\t<div class=\"elementor-post__meta-data\">\n\t\t\t\t\t<span class=\"elementor-post-author\">\n\t\t\tOPTV\t\t<\/span>\n\t\t\t\t<span class=\"elementor-post-date\">\n\t\t\t11 de junio de 2026\t\t<\/span>\n\t\t\t\t<\/div>\n\t\t\t\t\t<\/div>\n\t\t<\/article>\n\t\t\t\t<article class=\"elementor-post elementor-grid-item post-86572 post type-post status-publish format-standard has-post-thumbnail hentry category-ultima-instancia tag-carlos-angulo\" role=\"listitem\">\n\t\t\t<div class=\"elementor-post__card\">\n\t\t\t\t<div class=\"elementor-post__text\">\n\t\t\t\t<h1 class=\"elementor-post__title\">\n\t\t\t<a href=\"https:\/\/www.opinionpublica.tv\/portada\/injerencionismo\/\" >\n\t\t\t\tInjerencionismo\t\t\t<\/a>\n\t\t<\/h1>\n\t\t\t\t<div class=\"elementor-post__excerpt\">\n\t\t\t<p>Carlos Angulo Parra ___________________________ El llamado \u00abInforme de Resultados\u00bb de la presidente Sheinbaum result\u00f3 ser una aut\u00e9ntica declaraci\u00f3n de principios los cuales enuncio: 1. No<\/p>\n\t\t<\/div>\n\t\t\n\t\t<a class=\"elementor-post__read-more\" href=\"https:\/\/www.opinionpublica.tv\/portada\/injerencionismo\/\" aria-label=\"M\u00e1s informaci\u00f3n sobre Injerencionismo\" tabindex=\"-1\" >\n\t\t\tLeer m\u00e1s \u00bb\t\t<\/a>\n\n\t\t\t\t<\/div>\n\t\t\t\t<div class=\"elementor-post__meta-data\">\n\t\t\t\t\t<span class=\"elementor-post-author\">\n\t\t\tOPTV\t\t<\/span>\n\t\t\t\t<span class=\"elementor-post-date\">\n\t\t\t4 de junio de 2026\t\t<\/span>\n\t\t\t\t<\/div>\n\t\t\t\t\t<\/div>\n\t\t<\/article>\n\t\t\t\t<article class=\"elementor-post elementor-grid-item post-86046 post type-post status-publish format-standard has-post-thumbnail hentry category-ultima-instancia tag-carlos-angulo tag-maru-campos\" role=\"listitem\">\n\t\t\t<div class=\"elementor-post__card\">\n\t\t\t\t<div class=\"elementor-post__text\">\n\t\t\t\t<h1 class=\"elementor-post__title\">\n\t\t\t<a href=\"https:\/\/www.opinionpublica.tv\/portada\/traicion-a-la-patria-3\/\" >\n\t\t\t\tTraici\u00f3n a la Patria\t\t\t<\/a>\n\t\t<\/h1>\n\t\t\t\t<div class=\"elementor-post__excerpt\">\n\t\t\t<p>Carlos Angulo Parra ___________________________ La presidente Sheinbaum se venido metiendo en una espiral de errores pol\u00edticos que le causar\u00e1n a ella y a su llamado<\/p>\n\t\t<\/div>\n\t\t\n\t\t<a class=\"elementor-post__read-more\" href=\"https:\/\/www.opinionpublica.tv\/portada\/traicion-a-la-patria-3\/\" aria-label=\"M\u00e1s informaci\u00f3n sobre Traici\u00f3n a la Patria\" tabindex=\"-1\" >\n\t\t\tLeer m\u00e1s \u00bb\t\t<\/a>\n\n\t\t\t\t<\/div>\n\t\t\t\t<div class=\"elementor-post__meta-data\">\n\t\t\t\t\t<span class=\"elementor-post-author\">\n\t\t\tOPTV\t\t<\/span>\n\t\t\t\t<span class=\"elementor-post-date\">\n\t\t\t28 de mayo de 2026\t\t<\/span>\n\t\t\t\t<\/div>\n\t\t\t\t\t<\/div>\n\t\t<\/article>\n\t\t\t\t<article class=\"elementor-post elementor-grid-item post-85540 post type-post status-publish format-standard has-post-thumbnail hentry category-ultima-instancia tag-carlos-angulo tag-claudia-sheinbaum\" role=\"listitem\">\n\t\t\t<div class=\"elementor-post__card\">\n\t\t\t\t<div class=\"elementor-post__text\">\n\t\t\t\t<h1 class=\"elementor-post__title\">\n\t\t\t<a href=\"https:\/\/www.opinionpublica.tv\/portada\/los-escenarios-que-enfrentan-sheinbaum\/\" >\n\t\t\t\tLos escenarios que enfrentan Sheinbaum\t\t\t<\/a>\n\t\t<\/h1>\n\t\t\t\t<div class=\"elementor-post__excerpt\">\n\t\t\t<p>Carlos Angulo Parra __________________________ En esta entrega me atrever\u00e9 a especular sobre los posibles escenarios que la presidente Sheinbaum puede enfrentar ante los acontecimientos en<\/p>\n\t\t<\/div>\n\t\t\n\t\t<a class=\"elementor-post__read-more\" href=\"https:\/\/www.opinionpublica.tv\/portada\/los-escenarios-que-enfrentan-sheinbaum\/\" aria-label=\"M\u00e1s informaci\u00f3n sobre Los escenarios que enfrentan Sheinbaum\" tabindex=\"-1\" >\n\t\t\tLeer m\u00e1s \u00bb\t\t<\/a>\n\n\t\t\t\t<\/div>\n\t\t\t\t<div class=\"elementor-post__meta-data\">\n\t\t\t\t\t<span class=\"elementor-post-author\">\n\t\t\tOPTV\t\t<\/span>\n\t\t\t\t<span class=\"elementor-post-date\">\n\t\t\t21 de mayo de 2026\t\t<\/span>\n\t\t\t\t<\/div>\n\t\t\t\t\t<\/div>\n\t\t<\/article>\n\t\t\t\t<\/div>\n\t\t\n\t\t\t\t<div class=\"e-load-more-anchor\" data-page=\"1\" data-max-page=\"38\" data-next-page=\"https:\/\/www.opinionpublica.tv\/portada\/wp-json\/wp\/v2\/pages\/42185\/page\/2\/\"><\/div>\n\t\t\t\t<nav class=\"elementor-pagination\" aria-label=\"Paginaci\u00f3n\">\n\t\t\t<span aria-current=\"page\" class=\"page-numbers current\"><span class=\"elementor-screen-only\">P\u00e1gina<\/span>1<\/span>\n<a class=\"page-numbers\" href=\"https:\/\/www.opinionpublica.tv\/portada\/wp-json\/wp\/v2\/pages\/42185\/page\/2\/\"><span class=\"elementor-screen-only\">P\u00e1gina<\/span>2<\/a>\n<a class=\"page-numbers\" href=\"https:\/\/www.opinionpublica.tv\/portada\/wp-json\/wp\/v2\/pages\/42185\/page\/3\/\"><span class=\"elementor-screen-only\">P\u00e1gina<\/span>3<\/a>\n<span class=\"page-numbers dots\">&hellip;<\/span>\n<a class=\"page-numbers\" href=\"https:\/\/www.opinionpublica.tv\/portada\/wp-json\/wp\/v2\/pages\/42185\/page\/38\/\"><span class=\"elementor-screen-only\">P\u00e1gina<\/span>38<\/a>\t\t<\/nav>\n\t\t\t\t\t\t<\/div>\n\t\t\t\t<\/div>\n\t\t\t\t\t<\/div>\n\t\t\t\t<\/div>\n\t\t\t\t<\/div>\n\t\t","protected":false},"excerpt":{"rendered":"<p>\u00daltima Instancia Carlos Angulo Contacto: direccion@opinionpublica.tv OPINI\u00d3N P\u00daBLICA UN D\u00cdA COMO HOY<\/p>\n","protected":false},"author":5,"featured_media":0,"parent":0,"menu_order":0,"comment_status":"closed","ping_status":"closed","template":"","meta":{"_acf_changed":false,"_monsterinsights_skip_tracking":false,"slim_seo":{"title":"Los escenarios que enfrentan Sheinbaum - Opini\u00f3n P\u00fablica","description":"Carlos Angulo Parra __________________________ En esta entrega me atrever\u00e9 a especular sobre los posibles escenarios que la presidente Sheinbaum puede enfrentar"},"footnotes":""},"class_list":["post-42185","page","type-page","status-publish","hentry"],"acf":[],"_links":{"self":[{"href":"https:\/\/www.opinionpublica.tv\/portada\/wp-json\/wp\/v2\/pages\/42185","targetHints":{"allow":["GET"]}}],"collection":[{"href":"https:\/\/www.opinionpublica.tv\/portada\/wp-json\/wp\/v2\/pages"}],"about":[{"href":"https:\/\/www.opinionpublica.tv\/portada\/wp-json\/wp\/v2\/types\/page"}],"author":[{"embeddable":true,"href":"https:\/\/www.opinionpublica.tv\/portada\/wp-json\/wp\/v2\/users\/5"}],"replies":[{"embeddable":true,"href":"https:\/\/www.opinionpublica.tv\/portada\/wp-json\/wp\/v2\/comments?post=42185"}],"version-history":[{"count":7,"href":"https:\/\/www.opinionpublica.tv\/portada\/wp-json\/wp\/v2\/pages\/42185\/revisions"}],"predecessor-version":[{"id":42488,"href":"https:\/\/www.opinionpublica.tv\/portada\/wp-json\/wp\/v2\/pages\/42185\/revisions\/42488"}],"wp:attachment":[{"href":"https:\/\/www.opinionpublica.tv\/portada\/wp-json\/wp\/v2\/media?parent=42185"}],"curies":[{"name":"wp","href":"https:\/\/api.w.org\/{rel}","templated":true}]}}