{"id":42173,"date":"2024-08-19T16:34:16","date_gmt":"2024-08-19T22:34:16","guid":{"rendered":"https:\/\/www.opinionpublica.tv\/portada\/?page_id=42173"},"modified":"2024-08-24T10:37:40","modified_gmt":"2024-08-24T16:37:40","slug":"de-chile-dulce-y-manteca","status":"publish","type":"page","link":"https:\/\/www.opinionpublica.tv\/portada\/de-chile-dulce-y-manteca\/","title":{"rendered":"De chile, dulce y manteca"},"content":{"rendered":"\t\t<div data-elementor-type=\"wp-page\" data-elementor-id=\"42173\" class=\"elementor elementor-42173\" data-elementor-post-type=\"page\">\n\t\t\t\t<div class=\"elementor-element elementor-element-cc0f08 e-flex e-con-boxed e-con e-parent\" data-id=\"cc0f08\" data-element_type=\"container\" data-e-type=\"container\">\n\t\t\t\t\t<div class=\"e-con-inner\">\n\t\t<div class=\"elementor-element elementor-element-116aaa71 e-con-full e-flex e-con e-child\" data-id=\"116aaa71\" data-element_type=\"container\" data-e-type=\"container\">\n\t\t\t\t<div class=\"elementor-element elementor-element-41954ec elementor-widget elementor-widget-heading\" data-id=\"41954ec\" data-element_type=\"widget\" data-e-type=\"widget\" data-widget_type=\"heading.default\">\n\t\t\t\t<div class=\"elementor-widget-container\">\n\t\t\t\t\t<h2 class=\"elementor-heading-title elementor-size-default\">De Chile, Dulce y Manteca<\/h2>\t\t\t\t<\/div>\n\t\t\t\t<\/div>\n\t\t\t\t<div class=\"elementor-element elementor-element-523cfd3 elementor-widget elementor-widget-heading\" data-id=\"523cfd3\" data-element_type=\"widget\" data-e-type=\"widget\" data-widget_type=\"heading.default\">\n\t\t\t\t<div class=\"elementor-widget-container\">\n\t\t\t\t\t<h6 class=\"elementor-heading-title elementor-size-default\">Jos\u00e9 Woldenberg<\/h6>\t\t\t\t<\/div>\n\t\t\t\t<\/div>\n\t\t\t\t<div class=\"elementor-element elementor-element-59a446c2 elementor-widget elementor-widget-heading\" data-id=\"59a446c2\" data-element_type=\"widget\" data-e-type=\"widget\" data-widget_type=\"heading.default\">\n\t\t\t\t<div class=\"elementor-widget-container\">\n\t\t\t\t\t<h3 class=\"elementor-heading-title elementor-size-default\"><a href=\"mailto:direccion@opinionpublica.tv\">Contacto: direccion@opinionpublica.tv<\/a><\/h3>\t\t\t\t<\/div>\n\t\t\t\t<\/div>\n\t\t\t\t<div class=\"elementor-element elementor-element-4963978b elementor-grid-1 elementor-grid-tablet-2 elementor-grid-mobile-1 elementor-posts--thumbnail-top elementor-card-shadow-yes elementor-posts__hover-gradient elementor-widget elementor-widget-posts\" data-id=\"4963978b\" data-element_type=\"widget\" data-e-type=\"widget\" data-settings=\"{&quot;cards_columns&quot;:&quot;1&quot;,&quot;cards_columns_tablet&quot;:&quot;2&quot;,&quot;cards_columns_mobile&quot;:&quot;1&quot;,&quot;cards_row_gap&quot;:{&quot;unit&quot;:&quot;px&quot;,&quot;size&quot;:35,&quot;sizes&quot;:[]},&quot;cards_row_gap_tablet&quot;:{&quot;unit&quot;:&quot;px&quot;,&quot;size&quot;:&quot;&quot;,&quot;sizes&quot;:[]},&quot;cards_row_gap_mobile&quot;:{&quot;unit&quot;:&quot;px&quot;,&quot;size&quot;:&quot;&quot;,&quot;sizes&quot;:[]}}\" data-widget_type=\"posts.cards\">\n\t\t\t\t<div class=\"elementor-widget-container\">\n\t\t\t\t\t\t\t<div class=\"elementor-posts-container elementor-posts elementor-posts--skin-cards elementor-grid\" role=\"list\">\n\t\t\t\t<article class=\"elementor-post elementor-grid-item post-92822 post type-post status-publish format-standard has-post-thumbnail hentry category-de-chile-dulce-y-manteca-columna-invitada tag-jose-woldenberg\" role=\"listitem\">\n\t\t\t<div class=\"elementor-post__card\">\n\t\t\t\t<a class=\"elementor-post__thumbnail__link\" href=\"https:\/\/www.opinionpublica.tv\/portada\/lo-frivolo-y-lo-serio\/\" tabindex=\"-1\" ><div class=\"elementor-post__thumbnail\"><img fetchpriority=\"high\" decoding=\"async\" width=\"270\" height=\"235\" src=\"https:\/\/www.opinionpublica.tv\/portada\/wp-content\/uploads\/2024\/09\/Jose-Woldenberg.jpeg\" class=\"attachment-large size-large wp-image-43694\" alt=\"Jose Woldenberg\" \/><\/div><\/a>\n\t\t\t\t<div class=\"elementor-post__badge\">De chile, dulce y manteca (columna invitada)<\/div>\n\t\t\t\t<div class=\"elementor-post__text\">\n\t\t\t\t<h1 class=\"elementor-post__title\">\n\t\t\t<a href=\"https:\/\/www.opinionpublica.tv\/portada\/lo-frivolo-y-lo-serio\/\" >\n\t\t\t\tLo fr\u00edvolo y lo serio\t\t\t<\/a>\n\t\t<\/h1>\n\t\t\t\t<div class=\"elementor-post__excerpt\">\n\t\t\t<p>Jos\u00e9 Woldenberg ___________________________ Dicen por ah\u00ed que no hay nada nuevo bajo el sol. No lo creo, pero\u2026 Hace 120 a\u00f1os exactos (vean la fecha<\/p>\n\t\t<\/div>\n\t\t\n\t\t<a class=\"elementor-post__read-more\" href=\"https:\/\/www.opinionpublica.tv\/portada\/lo-frivolo-y-lo-serio\/\" aria-label=\"M\u00e1s informaci\u00f3n sobre Lo fr\u00edvolo y lo serio\" tabindex=\"-1\" >\n\t\t\tLeer m\u00e1s \u00bb\t\t<\/a>\n\n\t\t\t\t<\/div>\n\t\t\t\t<div class=\"elementor-post__meta-data\">\n\t\t\t\t\t<span class=\"elementor-post-author\">\n\t\t\tOPTV\t\t<\/span>\n\t\t\t\t<span class=\"elementor-post-date\">\n\t\t\t30 de agosto de 2026\t\t<\/span>\n\t\t\t\t<\/div>\n\t\t\t\t\t<\/div>\n\t\t<\/article>\n\t\t\t\t<\/div>\n\t\t\n\t\t\t\t\t\t<\/div>\n\t\t\t\t<\/div>\n\t\t\t\t<\/div>\n\t\t<div class=\"elementor-element elementor-element-3c5f0ba0 e-con-full e-flex e-con e-child\" data-id=\"3c5f0ba0\" data-element_type=\"container\" data-e-type=\"container\">\n\t\t\t\t<div class=\"elementor-element elementor-element-1ccd8963 elementor-align-justify elementor-widget elementor-widget-button\" data-id=\"1ccd8963\" data-element_type=\"widget\" data-e-type=\"widget\" data-widget_type=\"button.default\">\n\t\t\t\t<div class=\"elementor-widget-container\">\n\t\t\t\t\t\t\t\t\t<div class=\"elementor-button-wrapper\">\n\t\t\t\t\t<a class=\"elementor-button elementor-size-sm\" role=\"button\">\n\t\t\t\t\t\t<span class=\"elementor-button-content-wrapper\">\n\t\t\t\t\t\t\t\t\t<span class=\"elementor-button-text\">OPINI\u00d3N P\u00daBLICA<\/span>\n\t\t\t\t\t<\/span>\n\t\t\t\t\t<\/a>\n\t\t\t\t<\/div>\n\t\t\t\t\t\t\t\t<\/div>\n\t\t\t\t<\/div>\n\t\t\t\t<div class=\"elementor-element elementor-element-73202f38 elementor-grid-1 elementor-posts--thumbnail-none elementor-grid-tablet-2 elementor-grid-mobile-1 elementor-card-shadow-yes elementor-posts__hover-gradient elementor-widget elementor-widget-posts\" data-id=\"73202f38\" data-element_type=\"widget\" data-e-type=\"widget\" data-settings=\"{&quot;cards_columns&quot;:&quot;1&quot;,&quot;cards_columns_tablet&quot;:&quot;2&quot;,&quot;cards_columns_mobile&quot;:&quot;1&quot;,&quot;cards_row_gap&quot;:{&quot;unit&quot;:&quot;px&quot;,&quot;size&quot;:35,&quot;sizes&quot;:[]},&quot;cards_row_gap_tablet&quot;:{&quot;unit&quot;:&quot;px&quot;,&quot;size&quot;:&quot;&quot;,&quot;sizes&quot;:[]},&quot;cards_row_gap_mobile&quot;:{&quot;unit&quot;:&quot;px&quot;,&quot;size&quot;:&quot;&quot;,&quot;sizes&quot;:[]}}\" data-widget_type=\"posts.cards\">\n\t\t\t\t<div class=\"elementor-widget-container\">\n\t\t\t\t\t\t\t<div class=\"elementor-posts-container elementor-posts elementor-posts--skin-cards elementor-grid\" role=\"list\">\n\t\t\t\t<article class=\"elementor-post elementor-grid-item post-91725 post type-post status-publish format-standard has-post-thumbnail hentry category-cartapacio tag-cartapacio tag-raul-ruiz\" role=\"listitem\">\n\t\t\t<div class=\"elementor-post__card\">\n\t\t\t\t<div class=\"elementor-post__text\">\n\t\t\t\t<h2 class=\"elementor-post__title\">\n\t\t\t<a href=\"https:\/\/www.opinionpublica.tv\/portada\/sin-correa-y-sin-bozal\/\" >\n\t\t\t\tSin correa y sin bozal\t\t\t<\/a>\n\t\t<\/h2>\n\t\t\t\t<div class=\"elementor-post__excerpt\">\n\t\t\t<p>Ra\u00fal Ruiz __________________________ No puede uno soltar tantito a CJTOWN, porque se convierte nuevamente en Ciudad Ca\u00f3tica. Entre los chicotazos del clima, los agujeros que se producen con la lluvia y la inseguridad vial, los juarenses explotaron un d\u00eda y se fueron a quejar contra un grupo de agentes extorsionadores. El coordinador de Vialidad Lic. Jes\u00fas Manuel Garc\u00eda, alcanz\u00f3 a dar de baja a algunos. Y suspendi\u00f3 por un tiempo a otros quienes andan rabiosos porque quieren regresar y andar sueltos. No queremos correa ni bozal. Han dicho a sus propios compa\u00f1eros. Y obviamente no se le van a subir a las barbas a don Jes\u00fas Manuel Garc\u00eda Reyes. Si hay novedades, se las platico. CONEXIONES POTOSINAS Mientras tanto, en<\/p>\n\t\t<\/div>\n\t\t\n\t\t<a class=\"elementor-post__read-more\" href=\"https:\/\/www.opinionpublica.tv\/portada\/sin-correa-y-sin-bozal\/\" aria-label=\"M\u00e1s informaci\u00f3n sobre Sin correa y sin bozal\" tabindex=\"-1\" >\n\t\t\tLeer m\u00e1s \u00bb\t\t<\/a>\n\n\t\t\t\t<\/div>\n\t\t\t\t<div class=\"elementor-post__meta-data\">\n\t\t\t\t\t<span class=\"elementor-post-author\">\n\t\t\tOPTV\t\t<\/span>\n\t\t\t\t<span class=\"elementor-post-date\">\n\t\t\t14 de agosto de 2026\t\t<\/span>\n\t\t\t\t<\/div>\n\t\t\t\t\t<\/div>\n\t\t<\/article>\n\t\t\t\t<\/div>\n\t\t\n\t\t\t\t\t\t<\/div>\n\t\t\t\t<\/div>\n\t\t\t\t<\/div>\n\t\t<div class=\"elementor-element elementor-element-2ad64c79 e-con-full e-flex e-con e-child\" data-id=\"2ad64c79\" data-element_type=\"container\" data-e-type=\"container\">\n\t\t\t\t<div class=\"elementor-element elementor-element-1ae616c0 elementor-align-justify elementor-widget elementor-widget-button\" data-id=\"1ae616c0\" data-element_type=\"widget\" data-e-type=\"widget\" data-widget_type=\"button.default\">\n\t\t\t\t<div class=\"elementor-widget-container\">\n\t\t\t\t\t\t\t\t\t<div class=\"elementor-button-wrapper\">\n\t\t\t\t\t<a class=\"elementor-button elementor-size-sm\" role=\"button\">\n\t\t\t\t\t\t<span class=\"elementor-button-content-wrapper\">\n\t\t\t\t\t\t\t\t\t<span class=\"elementor-button-text\">UN D\u00cdA COMO HOY<\/span>\n\t\t\t\t\t<\/span>\n\t\t\t\t\t<\/a>\n\t\t\t\t<\/div>\n\t\t\t\t\t\t\t\t<\/div>\n\t\t\t\t<\/div>\n\t\t\t\t<div class=\"elementor-element elementor-element-2e237d99 elementor-grid-1 elementor-grid-tablet-2 elementor-grid-mobile-1 elementor-posts--thumbnail-top elementor-card-shadow-yes elementor-posts__hover-gradient elementor-widget elementor-widget-posts\" data-id=\"2e237d99\" data-element_type=\"widget\" data-e-type=\"widget\" data-settings=\"{&quot;cards_columns&quot;:&quot;1&quot;,&quot;cards_row_gap&quot;:{&quot;unit&quot;:&quot;px&quot;,&quot;size&quot;:46,&quot;sizes&quot;:[]},&quot;cards_columns_tablet&quot;:&quot;2&quot;,&quot;cards_columns_mobile&quot;:&quot;1&quot;,&quot;cards_row_gap_tablet&quot;:{&quot;unit&quot;:&quot;px&quot;,&quot;size&quot;:&quot;&quot;,&quot;sizes&quot;:[]},&quot;cards_row_gap_mobile&quot;:{&quot;unit&quot;:&quot;px&quot;,&quot;size&quot;:&quot;&quot;,&quot;sizes&quot;:[]}}\" data-widget_type=\"posts.cards\">\n\t\t\t\t<div class=\"elementor-widget-container\">\n\t\t\t\t\t\t\t<div class=\"elementor-posts-container elementor-posts elementor-posts--skin-cards elementor-grid\" role=\"list\">\n\t\t\t\t<article class=\"elementor-post elementor-grid-item post-92861 post type-post status-publish format-standard has-post-thumbnail hentry category-un-dia-como-hoy tag-efemerides-30-de-agosto tag-transbordador-espacial-discovery\" role=\"listitem\">\n\t\t\t<div class=\"elementor-post__card\">\n\t\t\t\t<a class=\"elementor-post__thumbnail__link\" href=\"https:\/\/www.opinionpublica.tv\/portada\/efemerides-30-de-agosto-un-dia-como-hoy-en-la-historia-2\/\" tabindex=\"-1\" ><div class=\"elementor-post__thumbnail\"><img decoding=\"async\" width=\"300\" height=\"199\" src=\"https:\/\/www.opinionpublica.tv\/portada\/wp-content\/uploads\/2026\/08\/1984-Estados-Unidos-lanza-por-primera-vez-el-transbordador-espacial-Discovery-1-300x199.webp\" class=\"attachment-medium size-medium wp-image-92864\" alt=\"1984, Estados Unidos lanza por primera vez el transbordador espacial Discovery\" srcset=\"https:\/\/www.opinionpublica.tv\/portada\/wp-content\/uploads\/2026\/08\/1984-Estados-Unidos-lanza-por-primera-vez-el-transbordador-espacial-Discovery-1-300x199.webp 300w, https:\/\/www.opinionpublica.tv\/portada\/wp-content\/uploads\/2026\/08\/1984-Estados-Unidos-lanza-por-primera-vez-el-transbordador-espacial-Discovery-1-768x508.webp 768w, https:\/\/www.opinionpublica.tv\/portada\/wp-content\/uploads\/2026\/08\/1984-Estados-Unidos-lanza-por-primera-vez-el-transbordador-espacial-Discovery-1-1024x678.webp 1024w, https:\/\/www.opinionpublica.tv\/portada\/wp-content\/uploads\/2026\/08\/1984-Estados-Unidos-lanza-por-primera-vez-el-transbordador-espacial-Discovery-1.webp 1041w\" sizes=\"(max-width: 300px) 100vw, 300px\" \/><\/div><\/a>\n\t\t\t\t<div class=\"elementor-post__badge\">UN D\u00cdA COMO HOY...<\/div>\n\t\t\t\t<div class=\"elementor-post__text\">\n\t\t\t\t<h2 class=\"elementor-post__title\">\n\t\t\t<a href=\"https:\/\/www.opinionpublica.tv\/portada\/efemerides-30-de-agosto-un-dia-como-hoy-en-la-historia-2\/\" >\n\t\t\t\tEfem\u00e9rides 30 de agosto | Un d\u00eda como hoy en la historia&#8230;\t\t\t<\/a>\n\t\t<\/h2>\n\t\t\n\t\t<a class=\"elementor-post__read-more\" href=\"https:\/\/www.opinionpublica.tv\/portada\/efemerides-30-de-agosto-un-dia-como-hoy-en-la-historia-2\/\" aria-label=\"M\u00e1s informaci\u00f3n sobre Efem\u00e9rides 30 de agosto | Un d\u00eda como hoy en la historia&#8230;\" tabindex=\"-1\" >\n\t\t\tLeer m\u00e1s \u00bb\t\t<\/a>\n\n\t\t\t\t<\/div>\n\t\t\t\t<div class=\"elementor-post__meta-data\">\n\t\t\t\t\t<span class=\"elementor-post-author\">\n\t\t\tOPTV\t\t<\/span>\n\t\t\t\t<span class=\"elementor-post-date\">\n\t\t\t30 de agosto de 2026\t\t<\/span>\n\t\t\t\t<\/div>\n\t\t\t\t\t<\/div>\n\t\t<\/article>\n\t\t\t\t<\/div>\n\t\t\n\t\t\t\t\t\t<\/div>\n\t\t\t\t<\/div>\n\t\t\t\t<\/div>\n\t\t\t\t\t<\/div>\n\t\t\t\t<\/div>\n\t\t<div class=\"elementor-element elementor-element-1e2007e3 e-flex e-con-boxed e-con e-parent\" data-id=\"1e2007e3\" data-element_type=\"container\" data-e-type=\"container\">\n\t\t\t\t\t<div class=\"e-con-inner\">\n\t\t\t\t<div class=\"elementor-element elementor-element-32751317 elementor-posts--thumbnail-none elementor-grid-3 elementor-grid-tablet-2 elementor-grid-mobile-1 elementor-card-shadow-yes elementor-posts__hover-gradient elementor-widget elementor-widget-posts\" data-id=\"32751317\" data-element_type=\"widget\" data-e-type=\"widget\" data-settings=\"{&quot;pagination_type&quot;:&quot;numbers&quot;,&quot;cards_columns&quot;:&quot;3&quot;,&quot;cards_columns_tablet&quot;:&quot;2&quot;,&quot;cards_columns_mobile&quot;:&quot;1&quot;,&quot;cards_row_gap&quot;:{&quot;unit&quot;:&quot;px&quot;,&quot;size&quot;:35,&quot;sizes&quot;:[]},&quot;cards_row_gap_tablet&quot;:{&quot;unit&quot;:&quot;px&quot;,&quot;size&quot;:&quot;&quot;,&quot;sizes&quot;:[]},&quot;cards_row_gap_mobile&quot;:{&quot;unit&quot;:&quot;px&quot;,&quot;size&quot;:&quot;&quot;,&quot;sizes&quot;:[]}}\" data-widget_type=\"posts.cards\">\n\t\t\t\t<div class=\"elementor-widget-container\">\n\t\t\t\t\t\t\t<div class=\"elementor-posts-container elementor-posts elementor-posts--skin-cards elementor-grid\" role=\"list\">\n\t\t\t\t<article class=\"elementor-post elementor-grid-item post-91856 post type-post status-publish format-standard has-post-thumbnail hentry category-de-chile-dulce-y-manteca-columna-invitada tag-jose-woldenberg\" role=\"listitem\">\n\t\t\t<div class=\"elementor-post__card\">\n\t\t\t\t<div class=\"elementor-post__text\">\n\t\t\t\t<h1 class=\"elementor-post__title\">\n\t\t\t<a href=\"https:\/\/www.opinionpublica.tv\/portada\/bases-normativas-de-un-estado-policial\/\" >\n\t\t\t\tBases normativas de un Estado policial\t\t\t<\/a>\n\t\t<\/h1>\n\t\t\t\t<div class=\"elementor-post__excerpt\">\n\t\t\t<p>Jos\u00e9 Woldenberg ___________________________ Sergio L\u00f3pez Ayll\u00f3n y Pedro Salazar Ugarte han escrito un breve pero iluminador y preocupante ensayo sobre c\u00f3mo se han construido las<\/p>\n\t\t<\/div>\n\t\t\n\t\t<a class=\"elementor-post__read-more\" href=\"https:\/\/www.opinionpublica.tv\/portada\/bases-normativas-de-un-estado-policial\/\" aria-label=\"M\u00e1s informaci\u00f3n sobre Bases normativas de un Estado policial\" tabindex=\"-1\" >\n\t\t\tLeer m\u00e1s \u00bb\t\t<\/a>\n\n\t\t\t\t<\/div>\n\t\t\t\t<div class=\"elementor-post__meta-data\">\n\t\t\t\t\t<span class=\"elementor-post-author\">\n\t\t\tOPTV\t\t<\/span>\n\t\t\t\t<span class=\"elementor-post-date\">\n\t\t\t16 de agosto de 2026\t\t<\/span>\n\t\t\t\t<\/div>\n\t\t\t\t\t<\/div>\n\t\t<\/article>\n\t\t\t\t<article class=\"elementor-post elementor-grid-item post-91401 post type-post status-publish format-standard has-post-thumbnail hentry category-de-chile-dulce-y-manteca-columna-invitada tag-jose-woldenberg tag-unam\" role=\"listitem\">\n\t\t\t<div class=\"elementor-post__card\">\n\t\t\t\t<div class=\"elementor-post__text\">\n\t\t\t\t<h1 class=\"elementor-post__title\">\n\t\t\t<a href=\"https:\/\/www.opinionpublica.tv\/portada\/unam-el-toro-por-los-cuernos\/\" >\n\t\t\t\tUNAM, \u00abel toro por los cuernos\u00bb\t\t\t<\/a>\n\t\t<\/h1>\n\t\t\t\t<div class=\"elementor-post__excerpt\">\n\t\t\t<p>Jos\u00e9 Woldenberg __________________________ La UNAM tuvo que afrontar un reto may\u00fasculo. Evidencias mostraban que en el examen de ingreso se hab\u00edan presentado anomal\u00edas (trampas) que<\/p>\n\t\t<\/div>\n\t\t\n\t\t<a class=\"elementor-post__read-more\" href=\"https:\/\/www.opinionpublica.tv\/portada\/unam-el-toro-por-los-cuernos\/\" aria-label=\"M\u00e1s informaci\u00f3n sobre UNAM, \u00abel toro por los cuernos\u00bb\" tabindex=\"-1\" >\n\t\t\tLeer m\u00e1s \u00bb\t\t<\/a>\n\n\t\t\t\t<\/div>\n\t\t\t\t<div class=\"elementor-post__meta-data\">\n\t\t\t\t\t<span class=\"elementor-post-author\">\n\t\t\tOPTV\t\t<\/span>\n\t\t\t\t<span class=\"elementor-post-date\">\n\t\t\t9 de agosto de 2026\t\t<\/span>\n\t\t\t\t<\/div>\n\t\t\t\t\t<\/div>\n\t\t<\/article>\n\t\t\t\t<article class=\"elementor-post elementor-grid-item post-90946 post type-post status-publish format-standard has-post-thumbnail hentry category-de-chile-dulce-y-manteca-columna-invitada tag-jose-woldenberg\" role=\"listitem\">\n\t\t\t<div class=\"elementor-post__card\">\n\t\t\t\t<div class=\"elementor-post__text\">\n\t\t\t\t<h1 class=\"elementor-post__title\">\n\t\t\t<a href=\"https:\/\/www.opinionpublica.tv\/portada\/la-isla-de-los-dinosaurios\/\" >\n\t\t\t\tLa isla de los dinosaurios\t\t\t<\/a>\n\t\t<\/h1>\n\t\t\t\t<div class=\"elementor-post__excerpt\">\n\t\t\t<p>Jos\u00e9 Woldenberg ___________________________ \u201cLa pol\u00edtica (como la entiendo) consiste en confiar en las instituciones y en desconfiar en quienes las dirigen\u201d. Javier Cercas. El peri\u00f3dico<\/p>\n\t\t<\/div>\n\t\t\n\t\t<a class=\"elementor-post__read-more\" href=\"https:\/\/www.opinionpublica.tv\/portada\/la-isla-de-los-dinosaurios\/\" aria-label=\"M\u00e1s informaci\u00f3n sobre La isla de los dinosaurios\" tabindex=\"-1\" >\n\t\t\tLeer m\u00e1s \u00bb\t\t<\/a>\n\n\t\t\t\t<\/div>\n\t\t\t\t<div class=\"elementor-post__meta-data\">\n\t\t\t\t\t<span class=\"elementor-post-author\">\n\t\t\tOPTV\t\t<\/span>\n\t\t\t\t<span class=\"elementor-post-date\">\n\t\t\t2 de agosto de 2026\t\t<\/span>\n\t\t\t\t<\/div>\n\t\t\t\t\t<\/div>\n\t\t<\/article>\n\t\t\t\t<article class=\"elementor-post elementor-grid-item post-90136 post type-post status-publish format-standard has-post-thumbnail hentry category-de-chile-dulce-y-manteca-columna-invitada tag-jose-woldenberg\" role=\"listitem\">\n\t\t\t<div class=\"elementor-post__card\">\n\t\t\t\t<div class=\"elementor-post__text\">\n\t\t\t\t<h1 class=\"elementor-post__title\">\n\t\t\t<a href=\"https:\/\/www.opinionpublica.tv\/portada\/hace-50-anos-aquellas-elecciones\/\" >\n\t\t\t\tHace 50 a\u00f1os, aquellas elecciones\t\t\t<\/a>\n\t\t<\/h1>\n\t\t\t\t<div class=\"elementor-post__excerpt\">\n\t\t\t<p>Jos\u00e9 Woldenberg ___________________________ El 4 de julio de 1976 se llevaron a cabo elecciones federales. Se elegir\u00eda un nuevo presidente de la Rep\u00fablica y se<\/p>\n\t\t<\/div>\n\t\t\n\t\t<a class=\"elementor-post__read-more\" href=\"https:\/\/www.opinionpublica.tv\/portada\/hace-50-anos-aquellas-elecciones\/\" aria-label=\"M\u00e1s informaci\u00f3n sobre Hace 50 a\u00f1os, aquellas elecciones\" tabindex=\"-1\" >\n\t\t\tLeer m\u00e1s \u00bb\t\t<\/a>\n\n\t\t\t\t<\/div>\n\t\t\t\t<div class=\"elementor-post__meta-data\">\n\t\t\t\t\t<span class=\"elementor-post-author\">\n\t\t\tOPTV\t\t<\/span>\n\t\t\t\t<span class=\"elementor-post-date\">\n\t\t\t26 de julio de 2026\t\t<\/span>\n\t\t\t\t<\/div>\n\t\t\t\t\t<\/div>\n\t\t<\/article>\n\t\t\t\t<article class=\"elementor-post elementor-grid-item post-89956 post type-post status-publish format-standard has-post-thumbnail hentry category-de-chile-dulce-y-manteca-columna-invitada tag-eutanasia-en-mexico tag-jose-woldenberg\" role=\"listitem\">\n\t\t\t<div class=\"elementor-post__card\">\n\t\t\t\t<div class=\"elementor-post__text\">\n\t\t\t\t<h1 class=\"elementor-post__title\">\n\t\t\t<a href=\"https:\/\/www.opinionpublica.tv\/portada\/morir-dignamente\/\" >\n\t\t\t\tMorir dignamente\t\t\t<\/a>\n\t\t<\/h1>\n\t\t\t\t<div class=\"elementor-post__excerpt\">\n\t\t\t<p>Jos\u00e9 Woldenberg ___________________________ Morir es nuestro destino. Todos moriremos. Pero c\u00f3mo llegamos al t\u00e9rmino de la vida es una cuesti\u00f3n peliaguda. De manera esquem\u00e1tica y<\/p>\n\t\t<\/div>\n\t\t\n\t\t<a class=\"elementor-post__read-more\" href=\"https:\/\/www.opinionpublica.tv\/portada\/morir-dignamente\/\" aria-label=\"M\u00e1s informaci\u00f3n sobre Morir dignamente\" tabindex=\"-1\" >\n\t\t\tLeer m\u00e1s \u00bb\t\t<\/a>\n\n\t\t\t\t<\/div>\n\t\t\t\t<div class=\"elementor-post__meta-data\">\n\t\t\t\t\t<span class=\"elementor-post-author\">\n\t\t\tOPTV\t\t<\/span>\n\t\t\t\t<span class=\"elementor-post-date\">\n\t\t\t19 de julio de 2026\t\t<\/span>\n\t\t\t\t<\/div>\n\t\t\t\t\t<\/div>\n\t\t<\/article>\n\t\t\t\t<article class=\"elementor-post elementor-grid-item post-89430 post type-post status-publish format-standard has-post-thumbnail hentry category-de-chile-dulce-y-manteca-columna-invitada tag-jose-woldenberg\" role=\"listitem\">\n\t\t\t<div class=\"elementor-post__card\">\n\t\t\t\t<div class=\"elementor-post__text\">\n\t\t\t\t<h1 class=\"elementor-post__title\">\n\t\t\t<a href=\"https:\/\/www.opinionpublica.tv\/portada\/fanaticos\/\" >\n\t\t\t\tFan\u00e1ticos\t\t\t<\/a>\n\t\t<\/h1>\n\t\t\t\t<div class=\"elementor-post__excerpt\">\n\t\t\t<p>Jos\u00e9 Woldenberg ___________________________ No me gustan los fan\u00e1ticos en la pol\u00edtica, en la religi\u00f3n ni en el deporte. Es m\u00e1s, me producen miedo. El fan\u00e1tico<\/p>\n\t\t<\/div>\n\t\t\n\t\t<a class=\"elementor-post__read-more\" href=\"https:\/\/www.opinionpublica.tv\/portada\/fanaticos\/\" aria-label=\"M\u00e1s informaci\u00f3n sobre Fan\u00e1ticos\" tabindex=\"-1\" >\n\t\t\tLeer m\u00e1s \u00bb\t\t<\/a>\n\n\t\t\t\t<\/div>\n\t\t\t\t<div class=\"elementor-post__meta-data\">\n\t\t\t\t\t<span class=\"elementor-post-author\">\n\t\t\tOPTV\t\t<\/span>\n\t\t\t\t<span class=\"elementor-post-date\">\n\t\t\t12 de julio de 2026\t\t<\/span>\n\t\t\t\t<\/div>\n\t\t\t\t\t<\/div>\n\t\t<\/article>\n\t\t\t\t<article class=\"elementor-post elementor-grid-item post-88914 post type-post status-publish format-standard has-post-thumbnail hentry category-de-chile-dulce-y-manteca-columna-invitada tag-jose-woldenberg tag-mundial-de-futbol-2026\" role=\"listitem\">\n\t\t\t<div class=\"elementor-post__card\">\n\t\t\t\t<div class=\"elementor-post__text\">\n\t\t\t\t<h1 class=\"elementor-post__title\">\n\t\t\t<a href=\"https:\/\/www.opinionpublica.tv\/portada\/ius-soli-y-ius-sanguinis-en-el-mundial\/\" >\n\t\t\t\tIus soli y ius sanguinis en el Mundial\t\t\t<\/a>\n\t\t<\/h1>\n\t\t\t\t<div class=\"elementor-post__excerpt\">\n\t\t\t<p>Jos\u00e9 Woldenberg ___________________________ \u201cSu madre era rusa; su padre, griego, y ella naci\u00f3 en Suecia\u201d &#8211; Theodor Kallifatides. Una mujer a quien amar. Escuch\u00e9 a<\/p>\n\t\t<\/div>\n\t\t\n\t\t<a class=\"elementor-post__read-more\" href=\"https:\/\/www.opinionpublica.tv\/portada\/ius-soli-y-ius-sanguinis-en-el-mundial\/\" aria-label=\"M\u00e1s informaci\u00f3n sobre Ius soli y ius sanguinis en el Mundial\" tabindex=\"-1\" >\n\t\t\tLeer m\u00e1s \u00bb\t\t<\/a>\n\n\t\t\t\t<\/div>\n\t\t\t\t<div class=\"elementor-post__meta-data\">\n\t\t\t\t\t<span class=\"elementor-post-author\">\n\t\t\tOPTV\t\t<\/span>\n\t\t\t\t<span class=\"elementor-post-date\">\n\t\t\t5 de julio de 2026\t\t<\/span>\n\t\t\t\t<\/div>\n\t\t\t\t\t<\/div>\n\t\t<\/article>\n\t\t\t\t<article class=\"elementor-post elementor-grid-item post-88417 post type-post status-publish format-standard has-post-thumbnail hentry category-de-chile-dulce-y-manteca-columna-invitada tag-jose-woldenberg\" role=\"listitem\">\n\t\t\t<div class=\"elementor-post__card\">\n\t\t\t\t<div class=\"elementor-post__text\">\n\t\t\t\t<h1 class=\"elementor-post__title\">\n\t\t\t<a href=\"https:\/\/www.opinionpublica.tv\/portada\/y-o\/\" >\n\t\t\t\tY\/O\t\t\t<\/a>\n\t\t<\/h1>\n\t\t\t\t<div class=\"elementor-post__excerpt\">\n\t\t\t<p>Jos\u00e9 Woldenberg ___________________________ La Y y la O son ant\u00f3nimos. La Y, dice la Real Academia Espa\u00f1ola, se usa \u201cpara unir palabras o cl\u00e1usulas en<\/p>\n\t\t<\/div>\n\t\t\n\t\t<a class=\"elementor-post__read-more\" href=\"https:\/\/www.opinionpublica.tv\/portada\/y-o\/\" aria-label=\"M\u00e1s informaci\u00f3n sobre Y\/O\" tabindex=\"-1\" >\n\t\t\tLeer m\u00e1s \u00bb\t\t<\/a>\n\n\t\t\t\t<\/div>\n\t\t\t\t<div class=\"elementor-post__meta-data\">\n\t\t\t\t\t<span class=\"elementor-post-author\">\n\t\t\tOPTV\t\t<\/span>\n\t\t\t\t<span class=\"elementor-post-date\">\n\t\t\t28 de junio de 2026\t\t<\/span>\n\t\t\t\t<\/div>\n\t\t\t\t\t<\/div>\n\t\t<\/article>\n\t\t\t\t<article class=\"elementor-post elementor-grid-item post-87919 post type-post status-publish format-standard has-post-thumbnail hentry category-de-chile-dulce-y-manteca-columna-invitada tag-jose-woldenberg\" role=\"listitem\">\n\t\t\t<div class=\"elementor-post__card\">\n\t\t\t\t<div class=\"elementor-post__text\">\n\t\t\t\t<h1 class=\"elementor-post__title\">\n\t\t\t<a href=\"https:\/\/www.opinionpublica.tv\/portada\/stuart-mill-lo-sabia\/\" >\n\t\t\t\tStuart Mill lo sab\u00eda\t\t\t<\/a>\n\t\t<\/h1>\n\t\t\t\t<div class=\"elementor-post__excerpt\">\n\t\t\t<p>Jos\u00e9 Woldenberg ___________________________ Hace 167 a\u00f1os John Stuart Mill lo sab\u00eda: la libertad era esencial para una vida medianamente decente. No lo resolv\u00eda todo, pero<\/p>\n\t\t<\/div>\n\t\t\n\t\t<a class=\"elementor-post__read-more\" href=\"https:\/\/www.opinionpublica.tv\/portada\/stuart-mill-lo-sabia\/\" aria-label=\"M\u00e1s informaci\u00f3n sobre Stuart Mill lo sab\u00eda\" tabindex=\"-1\" >\n\t\t\tLeer m\u00e1s \u00bb\t\t<\/a>\n\n\t\t\t\t<\/div>\n\t\t\t\t<div class=\"elementor-post__meta-data\">\n\t\t\t\t\t<span class=\"elementor-post-author\">\n\t\t\tOPTV\t\t<\/span>\n\t\t\t\t<span class=\"elementor-post-date\">\n\t\t\t21 de junio de 2026\t\t<\/span>\n\t\t\t\t<\/div>\n\t\t\t\t\t<\/div>\n\t\t<\/article>\n\t\t\t\t<article class=\"elementor-post elementor-grid-item post-87460 post type-post status-publish format-standard has-post-thumbnail hentry category-de-chile-dulce-y-manteca-columna-invitada tag-jose-woldenberg tag-mexico tag-mundial-de-futbol-2026\" role=\"listitem\">\n\t\t\t<div class=\"elementor-post__card\">\n\t\t\t\t<div class=\"elementor-post__text\">\n\t\t\t\t<h1 class=\"elementor-post__title\">\n\t\t\t<a href=\"https:\/\/www.opinionpublica.tv\/portada\/y-si-mexico-gana-el-mundial\/\" >\n\t\t\t\t\u00bfY si M\u00e9xico gana el Mundial?\t\t\t<\/a>\n\t\t<\/h1>\n\t\t\t\t<div class=\"elementor-post__excerpt\">\n\t\t\t<p>Jos\u00e9 Woldenberg ___________________________ Ya inici\u00f3 el Mundial de f\u00fatbol. Y lo dem\u00e1s pasar\u00e1 a un segundo plano. Contra los malos augurios de los sabios de<\/p>\n\t\t<\/div>\n\t\t\n\t\t<a class=\"elementor-post__read-more\" href=\"https:\/\/www.opinionpublica.tv\/portada\/y-si-mexico-gana-el-mundial\/\" aria-label=\"M\u00e1s informaci\u00f3n sobre \u00bfY si M\u00e9xico gana el Mundial?\" tabindex=\"-1\" >\n\t\t\tLeer m\u00e1s \u00bb\t\t<\/a>\n\n\t\t\t\t<\/div>\n\t\t\t\t<div class=\"elementor-post__meta-data\">\n\t\t\t\t\t<span class=\"elementor-post-author\">\n\t\t\tOPTV\t\t<\/span>\n\t\t\t\t<span class=\"elementor-post-date\">\n\t\t\t14 de junio de 2026\t\t<\/span>\n\t\t\t\t<\/div>\n\t\t\t\t\t<\/div>\n\t\t<\/article>\n\t\t\t\t<article class=\"elementor-post elementor-grid-item post-86940 post type-post status-publish format-standard has-post-thumbnail hentry category-de-chile-dulce-y-manteca-columna-invitada tag-jose-woldenberg\" role=\"listitem\">\n\t\t\t<div class=\"elementor-post__card\">\n\t\t\t\t<div class=\"elementor-post__text\">\n\t\t\t\t<h1 class=\"elementor-post__title\">\n\t\t\t<a href=\"https:\/\/www.opinionpublica.tv\/portada\/alharaca\/\" >\n\t\t\t\tAlharaca\t\t\t<\/a>\n\t\t<\/h1>\n\t\t\t\t<div class=\"elementor-post__excerpt\">\n\t\t\t<p>Jos\u00e9 Woldenberg ___________________________ \u201cPero el ser humano no es as\u00ed: entre m\u00e1s habla, menos entiende\u201d. -Lao Tse Acercarse, aunque sea con tiento, a los debates<\/p>\n\t\t<\/div>\n\t\t\n\t\t<a class=\"elementor-post__read-more\" href=\"https:\/\/www.opinionpublica.tv\/portada\/alharaca\/\" aria-label=\"M\u00e1s informaci\u00f3n sobre Alharaca\" tabindex=\"-1\" >\n\t\t\tLeer m\u00e1s \u00bb\t\t<\/a>\n\n\t\t\t\t<\/div>\n\t\t\t\t<div class=\"elementor-post__meta-data\">\n\t\t\t\t\t<span class=\"elementor-post-author\">\n\t\t\tOPTV\t\t<\/span>\n\t\t\t\t<span class=\"elementor-post-date\">\n\t\t\t7 de junio de 2026\t\t<\/span>\n\t\t\t\t<\/div>\n\t\t\t\t\t<\/div>\n\t\t<\/article>\n\t\t\t\t<article class=\"elementor-post elementor-grid-item post-86406 post type-post status-publish format-standard has-post-thumbnail hentry category-de-chile-dulce-y-manteca-columna-invitada tag-ine tag-jose-woldenberg tag-reforma-judicial\" role=\"listitem\">\n\t\t\t<div class=\"elementor-post__card\">\n\t\t\t\t<div class=\"elementor-post__text\">\n\t\t\t\t<h1 class=\"elementor-post__title\">\n\t\t\t<a href=\"https:\/\/www.opinionpublica.tv\/portada\/pegar-con-diurex\/\" >\n\t\t\t\tPegar con Diurex\t\t\t<\/a>\n\t\t<\/h1>\n\t\t\t\t<div class=\"elementor-post__excerpt\">\n\t\t\t<p>Jos\u00e9 Woldenberg ___________________________ El 22 de agosto de 2024, en medio de la alharaca por la mal llamada reforma judicial, Susano Pe\u00f1afiel (por cierto, muy<\/p>\n\t\t<\/div>\n\t\t\n\t\t<a class=\"elementor-post__read-more\" href=\"https:\/\/www.opinionpublica.tv\/portada\/pegar-con-diurex\/\" aria-label=\"M\u00e1s informaci\u00f3n sobre Pegar con Diurex\" tabindex=\"-1\" >\n\t\t\tLeer m\u00e1s \u00bb\t\t<\/a>\n\n\t\t\t\t<\/div>\n\t\t\t\t<div class=\"elementor-post__meta-data\">\n\t\t\t\t\t<span class=\"elementor-post-author\">\n\t\t\tOPTV\t\t<\/span>\n\t\t\t\t<span class=\"elementor-post-date\">\n\t\t\t31 de mayo de 2026\t\t<\/span>\n\t\t\t\t<\/div>\n\t\t\t\t\t<\/div>\n\t\t<\/article>\n\t\t\t\t<\/div>\n\t\t\n\t\t\t\t<div class=\"e-load-more-anchor\" data-page=\"1\" data-max-page=\"24\" data-next-page=\"https:\/\/www.opinionpublica.tv\/portada\/wp-json\/wp\/v2\/pages\/42173\/page\/2\/\"><\/div>\n\t\t\t\t<nav class=\"elementor-pagination\" aria-label=\"Paginaci\u00f3n\">\n\t\t\t<span aria-current=\"page\" class=\"page-numbers current\"><span class=\"elementor-screen-only\">P\u00e1gina<\/span>1<\/span>\n<a class=\"page-numbers\" href=\"https:\/\/www.opinionpublica.tv\/portada\/wp-json\/wp\/v2\/pages\/42173\/page\/2\/\"><span class=\"elementor-screen-only\">P\u00e1gina<\/span>2<\/a>\n<a class=\"page-numbers\" href=\"https:\/\/www.opinionpublica.tv\/portada\/wp-json\/wp\/v2\/pages\/42173\/page\/3\/\"><span class=\"elementor-screen-only\">P\u00e1gina<\/span>3<\/a>\n<span class=\"page-numbers dots\">&hellip;<\/span>\n<a class=\"page-numbers\" href=\"https:\/\/www.opinionpublica.tv\/portada\/wp-json\/wp\/v2\/pages\/42173\/page\/24\/\"><span class=\"elementor-screen-only\">P\u00e1gina<\/span>24<\/a>\t\t<\/nav>\n\t\t\t\t\t\t<\/div>\n\t\t\t\t<\/div>\n\t\t\t\t\t<\/div>\n\t\t\t\t<\/div>\n\t\t\t\t<\/div>\n\t\t","protected":false},"excerpt":{"rendered":"<p>De Chile, Dulce y Manteca Jos\u00e9 Woldenberg Contacto: direccion@opinionpublica.tv OPINI\u00d3N P\u00daBLICA UN D\u00cdA COMO HOY<\/p>\n","protected":false},"author":5,"featured_media":0,"parent":0,"menu_order":0,"comment_status":"closed","ping_status":"closed","template":"","meta":{"_acf_changed":false,"_monsterinsights_skip_tracking":false,"slim_seo":{"title":"Pegar con Diurex - Opini\u00f3n P\u00fablica","description":"Jos\u00e9 Woldenberg ___________________________ El 22 de agosto de 2024, en medio de la alharaca por la mal llamada reforma judicial, Susano Pe\u00f1afiel (por cierto, m"},"footnotes":""},"class_list":["post-42173","page","type-page","status-publish","hentry"],"acf":[],"_links":{"self":[{"href":"https:\/\/www.opinionpublica.tv\/portada\/wp-json\/wp\/v2\/pages\/42173","targetHints":{"allow":["GET"]}}],"collection":[{"href":"https:\/\/www.opinionpublica.tv\/portada\/wp-json\/wp\/v2\/pages"}],"about":[{"href":"https:\/\/www.opinionpublica.tv\/portada\/wp-json\/wp\/v2\/types\/page"}],"author":[{"embeddable":true,"href":"https:\/\/www.opinionpublica.tv\/portada\/wp-json\/wp\/v2\/users\/5"}],"replies":[{"embeddable":true,"href":"https:\/\/www.opinionpublica.tv\/portada\/wp-json\/wp\/v2\/comments?post=42173"}],"version-history":[{"count":13,"href":"https:\/\/www.opinionpublica.tv\/portada\/wp-json\/wp\/v2\/pages\/42173\/revisions"}],"predecessor-version":[{"id":42464,"href":"https:\/\/www.opinionpublica.tv\/portada\/wp-json\/wp\/v2\/pages\/42173\/revisions\/42464"}],"wp:attachment":[{"href":"https:\/\/www.opinionpublica.tv\/portada\/wp-json\/wp\/v2\/media?parent=42173"}],"curies":[{"name":"wp","href":"https:\/\/api.w.org\/{rel}","templated":true}]}}