{"id":42131,"date":"2024-08-19T16:22:15","date_gmt":"2024-08-19T22:22:15","guid":{"rendered":"https:\/\/www.opinionpublica.tv\/portada\/?page_id=42131"},"modified":"2024-08-24T10:29:29","modified_gmt":"2024-08-24T16:29:29","slug":"boker-tov","status":"publish","type":"page","link":"https:\/\/www.opinionpublica.tv\/portada\/boker-tov\/","title":{"rendered":"Boker Tov"},"content":{"rendered":"\t\t<div data-elementor-type=\"wp-page\" data-elementor-id=\"42131\" class=\"elementor elementor-42131\" data-elementor-post-type=\"page\">\n\t\t\t\t<div class=\"elementor-element elementor-element-7d6193f1 e-flex e-con-boxed e-con e-parent\" data-id=\"7d6193f1\" data-element_type=\"container\" data-e-type=\"container\">\n\t\t\t\t\t<div class=\"e-con-inner\">\n\t\t<div class=\"elementor-element elementor-element-14c47d4c e-con-full e-flex e-con e-child\" data-id=\"14c47d4c\" data-element_type=\"container\" data-e-type=\"container\">\n\t\t\t\t<div class=\"elementor-element elementor-element-d907900 elementor-widget elementor-widget-heading\" data-id=\"d907900\" data-element_type=\"widget\" data-e-type=\"widget\" data-widget_type=\"heading.default\">\n\t\t\t\t<div class=\"elementor-widget-container\">\n\t\t\t\t\t<h2 class=\"elementor-heading-title elementor-size-default\">Boker Tov<\/h2>\t\t\t\t<\/div>\n\t\t\t\t<\/div>\n\t\t\t\t<div class=\"elementor-element elementor-element-be336a0 elementor-widget elementor-widget-heading\" data-id=\"be336a0\" data-element_type=\"widget\" data-e-type=\"widget\" data-widget_type=\"heading.default\">\n\t\t\t\t<div class=\"elementor-widget-container\">\n\t\t\t\t\t<h3 class=\"elementor-heading-title elementor-size-default\"><a href=\"mailto:direccion@opinionpublica.tv\">Contacto: direccion@opinionpublica.tv<\/a><\/h3>\t\t\t\t<\/div>\n\t\t\t\t<\/div>\n\t\t\t\t<div class=\"elementor-element elementor-element-4692a2e1 elementor-grid-1 elementor-grid-tablet-2 elementor-grid-mobile-1 elementor-posts--thumbnail-top elementor-card-shadow-yes elementor-posts__hover-gradient elementor-widget elementor-widget-posts\" data-id=\"4692a2e1\" data-element_type=\"widget\" data-e-type=\"widget\" data-settings=\"{&quot;cards_columns&quot;:&quot;1&quot;,&quot;cards_columns_tablet&quot;:&quot;2&quot;,&quot;cards_columns_mobile&quot;:&quot;1&quot;,&quot;cards_row_gap&quot;:{&quot;unit&quot;:&quot;px&quot;,&quot;size&quot;:35,&quot;sizes&quot;:[]},&quot;cards_row_gap_tablet&quot;:{&quot;unit&quot;:&quot;px&quot;,&quot;size&quot;:&quot;&quot;,&quot;sizes&quot;:[]},&quot;cards_row_gap_mobile&quot;:{&quot;unit&quot;:&quot;px&quot;,&quot;size&quot;:&quot;&quot;,&quot;sizes&quot;:[]}}\" data-widget_type=\"posts.cards\">\n\t\t\t\t<div class=\"elementor-widget-container\">\n\t\t\t\t\t\t\t<div class=\"elementor-posts-container elementor-posts elementor-posts--skin-cards elementor-grid\" role=\"list\">\n\t\t\t\t<article class=\"elementor-post elementor-grid-item post-51821 post type-post status-publish format-standard has-post-thumbnail hentry category-boker-tov tag-boker-tov\" role=\"listitem\">\n\t\t\t<div class=\"elementor-post__card\">\n\t\t\t\t<a class=\"elementor-post__thumbnail__link\" href=\"https:\/\/www.opinionpublica.tv\/portada\/democracia-conservadora-democracia-liberal-2\/\" tabindex=\"-1\" ><div class=\"elementor-post__thumbnail\"><img decoding=\"async\" width=\"196\" height=\"224\" src=\"https:\/\/www.opinionpublica.tv\/portada\/wp-content\/uploads\/2025\/01\/Julian-Gonzalez-Herrell.jpeg\" class=\"attachment-large size-large wp-image-51822\" alt=\"Julia\u0301n Gonza\u0301lez Herrell\" \/><\/div><\/a>\n\t\t\t\t<div class=\"elementor-post__badge\">Boker Tov<\/div>\n\t\t\t\t<div class=\"elementor-post__text\">\n\t\t\t\t<h1 class=\"elementor-post__title\">\n\t\t\t<a href=\"https:\/\/www.opinionpublica.tv\/portada\/democracia-conservadora-democracia-liberal-2\/\" >\n\t\t\t\tDemocracia conservadora, democracia liberal\t\t\t<\/a>\n\t\t<\/h1>\n\t\t\t\t<div class=\"elementor-post__excerpt\">\n\t\t\t<p>Juli\u00e1n Gonz\u00e1lez Herrell ___________________________ Al presente existe la pugna entre los que se adhieren al discurso de la democracia liberal y los que se adhieren<\/p>\n\t\t<\/div>\n\t\t\n\t\t<a class=\"elementor-post__read-more\" href=\"https:\/\/www.opinionpublica.tv\/portada\/democracia-conservadora-democracia-liberal-2\/\" aria-label=\"M\u00e1s informaci\u00f3n sobre Democracia conservadora, democracia liberal\" tabindex=\"-1\" >\n\t\t\tLeer m\u00e1s \u00bb\t\t<\/a>\n\n\t\t\t\t<\/div>\n\t\t\t\t<div class=\"elementor-post__meta-data\">\n\t\t\t\t\t<span class=\"elementor-post-author\">\n\t\t\tOPTV\t\t<\/span>\n\t\t\t\t<span class=\"elementor-post-date\">\n\t\t\t21 de enero de 2025\t\t<\/span>\n\t\t\t\t<\/div>\n\t\t\t\t\t<\/div>\n\t\t<\/article>\n\t\t\t\t<\/div>\n\t\t\n\t\t\t\t\t\t<\/div>\n\t\t\t\t<\/div>\n\t\t\t\t<\/div>\n\t\t<div class=\"elementor-element elementor-element-56920150 e-con-full e-flex e-con e-child\" data-id=\"56920150\" data-element_type=\"container\" data-e-type=\"container\">\n\t\t\t\t<div class=\"elementor-element elementor-element-53c8ff1c elementor-align-justify elementor-widget elementor-widget-button\" data-id=\"53c8ff1c\" data-element_type=\"widget\" data-e-type=\"widget\" data-widget_type=\"button.default\">\n\t\t\t\t<div class=\"elementor-widget-container\">\n\t\t\t\t\t\t\t\t\t<div class=\"elementor-button-wrapper\">\n\t\t\t\t\t<a class=\"elementor-button elementor-size-sm\" role=\"button\">\n\t\t\t\t\t\t<span class=\"elementor-button-content-wrapper\">\n\t\t\t\t\t\t\t\t\t<span class=\"elementor-button-text\">OPINI\u00d3N P\u00daBLICA<\/span>\n\t\t\t\t\t<\/span>\n\t\t\t\t\t<\/a>\n\t\t\t\t<\/div>\n\t\t\t\t\t\t\t\t<\/div>\n\t\t\t\t<\/div>\n\t\t\t\t<div class=\"elementor-element elementor-element-2569453c elementor-grid-1 elementor-posts--thumbnail-none elementor-grid-tablet-2 elementor-grid-mobile-1 elementor-card-shadow-yes elementor-posts__hover-gradient elementor-widget elementor-widget-posts\" data-id=\"2569453c\" data-element_type=\"widget\" data-e-type=\"widget\" data-settings=\"{&quot;cards_columns&quot;:&quot;1&quot;,&quot;cards_columns_tablet&quot;:&quot;2&quot;,&quot;cards_columns_mobile&quot;:&quot;1&quot;,&quot;cards_row_gap&quot;:{&quot;unit&quot;:&quot;px&quot;,&quot;size&quot;:35,&quot;sizes&quot;:[]},&quot;cards_row_gap_tablet&quot;:{&quot;unit&quot;:&quot;px&quot;,&quot;size&quot;:&quot;&quot;,&quot;sizes&quot;:[]},&quot;cards_row_gap_mobile&quot;:{&quot;unit&quot;:&quot;px&quot;,&quot;size&quot;:&quot;&quot;,&quot;sizes&quot;:[]}}\" data-widget_type=\"posts.cards\">\n\t\t\t\t<div class=\"elementor-widget-container\">\n\t\t\t\t\t\t\t<div class=\"elementor-posts-container elementor-posts elementor-posts--skin-cards elementor-grid\" role=\"list\">\n\t\t\t\t<article class=\"elementor-post elementor-grid-item post-91725 post type-post status-publish format-standard has-post-thumbnail hentry category-cartapacio tag-cartapacio tag-raul-ruiz\" role=\"listitem\">\n\t\t\t<div class=\"elementor-post__card\">\n\t\t\t\t<div class=\"elementor-post__text\">\n\t\t\t\t<h2 class=\"elementor-post__title\">\n\t\t\t<a href=\"https:\/\/www.opinionpublica.tv\/portada\/sin-correa-y-sin-bozal\/\" >\n\t\t\t\tSin correa y sin bozal\t\t\t<\/a>\n\t\t<\/h2>\n\t\t\t\t<div class=\"elementor-post__excerpt\">\n\t\t\t<p>Ra\u00fal Ruiz __________________________ No puede uno soltar tantito a CJTOWN, porque se convierte nuevamente en Ciudad Ca\u00f3tica. Entre los chicotazos del clima, los agujeros que se producen con la lluvia y la inseguridad vial, los juarenses explotaron un d\u00eda y se fueron a quejar contra un grupo de agentes extorsionadores. El coordinador de Vialidad Lic. Jes\u00fas Manuel Garc\u00eda, alcanz\u00f3 a dar de baja a algunos. Y suspendi\u00f3 por un tiempo a otros quienes andan rabiosos porque quieren regresar y andar sueltos. No queremos correa ni bozal. Han dicho a sus propios compa\u00f1eros. Y obviamente no se le van a subir a las barbas a don Jes\u00fas Manuel Garc\u00eda Reyes. Si hay novedades, se las platico. CONEXIONES POTOSINAS Mientras tanto, en<\/p>\n\t\t<\/div>\n\t\t\n\t\t<a class=\"elementor-post__read-more\" href=\"https:\/\/www.opinionpublica.tv\/portada\/sin-correa-y-sin-bozal\/\" aria-label=\"M\u00e1s informaci\u00f3n sobre Sin correa y sin bozal\" tabindex=\"-1\" >\n\t\t\tLeer m\u00e1s \u00bb\t\t<\/a>\n\n\t\t\t\t<\/div>\n\t\t\t\t<div class=\"elementor-post__meta-data\">\n\t\t\t\t\t<span class=\"elementor-post-author\">\n\t\t\tOPTV\t\t<\/span>\n\t\t\t\t<span class=\"elementor-post-date\">\n\t\t\t14 de agosto de 2026\t\t<\/span>\n\t\t\t\t<\/div>\n\t\t\t\t\t<\/div>\n\t\t<\/article>\n\t\t\t\t<\/div>\n\t\t\n\t\t\t\t\t\t<\/div>\n\t\t\t\t<\/div>\n\t\t\t\t<\/div>\n\t\t<div class=\"elementor-element elementor-element-119653fc e-con-full e-flex e-con e-child\" data-id=\"119653fc\" data-element_type=\"container\" data-e-type=\"container\">\n\t\t\t\t<div class=\"elementor-element elementor-element-6e3f8ecf elementor-align-justify elementor-widget elementor-widget-button\" data-id=\"6e3f8ecf\" data-element_type=\"widget\" data-e-type=\"widget\" data-widget_type=\"button.default\">\n\t\t\t\t<div class=\"elementor-widget-container\">\n\t\t\t\t\t\t\t\t\t<div class=\"elementor-button-wrapper\">\n\t\t\t\t\t<a class=\"elementor-button elementor-size-sm\" role=\"button\">\n\t\t\t\t\t\t<span class=\"elementor-button-content-wrapper\">\n\t\t\t\t\t\t\t\t\t<span class=\"elementor-button-text\">UN D\u00cdA COMO HOY<\/span>\n\t\t\t\t\t<\/span>\n\t\t\t\t\t<\/a>\n\t\t\t\t<\/div>\n\t\t\t\t\t\t\t\t<\/div>\n\t\t\t\t<\/div>\n\t\t\t\t<div class=\"elementor-element elementor-element-6f37dcbe elementor-grid-1 elementor-grid-tablet-2 elementor-grid-mobile-1 elementor-posts--thumbnail-top elementor-card-shadow-yes elementor-posts__hover-gradient elementor-widget elementor-widget-posts\" data-id=\"6f37dcbe\" data-element_type=\"widget\" data-e-type=\"widget\" data-settings=\"{&quot;cards_columns&quot;:&quot;1&quot;,&quot;cards_row_gap&quot;:{&quot;unit&quot;:&quot;px&quot;,&quot;size&quot;:46,&quot;sizes&quot;:[]},&quot;cards_columns_tablet&quot;:&quot;2&quot;,&quot;cards_columns_mobile&quot;:&quot;1&quot;,&quot;cards_row_gap_tablet&quot;:{&quot;unit&quot;:&quot;px&quot;,&quot;size&quot;:&quot;&quot;,&quot;sizes&quot;:[]},&quot;cards_row_gap_mobile&quot;:{&quot;unit&quot;:&quot;px&quot;,&quot;size&quot;:&quot;&quot;,&quot;sizes&quot;:[]}}\" data-widget_type=\"posts.cards\">\n\t\t\t\t<div class=\"elementor-widget-container\">\n\t\t\t\t\t\t\t<div class=\"elementor-posts-container elementor-posts elementor-posts--skin-cards elementor-grid\" role=\"list\">\n\t\t\t\t<article class=\"elementor-post elementor-grid-item post-92866 post type-post status-publish format-standard has-post-thumbnail hentry category-un-dia-como-hoy tag-diana-spencer tag-efemerides-31-de-agosto\" role=\"listitem\">\n\t\t\t<div class=\"elementor-post__card\">\n\t\t\t\t<a class=\"elementor-post__thumbnail__link\" href=\"https:\/\/www.opinionpublica.tv\/portada\/efemerides-31-de-agosto-un-dia-como-hoy-en-la-historia-2\/\" tabindex=\"-1\" ><div class=\"elementor-post__thumbnail\"><img decoding=\"async\" width=\"300\" height=\"158\" src=\"https:\/\/www.opinionpublica.tv\/portada\/wp-content\/uploads\/2026\/08\/1997-Diana-Spencer-princesa-de-Gales-muere-en-Paris-en-un-accidente-de-automovil-300x158.jpeg\" class=\"attachment-medium size-medium wp-image-92867\" alt=\"1997, Diana Spencer, princesa de Gales, muere en Pari\u0301s en un accidente de automo\u0301vil\" srcset=\"https:\/\/www.opinionpublica.tv\/portada\/wp-content\/uploads\/2026\/08\/1997-Diana-Spencer-princesa-de-Gales-muere-en-Paris-en-un-accidente-de-automovil-300x158.jpeg 300w, https:\/\/www.opinionpublica.tv\/portada\/wp-content\/uploads\/2026\/08\/1997-Diana-Spencer-princesa-de-Gales-muere-en-Paris-en-un-accidente-de-automovil.jpeg 617w\" sizes=\"(max-width: 300px) 100vw, 300px\" \/><\/div><\/a>\n\t\t\t\t<div class=\"elementor-post__badge\">UN D\u00cdA COMO HOY...<\/div>\n\t\t\t\t<div class=\"elementor-post__text\">\n\t\t\t\t<h2 class=\"elementor-post__title\">\n\t\t\t<a href=\"https:\/\/www.opinionpublica.tv\/portada\/efemerides-31-de-agosto-un-dia-como-hoy-en-la-historia-2\/\" >\n\t\t\t\tEfem\u00e9rides 31 de agosto | Un d\u00eda como hoy en la historia&#8230;\t\t\t<\/a>\n\t\t<\/h2>\n\t\t\n\t\t<a class=\"elementor-post__read-more\" href=\"https:\/\/www.opinionpublica.tv\/portada\/efemerides-31-de-agosto-un-dia-como-hoy-en-la-historia-2\/\" aria-label=\"M\u00e1s informaci\u00f3n sobre Efem\u00e9rides 31 de agosto | Un d\u00eda como hoy en la historia&#8230;\" tabindex=\"-1\" >\n\t\t\tLeer m\u00e1s \u00bb\t\t<\/a>\n\n\t\t\t\t<\/div>\n\t\t\t\t<div class=\"elementor-post__meta-data\">\n\t\t\t\t\t<span class=\"elementor-post-author\">\n\t\t\tOPTV\t\t<\/span>\n\t\t\t\t<span class=\"elementor-post-date\">\n\t\t\t31 de agosto de 2026\t\t<\/span>\n\t\t\t\t<\/div>\n\t\t\t\t\t<\/div>\n\t\t<\/article>\n\t\t\t\t<\/div>\n\t\t\n\t\t\t\t\t\t<\/div>\n\t\t\t\t<\/div>\n\t\t\t\t<\/div>\n\t\t\t\t\t<\/div>\n\t\t\t\t<\/div>\n\t\t<div class=\"elementor-element elementor-element-25df2777 e-flex e-con-boxed e-con e-parent\" data-id=\"25df2777\" data-element_type=\"container\" data-e-type=\"container\">\n\t\t\t\t\t<div class=\"e-con-inner\">\n\t\t\t\t<div class=\"elementor-element elementor-element-4cb5be85 elementor-posts--thumbnail-none elementor-grid-3 elementor-grid-tablet-2 elementor-grid-mobile-1 elementor-card-shadow-yes elementor-posts__hover-gradient elementor-widget elementor-widget-posts\" data-id=\"4cb5be85\" data-element_type=\"widget\" data-e-type=\"widget\" data-settings=\"{&quot;pagination_type&quot;:&quot;numbers&quot;,&quot;cards_columns&quot;:&quot;3&quot;,&quot;cards_columns_tablet&quot;:&quot;2&quot;,&quot;cards_columns_mobile&quot;:&quot;1&quot;,&quot;cards_row_gap&quot;:{&quot;unit&quot;:&quot;px&quot;,&quot;size&quot;:35,&quot;sizes&quot;:[]},&quot;cards_row_gap_tablet&quot;:{&quot;unit&quot;:&quot;px&quot;,&quot;size&quot;:&quot;&quot;,&quot;sizes&quot;:[]},&quot;cards_row_gap_mobile&quot;:{&quot;unit&quot;:&quot;px&quot;,&quot;size&quot;:&quot;&quot;,&quot;sizes&quot;:[]}}\" data-widget_type=\"posts.cards\">\n\t\t\t\t<div class=\"elementor-widget-container\">\n\t\t\t\t\t\t\t<div class=\"elementor-posts-container elementor-posts elementor-posts--skin-cards elementor-grid\" role=\"list\">\n\t\t\t\t<article class=\"elementor-post elementor-grid-item post-24765 post type-post status-publish format-standard has-post-thumbnail hentry category-boker-tov\" role=\"listitem\">\n\t\t\t<div class=\"elementor-post__card\">\n\t\t\t\t<div class=\"elementor-post__text\">\n\t\t\t\t<h1 class=\"elementor-post__title\">\n\t\t\t<a href=\"https:\/\/www.opinionpublica.tv\/portada\/significancia-de-las-elecciones-en-los-estados-unidos\/\" >\n\t\t\t\tSignificancia de las elecciones en los Estados Unidos\t\t\t<\/a>\n\t\t<\/h1>\n\t\t\t\t<div class=\"elementor-post__excerpt\">\n\t\t\t<p>A primera vista constatamos la pugna entre dos de las corrientes culturales en los Estados Unidos de America; los de la derecha y los de<\/p>\n\t\t<\/div>\n\t\t\n\t\t<a class=\"elementor-post__read-more\" href=\"https:\/\/www.opinionpublica.tv\/portada\/significancia-de-las-elecciones-en-los-estados-unidos\/\" aria-label=\"M\u00e1s informaci\u00f3n sobre Significancia de las elecciones en los Estados Unidos\" tabindex=\"-1\" >\n\t\t\tLeer m\u00e1s \u00bb\t\t<\/a>\n\n\t\t\t\t<\/div>\n\t\t\t\t<div class=\"elementor-post__meta-data\">\n\t\t\t\t\t<span class=\"elementor-post-author\">\n\t\t\tJuli\u00e1n Gonz\u00e1lez-Herell\t\t<\/span>\n\t\t\t\t<span class=\"elementor-post-date\">\n\t\t\t16 de octubre de 2020\t\t<\/span>\n\t\t\t\t<\/div>\n\t\t\t\t\t<\/div>\n\t\t<\/article>\n\t\t\t\t<article class=\"elementor-post elementor-grid-item post-23027 post type-post status-publish format-standard has-post-thumbnail hentry category-boker-tov\" role=\"listitem\">\n\t\t\t<div class=\"elementor-post__card\">\n\t\t\t\t<div class=\"elementor-post__text\">\n\t\t\t\t<h1 class=\"elementor-post__title\">\n\t\t\t<a href=\"https:\/\/www.opinionpublica.tv\/portada\/gobernanza-y-responsabilidad-social-una-prescripcion-para-la-uacj-parte-3-genesis\/\" >\n\t\t\t\tGobernanza y Responsabilidad Social. Una Prescripci\u00f3n para la UACJ (Parte 3: G\u00e9nesis)\t\t\t<\/a>\n\t\t<\/h1>\n\t\t\t\t<div class=\"elementor-post__excerpt\">\n\t\t\t<p>Habiendo hecho los ejercicios anteriores en la parte 1 y la parte 2, vayamos pues a poner el dedo en la llaga. Esto es, se<\/p>\n\t\t<\/div>\n\t\t\n\t\t<a class=\"elementor-post__read-more\" href=\"https:\/\/www.opinionpublica.tv\/portada\/gobernanza-y-responsabilidad-social-una-prescripcion-para-la-uacj-parte-3-genesis\/\" aria-label=\"M\u00e1s informaci\u00f3n sobre Gobernanza y Responsabilidad Social. Una Prescripci\u00f3n para la UACJ (Parte 3: G\u00e9nesis)\" tabindex=\"-1\" >\n\t\t\tLeer m\u00e1s \u00bb\t\t<\/a>\n\n\t\t\t\t<\/div>\n\t\t\t\t<div class=\"elementor-post__meta-data\">\n\t\t\t\t\t<span class=\"elementor-post-author\">\n\t\t\tJuli\u00e1n Gonz\u00e1lez-Herell\t\t<\/span>\n\t\t\t\t<span class=\"elementor-post-date\">\n\t\t\t22 de abril de 2020\t\t<\/span>\n\t\t\t\t<\/div>\n\t\t\t\t\t<\/div>\n\t\t<\/article>\n\t\t\t\t<article class=\"elementor-post elementor-grid-item post-22976 post type-post status-publish format-standard has-post-thumbnail hentry category-boker-tov\" role=\"listitem\">\n\t\t\t<div class=\"elementor-post__card\">\n\t\t\t\t<div class=\"elementor-post__text\">\n\t\t\t\t<h1 class=\"elementor-post__title\">\n\t\t\t<a href=\"https:\/\/www.opinionpublica.tv\/portada\/gobernanza-y-responsabilidad-social-una-prescripcion-para-la-uacj-parte-2\/\" >\n\t\t\t\tGobernanza y Responsabilidad Social. Una Prescripci\u00f3n para la UACJ (Parte 2)\t\t\t<\/a>\n\t\t<\/h1>\n\t\t\t\t<div class=\"elementor-post__excerpt\">\n\t\t\t<p>Todo funcionario p\u00fablico, se supone y com\u00fanmente pregonan que est\u00e1n al servicio y protecci\u00f3n de la sociedad. En esa dimensi\u00f3n los ciudadanos esperamos que la<\/p>\n\t\t<\/div>\n\t\t\n\t\t<a class=\"elementor-post__read-more\" href=\"https:\/\/www.opinionpublica.tv\/portada\/gobernanza-y-responsabilidad-social-una-prescripcion-para-la-uacj-parte-2\/\" aria-label=\"M\u00e1s informaci\u00f3n sobre Gobernanza y Responsabilidad Social. Una Prescripci\u00f3n para la UACJ (Parte 2)\" tabindex=\"-1\" >\n\t\t\tLeer m\u00e1s \u00bb\t\t<\/a>\n\n\t\t\t\t<\/div>\n\t\t\t\t<div class=\"elementor-post__meta-data\">\n\t\t\t\t\t<span class=\"elementor-post-author\">\n\t\t\tJuli\u00e1n Gonz\u00e1lez-Herell\t\t<\/span>\n\t\t\t\t<span class=\"elementor-post-date\">\n\t\t\t18 de abril de 2020\t\t<\/span>\n\t\t\t\t<\/div>\n\t\t\t\t\t<\/div>\n\t\t<\/article>\n\t\t\t\t<article class=\"elementor-post elementor-grid-item post-22917 post type-post status-publish format-standard has-post-thumbnail hentry category-boker-tov\" role=\"listitem\">\n\t\t\t<div class=\"elementor-post__card\">\n\t\t\t\t<div class=\"elementor-post__text\">\n\t\t\t\t<h1 class=\"elementor-post__title\">\n\t\t\t<a href=\"https:\/\/www.opinionpublica.tv\/portada\/gobernanza-y-responsabilidad-social-una-prescripcion-para-la-uacj\/\" >\n\t\t\t\tGobernanza y Responsabilidad Social. Una prescripci\u00f3n para la UACJ\t\t\t<\/a>\n\t\t<\/h1>\n\t\t\t\t<div class=\"elementor-post__excerpt\">\n\t\t\t<p>Se ha venido circulando en las redes sociales, el caso del salario del rector de la UACJ, Juan Ignacio Camargo Nassar. A primera vista, no<\/p>\n\t\t<\/div>\n\t\t\n\t\t<a class=\"elementor-post__read-more\" href=\"https:\/\/www.opinionpublica.tv\/portada\/gobernanza-y-responsabilidad-social-una-prescripcion-para-la-uacj\/\" aria-label=\"M\u00e1s informaci\u00f3n sobre Gobernanza y Responsabilidad Social. Una prescripci\u00f3n para la UACJ\" tabindex=\"-1\" >\n\t\t\tLeer m\u00e1s \u00bb\t\t<\/a>\n\n\t\t\t\t<\/div>\n\t\t\t\t<div class=\"elementor-post__meta-data\">\n\t\t\t\t\t<span class=\"elementor-post-author\">\n\t\t\tJuli\u00e1n Gonz\u00e1lez-Herell\t\t<\/span>\n\t\t\t\t<span class=\"elementor-post-date\">\n\t\t\t11 de abril de 2020\t\t<\/span>\n\t\t\t\t<\/div>\n\t\t\t\t\t<\/div>\n\t\t<\/article>\n\t\t\t\t<article class=\"elementor-post elementor-grid-item post-22849 post type-post status-publish format-standard has-post-thumbnail hentry category-boker-tov\" role=\"listitem\">\n\t\t\t<div class=\"elementor-post__card\">\n\t\t\t\t<div class=\"elementor-post__text\">\n\t\t\t\t<h1 class=\"elementor-post__title\">\n\t\t\t<a href=\"https:\/\/www.opinionpublica.tv\/portada\/preparacion-para-una-futura-pandemia\/\" >\n\t\t\t\tPreparaci\u00f3n para una futura pandemia\t\t\t<\/a>\n\t\t<\/h1>\n\t\t\t\t<div class=\"elementor-post__excerpt\">\n\t\t\t<p>Despu\u00e9s del sorpresivo surgimiento del ya comentad\u00edsimo COVID-19, tornado ahora en una pandemia, el mundo vela a sus muertos y trata desesperadamente de salvar a<\/p>\n\t\t<\/div>\n\t\t\n\t\t<a class=\"elementor-post__read-more\" href=\"https:\/\/www.opinionpublica.tv\/portada\/preparacion-para-una-futura-pandemia\/\" aria-label=\"M\u00e1s informaci\u00f3n sobre Preparaci\u00f3n para una futura pandemia\" tabindex=\"-1\" >\n\t\t\tLeer m\u00e1s \u00bb\t\t<\/a>\n\n\t\t\t\t<\/div>\n\t\t\t\t<div class=\"elementor-post__meta-data\">\n\t\t\t\t\t<span class=\"elementor-post-author\">\n\t\t\tJuli\u00e1n Gonz\u00e1lez-Herell\t\t<\/span>\n\t\t\t\t<span class=\"elementor-post-date\">\n\t\t\t5 de abril de 2020\t\t<\/span>\n\t\t\t\t<\/div>\n\t\t\t\t\t<\/div>\n\t\t<\/article>\n\t\t\t\t<article class=\"elementor-post elementor-grid-item post-19882 post type-post status-publish format-standard has-post-thumbnail hentry category-boker-tov\" role=\"listitem\">\n\t\t\t<div class=\"elementor-post__card\">\n\t\t\t\t<div class=\"elementor-post__text\">\n\t\t\t\t<h1 class=\"elementor-post__title\">\n\t\t\t<a href=\"https:\/\/www.opinionpublica.tv\/portada\/carta-abierta-a-la-congresista-veronica-escobar\/\" >\n\t\t\t\tCarta abierta a la Congresista Ver\u00f3nica Escobar\t\t\t<\/a>\n\t\t<\/h1>\n\t\t\t\t<div class=\"elementor-post__excerpt\">\n\t\t\t<p>Yo, el ciudadano abajo firmante de esta gran naci\u00f3n, vot\u00e9 por usted a pesar de que soy un afiliado independiente y no de partido.<\/p>\n\t\t<\/div>\n\t\t\n\t\t<a class=\"elementor-post__read-more\" href=\"https:\/\/www.opinionpublica.tv\/portada\/carta-abierta-a-la-congresista-veronica-escobar\/\" aria-label=\"M\u00e1s informaci\u00f3n sobre Carta abierta a la Congresista Ver\u00f3nica Escobar\" tabindex=\"-1\" >\n\t\t\tLeer m\u00e1s \u00bb\t\t<\/a>\n\n\t\t\t\t<\/div>\n\t\t\t\t<div class=\"elementor-post__meta-data\">\n\t\t\t\t\t<span class=\"elementor-post-author\">\n\t\t\tJuli\u00e1n Gonz\u00e1lez-Herell\t\t<\/span>\n\t\t\t\t<span class=\"elementor-post-date\">\n\t\t\t13 de mayo de 2019\t\t<\/span>\n\t\t\t\t<\/div>\n\t\t\t\t\t<\/div>\n\t\t<\/article>\n\t\t\t\t<article class=\"elementor-post elementor-grid-item post-19554 post type-post status-publish format-standard has-post-thumbnail hentry category-boker-tov\" role=\"listitem\">\n\t\t\t<div class=\"elementor-post__card\">\n\t\t\t\t<div class=\"elementor-post__text\">\n\t\t\t\t<h1 class=\"elementor-post__title\">\n\t\t\t<a href=\"https:\/\/www.opinionpublica.tv\/portada\/democracia-conservadora-democracia-liberal\/\" >\n\t\t\t\tDemocracia conservadora-democracia liberal\t\t\t<\/a>\n\t\t<\/h1>\n\t\t\t\t<div class=\"elementor-post__excerpt\">\n\t\t\t<p>Al presente existe la pugna entre los que se adhieren al discurso de la democracia liberal y los que se adhieren al discurso de la<\/p>\n\t\t<\/div>\n\t\t\n\t\t<a class=\"elementor-post__read-more\" href=\"https:\/\/www.opinionpublica.tv\/portada\/democracia-conservadora-democracia-liberal\/\" aria-label=\"M\u00e1s informaci\u00f3n sobre Democracia conservadora-democracia liberal\" tabindex=\"-1\" >\n\t\t\tLeer m\u00e1s \u00bb\t\t<\/a>\n\n\t\t\t\t<\/div>\n\t\t\t\t<div class=\"elementor-post__meta-data\">\n\t\t\t\t\t<span class=\"elementor-post-author\">\n\t\t\tJuli\u00e1n Gonz\u00e1lez-Herell\t\t<\/span>\n\t\t\t\t<span class=\"elementor-post-date\">\n\t\t\t21 de abril de 2019\t\t<\/span>\n\t\t\t\t<\/div>\n\t\t\t\t\t<\/div>\n\t\t<\/article>\n\t\t\t\t<article class=\"elementor-post elementor-grid-item post-19468 post type-post status-publish format-standard has-post-thumbnail hentry category-boker-tov\" role=\"listitem\">\n\t\t\t<div class=\"elementor-post__card\">\n\t\t\t\t<div class=\"elementor-post__text\">\n\t\t\t\t<h1 class=\"elementor-post__title\">\n\t\t\t<a href=\"https:\/\/www.opinionpublica.tv\/portada\/confusion-entre-los-poderes-en-los-estados-unidos-de-america\/\" >\n\t\t\t\tConfusi\u00f3n entre los poderes en los Estados Unidos de Am\u00e9rica\t\t\t<\/a>\n\t\t<\/h1>\n\t\t\t\t<div class=\"elementor-post__excerpt\">\n\t\t\t<p>En los Estados Unidos de Am\u00e9rica, al igual que en M\u00e9xico, su Constituci\u00f3n contiene una distribuci\u00f3n muy clara entre los poderes ejecutivo, legislativo y judicial.<\/p>\n\t\t<\/div>\n\t\t\n\t\t<a class=\"elementor-post__read-more\" href=\"https:\/\/www.opinionpublica.tv\/portada\/confusion-entre-los-poderes-en-los-estados-unidos-de-america\/\" aria-label=\"M\u00e1s informaci\u00f3n sobre Confusi\u00f3n entre los poderes en los Estados Unidos de Am\u00e9rica\" tabindex=\"-1\" >\n\t\t\tLeer m\u00e1s \u00bb\t\t<\/a>\n\n\t\t\t\t<\/div>\n\t\t\t\t<div class=\"elementor-post__meta-data\">\n\t\t\t\t\t<span class=\"elementor-post-author\">\n\t\t\tJuli\u00e1n Gonz\u00e1lez-Herell\t\t<\/span>\n\t\t\t\t<span class=\"elementor-post-date\">\n\t\t\t15 de abril de 2019\t\t<\/span>\n\t\t\t\t<\/div>\n\t\t\t\t\t<\/div>\n\t\t<\/article>\n\t\t\t\t<article class=\"elementor-post elementor-grid-item post-18815 post type-post status-publish format-standard has-post-thumbnail hentry category-boker-tov\" role=\"listitem\">\n\t\t\t<div class=\"elementor-post__card\">\n\t\t\t\t<div class=\"elementor-post__text\">\n\t\t\t\t<h1 class=\"elementor-post__title\">\n\t\t\t<a href=\"https:\/\/www.opinionpublica.tv\/portada\/despertad-colegas-un-reto-a-ser-cabales\/\" >\n\t\t\t\t\u00a1Despertad colegas! Un reto a ser cabales\t\t\t<\/a>\n\t\t<\/h1>\n\t\t\t\t<div class=\"elementor-post__excerpt\">\n\t\t\t<p>El Llamado. El reto m\u00e1s grande y el cual deb\u00edamos de implantarlo como un proyecto de vida y como una de nuestras principales tareas siendo<\/p>\n\t\t<\/div>\n\t\t\n\t\t<a class=\"elementor-post__read-more\" href=\"https:\/\/www.opinionpublica.tv\/portada\/despertad-colegas-un-reto-a-ser-cabales\/\" aria-label=\"M\u00e1s informaci\u00f3n sobre \u00a1Despertad colegas! Un reto a ser cabales\" tabindex=\"-1\" >\n\t\t\tLeer m\u00e1s \u00bb\t\t<\/a>\n\n\t\t\t\t<\/div>\n\t\t\t\t<div class=\"elementor-post__meta-data\">\n\t\t\t\t\t<span class=\"elementor-post-author\">\n\t\t\tJuli\u00e1n Gonz\u00e1lez-Herell\t\t<\/span>\n\t\t\t\t<span class=\"elementor-post-date\">\n\t\t\t15 de febrero de 2019\t\t<\/span>\n\t\t\t\t<\/div>\n\t\t\t\t\t<\/div>\n\t\t<\/article>\n\t\t\t\t<article class=\"elementor-post elementor-grid-item post-18727 post type-post status-publish format-standard has-post-thumbnail hentry category-boker-tov\" role=\"listitem\">\n\t\t\t<div class=\"elementor-post__card\">\n\t\t\t\t<div class=\"elementor-post__text\">\n\t\t\t\t<h1 class=\"elementor-post__title\">\n\t\t\t<a href=\"https:\/\/www.opinionpublica.tv\/portada\/reflexiones\/\" >\n\t\t\t\tReflexiones\t\t\t<\/a>\n\t\t<\/h1>\n\t\t\t\t<div class=\"elementor-post__excerpt\">\n\t\t\t<p>Como ya muchos seguidores m\u00edos saben que en el a\u00f1o 2017, entre a la recolecci\u00f3n de firmas en aras de ver realizado un elemento de<\/p>\n\t\t<\/div>\n\t\t\n\t\t<a class=\"elementor-post__read-more\" href=\"https:\/\/www.opinionpublica.tv\/portada\/reflexiones\/\" aria-label=\"M\u00e1s informaci\u00f3n sobre Reflexiones\" tabindex=\"-1\" >\n\t\t\tLeer m\u00e1s \u00bb\t\t<\/a>\n\n\t\t\t\t<\/div>\n\t\t\t\t<div class=\"elementor-post__meta-data\">\n\t\t\t\t\t<span class=\"elementor-post-author\">\n\t\t\tJuli\u00e1n Gonz\u00e1lez-Herell\t\t<\/span>\n\t\t\t\t<span class=\"elementor-post-date\">\n\t\t\t30 de enero de 2019\t\t<\/span>\n\t\t\t\t<\/div>\n\t\t\t\t\t<\/div>\n\t\t<\/article>\n\t\t\t\t<article class=\"elementor-post elementor-grid-item post-17429 post type-post status-publish format-standard hentry category-boker-tov\" role=\"listitem\">\n\t\t\t<div class=\"elementor-post__card\">\n\t\t\t\t<div class=\"elementor-post__text\">\n\t\t\t\t<h1 class=\"elementor-post__title\">\n\t\t\t<a href=\"https:\/\/www.opinionpublica.tv\/portada\/breve-semblanza-de-nuestro-entramado-juridico\/\" >\n\t\t\t\tBreve semblanza de nuestro entramado jur\u00eddico\t\t\t<\/a>\n\t\t<\/h1>\n\t\t\t\t<div class=\"elementor-post__excerpt\">\n\t\t\t<p>En el contexto de nuestro entramado jur\u00eddico, nosotros los abogados (ponderando en este d\u00eda del abogado), realmente somos el conducto (facilitadores) mediante el cual alguien<\/p>\n\t\t<\/div>\n\t\t\n\t\t<a class=\"elementor-post__read-more\" href=\"https:\/\/www.opinionpublica.tv\/portada\/breve-semblanza-de-nuestro-entramado-juridico\/\" aria-label=\"M\u00e1s informaci\u00f3n sobre Breve semblanza de nuestro entramado jur\u00eddico\" tabindex=\"-1\" >\n\t\t\tLeer m\u00e1s \u00bb\t\t<\/a>\n\n\t\t\t\t<\/div>\n\t\t\t\t<div class=\"elementor-post__meta-data\">\n\t\t\t\t\t<span class=\"elementor-post-author\">\n\t\t\tJuli\u00e1n Federico Gonz\u00e1lez Herrell\t\t<\/span>\n\t\t\t\t<span class=\"elementor-post-date\">\n\t\t\t15 de julio de 2018\t\t<\/span>\n\t\t\t\t<\/div>\n\t\t\t\t\t<\/div>\n\t\t<\/article>\n\t\t\t\t<article class=\"elementor-post elementor-grid-item post-15536 post type-post status-publish format-standard hentry category-boker-tov\" role=\"listitem\">\n\t\t\t<div class=\"elementor-post__card\">\n\t\t\t\t<div class=\"elementor-post__text\">\n\t\t\t\t<h1 class=\"elementor-post__title\">\n\t\t\t<a href=\"https:\/\/www.opinionpublica.tv\/portada\/cultura-del-silencio-criticar-o-no-criticar-constructivamente\/\" >\n\t\t\t\tCultura del Silencio: Criticar o no Criticar (Constructivamente)\t\t\t<\/a>\n\t\t<\/h1>\n\t\t\t\t<div class=\"elementor-post__excerpt\">\n\t\t\t<p>Cuando hablamos de criticar, en lo general sabemos que hay dos tipos de cr\u00edticas; la cr\u00edtica sana\/constructiva y la cr\u00edtica personal o de ataque, la<\/p>\n\t\t<\/div>\n\t\t\n\t\t<a class=\"elementor-post__read-more\" href=\"https:\/\/www.opinionpublica.tv\/portada\/cultura-del-silencio-criticar-o-no-criticar-constructivamente\/\" aria-label=\"M\u00e1s informaci\u00f3n sobre Cultura del Silencio: Criticar o no Criticar (Constructivamente)\" tabindex=\"-1\" >\n\t\t\tLeer m\u00e1s \u00bb\t\t<\/a>\n\n\t\t\t\t<\/div>\n\t\t\t\t<div class=\"elementor-post__meta-data\">\n\t\t\t\t\t<span class=\"elementor-post-author\">\n\t\t\tJuli\u00e1n Federico Gonz\u00e1lez Herrell\t\t<\/span>\n\t\t\t\t<span class=\"elementor-post-date\">\n\t\t\t19 de octubre de 2017\t\t<\/span>\n\t\t\t\t<\/div>\n\t\t\t\t\t<\/div>\n\t\t<\/article>\n\t\t\t\t<\/div>\n\t\t\n\t\t\t\t\t\t<\/div>\n\t\t\t\t<\/div>\n\t\t\t\t\t<\/div>\n\t\t\t\t<\/div>\n\t\t\t\t<\/div>\n\t\t","protected":false},"excerpt":{"rendered":"<p>Boker Tov Contacto: direccion@opinionpublica.tv OPINI\u00d3N P\u00daBLICA UN D\u00cdA COMO HOY<\/p>\n","protected":false},"author":5,"featured_media":0,"parent":0,"menu_order":0,"comment_status":"closed","ping_status":"closed","template":"","meta":{"_acf_changed":false,"_monsterinsights_skip_tracking":false,"slim_seo":{"title":"Cultura del Silencio: Criticar o no Criticar (Constructivamente) - Opini\u00f3n P\u00fablica","description":"Cuando hablamos de criticar, en lo general sabemos que hay dos tipos de cr\u00edticas; la cr\u00edtica sana\/constructiva y la cr\u00edtica personal o de ataque, la cual no con"},"footnotes":""},"class_list":["post-42131","page","type-page","status-publish","hentry"],"acf":[],"_links":{"self":[{"href":"https:\/\/www.opinionpublica.tv\/portada\/wp-json\/wp\/v2\/pages\/42131","targetHints":{"allow":["GET"]}}],"collection":[{"href":"https:\/\/www.opinionpublica.tv\/portada\/wp-json\/wp\/v2\/pages"}],"about":[{"href":"https:\/\/www.opinionpublica.tv\/portada\/wp-json\/wp\/v2\/types\/page"}],"author":[{"embeddable":true,"href":"https:\/\/www.opinionpublica.tv\/portada\/wp-json\/wp\/v2\/users\/5"}],"replies":[{"embeddable":true,"href":"https:\/\/www.opinionpublica.tv\/portada\/wp-json\/wp\/v2\/comments?post=42131"}],"version-history":[{"count":10,"href":"https:\/\/www.opinionpublica.tv\/portada\/wp-json\/wp\/v2\/pages\/42131\/revisions"}],"predecessor-version":[{"id":42413,"href":"https:\/\/www.opinionpublica.tv\/portada\/wp-json\/wp\/v2\/pages\/42131\/revisions\/42413"}],"wp:attachment":[{"href":"https:\/\/www.opinionpublica.tv\/portada\/wp-json\/wp\/v2\/media?parent=42131"}],"curies":[{"name":"wp","href":"https:\/\/api.w.org\/{rel}","templated":true}]}}