{"id":42101,"date":"2024-08-19T16:05:44","date_gmt":"2024-08-19T22:05:44","guid":{"rendered":"https:\/\/www.opinionpublica.tv\/portada\/?page_id=42101"},"modified":"2024-08-24T10:44:11","modified_gmt":"2024-08-24T16:44:11","slug":"videos-optv","status":"publish","type":"page","link":"https:\/\/www.opinionpublica.tv\/portada\/videos-optv\/","title":{"rendered":"Videos OPTV"},"content":{"rendered":"\t\t<div data-elementor-type=\"wp-page\" data-elementor-id=\"42101\" class=\"elementor elementor-42101\" data-elementor-post-type=\"page\">\n\t\t\t\t<div class=\"elementor-element elementor-element-227eeaf7 e-flex e-con-boxed e-con e-parent\" data-id=\"227eeaf7\" data-element_type=\"container\" data-e-type=\"container\">\n\t\t\t\t\t<div class=\"e-con-inner\">\n\t\t<div class=\"elementor-element elementor-element-7c8251fb e-con-full e-flex e-con e-child\" data-id=\"7c8251fb\" data-element_type=\"container\" data-e-type=\"container\">\n\t\t\t\t<div class=\"elementor-element elementor-element-2605d65 elementor-widget elementor-widget-heading\" data-id=\"2605d65\" data-element_type=\"widget\" data-e-type=\"widget\" data-widget_type=\"heading.default\">\n\t\t\t\t<div class=\"elementor-widget-container\">\n\t\t\t\t\t<h2 class=\"elementor-heading-title elementor-size-default\">Videos OPTV<\/h2>\t\t\t\t<\/div>\n\t\t\t\t<\/div>\n\t\t\t\t<div class=\"elementor-element elementor-element-54aba2d1 elementor-widget elementor-widget-heading\" data-id=\"54aba2d1\" data-element_type=\"widget\" data-e-type=\"widget\" data-widget_type=\"heading.default\">\n\t\t\t\t<div class=\"elementor-widget-container\">\n\t\t\t\t\t<h3 class=\"elementor-heading-title elementor-size-default\"><a href=\"mailto:direccion@opinionpublica.tv\">Contacto: direccion@opinionpublica.tv<\/a><\/h3>\t\t\t\t<\/div>\n\t\t\t\t<\/div>\n\t\t\t\t<div class=\"elementor-element elementor-element-32acbdd4 elementor-grid-1 elementor-grid-tablet-2 elementor-grid-mobile-1 elementor-posts--thumbnail-top elementor-card-shadow-yes elementor-posts__hover-gradient elementor-widget elementor-widget-posts\" data-id=\"32acbdd4\" data-element_type=\"widget\" data-e-type=\"widget\" data-settings=\"{&quot;cards_columns&quot;:&quot;1&quot;,&quot;cards_columns_tablet&quot;:&quot;2&quot;,&quot;cards_columns_mobile&quot;:&quot;1&quot;,&quot;cards_row_gap&quot;:{&quot;unit&quot;:&quot;px&quot;,&quot;size&quot;:35,&quot;sizes&quot;:[]},&quot;cards_row_gap_tablet&quot;:{&quot;unit&quot;:&quot;px&quot;,&quot;size&quot;:&quot;&quot;,&quot;sizes&quot;:[]},&quot;cards_row_gap_mobile&quot;:{&quot;unit&quot;:&quot;px&quot;,&quot;size&quot;:&quot;&quot;,&quot;sizes&quot;:[]}}\" data-widget_type=\"posts.cards\">\n\t\t\t\t<div class=\"elementor-widget-container\">\n\t\t\t\t\t\t\t<div class=\"elementor-posts-container elementor-posts elementor-posts--skin-cards elementor-grid\" role=\"list\">\n\t\t\t\t<article class=\"elementor-post elementor-grid-item post-92900 post type-post status-publish format-standard has-post-thumbnail hentry category-videos-destacados category-videos-destacados-contenido category-videos tag-angelus-papa-leon-xiv\" role=\"listitem\">\n\t\t\t<div class=\"elementor-post__card\">\n\t\t\t\t<a class=\"elementor-post__thumbnail__link\" href=\"https:\/\/www.opinionpublica.tv\/portada\/video-angelus-papa-leon-xiv-domingo-30-de-agosto-de-2026\/\" tabindex=\"-1\" ><div class=\"elementor-post__thumbnail\"><img fetchpriority=\"high\" decoding=\"async\" width=\"800\" height=\"450\" src=\"https:\/\/www.opinionpublica.tv\/portada\/wp-content\/uploads\/2026\/08\/Angelus-Papa-Leon-XIV-Domingo-30-de-agosto-de-2026-1024x576.png\" class=\"attachment-large size-large wp-image-92902\" alt=\"A\u0301ngelus Papa Leo\u0301n XIV | Domingo 30 de agosto de\" srcset=\"https:\/\/www.opinionpublica.tv\/portada\/wp-content\/uploads\/2026\/08\/Angelus-Papa-Leon-XIV-Domingo-30-de-agosto-de-2026-1024x576.png 1024w, https:\/\/www.opinionpublica.tv\/portada\/wp-content\/uploads\/2026\/08\/Angelus-Papa-Leon-XIV-Domingo-30-de-agosto-de-2026-300x169.png 300w, https:\/\/www.opinionpublica.tv\/portada\/wp-content\/uploads\/2026\/08\/Angelus-Papa-Leon-XIV-Domingo-30-de-agosto-de-2026-768x432.png 768w, https:\/\/www.opinionpublica.tv\/portada\/wp-content\/uploads\/2026\/08\/Angelus-Papa-Leon-XIV-Domingo-30-de-agosto-de-2026-1536x865.png 1536w, https:\/\/www.opinionpublica.tv\/portada\/wp-content\/uploads\/2026\/08\/Angelus-Papa-Leon-XIV-Domingo-30-de-agosto-de-2026.png 1702w\" sizes=\"(max-width: 800px) 100vw, 800px\" \/><\/div><\/a>\n\t\t\t\t<div class=\"elementor-post__badge\">Videos Destacados<\/div>\n\t\t\t\t<div class=\"elementor-post__text\">\n\t\t\t\t<h1 class=\"elementor-post__title\">\n\t\t\t<a href=\"https:\/\/www.opinionpublica.tv\/portada\/video-angelus-papa-leon-xiv-domingo-30-de-agosto-de-2026\/\" >\n\t\t\t\tVideo: \u00c1ngelus Papa Le\u00f3n XIV | Domingo 30 de agosto de 2026\t\t\t<\/a>\n\t\t<\/h1>\n\t\t\t\t<div class=\"elementor-post__excerpt\">\n\t\t\t<p>Castel Gandolfo.- Desde la Plaza de la Libertad en Castel Gandolfo, el rezo de la Oraci\u00f3n del \u00c1ngelus, dirigido por el Papa Le\u00f3n XIV.<\/p>\n\t\t<\/div>\n\t\t\n\t\t<a class=\"elementor-post__read-more\" href=\"https:\/\/www.opinionpublica.tv\/portada\/video-angelus-papa-leon-xiv-domingo-30-de-agosto-de-2026\/\" aria-label=\"M\u00e1s informaci\u00f3n sobre Video: \u00c1ngelus Papa Le\u00f3n XIV | Domingo 30 de agosto de 2026\" tabindex=\"-1\" >\n\t\t\tLeer m\u00e1s \u00bb\t\t<\/a>\n\n\t\t\t\t<\/div>\n\t\t\t\t<div class=\"elementor-post__meta-data\">\n\t\t\t\t\t<span class=\"elementor-post-author\">\n\t\t\tOPTV\t\t<\/span>\n\t\t\t\t<span class=\"elementor-post-date\">\n\t\t\t30 de agosto de 2026\t\t<\/span>\n\t\t\t\t<\/div>\n\t\t\t\t\t<\/div>\n\t\t<\/article>\n\t\t\t\t<\/div>\n\t\t\n\t\t\t\t\t\t<\/div>\n\t\t\t\t<\/div>\n\t\t\t\t<\/div>\n\t\t<div class=\"elementor-element elementor-element-6d7d4b04 e-con-full e-flex e-con e-child\" data-id=\"6d7d4b04\" data-element_type=\"container\" data-e-type=\"container\">\n\t\t\t\t<div class=\"elementor-element elementor-element-3827b188 elementor-align-justify elementor-widget elementor-widget-button\" data-id=\"3827b188\" data-element_type=\"widget\" data-e-type=\"widget\" data-widget_type=\"button.default\">\n\t\t\t\t<div class=\"elementor-widget-container\">\n\t\t\t\t\t\t\t\t\t<div class=\"elementor-button-wrapper\">\n\t\t\t\t\t<a class=\"elementor-button elementor-size-sm\" role=\"button\">\n\t\t\t\t\t\t<span class=\"elementor-button-content-wrapper\">\n\t\t\t\t\t\t\t\t\t<span class=\"elementor-button-text\">OPINI\u00d3N P\u00daBLICA<\/span>\n\t\t\t\t\t<\/span>\n\t\t\t\t\t<\/a>\n\t\t\t\t<\/div>\n\t\t\t\t\t\t\t\t<\/div>\n\t\t\t\t<\/div>\n\t\t\t\t<div class=\"elementor-element elementor-element-19579566 elementor-grid-1 elementor-posts--thumbnail-none elementor-grid-tablet-2 elementor-grid-mobile-1 elementor-card-shadow-yes elementor-posts__hover-gradient elementor-widget elementor-widget-posts\" data-id=\"19579566\" data-element_type=\"widget\" data-e-type=\"widget\" data-settings=\"{&quot;cards_columns&quot;:&quot;1&quot;,&quot;cards_columns_tablet&quot;:&quot;2&quot;,&quot;cards_columns_mobile&quot;:&quot;1&quot;,&quot;cards_row_gap&quot;:{&quot;unit&quot;:&quot;px&quot;,&quot;size&quot;:35,&quot;sizes&quot;:[]},&quot;cards_row_gap_tablet&quot;:{&quot;unit&quot;:&quot;px&quot;,&quot;size&quot;:&quot;&quot;,&quot;sizes&quot;:[]},&quot;cards_row_gap_mobile&quot;:{&quot;unit&quot;:&quot;px&quot;,&quot;size&quot;:&quot;&quot;,&quot;sizes&quot;:[]}}\" data-widget_type=\"posts.cards\">\n\t\t\t\t<div class=\"elementor-widget-container\">\n\t\t\t\t\t\t\t<div class=\"elementor-posts-container elementor-posts elementor-posts--skin-cards elementor-grid\" role=\"list\">\n\t\t\t\t<article class=\"elementor-post elementor-grid-item post-91725 post type-post status-publish format-standard has-post-thumbnail hentry category-cartapacio tag-cartapacio tag-raul-ruiz\" role=\"listitem\">\n\t\t\t<div class=\"elementor-post__card\">\n\t\t\t\t<div class=\"elementor-post__text\">\n\t\t\t\t<h2 class=\"elementor-post__title\">\n\t\t\t<a href=\"https:\/\/www.opinionpublica.tv\/portada\/sin-correa-y-sin-bozal\/\" >\n\t\t\t\tSin correa y sin bozal\t\t\t<\/a>\n\t\t<\/h2>\n\t\t\t\t<div class=\"elementor-post__excerpt\">\n\t\t\t<p>Ra\u00fal Ruiz __________________________ No puede uno soltar tantito a CJTOWN, porque se convierte nuevamente en Ciudad Ca\u00f3tica. Entre los chicotazos del clima, los agujeros que se producen con la lluvia y la inseguridad vial, los juarenses explotaron un d\u00eda y se fueron a quejar contra un grupo de agentes extorsionadores. El coordinador de Vialidad Lic. Jes\u00fas Manuel Garc\u00eda, alcanz\u00f3 a dar de baja a algunos. Y suspendi\u00f3 por un tiempo a otros quienes andan rabiosos porque quieren regresar y andar sueltos. No queremos correa ni bozal. Han dicho a sus propios compa\u00f1eros. Y obviamente no se le van a subir a las barbas a don Jes\u00fas Manuel Garc\u00eda Reyes. Si hay novedades, se las platico. CONEXIONES POTOSINAS Mientras tanto, en<\/p>\n\t\t<\/div>\n\t\t\n\t\t<a class=\"elementor-post__read-more\" href=\"https:\/\/www.opinionpublica.tv\/portada\/sin-correa-y-sin-bozal\/\" aria-label=\"M\u00e1s informaci\u00f3n sobre Sin correa y sin bozal\" tabindex=\"-1\" >\n\t\t\tLeer m\u00e1s \u00bb\t\t<\/a>\n\n\t\t\t\t<\/div>\n\t\t\t\t<div class=\"elementor-post__meta-data\">\n\t\t\t\t\t<span class=\"elementor-post-author\">\n\t\t\tOPTV\t\t<\/span>\n\t\t\t\t<span class=\"elementor-post-date\">\n\t\t\t14 de agosto de 2026\t\t<\/span>\n\t\t\t\t<\/div>\n\t\t\t\t\t<\/div>\n\t\t<\/article>\n\t\t\t\t<\/div>\n\t\t\n\t\t\t\t\t\t<\/div>\n\t\t\t\t<\/div>\n\t\t\t\t<\/div>\n\t\t<div class=\"elementor-element elementor-element-45aae90e e-con-full e-flex e-con e-child\" data-id=\"45aae90e\" data-element_type=\"container\" data-e-type=\"container\">\n\t\t\t\t<div class=\"elementor-element elementor-element-68a83d5c elementor-align-justify elementor-widget elementor-widget-button\" data-id=\"68a83d5c\" data-element_type=\"widget\" data-e-type=\"widget\" data-widget_type=\"button.default\">\n\t\t\t\t<div class=\"elementor-widget-container\">\n\t\t\t\t\t\t\t\t\t<div class=\"elementor-button-wrapper\">\n\t\t\t\t\t<a class=\"elementor-button elementor-size-sm\" role=\"button\">\n\t\t\t\t\t\t<span class=\"elementor-button-content-wrapper\">\n\t\t\t\t\t\t\t\t\t<span class=\"elementor-button-text\">UN D\u00cdA COMO HOY<\/span>\n\t\t\t\t\t<\/span>\n\t\t\t\t\t<\/a>\n\t\t\t\t<\/div>\n\t\t\t\t\t\t\t\t<\/div>\n\t\t\t\t<\/div>\n\t\t\t\t<div class=\"elementor-element elementor-element-57786ec7 elementor-grid-1 elementor-grid-tablet-2 elementor-grid-mobile-1 elementor-posts--thumbnail-top elementor-card-shadow-yes elementor-posts__hover-gradient elementor-widget elementor-widget-posts\" data-id=\"57786ec7\" data-element_type=\"widget\" data-e-type=\"widget\" data-settings=\"{&quot;cards_columns&quot;:&quot;1&quot;,&quot;cards_row_gap&quot;:{&quot;unit&quot;:&quot;px&quot;,&quot;size&quot;:46,&quot;sizes&quot;:[]},&quot;cards_columns_tablet&quot;:&quot;2&quot;,&quot;cards_columns_mobile&quot;:&quot;1&quot;,&quot;cards_row_gap_tablet&quot;:{&quot;unit&quot;:&quot;px&quot;,&quot;size&quot;:&quot;&quot;,&quot;sizes&quot;:[]},&quot;cards_row_gap_mobile&quot;:{&quot;unit&quot;:&quot;px&quot;,&quot;size&quot;:&quot;&quot;,&quot;sizes&quot;:[]}}\" data-widget_type=\"posts.cards\">\n\t\t\t\t<div class=\"elementor-widget-container\">\n\t\t\t\t\t\t\t<div class=\"elementor-posts-container elementor-posts elementor-posts--skin-cards elementor-grid\" role=\"list\">\n\t\t\t\t<article class=\"elementor-post elementor-grid-item post-92861 post type-post status-publish format-standard has-post-thumbnail hentry category-un-dia-como-hoy tag-efemerides-30-de-agosto tag-transbordador-espacial-discovery\" role=\"listitem\">\n\t\t\t<div class=\"elementor-post__card\">\n\t\t\t\t<a class=\"elementor-post__thumbnail__link\" href=\"https:\/\/www.opinionpublica.tv\/portada\/efemerides-30-de-agosto-un-dia-como-hoy-en-la-historia-2\/\" tabindex=\"-1\" ><div class=\"elementor-post__thumbnail\"><img decoding=\"async\" width=\"300\" height=\"199\" src=\"https:\/\/www.opinionpublica.tv\/portada\/wp-content\/uploads\/2026\/08\/1984-Estados-Unidos-lanza-por-primera-vez-el-transbordador-espacial-Discovery-1-300x199.webp\" class=\"attachment-medium size-medium wp-image-92864\" alt=\"1984, Estados Unidos lanza por primera vez el transbordador espacial Discovery\" srcset=\"https:\/\/www.opinionpublica.tv\/portada\/wp-content\/uploads\/2026\/08\/1984-Estados-Unidos-lanza-por-primera-vez-el-transbordador-espacial-Discovery-1-300x199.webp 300w, https:\/\/www.opinionpublica.tv\/portada\/wp-content\/uploads\/2026\/08\/1984-Estados-Unidos-lanza-por-primera-vez-el-transbordador-espacial-Discovery-1-768x508.webp 768w, https:\/\/www.opinionpublica.tv\/portada\/wp-content\/uploads\/2026\/08\/1984-Estados-Unidos-lanza-por-primera-vez-el-transbordador-espacial-Discovery-1-1024x678.webp 1024w, https:\/\/www.opinionpublica.tv\/portada\/wp-content\/uploads\/2026\/08\/1984-Estados-Unidos-lanza-por-primera-vez-el-transbordador-espacial-Discovery-1.webp 1041w\" sizes=\"(max-width: 300px) 100vw, 300px\" \/><\/div><\/a>\n\t\t\t\t<div class=\"elementor-post__badge\">UN D\u00cdA COMO HOY...<\/div>\n\t\t\t\t<div class=\"elementor-post__text\">\n\t\t\t\t<h2 class=\"elementor-post__title\">\n\t\t\t<a href=\"https:\/\/www.opinionpublica.tv\/portada\/efemerides-30-de-agosto-un-dia-como-hoy-en-la-historia-2\/\" >\n\t\t\t\tEfem\u00e9rides 30 de agosto | Un d\u00eda como hoy en la historia&#8230;\t\t\t<\/a>\n\t\t<\/h2>\n\t\t\n\t\t<a class=\"elementor-post__read-more\" href=\"https:\/\/www.opinionpublica.tv\/portada\/efemerides-30-de-agosto-un-dia-como-hoy-en-la-historia-2\/\" aria-label=\"M\u00e1s informaci\u00f3n sobre Efem\u00e9rides 30 de agosto | Un d\u00eda como hoy en la historia&#8230;\" tabindex=\"-1\" >\n\t\t\tLeer m\u00e1s \u00bb\t\t<\/a>\n\n\t\t\t\t<\/div>\n\t\t\t\t<div class=\"elementor-post__meta-data\">\n\t\t\t\t\t<span class=\"elementor-post-author\">\n\t\t\tOPTV\t\t<\/span>\n\t\t\t\t<span class=\"elementor-post-date\">\n\t\t\t30 de agosto de 2026\t\t<\/span>\n\t\t\t\t<\/div>\n\t\t\t\t\t<\/div>\n\t\t<\/article>\n\t\t\t\t<\/div>\n\t\t\n\t\t\t\t\t\t<\/div>\n\t\t\t\t<\/div>\n\t\t\t\t<\/div>\n\t\t\t\t\t<\/div>\n\t\t\t\t<\/div>\n\t\t<div class=\"elementor-element elementor-element-361b782a e-flex e-con-boxed e-con e-parent\" data-id=\"361b782a\" data-element_type=\"container\" data-e-type=\"container\">\n\t\t\t\t\t<div class=\"e-con-inner\">\n\t\t\t\t<div class=\"elementor-element elementor-element-63b074f8 elementor-grid-3 elementor-grid-tablet-2 elementor-grid-mobile-1 elementor-posts--thumbnail-top elementor-card-shadow-yes elementor-posts__hover-gradient elementor-widget elementor-widget-posts\" data-id=\"63b074f8\" data-element_type=\"widget\" data-e-type=\"widget\" data-settings=\"{&quot;pagination_type&quot;:&quot;numbers&quot;,&quot;cards_columns&quot;:&quot;3&quot;,&quot;cards_columns_tablet&quot;:&quot;2&quot;,&quot;cards_columns_mobile&quot;:&quot;1&quot;,&quot;cards_row_gap&quot;:{&quot;unit&quot;:&quot;px&quot;,&quot;size&quot;:35,&quot;sizes&quot;:[]},&quot;cards_row_gap_tablet&quot;:{&quot;unit&quot;:&quot;px&quot;,&quot;size&quot;:&quot;&quot;,&quot;sizes&quot;:[]},&quot;cards_row_gap_mobile&quot;:{&quot;unit&quot;:&quot;px&quot;,&quot;size&quot;:&quot;&quot;,&quot;sizes&quot;:[]}}\" data-widget_type=\"posts.cards\">\n\t\t\t\t<div class=\"elementor-widget-container\">\n\t\t\t\t\t\t\t<div class=\"elementor-posts-container elementor-posts elementor-posts--skin-cards elementor-grid\" role=\"list\">\n\t\t\t\t<article class=\"elementor-post elementor-grid-item post-92701 post type-post status-publish format-standard has-post-thumbnail hentry category-videos-destacados-contenido category-videos-destacados category-videos tag-bbc-mundo tag-obesidad\" role=\"listitem\">\n\t\t\t<div class=\"elementor-post__card\">\n\t\t\t\t<a class=\"elementor-post__thumbnail__link\" href=\"https:\/\/www.opinionpublica.tv\/portada\/video-los-boligrafos2-para-adelgazar-que-podrian-cambiar-lo-que-entendemos-por-obesidad\/\" tabindex=\"-1\" ><div class=\"elementor-post__thumbnail\"><img decoding=\"async\" width=\"800\" height=\"452\" src=\"https:\/\/www.opinionpublica.tv\/portada\/wp-content\/uploads\/2026\/08\/Boligrafos-para-adelgazar-que-podrian-cambiar-la-obesidad-1024x578.png\" class=\"attachment-large size-large wp-image-92705\" alt=\"&#039;Boli\u0301grafos&#039; para adelgazar que podri\u0301an cambiar la obesidad\" srcset=\"https:\/\/www.opinionpublica.tv\/portada\/wp-content\/uploads\/2026\/08\/Boligrafos-para-adelgazar-que-podrian-cambiar-la-obesidad-1024x578.png 1024w, https:\/\/www.opinionpublica.tv\/portada\/wp-content\/uploads\/2026\/08\/Boligrafos-para-adelgazar-que-podrian-cambiar-la-obesidad-300x169.png 300w, https:\/\/www.opinionpublica.tv\/portada\/wp-content\/uploads\/2026\/08\/Boligrafos-para-adelgazar-que-podrian-cambiar-la-obesidad-768x434.png 768w, https:\/\/www.opinionpublica.tv\/portada\/wp-content\/uploads\/2026\/08\/Boligrafos-para-adelgazar-que-podrian-cambiar-la-obesidad-1536x867.png 1536w, https:\/\/www.opinionpublica.tv\/portada\/wp-content\/uploads\/2026\/08\/Boligrafos-para-adelgazar-que-podrian-cambiar-la-obesidad.png 1700w\" sizes=\"(max-width: 800px) 100vw, 800px\" \/><\/div><\/a>\n\t\t\t\t<div class=\"elementor-post__badge\">Videos Destacados<\/div>\n\t\t\t\t<div class=\"elementor-post__text\">\n\t\t\t\t<h1 class=\"elementor-post__title\">\n\t\t\t<a href=\"https:\/\/www.opinionpublica.tv\/portada\/video-los-boligrafos2-para-adelgazar-que-podrian-cambiar-lo-que-entendemos-por-obesidad\/\" >\n\t\t\t\tVideo: &#8216;Bol\u00edgrafos&#8217; para adelgazar que podr\u00edan cambiar la obesidad\t\t\t<\/a>\n\t\t<\/h1>\n\t\t\t\t<div class=\"elementor-post__excerpt\">\n\t\t\t<p>Por primera vez en d\u00e9cadas, la obesidad disminuy\u00f3 en Estados Unidos y cerca de 7 millones de personas dejaron de ser consideradas obesas. Detr\u00e1s de<\/p>\n\t\t<\/div>\n\t\t\n\t\t<a class=\"elementor-post__read-more\" href=\"https:\/\/www.opinionpublica.tv\/portada\/video-los-boligrafos2-para-adelgazar-que-podrian-cambiar-lo-que-entendemos-por-obesidad\/\" aria-label=\"M\u00e1s informaci\u00f3n sobre Video: &#8216;Bol\u00edgrafos&#8217; para adelgazar que podr\u00edan cambiar la obesidad\" tabindex=\"-1\" >\n\t\t\tLeer m\u00e1s \u00bb\t\t<\/a>\n\n\t\t\t\t<\/div>\n\t\t\t\t<div class=\"elementor-post__meta-data\">\n\t\t\t\t\t<span class=\"elementor-post-author\">\n\t\t\tOPTV\t\t<\/span>\n\t\t\t\t<span class=\"elementor-post-date\">\n\t\t\t28 de agosto de 2026\t\t<\/span>\n\t\t\t\t<\/div>\n\t\t\t\t\t<\/div>\n\t\t<\/article>\n\t\t\t\t<article class=\"elementor-post elementor-grid-item post-92616 post type-post status-publish format-standard has-post-thumbnail hentry category-videos-destacados-contenido category-videos-destacados category-videos tag-jesus-silva-herzog-marquez\" role=\"listitem\">\n\t\t\t<div class=\"elementor-post__card\">\n\t\t\t\t<a class=\"elementor-post__thumbnail__link\" href=\"https:\/\/www.opinionpublica.tv\/portada\/video-el-gobierno-recibe-una-caricia-de-eu-y-despues-una-bofetada-jesus-silva-herzog-marquez\/\" tabindex=\"-1\" ><div class=\"elementor-post__thumbnail\"><img loading=\"lazy\" decoding=\"async\" width=\"800\" height=\"450\" src=\"https:\/\/www.opinionpublica.tv\/portada\/wp-content\/uploads\/2026\/08\/El-gobierno-recibe-una-caricia-de-EU-y-despues-una-bofetada-Jesus-Silva-Herzog-M-1024x576.png\" class=\"attachment-large size-large wp-image-92618\" alt=\"El gobierno recibe una caricia de EU y despue\u0301s una bofetada | Jesu\u0301s Silva Herzog M\" srcset=\"https:\/\/www.opinionpublica.tv\/portada\/wp-content\/uploads\/2026\/08\/El-gobierno-recibe-una-caricia-de-EU-y-despues-una-bofetada-Jesus-Silva-Herzog-M-1024x576.png 1024w, https:\/\/www.opinionpublica.tv\/portada\/wp-content\/uploads\/2026\/08\/El-gobierno-recibe-una-caricia-de-EU-y-despues-una-bofetada-Jesus-Silva-Herzog-M-300x169.png 300w, https:\/\/www.opinionpublica.tv\/portada\/wp-content\/uploads\/2026\/08\/El-gobierno-recibe-una-caricia-de-EU-y-despues-una-bofetada-Jesus-Silva-Herzog-M-768x432.png 768w, https:\/\/www.opinionpublica.tv\/portada\/wp-content\/uploads\/2026\/08\/El-gobierno-recibe-una-caricia-de-EU-y-despues-una-bofetada-Jesus-Silva-Herzog-M-1536x864.png 1536w, https:\/\/www.opinionpublica.tv\/portada\/wp-content\/uploads\/2026\/08\/El-gobierno-recibe-una-caricia-de-EU-y-despues-una-bofetada-Jesus-Silva-Herzog-M.png 1704w\" sizes=\"(max-width: 800px) 100vw, 800px\" \/><\/div><\/a>\n\t\t\t\t<div class=\"elementor-post__badge\">Videos Destacados<\/div>\n\t\t\t\t<div class=\"elementor-post__text\">\n\t\t\t\t<h1 class=\"elementor-post__title\">\n\t\t\t<a href=\"https:\/\/www.opinionpublica.tv\/portada\/video-el-gobierno-recibe-una-caricia-de-eu-y-despues-una-bofetada-jesus-silva-herzog-marquez\/\" >\n\t\t\t\tVideo: El gobierno recibe una caricia de EU y despu\u00e9s una bofetada | Jes\u00fas Silva-Herzog M\t\t\t<\/a>\n\t\t<\/h1>\n\t\t\t\t<div class=\"elementor-post__excerpt\">\n\t\t\t<p>El acad\u00e9mico y analista pol\u00edtico, Jes\u00fas Silva-Herzog M\u00e1rquez, asegura que el gobierno de M\u00e9xico recibe una caricia de EU y despu\u00e9s una bofetada. Cr\u00e9ditos: Latinus.<\/p>\n\t\t<\/div>\n\t\t\n\t\t<a class=\"elementor-post__read-more\" href=\"https:\/\/www.opinionpublica.tv\/portada\/video-el-gobierno-recibe-una-caricia-de-eu-y-despues-una-bofetada-jesus-silva-herzog-marquez\/\" aria-label=\"M\u00e1s informaci\u00f3n sobre Video: El gobierno recibe una caricia de EU y despu\u00e9s una bofetada | Jes\u00fas Silva-Herzog M\" tabindex=\"-1\" >\n\t\t\tLeer m\u00e1s \u00bb\t\t<\/a>\n\n\t\t\t\t<\/div>\n\t\t\t\t<div class=\"elementor-post__meta-data\">\n\t\t\t\t\t<span class=\"elementor-post-author\">\n\t\t\tOPTV\t\t<\/span>\n\t\t\t\t<span class=\"elementor-post-date\">\n\t\t\t27 de agosto de 2026\t\t<\/span>\n\t\t\t\t<\/div>\n\t\t\t\t\t<\/div>\n\t\t<\/article>\n\t\t\t\t<article class=\"elementor-post elementor-grid-item post-92541 post type-post status-publish format-standard has-post-thumbnail hentry category-videos-destacados-contenido category-videos-destacados category-videos tag-lorenzo-cordova tag-ruben-rocha-moya\" role=\"listitem\">\n\t\t\t<div class=\"elementor-post__card\">\n\t\t\t\t<a class=\"elementor-post__thumbnail__link\" href=\"https:\/\/www.opinionpublica.tv\/portada\/video-oficialismo-es-responsable-de-la-insensata-decision-de-rocha-moya-lorenzo-cordova\/\" tabindex=\"-1\" ><div class=\"elementor-post__thumbnail\"><img loading=\"lazy\" decoding=\"async\" width=\"800\" height=\"452\" src=\"https:\/\/www.opinionpublica.tv\/portada\/wp-content\/uploads\/2026\/08\/El-oficialismo-es-el-responsable-de-la-decision-de-Rocha-Moya-Lorenzo-Cordova-1024x578.png\" class=\"attachment-large size-large wp-image-92546\" alt=\"El oficialismo es el responsable de la decisio\u0301n de Rocha Moya | Lorenzo Co\u0301rdova\" srcset=\"https:\/\/www.opinionpublica.tv\/portada\/wp-content\/uploads\/2026\/08\/El-oficialismo-es-el-responsable-de-la-decision-de-Rocha-Moya-Lorenzo-Cordova-1024x578.png 1024w, https:\/\/www.opinionpublica.tv\/portada\/wp-content\/uploads\/2026\/08\/El-oficialismo-es-el-responsable-de-la-decision-de-Rocha-Moya-Lorenzo-Cordova-300x169.png 300w, https:\/\/www.opinionpublica.tv\/portada\/wp-content\/uploads\/2026\/08\/El-oficialismo-es-el-responsable-de-la-decision-de-Rocha-Moya-Lorenzo-Cordova-768x434.png 768w, https:\/\/www.opinionpublica.tv\/portada\/wp-content\/uploads\/2026\/08\/El-oficialismo-es-el-responsable-de-la-decision-de-Rocha-Moya-Lorenzo-Cordova-1536x867.png 1536w, https:\/\/www.opinionpublica.tv\/portada\/wp-content\/uploads\/2026\/08\/El-oficialismo-es-el-responsable-de-la-decision-de-Rocha-Moya-Lorenzo-Cordova.png 1704w\" sizes=\"(max-width: 800px) 100vw, 800px\" \/><\/div><\/a>\n\t\t\t\t<div class=\"elementor-post__badge\">Videos Destacados<\/div>\n\t\t\t\t<div class=\"elementor-post__text\">\n\t\t\t\t<h1 class=\"elementor-post__title\">\n\t\t\t<a href=\"https:\/\/www.opinionpublica.tv\/portada\/video-oficialismo-es-responsable-de-la-insensata-decision-de-rocha-moya-lorenzo-cordova\/\" >\n\t\t\t\tVideo: El oficialismo es el responsable de la decisi\u00f3n de Rocha Moya | Lorenzo C\u00f3rdova\t\t\t<\/a>\n\t\t<\/h1>\n\t\t\t\t<div class=\"elementor-post__excerpt\">\n\t\t\t<p>El acad\u00e9mico y ex presidente del INE, Lorenzo C\u00f3rdova, asegura que el oficialismo es el \u00fanico responsable de la insensata decisi\u00f3n de Rub\u00e9n Rocha Moya,<\/p>\n\t\t<\/div>\n\t\t\n\t\t<a class=\"elementor-post__read-more\" href=\"https:\/\/www.opinionpublica.tv\/portada\/video-oficialismo-es-responsable-de-la-insensata-decision-de-rocha-moya-lorenzo-cordova\/\" aria-label=\"M\u00e1s informaci\u00f3n sobre Video: El oficialismo es el responsable de la decisi\u00f3n de Rocha Moya | Lorenzo C\u00f3rdova\" tabindex=\"-1\" >\n\t\t\tLeer m\u00e1s \u00bb\t\t<\/a>\n\n\t\t\t\t<\/div>\n\t\t\t\t<div class=\"elementor-post__meta-data\">\n\t\t\t\t\t<span class=\"elementor-post-author\">\n\t\t\tOPTV\t\t<\/span>\n\t\t\t\t<span class=\"elementor-post-date\">\n\t\t\t26 de agosto de 2026\t\t<\/span>\n\t\t\t\t<\/div>\n\t\t\t\t\t<\/div>\n\t\t<\/article>\n\t\t\t\t<article class=\"elementor-post elementor-grid-item post-92485 post type-post status-publish format-standard has-post-thumbnail hentry category-videos-destacados-contenido category-videos-destacados category-videos tag-evangelio-de-hoy\" role=\"listitem\">\n\t\t\t<div class=\"elementor-post__card\">\n\t\t\t\t<a class=\"elementor-post__thumbnail__link\" href=\"https:\/\/www.opinionpublica.tv\/portada\/video-el-evangelio-de-hoy-martes-25-de-agosto-de-2026\/\" tabindex=\"-1\" ><div class=\"elementor-post__thumbnail\"><img loading=\"lazy\" decoding=\"async\" width=\"800\" height=\"454\" src=\"https:\/\/www.opinionpublica.tv\/portada\/wp-content\/uploads\/2026\/08\/El-Evangelio-de-hoy-Martes-25-de-agosto-de-2026-1024x581.png\" class=\"attachment-large size-large wp-image-92487\" alt=\"El Evangelio de hoy | Martes 25 de agosto de\" srcset=\"https:\/\/www.opinionpublica.tv\/portada\/wp-content\/uploads\/2026\/08\/El-Evangelio-de-hoy-Martes-25-de-agosto-de-2026-1024x581.png 1024w, https:\/\/www.opinionpublica.tv\/portada\/wp-content\/uploads\/2026\/08\/El-Evangelio-de-hoy-Martes-25-de-agosto-de-2026-300x170.png 300w, https:\/\/www.opinionpublica.tv\/portada\/wp-content\/uploads\/2026\/08\/El-Evangelio-de-hoy-Martes-25-de-agosto-de-2026-768x436.png 768w, https:\/\/www.opinionpublica.tv\/portada\/wp-content\/uploads\/2026\/08\/El-Evangelio-de-hoy-Martes-25-de-agosto-de-2026-1536x871.png 1536w, https:\/\/www.opinionpublica.tv\/portada\/wp-content\/uploads\/2026\/08\/El-Evangelio-de-hoy-Martes-25-de-agosto-de-2026.png 1700w\" sizes=\"(max-width: 800px) 100vw, 800px\" \/><\/div><\/a>\n\t\t\t\t<div class=\"elementor-post__badge\">Videos Destacados<\/div>\n\t\t\t\t<div class=\"elementor-post__text\">\n\t\t\t\t<h1 class=\"elementor-post__title\">\n\t\t\t<a href=\"https:\/\/www.opinionpublica.tv\/portada\/video-el-evangelio-de-hoy-martes-25-de-agosto-de-2026\/\" >\n\t\t\t\tVideo: El Evangelio de hoy | Martes 25 de agosto de 2026\t\t\t<\/a>\n\t\t<\/h1>\n\t\t\t\t<div class=\"elementor-post__excerpt\">\n\t\t\t<p>\u00ab\u00a1Ay de vosotros, escribas y fariseos hip\u00f3critas, que pag\u00e1is el diezmo&#8230; y descuid\u00e1is lo m\u00e1s grave de la ley: la justicia, la misericordia y la<\/p>\n\t\t<\/div>\n\t\t\n\t\t<a class=\"elementor-post__read-more\" href=\"https:\/\/www.opinionpublica.tv\/portada\/video-el-evangelio-de-hoy-martes-25-de-agosto-de-2026\/\" aria-label=\"M\u00e1s informaci\u00f3n sobre Video: El Evangelio de hoy | Martes 25 de agosto de 2026\" tabindex=\"-1\" >\n\t\t\tLeer m\u00e1s \u00bb\t\t<\/a>\n\n\t\t\t\t<\/div>\n\t\t\t\t<div class=\"elementor-post__meta-data\">\n\t\t\t\t\t<span class=\"elementor-post-author\">\n\t\t\tOPTV\t\t<\/span>\n\t\t\t\t<span class=\"elementor-post-date\">\n\t\t\t25 de agosto de 2026\t\t<\/span>\n\t\t\t\t<\/div>\n\t\t\t\t\t<\/div>\n\t\t<\/article>\n\t\t\t\t<article class=\"elementor-post elementor-grid-item post-92417 post type-post status-publish format-standard has-post-thumbnail hentry category-videos-destacados-contenido category-videos-destacados category-videos tag-andy-lopez-beltran tag-latinus\" role=\"listitem\">\n\t\t\t<div class=\"elementor-post__card\">\n\t\t\t\t<a class=\"elementor-post__thumbnail__link\" href=\"https:\/\/www.opinionpublica.tv\/portada\/video-andy-la-caida-del-principe-latinus\/\" tabindex=\"-1\" ><div class=\"elementor-post__thumbnail\"><img loading=\"lazy\" decoding=\"async\" width=\"800\" height=\"455\" src=\"https:\/\/www.opinionpublica.tv\/portada\/wp-content\/uploads\/2026\/08\/Andy-la-caida-del-principe-Documental-Estreno-Latinus-1024x583.png\" class=\"attachment-large size-large wp-image-92424\" alt=\"Andy, la cai\u0301da del pri\u0301ncipe | Documental | Estreno Latinus\" srcset=\"https:\/\/www.opinionpublica.tv\/portada\/wp-content\/uploads\/2026\/08\/Andy-la-caida-del-principe-Documental-Estreno-Latinus-1024x583.png 1024w, https:\/\/www.opinionpublica.tv\/portada\/wp-content\/uploads\/2026\/08\/Andy-la-caida-del-principe-Documental-Estreno-Latinus-300x171.png 300w, https:\/\/www.opinionpublica.tv\/portada\/wp-content\/uploads\/2026\/08\/Andy-la-caida-del-principe-Documental-Estreno-Latinus-768x437.png 768w, https:\/\/www.opinionpublica.tv\/portada\/wp-content\/uploads\/2026\/08\/Andy-la-caida-del-principe-Documental-Estreno-Latinus-1536x874.png 1536w, https:\/\/www.opinionpublica.tv\/portada\/wp-content\/uploads\/2026\/08\/Andy-la-caida-del-principe-Documental-Estreno-Latinus.png 1690w\" sizes=\"(max-width: 800px) 100vw, 800px\" \/><\/div><\/a>\n\t\t\t\t<div class=\"elementor-post__badge\">Videos Destacados<\/div>\n\t\t\t\t<div class=\"elementor-post__text\">\n\t\t\t\t<h1 class=\"elementor-post__title\">\n\t\t\t<a href=\"https:\/\/www.opinionpublica.tv\/portada\/video-andy-la-caida-del-principe-latinus\/\" >\n\t\t\t\tVideo: Andy, la ca\u00edda del pr\u00edncipe | Documental | Estreno Latinus\t\t\t<\/a>\n\t\t<\/h1>\n\t\t\t\t<div class=\"elementor-post__excerpt\">\n\t\t\t<p>Sustentado en una amplia investigaci\u00f3n period\u00edstica, este documental de la plataforma Latinus expone la amplia red de corrupci\u00f3n que encabeza el hijo mayor del ex<\/p>\n\t\t<\/div>\n\t\t\n\t\t<a class=\"elementor-post__read-more\" href=\"https:\/\/www.opinionpublica.tv\/portada\/video-andy-la-caida-del-principe-latinus\/\" aria-label=\"M\u00e1s informaci\u00f3n sobre Video: Andy, la ca\u00edda del pr\u00edncipe | Documental | Estreno Latinus\" tabindex=\"-1\" >\n\t\t\tLeer m\u00e1s \u00bb\t\t<\/a>\n\n\t\t\t\t<\/div>\n\t\t\t\t<div class=\"elementor-post__meta-data\">\n\t\t\t\t\t<span class=\"elementor-post-author\">\n\t\t\tOPTV\t\t<\/span>\n\t\t\t\t<span class=\"elementor-post-date\">\n\t\t\t24 de agosto de 2026\t\t<\/span>\n\t\t\t\t<\/div>\n\t\t\t\t\t<\/div>\n\t\t<\/article>\n\t\t\t\t<article class=\"elementor-post elementor-grid-item post-92414 post type-post status-publish format-standard has-post-thumbnail hentry category-videos-destacados-contenido category-videos-destacados category-videos tag-angelus-papa-leon-xiv tag-ciudad-del-vaticano\" role=\"listitem\">\n\t\t\t<div class=\"elementor-post__card\">\n\t\t\t\t<a class=\"elementor-post__thumbnail__link\" href=\"https:\/\/www.opinionpublica.tv\/portada\/video-angelus-papa-leon-xiv-domingo-23-de-agosto-de-2026\/\" tabindex=\"-1\" ><div class=\"elementor-post__thumbnail\"><img loading=\"lazy\" decoding=\"async\" width=\"800\" height=\"453\" src=\"https:\/\/www.opinionpublica.tv\/portada\/wp-content\/uploads\/2026\/08\/Angelus-Papa-Leon-XIV-Domingo-23-de-agosto-de-2026-1024x580.png\" class=\"attachment-large size-large wp-image-92416\" alt=\"A\u0301ngelus Papa Leo\u0301n XIV | Domingo 23 de agosto de\" srcset=\"https:\/\/www.opinionpublica.tv\/portada\/wp-content\/uploads\/2026\/08\/Angelus-Papa-Leon-XIV-Domingo-23-de-agosto-de-2026-1024x580.png 1024w, https:\/\/www.opinionpublica.tv\/portada\/wp-content\/uploads\/2026\/08\/Angelus-Papa-Leon-XIV-Domingo-23-de-agosto-de-2026-300x170.png 300w, https:\/\/www.opinionpublica.tv\/portada\/wp-content\/uploads\/2026\/08\/Angelus-Papa-Leon-XIV-Domingo-23-de-agosto-de-2026-768x435.png 768w, https:\/\/www.opinionpublica.tv\/portada\/wp-content\/uploads\/2026\/08\/Angelus-Papa-Leon-XIV-Domingo-23-de-agosto-de-2026-1536x870.png 1536w, https:\/\/www.opinionpublica.tv\/portada\/wp-content\/uploads\/2026\/08\/Angelus-Papa-Leon-XIV-Domingo-23-de-agosto-de-2026.png 1694w\" sizes=\"(max-width: 800px) 100vw, 800px\" \/><\/div><\/a>\n\t\t\t\t<div class=\"elementor-post__badge\">Videos Destacados<\/div>\n\t\t\t\t<div class=\"elementor-post__text\">\n\t\t\t\t<h1 class=\"elementor-post__title\">\n\t\t\t<a href=\"https:\/\/www.opinionpublica.tv\/portada\/video-angelus-papa-leon-xiv-domingo-23-de-agosto-de-2026\/\" >\n\t\t\t\tVideo: \u00c1ngelus Papa Le\u00f3n XIV | Domingo 23 de agosto de 2026\t\t\t<\/a>\n\t\t<\/h1>\n\t\t\t\t<div class=\"elementor-post__excerpt\">\n\t\t\t<p>Ciudad del Vaticano.- Desde la Plaza de San Pedro, el rezo de la Oraci\u00f3n del \u00c1ngelus, dirigido por el Papa Le\u00f3n XIV.<\/p>\n\t\t<\/div>\n\t\t\n\t\t<a class=\"elementor-post__read-more\" href=\"https:\/\/www.opinionpublica.tv\/portada\/video-angelus-papa-leon-xiv-domingo-23-de-agosto-de-2026\/\" aria-label=\"M\u00e1s informaci\u00f3n sobre Video: \u00c1ngelus Papa Le\u00f3n XIV | Domingo 23 de agosto de 2026\" tabindex=\"-1\" >\n\t\t\tLeer m\u00e1s \u00bb\t\t<\/a>\n\n\t\t\t\t<\/div>\n\t\t\t\t<div class=\"elementor-post__meta-data\">\n\t\t\t\t\t<span class=\"elementor-post-author\">\n\t\t\tOPTV\t\t<\/span>\n\t\t\t\t<span class=\"elementor-post-date\">\n\t\t\t23 de agosto de 2026\t\t<\/span>\n\t\t\t\t<\/div>\n\t\t\t\t\t<\/div>\n\t\t<\/article>\n\t\t\t\t<article class=\"elementor-post elementor-grid-item post-92267 post type-post status-publish format-standard has-post-thumbnail hentry category-videos-destacados-contenido category-videos-destacados category-videos tag-hector-de-mauleon\" role=\"listitem\">\n\t\t\t<div class=\"elementor-post__card\">\n\t\t\t\t<a class=\"elementor-post__thumbnail__link\" href=\"https:\/\/www.opinionpublica.tv\/portada\/video-en-palacio-nacional-la-casa-esta-incendiada-hector-de-mauleon\/\" tabindex=\"-1\" ><div class=\"elementor-post__thumbnail\"><img loading=\"lazy\" decoding=\"async\" width=\"800\" height=\"453\" src=\"https:\/\/www.opinionpublica.tv\/portada\/wp-content\/uploads\/2026\/08\/En-Palacio-Nacional-la-casa-esta-incendiada-Hector-de-Mauleon-Latinus-1024x580.png\" class=\"attachment-large size-large wp-image-92269\" alt=\"En Palacio Nacional la casa esta\u0301 incendiada | He\u0301ctor de Mauleo\u0301n | Latinus\" srcset=\"https:\/\/www.opinionpublica.tv\/portada\/wp-content\/uploads\/2026\/08\/En-Palacio-Nacional-la-casa-esta-incendiada-Hector-de-Mauleon-Latinus-1024x580.png 1024w, https:\/\/www.opinionpublica.tv\/portada\/wp-content\/uploads\/2026\/08\/En-Palacio-Nacional-la-casa-esta-incendiada-Hector-de-Mauleon-Latinus-300x170.png 300w, https:\/\/www.opinionpublica.tv\/portada\/wp-content\/uploads\/2026\/08\/En-Palacio-Nacional-la-casa-esta-incendiada-Hector-de-Mauleon-Latinus-768x435.png 768w, https:\/\/www.opinionpublica.tv\/portada\/wp-content\/uploads\/2026\/08\/En-Palacio-Nacional-la-casa-esta-incendiada-Hector-de-Mauleon-Latinus-1536x870.png 1536w, https:\/\/www.opinionpublica.tv\/portada\/wp-content\/uploads\/2026\/08\/En-Palacio-Nacional-la-casa-esta-incendiada-Hector-de-Mauleon-Latinus.png 1692w\" sizes=\"(max-width: 800px) 100vw, 800px\" \/><\/div><\/a>\n\t\t\t\t<div class=\"elementor-post__badge\">Videos Destacados<\/div>\n\t\t\t\t<div class=\"elementor-post__text\">\n\t\t\t\t<h1 class=\"elementor-post__title\">\n\t\t\t<a href=\"https:\/\/www.opinionpublica.tv\/portada\/video-en-palacio-nacional-la-casa-esta-incendiada-hector-de-mauleon\/\" >\n\t\t\t\tVideo: En Palacio Nacional la casa est\u00e1 incendiada | H\u00e9ctor de Maule\u00f3n | Latinus\t\t\t<\/a>\n\t\t<\/h1>\n\t\t\t\t<div class=\"elementor-post__excerpt\">\n\t\t\t<p>El periodista e&nbsp; historiador, H\u00e9ctor de Maule\u00f3n, asegura que los constantes esc\u00e1ndalos de los hijos del ex presidente L\u00f3pez Obrador est\u00e1n afectando ya la salud<\/p>\n\t\t<\/div>\n\t\t\n\t\t<a class=\"elementor-post__read-more\" href=\"https:\/\/www.opinionpublica.tv\/portada\/video-en-palacio-nacional-la-casa-esta-incendiada-hector-de-mauleon\/\" aria-label=\"M\u00e1s informaci\u00f3n sobre Video: En Palacio Nacional la casa est\u00e1 incendiada | H\u00e9ctor de Maule\u00f3n | Latinus\" tabindex=\"-1\" >\n\t\t\tLeer m\u00e1s \u00bb\t\t<\/a>\n\n\t\t\t\t<\/div>\n\t\t\t\t<div class=\"elementor-post__meta-data\">\n\t\t\t\t\t<span class=\"elementor-post-author\">\n\t\t\tOPTV\t\t<\/span>\n\t\t\t\t<span class=\"elementor-post-date\">\n\t\t\t22 de agosto de 2026\t\t<\/span>\n\t\t\t\t<\/div>\n\t\t\t\t\t<\/div>\n\t\t<\/article>\n\t\t\t\t<article class=\"elementor-post elementor-grid-item post-92200 post type-post status-publish format-standard has-post-thumbnail hentry category-videos-destacados category-videos-destacados-contenido category-videos tag-arturo-sarukhan\" role=\"listitem\">\n\t\t\t<div class=\"elementor-post__card\">\n\t\t\t\t<a class=\"elementor-post__thumbnail__link\" href=\"https:\/\/www.opinionpublica.tv\/portada\/video-mexico-da-verguenza-en-politica-exterior-ahora-fue-nicaragua-arturo-sarukhan\/\" tabindex=\"-1\" ><div class=\"elementor-post__thumbnail\"><img loading=\"lazy\" decoding=\"async\" width=\"800\" height=\"453\" src=\"https:\/\/www.opinionpublica.tv\/portada\/wp-content\/uploads\/2026\/08\/Mexico-da-verguenza-en-politica-exterior-en-Nicaragua-Arturo-Sarukhan-1024x580.png\" class=\"attachment-large size-large wp-image-92203\" alt=\"Me\u0301xico da vergu\u0308enza en poli\u0301tica exterior en Nicaragua | Arturo Sarukha\u0301n\" srcset=\"https:\/\/www.opinionpublica.tv\/portada\/wp-content\/uploads\/2026\/08\/Mexico-da-verguenza-en-politica-exterior-en-Nicaragua-Arturo-Sarukhan-1024x580.png 1024w, https:\/\/www.opinionpublica.tv\/portada\/wp-content\/uploads\/2026\/08\/Mexico-da-verguenza-en-politica-exterior-en-Nicaragua-Arturo-Sarukhan-300x170.png 300w, https:\/\/www.opinionpublica.tv\/portada\/wp-content\/uploads\/2026\/08\/Mexico-da-verguenza-en-politica-exterior-en-Nicaragua-Arturo-Sarukhan-768x435.png 768w, https:\/\/www.opinionpublica.tv\/portada\/wp-content\/uploads\/2026\/08\/Mexico-da-verguenza-en-politica-exterior-en-Nicaragua-Arturo-Sarukhan-1536x870.png 1536w, https:\/\/www.opinionpublica.tv\/portada\/wp-content\/uploads\/2026\/08\/Mexico-da-verguenza-en-politica-exterior-en-Nicaragua-Arturo-Sarukhan.png 1692w\" sizes=\"(max-width: 800px) 100vw, 800px\" \/><\/div><\/a>\n\t\t\t\t<div class=\"elementor-post__badge\">Videos Destacados<\/div>\n\t\t\t\t<div class=\"elementor-post__text\">\n\t\t\t\t<h1 class=\"elementor-post__title\">\n\t\t\t<a href=\"https:\/\/www.opinionpublica.tv\/portada\/video-mexico-da-verguenza-en-politica-exterior-ahora-fue-nicaragua-arturo-sarukhan\/\" >\n\t\t\t\tVideo: M\u00e9xico da verg\u00fcenza en pol\u00edtica exterior en Nicaragua | Arturo Sarukh\u00e1n\t\t\t<\/a>\n\t\t<\/h1>\n\t\t\t\t<div class=\"elementor-post__excerpt\">\n\t\t\t<p>El acad\u00e9mico y ex embajador de M\u00e9xico en Estados Unidos, Arturo Sarukh\u00e1n, asegura que el gobierno de la 4T \u201cva de verg\u00fcenza en verg\u00fcenza en<\/p>\n\t\t<\/div>\n\t\t\n\t\t<a class=\"elementor-post__read-more\" href=\"https:\/\/www.opinionpublica.tv\/portada\/video-mexico-da-verguenza-en-politica-exterior-ahora-fue-nicaragua-arturo-sarukhan\/\" aria-label=\"M\u00e1s informaci\u00f3n sobre Video: M\u00e9xico da verg\u00fcenza en pol\u00edtica exterior en Nicaragua | Arturo Sarukh\u00e1n\" tabindex=\"-1\" >\n\t\t\tLeer m\u00e1s \u00bb\t\t<\/a>\n\n\t\t\t\t<\/div>\n\t\t\t\t<div class=\"elementor-post__meta-data\">\n\t\t\t\t\t<span class=\"elementor-post-author\">\n\t\t\tOPTV\t\t<\/span>\n\t\t\t\t<span class=\"elementor-post-date\">\n\t\t\t21 de agosto de 2026\t\t<\/span>\n\t\t\t\t<\/div>\n\t\t\t\t\t<\/div>\n\t\t<\/article>\n\t\t\t\t<article class=\"elementor-post elementor-grid-item post-92131 post type-post status-publish format-standard has-post-thumbnail hentry category-videos-destacados category-videos-destacados-contenido category-videos tag-evangelio-de-hoy\" role=\"listitem\">\n\t\t\t<div class=\"elementor-post__card\">\n\t\t\t\t<a class=\"elementor-post__thumbnail__link\" href=\"https:\/\/www.opinionpublica.tv\/portada\/video-el-evangelio-de-hoy-jueves-20-de-agosto-de-2026\/\" tabindex=\"-1\" ><div class=\"elementor-post__thumbnail\"><img loading=\"lazy\" decoding=\"async\" width=\"800\" height=\"452\" src=\"https:\/\/www.opinionpublica.tv\/portada\/wp-content\/uploads\/2026\/08\/El-Evangelio-de-hoy-Jueves-20-de-agosto-de-2026-1024x579.png\" class=\"attachment-large size-large wp-image-92133\" alt=\"El Evangelio de hoy | Jueves 20 de agosto de\" srcset=\"https:\/\/www.opinionpublica.tv\/portada\/wp-content\/uploads\/2026\/08\/El-Evangelio-de-hoy-Jueves-20-de-agosto-de-2026-1024x579.png 1024w, https:\/\/www.opinionpublica.tv\/portada\/wp-content\/uploads\/2026\/08\/El-Evangelio-de-hoy-Jueves-20-de-agosto-de-2026-300x170.png 300w, https:\/\/www.opinionpublica.tv\/portada\/wp-content\/uploads\/2026\/08\/El-Evangelio-de-hoy-Jueves-20-de-agosto-de-2026-768x434.png 768w, https:\/\/www.opinionpublica.tv\/portada\/wp-content\/uploads\/2026\/08\/El-Evangelio-de-hoy-Jueves-20-de-agosto-de-2026-1536x868.png 1536w, https:\/\/www.opinionpublica.tv\/portada\/wp-content\/uploads\/2026\/08\/El-Evangelio-de-hoy-Jueves-20-de-agosto-de-2026.png 1706w\" sizes=\"(max-width: 800px) 100vw, 800px\" \/><\/div><\/a>\n\t\t\t\t<div class=\"elementor-post__badge\">Videos Destacados<\/div>\n\t\t\t\t<div class=\"elementor-post__text\">\n\t\t\t\t<h1 class=\"elementor-post__title\">\n\t\t\t<a href=\"https:\/\/www.opinionpublica.tv\/portada\/video-el-evangelio-de-hoy-jueves-20-de-agosto-de-2026\/\" >\n\t\t\t\tVideo: El Evangelio de hoy | Jueves 20 de agosto de 2026\t\t\t<\/a>\n\t\t<\/h1>\n\t\t\t\t<div class=\"elementor-post__excerpt\">\n\t\t\t<p>\u00abAmigo, \u00bfc\u00f3mo has entrado aqu\u00ed sin el traje de fiesta?\u00bb. Mateo 22, 1-14. Reflexiones para este jueves 1. Dios invita a todos al banquete de<\/p>\n\t\t<\/div>\n\t\t\n\t\t<a class=\"elementor-post__read-more\" href=\"https:\/\/www.opinionpublica.tv\/portada\/video-el-evangelio-de-hoy-jueves-20-de-agosto-de-2026\/\" aria-label=\"M\u00e1s informaci\u00f3n sobre Video: El Evangelio de hoy | Jueves 20 de agosto de 2026\" tabindex=\"-1\" >\n\t\t\tLeer m\u00e1s \u00bb\t\t<\/a>\n\n\t\t\t\t<\/div>\n\t\t\t\t<div class=\"elementor-post__meta-data\">\n\t\t\t\t\t<span class=\"elementor-post-author\">\n\t\t\tOPTV\t\t<\/span>\n\t\t\t\t<span class=\"elementor-post-date\">\n\t\t\t20 de agosto de 2026\t\t<\/span>\n\t\t\t\t<\/div>\n\t\t\t\t\t<\/div>\n\t\t<\/article>\n\t\t\t\t<article class=\"elementor-post elementor-grid-item post-92068 post type-post status-publish format-standard has-post-thumbnail hentry category-videos-destacados category-videos-destacados-contenido category-videos tag-lorenzo-cordova tag-morena\" role=\"listitem\">\n\t\t\t<div class=\"elementor-post__card\">\n\t\t\t\t<a class=\"elementor-post__thumbnail__link\" href=\"https:\/\/www.opinionpublica.tv\/portada\/video-listas-de-la-4t-impulsan-narrativa-de-lucha-entre-el-bien-y-el-mal-lorenzo-cordova\/\" tabindex=\"-1\" ><div class=\"elementor-post__thumbnail\"><img loading=\"lazy\" decoding=\"async\" width=\"800\" height=\"448\" src=\"https:\/\/www.opinionpublica.tv\/portada\/wp-content\/uploads\/2026\/08\/Listas-de-la-4T-impulsan-narrativa-de-lucha-entre-el-bien-y-el-mal-Lorenzo-Cordova-1024x574.png\" class=\"attachment-large size-large wp-image-92070\" alt=\"Listas de la 4T impulsan narrativa de lucha entre el bien y el mal | Lorenzo Co\u0301rdova\" srcset=\"https:\/\/www.opinionpublica.tv\/portada\/wp-content\/uploads\/2026\/08\/Listas-de-la-4T-impulsan-narrativa-de-lucha-entre-el-bien-y-el-mal-Lorenzo-Cordova-1024x574.png 1024w, https:\/\/www.opinionpublica.tv\/portada\/wp-content\/uploads\/2026\/08\/Listas-de-la-4T-impulsan-narrativa-de-lucha-entre-el-bien-y-el-mal-Lorenzo-Cordova-300x168.png 300w, https:\/\/www.opinionpublica.tv\/portada\/wp-content\/uploads\/2026\/08\/Listas-de-la-4T-impulsan-narrativa-de-lucha-entre-el-bien-y-el-mal-Lorenzo-Cordova-768x431.png 768w, https:\/\/www.opinionpublica.tv\/portada\/wp-content\/uploads\/2026\/08\/Listas-de-la-4T-impulsan-narrativa-de-lucha-entre-el-bien-y-el-mal-Lorenzo-Cordova-1536x861.png 1536w, https:\/\/www.opinionpublica.tv\/portada\/wp-content\/uploads\/2026\/08\/Listas-de-la-4T-impulsan-narrativa-de-lucha-entre-el-bien-y-el-mal-Lorenzo-Cordova.png 1698w\" sizes=\"(max-width: 800px) 100vw, 800px\" \/><\/div><\/a>\n\t\t\t\t<div class=\"elementor-post__badge\">Videos Destacados<\/div>\n\t\t\t\t<div class=\"elementor-post__text\">\n\t\t\t\t<h1 class=\"elementor-post__title\">\n\t\t\t<a href=\"https:\/\/www.opinionpublica.tv\/portada\/video-listas-de-la-4t-impulsan-narrativa-de-lucha-entre-el-bien-y-el-mal-lorenzo-cordova\/\" >\n\t\t\t\tVideo: Listas de la 4T impulsan narrativa de lucha entre el bien y el mal | Lorenzo C\u00f3rdova\t\t\t<\/a>\n\t\t<\/h1>\n\t\t\t\t<div class=\"elementor-post__excerpt\">\n\t\t\t<p>El acad\u00e9mico y ex presidente del INE, Lorenzo C\u00f3rdova, asegura que las listas de periodistas que fueron publicadas por La Presidencia de M\u00e9xico y que<\/p>\n\t\t<\/div>\n\t\t\n\t\t<a class=\"elementor-post__read-more\" href=\"https:\/\/www.opinionpublica.tv\/portada\/video-listas-de-la-4t-impulsan-narrativa-de-lucha-entre-el-bien-y-el-mal-lorenzo-cordova\/\" aria-label=\"M\u00e1s informaci\u00f3n sobre Video: Listas de la 4T impulsan narrativa de lucha entre el bien y el mal | Lorenzo C\u00f3rdova\" tabindex=\"-1\" >\n\t\t\tLeer m\u00e1s \u00bb\t\t<\/a>\n\n\t\t\t\t<\/div>\n\t\t\t\t<div class=\"elementor-post__meta-data\">\n\t\t\t\t\t<span class=\"elementor-post-author\">\n\t\t\tOPTV\t\t<\/span>\n\t\t\t\t<span class=\"elementor-post-date\">\n\t\t\t19 de agosto de 2026\t\t<\/span>\n\t\t\t\t<\/div>\n\t\t\t\t\t<\/div>\n\t\t<\/article>\n\t\t\t\t<article class=\"elementor-post elementor-grid-item post-91998 post type-post status-publish format-standard has-post-thumbnail hentry category-videos-destacados category-videos-destacados-contenido category-videos tag-arturo-sarukhan\" role=\"listitem\">\n\t\t\t<div class=\"elementor-post__card\">\n\t\t\t\t<a class=\"elementor-post__thumbnail__link\" href=\"https:\/\/www.opinionpublica.tv\/portada\/las-primarias-para-las-elecciones-intermedias-revelan-un-partido-democrata-dividido-arturo-sarukhan\/\" tabindex=\"-1\" ><div class=\"elementor-post__thumbnail\"><img loading=\"lazy\" decoding=\"async\" width=\"800\" height=\"450\" src=\"https:\/\/www.opinionpublica.tv\/portada\/wp-content\/uploads\/2026\/08\/Primarias-para-intermedias-revelan-a-democratas-divididos-Arturo-Sarukhan-1024x576.png\" class=\"attachment-large size-large wp-image-92003\" alt=\"Primarias para intermedias revelan a demo\u0301cratas divididos | Arturo Sarukha\u0301n\" srcset=\"https:\/\/www.opinionpublica.tv\/portada\/wp-content\/uploads\/2026\/08\/Primarias-para-intermedias-revelan-a-democratas-divididos-Arturo-Sarukhan-1024x576.png 1024w, https:\/\/www.opinionpublica.tv\/portada\/wp-content\/uploads\/2026\/08\/Primarias-para-intermedias-revelan-a-democratas-divididos-Arturo-Sarukhan-300x169.png 300w, https:\/\/www.opinionpublica.tv\/portada\/wp-content\/uploads\/2026\/08\/Primarias-para-intermedias-revelan-a-democratas-divididos-Arturo-Sarukhan-768x432.png 768w, https:\/\/www.opinionpublica.tv\/portada\/wp-content\/uploads\/2026\/08\/Primarias-para-intermedias-revelan-a-democratas-divididos-Arturo-Sarukhan-1536x864.png 1536w, https:\/\/www.opinionpublica.tv\/portada\/wp-content\/uploads\/2026\/08\/Primarias-para-intermedias-revelan-a-democratas-divididos-Arturo-Sarukhan.png 1714w\" sizes=\"(max-width: 800px) 100vw, 800px\" \/><\/div><\/a>\n\t\t\t\t<div class=\"elementor-post__badge\">Videos Destacados<\/div>\n\t\t\t\t<div class=\"elementor-post__text\">\n\t\t\t\t<h1 class=\"elementor-post__title\">\n\t\t\t<a href=\"https:\/\/www.opinionpublica.tv\/portada\/las-primarias-para-las-elecciones-intermedias-revelan-un-partido-democrata-dividido-arturo-sarukhan\/\" >\n\t\t\t\tVideo: Primarias para intermedias revelan a dem\u00f3cratas divididos | Arturo Sarukh\u00e1n\t\t\t<\/a>\n\t\t<\/h1>\n\t\t\t\t<div class=\"elementor-post__excerpt\">\n\t\t\t<p>El acad\u00e9mico y ex embajador de M\u00e9xico en Estados Unidos, Arturo Sarukh\u00e1n, asegura que las primarias para las elecciones intermedias en la Uni\u00f3n Americana revelan<\/p>\n\t\t<\/div>\n\t\t\n\t\t<a class=\"elementor-post__read-more\" href=\"https:\/\/www.opinionpublica.tv\/portada\/las-primarias-para-las-elecciones-intermedias-revelan-un-partido-democrata-dividido-arturo-sarukhan\/\" aria-label=\"M\u00e1s informaci\u00f3n sobre Video: Primarias para intermedias revelan a dem\u00f3cratas divididos | Arturo Sarukh\u00e1n\" tabindex=\"-1\" >\n\t\t\tLeer m\u00e1s \u00bb\t\t<\/a>\n\n\t\t\t\t<\/div>\n\t\t\t\t<div class=\"elementor-post__meta-data\">\n\t\t\t\t\t<span class=\"elementor-post-author\">\n\t\t\tOPTV\t\t<\/span>\n\t\t\t\t<span class=\"elementor-post-date\">\n\t\t\t18 de agosto de 2026\t\t<\/span>\n\t\t\t\t<\/div>\n\t\t\t\t\t<\/div>\n\t\t<\/article>\n\t\t\t\t<article class=\"elementor-post elementor-grid-item post-91916 post type-post status-publish format-standard has-post-thumbnail hentry category-videos-destacados category-videos-destacados-contenido category-videos tag-centros-de-datos tag-inteligencia-artificial\" role=\"listitem\">\n\t\t\t<div class=\"elementor-post__card\">\n\t\t\t\t<a class=\"elementor-post__thumbnail__link\" href=\"https:\/\/www.opinionpublica.tv\/portada\/video-cuanta-agua-se-necesita-para-que-la-inteligencia-artificial-funcione-bbc-mundo\/\" tabindex=\"-1\" ><div class=\"elementor-post__thumbnail\"><img loading=\"lazy\" decoding=\"async\" width=\"800\" height=\"453\" src=\"https:\/\/www.opinionpublica.tv\/portada\/wp-content\/uploads\/2026\/08\/\u00bfCuanta-agua-se-necesita-para-que-la-inteligencia-artificial-funcione-BBC-Mundo-1024x580.png\" class=\"attachment-large size-large wp-image-91918\" alt=\"\u00bfCua\u0301nta agua se necesita para que la inteligencia artificial funcione? | BBC Mundo\" srcset=\"https:\/\/www.opinionpublica.tv\/portada\/wp-content\/uploads\/2026\/08\/\u00bfCuanta-agua-se-necesita-para-que-la-inteligencia-artificial-funcione-BBC-Mundo-1024x580.png 1024w, https:\/\/www.opinionpublica.tv\/portada\/wp-content\/uploads\/2026\/08\/\u00bfCuanta-agua-se-necesita-para-que-la-inteligencia-artificial-funcione-BBC-Mundo-300x170.png 300w, https:\/\/www.opinionpublica.tv\/portada\/wp-content\/uploads\/2026\/08\/\u00bfCuanta-agua-se-necesita-para-que-la-inteligencia-artificial-funcione-BBC-Mundo-768x435.png 768w, https:\/\/www.opinionpublica.tv\/portada\/wp-content\/uploads\/2026\/08\/\u00bfCuanta-agua-se-necesita-para-que-la-inteligencia-artificial-funcione-BBC-Mundo-1536x870.png 1536w, https:\/\/www.opinionpublica.tv\/portada\/wp-content\/uploads\/2026\/08\/\u00bfCuanta-agua-se-necesita-para-que-la-inteligencia-artificial-funcione-BBC-Mundo.png 1694w\" sizes=\"(max-width: 800px) 100vw, 800px\" \/><\/div><\/a>\n\t\t\t\t<div class=\"elementor-post__badge\">Videos Destacados<\/div>\n\t\t\t\t<div class=\"elementor-post__text\">\n\t\t\t\t<h1 class=\"elementor-post__title\">\n\t\t\t<a href=\"https:\/\/www.opinionpublica.tv\/portada\/video-cuanta-agua-se-necesita-para-que-la-inteligencia-artificial-funcione-bbc-mundo\/\" >\n\t\t\t\tVideo: \u00bfCu\u00e1nta agua se necesita para que la inteligencia artificial funcione? | BBC Mundo\t\t\t<\/a>\n\t\t<\/h1>\n\t\t\t\t<div class=\"elementor-post__excerpt\">\n\t\t\t<p>Una gota de agua. Eso es lo que consume una sola interacci\u00f3n con ChatGPT, seg\u00fan Sam Altman, el director de OpenAI. Pero si multiplicamos eso<\/p>\n\t\t<\/div>\n\t\t\n\t\t<a class=\"elementor-post__read-more\" href=\"https:\/\/www.opinionpublica.tv\/portada\/video-cuanta-agua-se-necesita-para-que-la-inteligencia-artificial-funcione-bbc-mundo\/\" aria-label=\"M\u00e1s informaci\u00f3n sobre Video: \u00bfCu\u00e1nta agua se necesita para que la inteligencia artificial funcione? | BBC Mundo\" tabindex=\"-1\" >\n\t\t\tLeer m\u00e1s \u00bb\t\t<\/a>\n\n\t\t\t\t<\/div>\n\t\t\t\t<div class=\"elementor-post__meta-data\">\n\t\t\t\t\t<span class=\"elementor-post-author\">\n\t\t\tOPTV\t\t<\/span>\n\t\t\t\t<span class=\"elementor-post-date\">\n\t\t\t17 de agosto de 2026\t\t<\/span>\n\t\t\t\t<\/div>\n\t\t\t\t\t<\/div>\n\t\t<\/article>\n\t\t\t\t<\/div>\n\t\t\n\t\t\t\t<div class=\"e-load-more-anchor\" data-page=\"1\" data-max-page=\"137\" data-next-page=\"https:\/\/www.opinionpublica.tv\/portada\/wp-json\/wp\/v2\/pages\/42101\/page\/2\/\"><\/div>\n\t\t\t\t<nav class=\"elementor-pagination\" aria-label=\"Paginaci\u00f3n\">\n\t\t\t<span aria-current=\"page\" class=\"page-numbers current\"><span class=\"elementor-screen-only\">P\u00e1gina<\/span>1<\/span>\n<a class=\"page-numbers\" href=\"https:\/\/www.opinionpublica.tv\/portada\/wp-json\/wp\/v2\/pages\/42101\/page\/2\/\"><span class=\"elementor-screen-only\">P\u00e1gina<\/span>2<\/a>\n<a class=\"page-numbers\" href=\"https:\/\/www.opinionpublica.tv\/portada\/wp-json\/wp\/v2\/pages\/42101\/page\/3\/\"><span class=\"elementor-screen-only\">P\u00e1gina<\/span>3<\/a>\n<span class=\"page-numbers dots\">&hellip;<\/span>\n<a class=\"page-numbers\" href=\"https:\/\/www.opinionpublica.tv\/portada\/wp-json\/wp\/v2\/pages\/42101\/page\/60\/\"><span class=\"elementor-screen-only\">P\u00e1gina<\/span>60<\/a>\t\t<\/nav>\n\t\t\t\t\t\t<\/div>\n\t\t\t\t<\/div>\n\t\t\t\t\t<\/div>\n\t\t\t\t<\/div>\n\t\t\t\t<\/div>\n\t\t","protected":false},"excerpt":{"rendered":"<p>Videos OPTV Contacto: direccion@opinionpublica.tv OPINI\u00d3N P\u00daBLICA UN D\u00cdA COMO HOY<\/p>\n","protected":false},"author":5,"featured_media":0,"parent":0,"menu_order":0,"comment_status":"closed","ping_status":"closed","template":"","meta":{"_acf_changed":false,"_monsterinsights_skip_tracking":false,"slim_seo":{"title":"Video: \u00bfCu\u00e1nta agua se necesita para que la inteligencia artificial funcione? | BBC Mundo - Opini\u00f3n P\u00fablica","description":"https:\/\/youtu.be\/92OYFf1J8_Y?si=3OS6jwJm66F-ny3X Una gota de agua. Eso es lo que consume una sola interacci\u00f3n con ChatGPT, seg\u00fan Sam Altman, el director de Open"},"footnotes":""},"class_list":["post-42101","page","type-page","status-publish","hentry"],"acf":[],"_links":{"self":[{"href":"https:\/\/www.opinionpublica.tv\/portada\/wp-json\/wp\/v2\/pages\/42101","targetHints":{"allow":["GET"]}}],"collection":[{"href":"https:\/\/www.opinionpublica.tv\/portada\/wp-json\/wp\/v2\/pages"}],"about":[{"href":"https:\/\/www.opinionpublica.tv\/portada\/wp-json\/wp\/v2\/types\/page"}],"author":[{"embeddable":true,"href":"https:\/\/www.opinionpublica.tv\/portada\/wp-json\/wp\/v2\/users\/5"}],"replies":[{"embeddable":true,"href":"https:\/\/www.opinionpublica.tv\/portada\/wp-json\/wp\/v2\/comments?post=42101"}],"version-history":[{"count":7,"href":"https:\/\/www.opinionpublica.tv\/portada\/wp-json\/wp\/v2\/pages\/42101\/revisions"}],"predecessor-version":[{"id":42497,"href":"https:\/\/www.opinionpublica.tv\/portada\/wp-json\/wp\/v2\/pages\/42101\/revisions\/42497"}],"wp:attachment":[{"href":"https:\/\/www.opinionpublica.tv\/portada\/wp-json\/wp\/v2\/media?parent=42101"}],"curies":[{"name":"wp","href":"https:\/\/api.w.org\/{rel}","templated":true}]}}