{"id":42077,"date":"2024-08-19T14:19:54","date_gmt":"2024-08-19T20:19:54","guid":{"rendered":"https:\/\/www.opinionpublica.tv\/portada\/?page_id=42077"},"modified":"2024-08-24T10:30:25","modified_gmt":"2024-08-24T16:30:25","slug":"ciencia-y-tecnologia","status":"publish","type":"page","link":"https:\/\/www.opinionpublica.tv\/portada\/ciencia-y-tecnologia\/","title":{"rendered":"Ciencia y Tecnolog\u00eda"},"content":{"rendered":"\t\t<div data-elementor-type=\"wp-page\" data-elementor-id=\"42077\" class=\"elementor elementor-42077\" data-elementor-post-type=\"page\">\n\t\t\t\t<div class=\"elementor-element elementor-element-32a6911f e-flex e-con-boxed e-con e-parent\" data-id=\"32a6911f\" data-element_type=\"container\" data-e-type=\"container\">\n\t\t\t\t\t<div class=\"e-con-inner\">\n\t\t<div class=\"elementor-element elementor-element-5fc5a5b2 e-con-full e-flex e-con e-child\" data-id=\"5fc5a5b2\" data-element_type=\"container\" data-e-type=\"container\">\n\t\t\t\t<div class=\"elementor-element elementor-element-f16c25d elementor-widget elementor-widget-heading\" data-id=\"f16c25d\" data-element_type=\"widget\" data-e-type=\"widget\" data-widget_type=\"heading.default\">\n\t\t\t\t<div class=\"elementor-widget-container\">\n\t\t\t\t\t<h2 class=\"elementor-heading-title elementor-size-default\">Ciencia y Tecnolog\u00eda<\/h2>\t\t\t\t<\/div>\n\t\t\t\t<\/div>\n\t\t\t\t<div class=\"elementor-element elementor-element-4029ddd2 elementor-widget elementor-widget-heading\" data-id=\"4029ddd2\" data-element_type=\"widget\" data-e-type=\"widget\" data-widget_type=\"heading.default\">\n\t\t\t\t<div class=\"elementor-widget-container\">\n\t\t\t\t\t<h3 class=\"elementor-heading-title elementor-size-default\"><a href=\"mailto:direccion@opinionpublica.tv\">Contacto: direccion@opinionpublica.tv<\/a><\/h3>\t\t\t\t<\/div>\n\t\t\t\t<\/div>\n\t\t\t\t<div class=\"elementor-element elementor-element-14a55276 elementor-grid-1 elementor-grid-tablet-2 elementor-grid-mobile-1 elementor-posts--thumbnail-top elementor-card-shadow-yes elementor-posts__hover-gradient elementor-widget elementor-widget-posts\" data-id=\"14a55276\" data-element_type=\"widget\" data-e-type=\"widget\" data-settings=\"{&quot;cards_columns&quot;:&quot;1&quot;,&quot;cards_columns_tablet&quot;:&quot;2&quot;,&quot;cards_columns_mobile&quot;:&quot;1&quot;,&quot;cards_row_gap&quot;:{&quot;unit&quot;:&quot;px&quot;,&quot;size&quot;:35,&quot;sizes&quot;:[]},&quot;cards_row_gap_tablet&quot;:{&quot;unit&quot;:&quot;px&quot;,&quot;size&quot;:&quot;&quot;,&quot;sizes&quot;:[]},&quot;cards_row_gap_mobile&quot;:{&quot;unit&quot;:&quot;px&quot;,&quot;size&quot;:&quot;&quot;,&quot;sizes&quot;:[]}}\" data-widget_type=\"posts.cards\">\n\t\t\t\t<div class=\"elementor-widget-container\">\n\t\t\t\t\t\t\t<div class=\"elementor-posts-container elementor-posts elementor-posts--skin-cards elementor-grid\" role=\"list\">\n\t\t\t\t<article class=\"elementor-post elementor-grid-item post-92919 post type-post status-publish format-standard has-post-thumbnail hentry category-ciencia-y-tecnologia tag-videojuegos\" role=\"listitem\">\n\t\t\t<div class=\"elementor-post__card\">\n\t\t\t\t<a class=\"elementor-post__thumbnail__link\" href=\"https:\/\/www.opinionpublica.tv\/portada\/estos-son-los-cinco-videojuegos-mas-populares-en-mexico-a-lo-largo-de-la-historia\/\" tabindex=\"-1\" ><div class=\"elementor-post__thumbnail\"><img fetchpriority=\"high\" decoding=\"async\" width=\"800\" height=\"450\" src=\"https:\/\/www.opinionpublica.tv\/portada\/wp-content\/uploads\/2026\/08\/Los-cinco-videojuegos-mas-populares-en-Mexico-a-lo-largo-de-esta-historia-digital.jpeg\" class=\"attachment-large size-large wp-image-92923\" alt=\"Los cinco videojuegos ma\u0301s populares en Me\u0301xico a lo largo de esta historia digital\" srcset=\"https:\/\/www.opinionpublica.tv\/portada\/wp-content\/uploads\/2026\/08\/Los-cinco-videojuegos-mas-populares-en-Mexico-a-lo-largo-de-esta-historia-digital.jpeg 800w, https:\/\/www.opinionpublica.tv\/portada\/wp-content\/uploads\/2026\/08\/Los-cinco-videojuegos-mas-populares-en-Mexico-a-lo-largo-de-esta-historia-digital-300x169.jpeg 300w, https:\/\/www.opinionpublica.tv\/portada\/wp-content\/uploads\/2026\/08\/Los-cinco-videojuegos-mas-populares-en-Mexico-a-lo-largo-de-esta-historia-digital-768x432.jpeg 768w\" sizes=\"(max-width: 800px) 100vw, 800px\" \/><\/div><\/a>\n\t\t\t\t<div class=\"elementor-post__badge\">Ciencia y Tecnolog\u00eda<\/div>\n\t\t\t\t<div class=\"elementor-post__text\">\n\t\t\t\t<h1 class=\"elementor-post__title\">\n\t\t\t<a href=\"https:\/\/www.opinionpublica.tv\/portada\/estos-son-los-cinco-videojuegos-mas-populares-en-mexico-a-lo-largo-de-la-historia\/\" >\n\t\t\t\tLos cinco videojuegos m\u00e1s populares en M\u00e9xico a lo largo de esta historia digital\t\t\t<\/a>\n\t\t<\/h1>\n\t\t\t\t<div class=\"elementor-post__excerpt\">\n\t\t\t<p>La cultura de los videojuegos en el territorio nacional forj\u00f3 una identidad \u00fanica a trav\u00e9s de las famosas \u00abmaquinitas\u00bb, los concurridos cibercaf\u00e9s y los dispositivos<\/p>\n\t\t<\/div>\n\t\t\n\t\t<a class=\"elementor-post__read-more\" href=\"https:\/\/www.opinionpublica.tv\/portada\/estos-son-los-cinco-videojuegos-mas-populares-en-mexico-a-lo-largo-de-la-historia\/\" aria-label=\"M\u00e1s informaci\u00f3n sobre Los cinco videojuegos m\u00e1s populares en M\u00e9xico a lo largo de esta historia digital\" tabindex=\"-1\" >\n\t\t\tLeer m\u00e1s \u00bb\t\t<\/a>\n\n\t\t\t\t<\/div>\n\t\t\t\t<div class=\"elementor-post__meta-data\">\n\t\t\t\t\t<span class=\"elementor-post-author\">\n\t\t\tOPTV\t\t<\/span>\n\t\t\t\t<span class=\"elementor-post-date\">\n\t\t\t31 de agosto de 2026\t\t<\/span>\n\t\t\t\t<\/div>\n\t\t\t\t\t<\/div>\n\t\t<\/article>\n\t\t\t\t<\/div>\n\t\t\n\t\t\t\t\t\t<\/div>\n\t\t\t\t<\/div>\n\t\t\t\t<\/div>\n\t\t<div class=\"elementor-element elementor-element-2fe43a9e e-con-full e-flex e-con e-child\" data-id=\"2fe43a9e\" data-element_type=\"container\" data-e-type=\"container\">\n\t\t\t\t<div class=\"elementor-element elementor-element-6ec1e1cc elementor-align-justify elementor-widget elementor-widget-button\" data-id=\"6ec1e1cc\" data-element_type=\"widget\" data-e-type=\"widget\" data-widget_type=\"button.default\">\n\t\t\t\t<div class=\"elementor-widget-container\">\n\t\t\t\t\t\t\t\t\t<div class=\"elementor-button-wrapper\">\n\t\t\t\t\t<a class=\"elementor-button elementor-size-sm\" role=\"button\">\n\t\t\t\t\t\t<span class=\"elementor-button-content-wrapper\">\n\t\t\t\t\t\t\t\t\t<span class=\"elementor-button-text\">OPINI\u00d3N P\u00daBLICA<\/span>\n\t\t\t\t\t<\/span>\n\t\t\t\t\t<\/a>\n\t\t\t\t<\/div>\n\t\t\t\t\t\t\t\t<\/div>\n\t\t\t\t<\/div>\n\t\t\t\t<div class=\"elementor-element elementor-element-29c018f2 elementor-grid-1 elementor-posts--thumbnail-none elementor-grid-tablet-2 elementor-grid-mobile-1 elementor-card-shadow-yes elementor-posts__hover-gradient elementor-widget elementor-widget-posts\" data-id=\"29c018f2\" data-element_type=\"widget\" data-e-type=\"widget\" data-settings=\"{&quot;cards_columns&quot;:&quot;1&quot;,&quot;cards_columns_tablet&quot;:&quot;2&quot;,&quot;cards_columns_mobile&quot;:&quot;1&quot;,&quot;cards_row_gap&quot;:{&quot;unit&quot;:&quot;px&quot;,&quot;size&quot;:35,&quot;sizes&quot;:[]},&quot;cards_row_gap_tablet&quot;:{&quot;unit&quot;:&quot;px&quot;,&quot;size&quot;:&quot;&quot;,&quot;sizes&quot;:[]},&quot;cards_row_gap_mobile&quot;:{&quot;unit&quot;:&quot;px&quot;,&quot;size&quot;:&quot;&quot;,&quot;sizes&quot;:[]}}\" data-widget_type=\"posts.cards\">\n\t\t\t\t<div class=\"elementor-widget-container\">\n\t\t\t\t\t\t\t<div class=\"elementor-posts-container elementor-posts elementor-posts--skin-cards elementor-grid\" role=\"list\">\n\t\t\t\t<article class=\"elementor-post elementor-grid-item post-91725 post type-post status-publish format-standard has-post-thumbnail hentry category-cartapacio tag-cartapacio tag-raul-ruiz\" role=\"listitem\">\n\t\t\t<div class=\"elementor-post__card\">\n\t\t\t\t<div class=\"elementor-post__text\">\n\t\t\t\t<h2 class=\"elementor-post__title\">\n\t\t\t<a href=\"https:\/\/www.opinionpublica.tv\/portada\/sin-correa-y-sin-bozal\/\" >\n\t\t\t\tSin correa y sin bozal\t\t\t<\/a>\n\t\t<\/h2>\n\t\t\t\t<div class=\"elementor-post__excerpt\">\n\t\t\t<p>Ra\u00fal Ruiz __________________________ No puede uno soltar tantito a CJTOWN, porque se convierte nuevamente en Ciudad Ca\u00f3tica. Entre los chicotazos del clima, los agujeros que se producen con la lluvia y la inseguridad vial, los juarenses explotaron un d\u00eda y se fueron a quejar contra un grupo de agentes extorsionadores. El coordinador de Vialidad Lic. Jes\u00fas Manuel Garc\u00eda, alcanz\u00f3 a dar de baja a algunos. Y suspendi\u00f3 por un tiempo a otros quienes andan rabiosos porque quieren regresar y andar sueltos. No queremos correa ni bozal. Han dicho a sus propios compa\u00f1eros. Y obviamente no se le van a subir a las barbas a don Jes\u00fas Manuel Garc\u00eda Reyes. Si hay novedades, se las platico. CONEXIONES POTOSINAS Mientras tanto, en<\/p>\n\t\t<\/div>\n\t\t\n\t\t<a class=\"elementor-post__read-more\" href=\"https:\/\/www.opinionpublica.tv\/portada\/sin-correa-y-sin-bozal\/\" aria-label=\"M\u00e1s informaci\u00f3n sobre Sin correa y sin bozal\" tabindex=\"-1\" >\n\t\t\tLeer m\u00e1s \u00bb\t\t<\/a>\n\n\t\t\t\t<\/div>\n\t\t\t\t<div class=\"elementor-post__meta-data\">\n\t\t\t\t\t<span class=\"elementor-post-author\">\n\t\t\tOPTV\t\t<\/span>\n\t\t\t\t<span class=\"elementor-post-date\">\n\t\t\t14 de agosto de 2026\t\t<\/span>\n\t\t\t\t<\/div>\n\t\t\t\t\t<\/div>\n\t\t<\/article>\n\t\t\t\t<\/div>\n\t\t\n\t\t\t\t\t\t<\/div>\n\t\t\t\t<\/div>\n\t\t\t\t<\/div>\n\t\t<div class=\"elementor-element elementor-element-1b34ed61 e-con-full e-flex e-con e-child\" data-id=\"1b34ed61\" data-element_type=\"container\" data-e-type=\"container\">\n\t\t\t\t<div class=\"elementor-element elementor-element-2001433c elementor-align-justify elementor-widget elementor-widget-button\" data-id=\"2001433c\" data-element_type=\"widget\" data-e-type=\"widget\" data-widget_type=\"button.default\">\n\t\t\t\t<div class=\"elementor-widget-container\">\n\t\t\t\t\t\t\t\t\t<div class=\"elementor-button-wrapper\">\n\t\t\t\t\t<a class=\"elementor-button elementor-size-sm\" role=\"button\">\n\t\t\t\t\t\t<span class=\"elementor-button-content-wrapper\">\n\t\t\t\t\t\t\t\t\t<span class=\"elementor-button-text\">UN D\u00cdA COMO HOY<\/span>\n\t\t\t\t\t<\/span>\n\t\t\t\t\t<\/a>\n\t\t\t\t<\/div>\n\t\t\t\t\t\t\t\t<\/div>\n\t\t\t\t<\/div>\n\t\t\t\t<div class=\"elementor-element elementor-element-126bfe9d elementor-grid-1 elementor-grid-tablet-2 elementor-grid-mobile-1 elementor-posts--thumbnail-top elementor-card-shadow-yes elementor-posts__hover-gradient elementor-widget elementor-widget-posts\" data-id=\"126bfe9d\" data-element_type=\"widget\" data-e-type=\"widget\" data-settings=\"{&quot;cards_columns&quot;:&quot;1&quot;,&quot;cards_row_gap&quot;:{&quot;unit&quot;:&quot;px&quot;,&quot;size&quot;:46,&quot;sizes&quot;:[]},&quot;cards_columns_tablet&quot;:&quot;2&quot;,&quot;cards_columns_mobile&quot;:&quot;1&quot;,&quot;cards_row_gap_tablet&quot;:{&quot;unit&quot;:&quot;px&quot;,&quot;size&quot;:&quot;&quot;,&quot;sizes&quot;:[]},&quot;cards_row_gap_mobile&quot;:{&quot;unit&quot;:&quot;px&quot;,&quot;size&quot;:&quot;&quot;,&quot;sizes&quot;:[]}}\" data-widget_type=\"posts.cards\">\n\t\t\t\t<div class=\"elementor-widget-container\">\n\t\t\t\t\t\t\t<div class=\"elementor-posts-container elementor-posts elementor-posts--skin-cards elementor-grid\" role=\"list\">\n\t\t\t\t<article class=\"elementor-post elementor-grid-item post-92866 post type-post status-publish format-standard has-post-thumbnail hentry category-un-dia-como-hoy tag-diana-spencer tag-efemerides-31-de-agosto\" role=\"listitem\">\n\t\t\t<div class=\"elementor-post__card\">\n\t\t\t\t<a class=\"elementor-post__thumbnail__link\" href=\"https:\/\/www.opinionpublica.tv\/portada\/efemerides-31-de-agosto-un-dia-como-hoy-en-la-historia-2\/\" tabindex=\"-1\" ><div class=\"elementor-post__thumbnail\"><img decoding=\"async\" width=\"300\" height=\"158\" src=\"https:\/\/www.opinionpublica.tv\/portada\/wp-content\/uploads\/2026\/08\/1997-Diana-Spencer-princesa-de-Gales-muere-en-Paris-en-un-accidente-de-automovil-300x158.jpeg\" class=\"attachment-medium size-medium wp-image-92867\" alt=\"1997, Diana Spencer, princesa de Gales, muere en Pari\u0301s en un accidente de automo\u0301vil\" srcset=\"https:\/\/www.opinionpublica.tv\/portada\/wp-content\/uploads\/2026\/08\/1997-Diana-Spencer-princesa-de-Gales-muere-en-Paris-en-un-accidente-de-automovil-300x158.jpeg 300w, https:\/\/www.opinionpublica.tv\/portada\/wp-content\/uploads\/2026\/08\/1997-Diana-Spencer-princesa-de-Gales-muere-en-Paris-en-un-accidente-de-automovil.jpeg 617w\" sizes=\"(max-width: 300px) 100vw, 300px\" \/><\/div><\/a>\n\t\t\t\t<div class=\"elementor-post__badge\">UN D\u00cdA COMO HOY...<\/div>\n\t\t\t\t<div class=\"elementor-post__text\">\n\t\t\t\t<h2 class=\"elementor-post__title\">\n\t\t\t<a href=\"https:\/\/www.opinionpublica.tv\/portada\/efemerides-31-de-agosto-un-dia-como-hoy-en-la-historia-2\/\" >\n\t\t\t\tEfem\u00e9rides 31 de agosto | Un d\u00eda como hoy en la historia&#8230;\t\t\t<\/a>\n\t\t<\/h2>\n\t\t\n\t\t<a class=\"elementor-post__read-more\" href=\"https:\/\/www.opinionpublica.tv\/portada\/efemerides-31-de-agosto-un-dia-como-hoy-en-la-historia-2\/\" aria-label=\"M\u00e1s informaci\u00f3n sobre Efem\u00e9rides 31 de agosto | Un d\u00eda como hoy en la historia&#8230;\" tabindex=\"-1\" >\n\t\t\tLeer m\u00e1s \u00bb\t\t<\/a>\n\n\t\t\t\t<\/div>\n\t\t\t\t<div class=\"elementor-post__meta-data\">\n\t\t\t\t\t<span class=\"elementor-post-author\">\n\t\t\tOPTV\t\t<\/span>\n\t\t\t\t<span class=\"elementor-post-date\">\n\t\t\t31 de agosto de 2026\t\t<\/span>\n\t\t\t\t<\/div>\n\t\t\t\t\t<\/div>\n\t\t<\/article>\n\t\t\t\t<\/div>\n\t\t\n\t\t\t\t\t\t<\/div>\n\t\t\t\t<\/div>\n\t\t\t\t<\/div>\n\t\t\t\t\t<\/div>\n\t\t\t\t<\/div>\n\t\t<div class=\"elementor-element elementor-element-799f5c27 e-flex e-con-boxed e-con e-parent\" data-id=\"799f5c27\" data-element_type=\"container\" data-e-type=\"container\">\n\t\t\t\t\t<div class=\"e-con-inner\">\n\t\t\t\t<div class=\"elementor-element elementor-element-60d9cca3 elementor-grid-3 elementor-grid-tablet-2 elementor-grid-mobile-1 elementor-posts--thumbnail-top elementor-card-shadow-yes elementor-posts__hover-gradient elementor-widget elementor-widget-posts\" data-id=\"60d9cca3\" data-element_type=\"widget\" data-e-type=\"widget\" data-settings=\"{&quot;pagination_type&quot;:&quot;numbers&quot;,&quot;cards_columns&quot;:&quot;3&quot;,&quot;cards_columns_tablet&quot;:&quot;2&quot;,&quot;cards_columns_mobile&quot;:&quot;1&quot;,&quot;cards_row_gap&quot;:{&quot;unit&quot;:&quot;px&quot;,&quot;size&quot;:35,&quot;sizes&quot;:[]},&quot;cards_row_gap_tablet&quot;:{&quot;unit&quot;:&quot;px&quot;,&quot;size&quot;:&quot;&quot;,&quot;sizes&quot;:[]},&quot;cards_row_gap_mobile&quot;:{&quot;unit&quot;:&quot;px&quot;,&quot;size&quot;:&quot;&quot;,&quot;sizes&quot;:[]}}\" data-widget_type=\"posts.cards\">\n\t\t\t\t<div class=\"elementor-widget-container\">\n\t\t\t\t\t\t\t<div class=\"elementor-posts-container elementor-posts elementor-posts--skin-cards elementor-grid\" role=\"list\">\n\t\t\t\t<article class=\"elementor-post elementor-grid-item post-92758 post type-post status-publish format-standard has-post-thumbnail hentry category-ciencia-y-tecnologia tag-android tag-antivirus tag-hackers tag-ios tag-windows\" role=\"listitem\">\n\t\t\t<div class=\"elementor-post__card\">\n\t\t\t\t<a class=\"elementor-post__thumbnail__link\" href=\"https:\/\/www.opinionpublica.tv\/portada\/necesitas-antivirus-en-mac-pc-y-celular-la-razon-por-la-que-si-debes-usarlos-hoy\/\" tabindex=\"-1\" ><div class=\"elementor-post__thumbnail\"><img decoding=\"async\" width=\"800\" height=\"533\" src=\"https:\/\/www.opinionpublica.tv\/portada\/wp-content\/uploads\/2026\/08\/\u00bfNecesitas-antivirus-en-Mac-PC-y-celular-La-razon-por-la-que-si-debes-usarlos-hoy.jpeg\" class=\"attachment-large size-large wp-image-92760\" alt=\"\u00bfNecesitas antivirus en Mac, PC y celular? La razo\u0301n por la que si\u0301 debes usarlos hoy\" srcset=\"https:\/\/www.opinionpublica.tv\/portada\/wp-content\/uploads\/2026\/08\/\u00bfNecesitas-antivirus-en-Mac-PC-y-celular-La-razon-por-la-que-si-debes-usarlos-hoy.jpeg 813w, https:\/\/www.opinionpublica.tv\/portada\/wp-content\/uploads\/2026\/08\/\u00bfNecesitas-antivirus-en-Mac-PC-y-celular-La-razon-por-la-que-si-debes-usarlos-hoy-300x200.jpeg 300w, https:\/\/www.opinionpublica.tv\/portada\/wp-content\/uploads\/2026\/08\/\u00bfNecesitas-antivirus-en-Mac-PC-y-celular-La-razon-por-la-que-si-debes-usarlos-hoy-768x512.jpeg 768w\" sizes=\"(max-width: 800px) 100vw, 800px\" \/><\/div><\/a>\n\t\t\t\t<div class=\"elementor-post__badge\">Ciencia y Tecnolog\u00eda<\/div>\n\t\t\t\t<div class=\"elementor-post__text\">\n\t\t\t\t<h1 class=\"elementor-post__title\">\n\t\t\t<a href=\"https:\/\/www.opinionpublica.tv\/portada\/necesitas-antivirus-en-mac-pc-y-celular-la-razon-por-la-que-si-debes-usarlos-hoy\/\" >\n\t\t\t\t\u00bfNecesitas antivirus en Mac, PC y celular? La raz\u00f3n por la que s\u00ed debes usarlos hoy\t\t\t<\/a>\n\t\t<\/h1>\n\t\t\t\t<div class=\"elementor-post__excerpt\">\n\t\t\t<p>Durante los \u00faltimos a\u00f1os, los antivirus han ido perdiendo presencia en el mundo general de los usuarios de dispositivos, primero porque para algunos es un<\/p>\n\t\t<\/div>\n\t\t\n\t\t<a class=\"elementor-post__read-more\" href=\"https:\/\/www.opinionpublica.tv\/portada\/necesitas-antivirus-en-mac-pc-y-celular-la-razon-por-la-que-si-debes-usarlos-hoy\/\" aria-label=\"M\u00e1s informaci\u00f3n sobre \u00bfNecesitas antivirus en Mac, PC y celular? La raz\u00f3n por la que s\u00ed debes usarlos hoy\" tabindex=\"-1\" >\n\t\t\tLeer m\u00e1s \u00bb\t\t<\/a>\n\n\t\t\t\t<\/div>\n\t\t\t\t<div class=\"elementor-post__meta-data\">\n\t\t\t\t\t<span class=\"elementor-post-author\">\n\t\t\tOPTV\t\t<\/span>\n\t\t\t\t<span class=\"elementor-post-date\">\n\t\t\t29 de agosto de 2026\t\t<\/span>\n\t\t\t\t<\/div>\n\t\t\t\t\t<\/div>\n\t\t<\/article>\n\t\t\t\t<article class=\"elementor-post elementor-grid-item post-92706 post type-post status-publish format-standard has-post-thumbnail hentry category-ciencia-y-tecnologia tag-samsung-galaxy-s26-fe\" role=\"listitem\">\n\t\t\t<div class=\"elementor-post__card\">\n\t\t\t\t<a class=\"elementor-post__thumbnail__link\" href=\"https:\/\/www.opinionpublica.tv\/portada\/samsung-galaxy-s26-fe-llega-con-mejores-camaras-y-funciones-inteligentes\/\" tabindex=\"-1\" ><div class=\"elementor-post__thumbnail\"><img loading=\"lazy\" decoding=\"async\" width=\"800\" height=\"494\" src=\"https:\/\/www.opinionpublica.tv\/portada\/wp-content\/uploads\/2026\/08\/Samsung-Galaxy-S26-FE-llega-con-mejores-camaras-y-mas-funciones-inteligentes.avif\" class=\"attachment-large size-large wp-image-92708\" alt=\"Samsung Galaxy S26 FE llega con mejores ca\u0301maras y ma\u0301s funciones inteligentes\" srcset=\"https:\/\/www.opinionpublica.tv\/portada\/wp-content\/uploads\/2026\/08\/Samsung-Galaxy-S26-FE-llega-con-mejores-camaras-y-mas-funciones-inteligentes.avif 1005w, https:\/\/www.opinionpublica.tv\/portada\/wp-content\/uploads\/2026\/08\/Samsung-Galaxy-S26-FE-llega-con-mejores-camaras-y-mas-funciones-inteligentes-300x185.avif 300w, https:\/\/www.opinionpublica.tv\/portada\/wp-content\/uploads\/2026\/08\/Samsung-Galaxy-S26-FE-llega-con-mejores-camaras-y-mas-funciones-inteligentes-767x473.avif 767w\" sizes=\"(max-width: 800px) 100vw, 800px\" \/><\/div><\/a>\n\t\t\t\t<div class=\"elementor-post__badge\">Ciencia y Tecnolog\u00eda<\/div>\n\t\t\t\t<div class=\"elementor-post__text\">\n\t\t\t\t<h1 class=\"elementor-post__title\">\n\t\t\t<a href=\"https:\/\/www.opinionpublica.tv\/portada\/samsung-galaxy-s26-fe-llega-con-mejores-camaras-y-funciones-inteligentes\/\" >\n\t\t\t\tSamsung Galaxy S26 FE llega con mejores c\u00e1maras y m\u00e1s funciones inteligentes\t\t\t<\/a>\n\t\t<\/h1>\n\t\t\t\t<div class=\"elementor-post__excerpt\">\n\t\t\t<p>Samsung ampl\u00eda su familia de smartphones premium con el nuevo Galaxy S26 FE, un modelo que busca ser la puerta de entrada a la serie<\/p>\n\t\t<\/div>\n\t\t\n\t\t<a class=\"elementor-post__read-more\" href=\"https:\/\/www.opinionpublica.tv\/portada\/samsung-galaxy-s26-fe-llega-con-mejores-camaras-y-funciones-inteligentes\/\" aria-label=\"M\u00e1s informaci\u00f3n sobre Samsung Galaxy S26 FE llega con mejores c\u00e1maras y m\u00e1s funciones inteligentes\" tabindex=\"-1\" >\n\t\t\tLeer m\u00e1s \u00bb\t\t<\/a>\n\n\t\t\t\t<\/div>\n\t\t\t\t<div class=\"elementor-post__meta-data\">\n\t\t\t\t\t<span class=\"elementor-post-author\">\n\t\t\tOPTV\t\t<\/span>\n\t\t\t\t<span class=\"elementor-post-date\">\n\t\t\t28 de agosto de 2026\t\t<\/span>\n\t\t\t\t<\/div>\n\t\t\t\t\t<\/div>\n\t\t<\/article>\n\t\t\t\t<article class=\"elementor-post elementor-grid-item post-92626 post type-post status-publish format-standard has-post-thumbnail hentry category-ciencia-y-tecnologia tag-xbox\" role=\"listitem\">\n\t\t\t<div class=\"elementor-post__card\">\n\t\t\t\t<a class=\"elementor-post__thumbnail__link\" href=\"https:\/\/www.opinionpublica.tv\/portada\/toma-eso-sony-xbox-lanza-programa-para-digitalizar-juegos-fisicos-y-usarlos-en-otros-dispositivos\/\" tabindex=\"-1\" ><div class=\"elementor-post__thumbnail\"><img loading=\"lazy\" decoding=\"async\" width=\"800\" height=\"533\" src=\"https:\/\/www.opinionpublica.tv\/portada\/wp-content\/uploads\/2026\/08\/Xbox-lanza-programa-para-digitalizar-juegos-fisicos-y-usarlos-en-otros-dispositivos.jpeg\" class=\"attachment-large size-large wp-image-92630\" alt=\"Xbox lanza programa para digitalizar juegos fi\u0301sicos y usarlos en otros dispositivos\" srcset=\"https:\/\/www.opinionpublica.tv\/portada\/wp-content\/uploads\/2026\/08\/Xbox-lanza-programa-para-digitalizar-juegos-fisicos-y-usarlos-en-otros-dispositivos.jpeg 813w, https:\/\/www.opinionpublica.tv\/portada\/wp-content\/uploads\/2026\/08\/Xbox-lanza-programa-para-digitalizar-juegos-fisicos-y-usarlos-en-otros-dispositivos-300x200.jpeg 300w, https:\/\/www.opinionpublica.tv\/portada\/wp-content\/uploads\/2026\/08\/Xbox-lanza-programa-para-digitalizar-juegos-fisicos-y-usarlos-en-otros-dispositivos-768x512.jpeg 768w\" sizes=\"(max-width: 800px) 100vw, 800px\" \/><\/div><\/a>\n\t\t\t\t<div class=\"elementor-post__badge\">Ciencia y Tecnolog\u00eda<\/div>\n\t\t\t\t<div class=\"elementor-post__text\">\n\t\t\t\t<h1 class=\"elementor-post__title\">\n\t\t\t<a href=\"https:\/\/www.opinionpublica.tv\/portada\/toma-eso-sony-xbox-lanza-programa-para-digitalizar-juegos-fisicos-y-usarlos-en-otros-dispositivos\/\" >\n\t\t\t\tXbox lanza programa para digitalizar juegos f\u00edsicos y usarlos en otros dispositivos\t\t\t<\/a>\n\t\t<\/h1>\n\t\t\t\t<div class=\"elementor-post__excerpt\">\n\t\t\t<p>Microsoft anunci\u00f3 formalmente el programa disc-to-digital, una nueva herramienta de Xbox que permitir\u00e1 a los usuarios convertir su colecci\u00f3n de videojuegos f\u00edsicos de Xbox One<\/p>\n\t\t<\/div>\n\t\t\n\t\t<a class=\"elementor-post__read-more\" href=\"https:\/\/www.opinionpublica.tv\/portada\/toma-eso-sony-xbox-lanza-programa-para-digitalizar-juegos-fisicos-y-usarlos-en-otros-dispositivos\/\" aria-label=\"M\u00e1s informaci\u00f3n sobre Xbox lanza programa para digitalizar juegos f\u00edsicos y usarlos en otros dispositivos\" tabindex=\"-1\" >\n\t\t\tLeer m\u00e1s \u00bb\t\t<\/a>\n\n\t\t\t\t<\/div>\n\t\t\t\t<div class=\"elementor-post__meta-data\">\n\t\t\t\t\t<span class=\"elementor-post-author\">\n\t\t\tOPTV\t\t<\/span>\n\t\t\t\t<span class=\"elementor-post-date\">\n\t\t\t27 de agosto de 2026\t\t<\/span>\n\t\t\t\t<\/div>\n\t\t\t\t\t<\/div>\n\t\t<\/article>\n\t\t\t\t<article class=\"elementor-post elementor-grid-item post-92568 post type-post status-publish format-standard has-post-thumbnail hentry category-ciencia-y-tecnologia tag-celulares tag-cookies tag-hackers\" role=\"listitem\">\n\t\t\t<div class=\"elementor-post__card\">\n\t\t\t\t<a class=\"elementor-post__thumbnail__link\" href=\"https:\/\/www.opinionpublica.tv\/portada\/asi-es-como-puedes-eliminar-todas-las-cookies-de-tu-celular-para-evitar-ser-espiado\/\" tabindex=\"-1\" ><div class=\"elementor-post__thumbnail\"><img loading=\"lazy\" decoding=\"async\" width=\"800\" height=\"494\" src=\"https:\/\/www.opinionpublica.tv\/portada\/wp-content\/uploads\/2026\/08\/Asi-es-como-puedes-eliminar-todas-las-cookies-de-tu-celular-para-que-evites-ser-espiado.avif\" class=\"attachment-large size-large wp-image-92570\" alt=\"Asi\u0301 es co\u0301mo puedes eliminar todas las cookies de tu celular para que evites ser espiado\" srcset=\"https:\/\/www.opinionpublica.tv\/portada\/wp-content\/uploads\/2026\/08\/Asi-es-como-puedes-eliminar-todas-las-cookies-de-tu-celular-para-que-evites-ser-espiado.avif 1005w, https:\/\/www.opinionpublica.tv\/portada\/wp-content\/uploads\/2026\/08\/Asi-es-como-puedes-eliminar-todas-las-cookies-de-tu-celular-para-que-evites-ser-espiado-300x185.avif 300w, https:\/\/www.opinionpublica.tv\/portada\/wp-content\/uploads\/2026\/08\/Asi-es-como-puedes-eliminar-todas-las-cookies-de-tu-celular-para-que-evites-ser-espiado-767x473.avif 767w\" sizes=\"(max-width: 800px) 100vw, 800px\" \/><\/div><\/a>\n\t\t\t\t<div class=\"elementor-post__badge\">Ciencia y Tecnolog\u00eda<\/div>\n\t\t\t\t<div class=\"elementor-post__text\">\n\t\t\t\t<h1 class=\"elementor-post__title\">\n\t\t\t<a href=\"https:\/\/www.opinionpublica.tv\/portada\/asi-es-como-puedes-eliminar-todas-las-cookies-de-tu-celular-para-evitar-ser-espiado\/\" >\n\t\t\t\tAs\u00ed es c\u00f3mo puedes eliminar todas las cookies de tu celular para que evites ser espiado\t\t\t<\/a>\n\t\t<\/h1>\n\t\t\t\t<div class=\"elementor-post__excerpt\">\n\t\t\t<p>Actualmente, tener privacidad al navegar por Internet es una de las principales preocupaciones de los usuarios. Y es que, aunque no siempre ocurre, existe el<\/p>\n\t\t<\/div>\n\t\t\n\t\t<a class=\"elementor-post__read-more\" href=\"https:\/\/www.opinionpublica.tv\/portada\/asi-es-como-puedes-eliminar-todas-las-cookies-de-tu-celular-para-evitar-ser-espiado\/\" aria-label=\"M\u00e1s informaci\u00f3n sobre As\u00ed es c\u00f3mo puedes eliminar todas las cookies de tu celular para que evites ser espiado\" tabindex=\"-1\" >\n\t\t\tLeer m\u00e1s \u00bb\t\t<\/a>\n\n\t\t\t\t<\/div>\n\t\t\t\t<div class=\"elementor-post__meta-data\">\n\t\t\t\t\t<span class=\"elementor-post-author\">\n\t\t\tOPTV\t\t<\/span>\n\t\t\t\t<span class=\"elementor-post-date\">\n\t\t\t26 de agosto de 2026\t\t<\/span>\n\t\t\t\t<\/div>\n\t\t\t\t\t<\/div>\n\t\t<\/article>\n\t\t\t\t<article class=\"elementor-post elementor-grid-item post-92472 post type-post status-publish format-standard has-post-thumbnail hentry category-ciencia-y-tecnologia tag-eficiencia-de-aprendizaje tag-inteligencia-artificial\" role=\"listitem\">\n\t\t\t<div class=\"elementor-post__card\">\n\t\t\t\t<a class=\"elementor-post__thumbnail__link\" href=\"https:\/\/www.opinionpublica.tv\/portada\/eficiencia-de-aprendizaje-por-que-los-ninos-superan-a-modelos-de-ia-con-menos-datos\/\" tabindex=\"-1\" ><div class=\"elementor-post__thumbnail\"><img loading=\"lazy\" decoding=\"async\" width=\"800\" height=\"400\" src=\"https:\/\/www.opinionpublica.tv\/portada\/wp-content\/uploads\/2026\/08\/Eficiencia-de-aprendizaje-por-que-los-ninos-superan-los-modelos-IA-con-menos-datos-1024x512.jpg\" class=\"attachment-large size-large wp-image-92476\" alt=\"Eficiencia de aprendizaje por que\u0301 los nin\u0303os superan los modelos IA con menos datos\" srcset=\"https:\/\/www.opinionpublica.tv\/portada\/wp-content\/uploads\/2026\/08\/Eficiencia-de-aprendizaje-por-que-los-ninos-superan-los-modelos-IA-con-menos-datos-1024x512.jpg 1024w, https:\/\/www.opinionpublica.tv\/portada\/wp-content\/uploads\/2026\/08\/Eficiencia-de-aprendizaje-por-que-los-ninos-superan-los-modelos-IA-con-menos-datos-768x384.jpg 768w, https:\/\/www.opinionpublica.tv\/portada\/wp-content\/uploads\/2026\/08\/Eficiencia-de-aprendizaje-por-que-los-ninos-superan-los-modelos-IA-con-menos-datos-300x150.jpg 300w, https:\/\/www.opinionpublica.tv\/portada\/wp-content\/uploads\/2026\/08\/Eficiencia-de-aprendizaje-por-que-los-ninos-superan-los-modelos-IA-con-menos-datos.jpg 1200w\" sizes=\"(max-width: 800px) 100vw, 800px\" \/><\/div><\/a>\n\t\t\t\t<div class=\"elementor-post__badge\">Ciencia y Tecnolog\u00eda<\/div>\n\t\t\t\t<div class=\"elementor-post__text\">\n\t\t\t\t<h1 class=\"elementor-post__title\">\n\t\t\t<a href=\"https:\/\/www.opinionpublica.tv\/portada\/eficiencia-de-aprendizaje-por-que-los-ninos-superan-a-modelos-de-ia-con-menos-datos\/\" >\n\t\t\t\tEficiencia de aprendizaje: por qu\u00e9 los ni\u00f1os superan los modelos IA con menos datos\t\t\t<\/a>\n\t\t<\/h1>\n\t\t\t\t<div class=\"elementor-post__excerpt\">\n\t\t\t<p>Cuatro a\u00f1os despu\u00e9s del lanzamiento de modelos de lenguaje como ChatGPT, la interacci\u00f3n natural con dispositivos electr\u00f3nicos se ha vuelto habitual. Modelos como Claude, DeepSeek<\/p>\n\t\t<\/div>\n\t\t\n\t\t<a class=\"elementor-post__read-more\" href=\"https:\/\/www.opinionpublica.tv\/portada\/eficiencia-de-aprendizaje-por-que-los-ninos-superan-a-modelos-de-ia-con-menos-datos\/\" aria-label=\"M\u00e1s informaci\u00f3n sobre Eficiencia de aprendizaje: por qu\u00e9 los ni\u00f1os superan los modelos IA con menos datos\" tabindex=\"-1\" >\n\t\t\tLeer m\u00e1s \u00bb\t\t<\/a>\n\n\t\t\t\t<\/div>\n\t\t\t\t<div class=\"elementor-post__meta-data\">\n\t\t\t\t\t<span class=\"elementor-post-author\">\n\t\t\tOPTV\t\t<\/span>\n\t\t\t\t<span class=\"elementor-post-date\">\n\t\t\t25 de agosto de 2026\t\t<\/span>\n\t\t\t\t<\/div>\n\t\t\t\t\t<\/div>\n\t\t<\/article>\n\t\t\t\t<article class=\"elementor-post elementor-grid-item post-92337 post type-post status-publish format-standard has-post-thumbnail hentry category-ciencia-y-tecnologia tag-celulares tag-google tag-publicidad\" role=\"listitem\">\n\t\t\t<div class=\"elementor-post__card\">\n\t\t\t\t<a class=\"elementor-post__thumbnail__link\" href=\"https:\/\/www.opinionpublica.tv\/portada\/asi-es-como-puedes-quitar-los-anuncios-al-navegar-en-google-desde-tu-celular\/\" tabindex=\"-1\" ><div class=\"elementor-post__thumbnail\"><img loading=\"lazy\" decoding=\"async\" width=\"800\" height=\"494\" src=\"https:\/\/www.opinionpublica.tv\/portada\/wp-content\/uploads\/2026\/08\/Asi-es-como-puedes-quitar-los-anuncios-al-navegar-en-Google-desde-tu-celular.avif\" class=\"attachment-large size-large wp-image-92340\" alt=\"Asi\u0301 es co\u0301mo puedes quitar los anuncios al navegar en Google desde tu celular\" srcset=\"https:\/\/www.opinionpublica.tv\/portada\/wp-content\/uploads\/2026\/08\/Asi-es-como-puedes-quitar-los-anuncios-al-navegar-en-Google-desde-tu-celular.avif 1005w, https:\/\/www.opinionpublica.tv\/portada\/wp-content\/uploads\/2026\/08\/Asi-es-como-puedes-quitar-los-anuncios-al-navegar-en-Google-desde-tu-celular-300x185.avif 300w, https:\/\/www.opinionpublica.tv\/portada\/wp-content\/uploads\/2026\/08\/Asi-es-como-puedes-quitar-los-anuncios-al-navegar-en-Google-desde-tu-celular-767x473.avif 767w\" sizes=\"(max-width: 800px) 100vw, 800px\" \/><\/div><\/a>\n\t\t\t\t<div class=\"elementor-post__badge\">Ciencia y Tecnolog\u00eda<\/div>\n\t\t\t\t<div class=\"elementor-post__text\">\n\t\t\t\t<h1 class=\"elementor-post__title\">\n\t\t\t<a href=\"https:\/\/www.opinionpublica.tv\/portada\/asi-es-como-puedes-quitar-los-anuncios-al-navegar-en-google-desde-tu-celular\/\" >\n\t\t\t\tAs\u00ed es c\u00f3mo puedes quitar los anuncios al navegar en Google desde tu celular\t\t\t<\/a>\n\t\t<\/h1>\n\t\t\t\t<div class=\"elementor-post__excerpt\">\n\t\t\t<p>Nuestro celular se ha convertido en nuestra primera opci\u00f3n para resolver cualquier duda, buscar una direcci\u00f3n, consultar una receta, leer una noticia o encontrar un<\/p>\n\t\t<\/div>\n\t\t\n\t\t<a class=\"elementor-post__read-more\" href=\"https:\/\/www.opinionpublica.tv\/portada\/asi-es-como-puedes-quitar-los-anuncios-al-navegar-en-google-desde-tu-celular\/\" aria-label=\"M\u00e1s informaci\u00f3n sobre As\u00ed es c\u00f3mo puedes quitar los anuncios al navegar en Google desde tu celular\" tabindex=\"-1\" >\n\t\t\tLeer m\u00e1s \u00bb\t\t<\/a>\n\n\t\t\t\t<\/div>\n\t\t\t\t<div class=\"elementor-post__meta-data\">\n\t\t\t\t\t<span class=\"elementor-post-author\">\n\t\t\tOPTV\t\t<\/span>\n\t\t\t\t<span class=\"elementor-post-date\">\n\t\t\t24 de agosto de 2026\t\t<\/span>\n\t\t\t\t<\/div>\n\t\t\t\t\t<\/div>\n\t\t<\/article>\n\t\t\t\t<article class=\"elementor-post elementor-grid-item post-92333 post type-post status-publish format-standard has-post-thumbnail hentry category-ciencia-y-tecnologia tag-inteligencia-artificial tag-lentes-inteligentes tag-meta\" role=\"listitem\">\n\t\t\t<div class=\"elementor-post__card\">\n\t\t\t\t<a class=\"elementor-post__thumbnail__link\" href=\"https:\/\/www.opinionpublica.tv\/portada\/no-todo-lo-que-brilla-es-oro-riesgos-ocultos-de-los-lentes-con-inteligencia-artificial\/\" tabindex=\"-1\" ><div class=\"elementor-post__thumbnail\"><img loading=\"lazy\" decoding=\"async\" width=\"800\" height=\"450\" src=\"https:\/\/www.opinionpublica.tv\/portada\/wp-content\/uploads\/2026\/08\/No-todo-lo-que-brilla-es-oro-riesgos-ocultos-de-los-lentes-con-inteligencia-artificial.jpeg\" class=\"attachment-large size-large wp-image-92335\" alt=\"No todo lo que brilla es oro riesgos ocultos de los lentes con inteligencia artificial\" srcset=\"https:\/\/www.opinionpublica.tv\/portada\/wp-content\/uploads\/2026\/08\/No-todo-lo-que-brilla-es-oro-riesgos-ocultos-de-los-lentes-con-inteligencia-artificial.jpeg 800w, https:\/\/www.opinionpublica.tv\/portada\/wp-content\/uploads\/2026\/08\/No-todo-lo-que-brilla-es-oro-riesgos-ocultos-de-los-lentes-con-inteligencia-artificial-300x169.jpeg 300w, https:\/\/www.opinionpublica.tv\/portada\/wp-content\/uploads\/2026\/08\/No-todo-lo-que-brilla-es-oro-riesgos-ocultos-de-los-lentes-con-inteligencia-artificial-768x432.jpeg 768w\" sizes=\"(max-width: 800px) 100vw, 800px\" \/><\/div><\/a>\n\t\t\t\t<div class=\"elementor-post__badge\">Ciencia y Tecnolog\u00eda<\/div>\n\t\t\t\t<div class=\"elementor-post__text\">\n\t\t\t\t<h1 class=\"elementor-post__title\">\n\t\t\t<a href=\"https:\/\/www.opinionpublica.tv\/portada\/no-todo-lo-que-brilla-es-oro-riesgos-ocultos-de-los-lentes-con-inteligencia-artificial\/\" >\n\t\t\t\tNo todo lo que brilla es oro: riesgos ocultos de los lentes con inteligencia artificial\t\t\t<\/a>\n\t\t<\/h1>\n\t\t\t\t<div class=\"elementor-post__excerpt\">\n\t\t\t<p>Los lentes inteligentes aspiran a dar el relevo al celular como uno de los principales dispositivos de uso personal; sin embargo, su capacidad para captar<\/p>\n\t\t<\/div>\n\t\t\n\t\t<a class=\"elementor-post__read-more\" href=\"https:\/\/www.opinionpublica.tv\/portada\/no-todo-lo-que-brilla-es-oro-riesgos-ocultos-de-los-lentes-con-inteligencia-artificial\/\" aria-label=\"M\u00e1s informaci\u00f3n sobre No todo lo que brilla es oro: riesgos ocultos de los lentes con inteligencia artificial\" tabindex=\"-1\" >\n\t\t\tLeer m\u00e1s \u00bb\t\t<\/a>\n\n\t\t\t\t<\/div>\n\t\t\t\t<div class=\"elementor-post__meta-data\">\n\t\t\t\t\t<span class=\"elementor-post-author\">\n\t\t\tOPTV\t\t<\/span>\n\t\t\t\t<span class=\"elementor-post-date\">\n\t\t\t23 de agosto de 2026\t\t<\/span>\n\t\t\t\t<\/div>\n\t\t\t\t\t<\/div>\n\t\t<\/article>\n\t\t\t\t<article class=\"elementor-post elementor-grid-item post-92278 post type-post status-publish format-standard has-post-thumbnail hentry category-ciencia-y-tecnologia tag-videojuegos tag-xbox-game-pass\" role=\"listitem\">\n\t\t\t<div class=\"elementor-post__card\">\n\t\t\t\t<a class=\"elementor-post__thumbnail__link\" href=\"https:\/\/www.opinionpublica.tv\/portada\/xbox-game-pass-confirma-nueve-juegos-para-la-segunda-mitad-de-agosto\/\" tabindex=\"-1\" ><div class=\"elementor-post__thumbnail\"><img loading=\"lazy\" decoding=\"async\" width=\"800\" height=\"533\" src=\"https:\/\/www.opinionpublica.tv\/portada\/wp-content\/uploads\/2026\/08\/Xbox-Game-Pass-confirma-nueve-juegos-durante-la-segunda-mitad-de-agosto.jpeg\" class=\"attachment-large size-large wp-image-92282\" alt=\"Xbox Game Pass confirma nueve juegos durante la segunda mitad de agosto\" srcset=\"https:\/\/www.opinionpublica.tv\/portada\/wp-content\/uploads\/2026\/08\/Xbox-Game-Pass-confirma-nueve-juegos-durante-la-segunda-mitad-de-agosto.jpeg 813w, https:\/\/www.opinionpublica.tv\/portada\/wp-content\/uploads\/2026\/08\/Xbox-Game-Pass-confirma-nueve-juegos-durante-la-segunda-mitad-de-agosto-300x200.jpeg 300w, https:\/\/www.opinionpublica.tv\/portada\/wp-content\/uploads\/2026\/08\/Xbox-Game-Pass-confirma-nueve-juegos-durante-la-segunda-mitad-de-agosto-768x512.jpeg 768w\" sizes=\"(max-width: 800px) 100vw, 800px\" \/><\/div><\/a>\n\t\t\t\t<div class=\"elementor-post__badge\">Ciencia y Tecnolog\u00eda<\/div>\n\t\t\t\t<div class=\"elementor-post__text\">\n\t\t\t\t<h1 class=\"elementor-post__title\">\n\t\t\t<a href=\"https:\/\/www.opinionpublica.tv\/portada\/xbox-game-pass-confirma-nueve-juegos-para-la-segunda-mitad-de-agosto\/\" >\n\t\t\t\tXbox Game Pass confirma nueve juegos durante la segunda mitad de agosto\t\t\t<\/a>\n\t\t<\/h1>\n\t\t\t\t<div class=\"elementor-post__excerpt\">\n\t\t\t<p>Xbox Game Pass cerrar\u00e1 agosto con una nueva tanda de juegos para suscriptores. Microsoft confirm\u00f3 que 9 t\u00edtulos se sumar\u00e1n al servicio durante la segunda<\/p>\n\t\t<\/div>\n\t\t\n\t\t<a class=\"elementor-post__read-more\" href=\"https:\/\/www.opinionpublica.tv\/portada\/xbox-game-pass-confirma-nueve-juegos-para-la-segunda-mitad-de-agosto\/\" aria-label=\"M\u00e1s informaci\u00f3n sobre Xbox Game Pass confirma nueve juegos durante la segunda mitad de agosto\" tabindex=\"-1\" >\n\t\t\tLeer m\u00e1s \u00bb\t\t<\/a>\n\n\t\t\t\t<\/div>\n\t\t\t\t<div class=\"elementor-post__meta-data\">\n\t\t\t\t\t<span class=\"elementor-post-author\">\n\t\t\tOPTV\t\t<\/span>\n\t\t\t\t<span class=\"elementor-post-date\">\n\t\t\t22 de agosto de 2026\t\t<\/span>\n\t\t\t\t<\/div>\n\t\t\t\t\t<\/div>\n\t\t<\/article>\n\t\t\t\t<article class=\"elementor-post elementor-grid-item post-92193 post type-post status-publish format-standard has-post-thumbnail hentry category-ciencia-y-tecnologia tag-ciencia-y-tecnologia tag-gemini tag-google tag-inteligencia-artificial\" role=\"listitem\">\n\t\t\t<div class=\"elementor-post__card\">\n\t\t\t\t<a class=\"elementor-post__thumbnail__link\" href=\"https:\/\/www.opinionpublica.tv\/portada\/google-lanza-herramientas-de-estudio-en-gemini-y-su-buscador\/\" tabindex=\"-1\" ><div class=\"elementor-post__thumbnail\"><img loading=\"lazy\" decoding=\"async\" width=\"800\" height=\"492\" src=\"https:\/\/www.opinionpublica.tv\/portada\/wp-content\/uploads\/2026\/08\/Google-lanza-herramientas-de-estudio-en-Gemini-y-su-buscador-1024x630.png\" class=\"attachment-large size-large wp-image-92194\" alt=\"Google lanza herramientas de estudio en Gemini y su buscador\" srcset=\"https:\/\/www.opinionpublica.tv\/portada\/wp-content\/uploads\/2026\/08\/Google-lanza-herramientas-de-estudio-en-Gemini-y-su-buscador-1024x630.png 1024w, https:\/\/www.opinionpublica.tv\/portada\/wp-content\/uploads\/2026\/08\/Google-lanza-herramientas-de-estudio-en-Gemini-y-su-buscador-300x184.png 300w, https:\/\/www.opinionpublica.tv\/portada\/wp-content\/uploads\/2026\/08\/Google-lanza-herramientas-de-estudio-en-Gemini-y-su-buscador-768x472.png 768w, https:\/\/www.opinionpublica.tv\/portada\/wp-content\/uploads\/2026\/08\/Google-lanza-herramientas-de-estudio-en-Gemini-y-su-buscador.png 1093w\" sizes=\"(max-width: 800px) 100vw, 800px\" \/><\/div><\/a>\n\t\t\t\t<div class=\"elementor-post__badge\">Ciencia y Tecnolog\u00eda<\/div>\n\t\t\t\t<div class=\"elementor-post__text\">\n\t\t\t\t<h1 class=\"elementor-post__title\">\n\t\t\t<a href=\"https:\/\/www.opinionpublica.tv\/portada\/google-lanza-herramientas-de-estudio-en-gemini-y-su-buscador\/\" >\n\t\t\t\tGoogle lanza herramientas de estudio para aprender con Gemini y su buscador\t\t\t<\/a>\n\t\t<\/h1>\n\t\t\t\t<div class=\"elementor-post__excerpt\">\n\t\t\t<p>Google ha lanzado nuevas herramientas de estudio en Gemini y su buscador para que los estudiantes usen la IA para aprender y estudiar Google no<\/p>\n\t\t<\/div>\n\t\t\n\t\t<a class=\"elementor-post__read-more\" href=\"https:\/\/www.opinionpublica.tv\/portada\/google-lanza-herramientas-de-estudio-en-gemini-y-su-buscador\/\" aria-label=\"M\u00e1s informaci\u00f3n sobre Google lanza herramientas de estudio para aprender con Gemini y su buscador\" tabindex=\"-1\" >\n\t\t\tLeer m\u00e1s \u00bb\t\t<\/a>\n\n\t\t\t\t<\/div>\n\t\t\t\t<div class=\"elementor-post__meta-data\">\n\t\t\t\t\t<span class=\"elementor-post-author\">\n\t\t\tOPTV\t\t<\/span>\n\t\t\t\t<span class=\"elementor-post-date\">\n\t\t\t21 de agosto de 2026\t\t<\/span>\n\t\t\t\t<\/div>\n\t\t\t\t\t<\/div>\n\t\t<\/article>\n\t\t\t\t<article class=\"elementor-post elementor-grid-item post-92107 post type-post status-publish format-standard has-post-thumbnail hentry category-ciencia-y-tecnologia tag-china tag-inteligencia-artificial tag-robotica-humanoide\" role=\"listitem\">\n\t\t\t<div class=\"elementor-post__card\">\n\t\t\t\t<a class=\"elementor-post__thumbnail__link\" href=\"https:\/\/www.opinionpublica.tv\/portada\/robotica-humanoide-china-cotiza-en-bolsa-con-valuacion-de-mil-millones\/\" tabindex=\"-1\" ><div class=\"elementor-post__thumbnail\"><img loading=\"lazy\" decoding=\"async\" width=\"800\" height=\"452\" src=\"https:\/\/www.opinionpublica.tv\/portada\/wp-content\/uploads\/2026\/08\/Robotica-humanoide-china-cotiza-en-bolsa-con-valuacion-de-mil-millones-de-dolares-1024x578.png\" class=\"attachment-large size-large wp-image-92112\" alt=\"Robo\u0301tica humanoide china cotiza en bolsa con valuacio\u0301n de mil millones de do\u0301lares\" srcset=\"https:\/\/www.opinionpublica.tv\/portada\/wp-content\/uploads\/2026\/08\/Robotica-humanoide-china-cotiza-en-bolsa-con-valuacion-de-mil-millones-de-dolares-1024x578.png 1024w, https:\/\/www.opinionpublica.tv\/portada\/wp-content\/uploads\/2026\/08\/Robotica-humanoide-china-cotiza-en-bolsa-con-valuacion-de-mil-millones-de-dolares-300x169.png 300w, https:\/\/www.opinionpublica.tv\/portada\/wp-content\/uploads\/2026\/08\/Robotica-humanoide-china-cotiza-en-bolsa-con-valuacion-de-mil-millones-de-dolares-768x433.png 768w, https:\/\/www.opinionpublica.tv\/portada\/wp-content\/uploads\/2026\/08\/Robotica-humanoide-china-cotiza-en-bolsa-con-valuacion-de-mil-millones-de-dolares-1536x866.png 1536w, https:\/\/www.opinionpublica.tv\/portada\/wp-content\/uploads\/2026\/08\/Robotica-humanoide-china-cotiza-en-bolsa-con-valuacion-de-mil-millones-de-dolares.png 1624w\" sizes=\"(max-width: 800px) 100vw, 800px\" \/><\/div><\/a>\n\t\t\t\t<div class=\"elementor-post__badge\">Ciencia y Tecnolog\u00eda<\/div>\n\t\t\t\t<div class=\"elementor-post__text\">\n\t\t\t\t<h1 class=\"elementor-post__title\">\n\t\t\t<a href=\"https:\/\/www.opinionpublica.tv\/portada\/robotica-humanoide-china-cotiza-en-bolsa-con-valuacion-de-mil-millones\/\" >\n\t\t\t\tRob\u00f3tica humanoide china cotiza en bolsa con valuaci\u00f3n de mil millones de d\u00f3lares\t\t\t<\/a>\n\t\t<\/h1>\n\t\t\t\t<div class=\"elementor-post__excerpt\">\n\t\t\t<p>Unitree Robotics, fabricante de robots humanoides, realiz\u00f3 su debut en el mercado de valores de Shanghai con una valuaci\u00f3n que refleja la intensidad de la<\/p>\n\t\t<\/div>\n\t\t\n\t\t<a class=\"elementor-post__read-more\" href=\"https:\/\/www.opinionpublica.tv\/portada\/robotica-humanoide-china-cotiza-en-bolsa-con-valuacion-de-mil-millones\/\" aria-label=\"M\u00e1s informaci\u00f3n sobre Rob\u00f3tica humanoide china cotiza en bolsa con valuaci\u00f3n de mil millones de d\u00f3lares\" tabindex=\"-1\" >\n\t\t\tLeer m\u00e1s \u00bb\t\t<\/a>\n\n\t\t\t\t<\/div>\n\t\t\t\t<div class=\"elementor-post__meta-data\">\n\t\t\t\t\t<span class=\"elementor-post-author\">\n\t\t\tOPTV\t\t<\/span>\n\t\t\t\t<span class=\"elementor-post-date\">\n\t\t\t20 de agosto de 2026\t\t<\/span>\n\t\t\t\t<\/div>\n\t\t\t\t\t<\/div>\n\t\t<\/article>\n\t\t\t\t<article class=\"elementor-post elementor-grid-item post-92071 post type-post status-publish format-standard has-post-thumbnail hentry category-ciencia-y-tecnologia tag-facebook tag-instagram tag-juicio tag-meta\" role=\"listitem\">\n\t\t\t<div class=\"elementor-post__card\">\n\t\t\t\t<a class=\"elementor-post__thumbnail__link\" href=\"https:\/\/www.opinionpublica.tv\/portada\/inicia-juicio-contra-meta-en-eu-facebook-e-instagram-podrian-enfrentar-cambios\/\" tabindex=\"-1\" ><div class=\"elementor-post__thumbnail\"><img loading=\"lazy\" decoding=\"async\" width=\"800\" height=\"533\" src=\"https:\/\/www.opinionpublica.tv\/portada\/wp-content\/uploads\/2026\/08\/Inicia-juicio-contra-Meta-en-EU-Facebook-e-Instagram-podrian-enfrentar-cambios.jpeg\" class=\"attachment-large size-large wp-image-92074\" alt=\"Inicia juicio contra Meta en EU Facebook e Instagram podri\u0301an enfrentar cambios\" srcset=\"https:\/\/www.opinionpublica.tv\/portada\/wp-content\/uploads\/2026\/08\/Inicia-juicio-contra-Meta-en-EU-Facebook-e-Instagram-podrian-enfrentar-cambios.jpeg 813w, https:\/\/www.opinionpublica.tv\/portada\/wp-content\/uploads\/2026\/08\/Inicia-juicio-contra-Meta-en-EU-Facebook-e-Instagram-podrian-enfrentar-cambios-300x200.jpeg 300w, https:\/\/www.opinionpublica.tv\/portada\/wp-content\/uploads\/2026\/08\/Inicia-juicio-contra-Meta-en-EU-Facebook-e-Instagram-podrian-enfrentar-cambios-768x512.jpeg 768w\" sizes=\"(max-width: 800px) 100vw, 800px\" \/><\/div><\/a>\n\t\t\t\t<div class=\"elementor-post__badge\">Ciencia y Tecnolog\u00eda<\/div>\n\t\t\t\t<div class=\"elementor-post__text\">\n\t\t\t\t<h1 class=\"elementor-post__title\">\n\t\t\t<a href=\"https:\/\/www.opinionpublica.tv\/portada\/inicia-juicio-contra-meta-en-eu-facebook-e-instagram-podrian-enfrentar-cambios\/\" >\n\t\t\t\tInicia juicio contra Meta en EU: Facebook e Instagram podr\u00edan enfrentar cambios\t\t\t<\/a>\n\t\t<\/h1>\n\t\t\t\t<div class=\"elementor-post__excerpt\">\n\t\t\t<p>Facebook e Instagram podr\u00edan verse obligadas a modificar funciones, reforzar la protecci\u00f3n de los menores y cambiar la forma en que utilizan sus datos si<\/p>\n\t\t<\/div>\n\t\t\n\t\t<a class=\"elementor-post__read-more\" href=\"https:\/\/www.opinionpublica.tv\/portada\/inicia-juicio-contra-meta-en-eu-facebook-e-instagram-podrian-enfrentar-cambios\/\" aria-label=\"M\u00e1s informaci\u00f3n sobre Inicia juicio contra Meta en EU: Facebook e Instagram podr\u00edan enfrentar cambios\" tabindex=\"-1\" >\n\t\t\tLeer m\u00e1s \u00bb\t\t<\/a>\n\n\t\t\t\t<\/div>\n\t\t\t\t<div class=\"elementor-post__meta-data\">\n\t\t\t\t\t<span class=\"elementor-post-author\">\n\t\t\tOPTV\t\t<\/span>\n\t\t\t\t<span class=\"elementor-post-date\">\n\t\t\t19 de agosto de 2026\t\t<\/span>\n\t\t\t\t<\/div>\n\t\t\t\t\t<\/div>\n\t\t<\/article>\n\t\t\t\t<article class=\"elementor-post elementor-grid-item post-92007 post type-post status-publish format-standard has-post-thumbnail hentry category-ciencia-y-tecnologia tag-android-17 tag-motorola\" role=\"listitem\">\n\t\t\t<div class=\"elementor-post__card\">\n\t\t\t\t<a class=\"elementor-post__thumbnail__link\" href=\"https:\/\/www.opinionpublica.tv\/portada\/esta-es-la-lista-de-celulares-motorola-que-se-actualizaran-al-sistema-android-17\/\" tabindex=\"-1\" ><div class=\"elementor-post__thumbnail\"><img loading=\"lazy\" decoding=\"async\" width=\"800\" height=\"493\" src=\"https:\/\/www.opinionpublica.tv\/portada\/wp-content\/uploads\/2026\/08\/Esta-es-la-lista-de-celulares-Motorola-que-se-actualizaran-al-sistema-Android-17-1024x631.avif\" class=\"attachment-large size-large wp-image-92010\" alt=\"E\u0301sta es la lista de celulares Motorola que se actualizara\u0301n al sistema Android\" srcset=\"https:\/\/www.opinionpublica.tv\/portada\/wp-content\/uploads\/2026\/08\/Esta-es-la-lista-de-celulares-Motorola-que-se-actualizaran-al-sistema-Android-17-1024x631.avif 1024w, https:\/\/www.opinionpublica.tv\/portada\/wp-content\/uploads\/2026\/08\/Esta-es-la-lista-de-celulares-Motorola-que-se-actualizaran-al-sistema-Android-17-300x185.avif 300w, https:\/\/www.opinionpublica.tv\/portada\/wp-content\/uploads\/2026\/08\/Esta-es-la-lista-de-celulares-Motorola-que-se-actualizaran-al-sistema-Android-17-768x474.avif 768w, https:\/\/www.opinionpublica.tv\/portada\/wp-content\/uploads\/2026\/08\/Esta-es-la-lista-de-celulares-Motorola-que-se-actualizaran-al-sistema-Android-17.avif 1080w\" sizes=\"(max-width: 800px) 100vw, 800px\" \/><\/div><\/a>\n\t\t\t\t<div class=\"elementor-post__badge\">Ciencia y Tecnolog\u00eda<\/div>\n\t\t\t\t<div class=\"elementor-post__text\">\n\t\t\t\t<h1 class=\"elementor-post__title\">\n\t\t\t<a href=\"https:\/\/www.opinionpublica.tv\/portada\/esta-es-la-lista-de-celulares-motorola-que-se-actualizaran-al-sistema-android-17\/\" >\n\t\t\t\t\u00c9sta es la lista de celulares Motorola que se actualizar\u00e1n al sistema Android 17\t\t\t<\/a>\n\t\t<\/h1>\n\t\t\t\t<div class=\"elementor-post__excerpt\">\n\t\t\t<p>Motorola confirm\u00f3 los modelos que recibir\u00e1n Android 17, desde sus celulares plegables Razr hasta equipos de la familia Moto G. La actualizaci\u00f3n llegar\u00e1 de forma<\/p>\n\t\t<\/div>\n\t\t\n\t\t<a class=\"elementor-post__read-more\" href=\"https:\/\/www.opinionpublica.tv\/portada\/esta-es-la-lista-de-celulares-motorola-que-se-actualizaran-al-sistema-android-17\/\" aria-label=\"M\u00e1s informaci\u00f3n sobre \u00c9sta es la lista de celulares Motorola que se actualizar\u00e1n al sistema Android 17\" tabindex=\"-1\" >\n\t\t\tLeer m\u00e1s \u00bb\t\t<\/a>\n\n\t\t\t\t<\/div>\n\t\t\t\t<div class=\"elementor-post__meta-data\">\n\t\t\t\t\t<span class=\"elementor-post-author\">\n\t\t\tOPTV\t\t<\/span>\n\t\t\t\t<span class=\"elementor-post-date\">\n\t\t\t18 de agosto de 2026\t\t<\/span>\n\t\t\t\t<\/div>\n\t\t\t\t\t<\/div>\n\t\t<\/article>\n\t\t\t\t<\/div>\n\t\t\n\t\t\t\t<div class=\"e-load-more-anchor\" data-page=\"1\" data-max-page=\"154\" data-next-page=\"https:\/\/www.opinionpublica.tv\/portada\/wp-json\/wp\/v2\/pages\/42077\/page\/2\/\"><\/div>\n\t\t\t\t<nav class=\"elementor-pagination\" aria-label=\"Paginaci\u00f3n\">\n\t\t\t<span aria-current=\"page\" class=\"page-numbers current\"><span class=\"elementor-screen-only\">P\u00e1gina<\/span>1<\/span>\n<a class=\"page-numbers\" href=\"https:\/\/www.opinionpublica.tv\/portada\/wp-json\/wp\/v2\/pages\/42077\/page\/2\/\"><span class=\"elementor-screen-only\">P\u00e1gina<\/span>2<\/a>\n<a class=\"page-numbers\" href=\"https:\/\/www.opinionpublica.tv\/portada\/wp-json\/wp\/v2\/pages\/42077\/page\/3\/\"><span class=\"elementor-screen-only\">P\u00e1gina<\/span>3<\/a>\n<span class=\"page-numbers dots\">&hellip;<\/span>\n<a class=\"page-numbers\" href=\"https:\/\/www.opinionpublica.tv\/portada\/wp-json\/wp\/v2\/pages\/42077\/page\/60\/\"><span class=\"elementor-screen-only\">P\u00e1gina<\/span>60<\/a>\t\t<\/nav>\n\t\t\t\t\t\t<\/div>\n\t\t\t\t<\/div>\n\t\t\t\t\t<\/div>\n\t\t\t\t<\/div>\n\t\t\t\t<\/div>\n\t\t","protected":false},"excerpt":{"rendered":"<p>Ciencia y Tecnolog\u00eda Contacto: direccion@opinionpublica.tv OPINI\u00d3N P\u00daBLICA UN D\u00cdA COMO HOY<\/p>\n","protected":false},"author":5,"featured_media":0,"parent":0,"menu_order":0,"comment_status":"closed","ping_status":"closed","template":"","meta":{"_acf_changed":false,"_monsterinsights_skip_tracking":false,"slim_seo":{"title":"\u00c9sta es la lista de celulares Motorola que se actualizar\u00e1n al sistema Android 17 - Opini\u00f3n P\u00fablica","description":"Motorola confirm\u00f3 los modelos que recibir\u00e1n Android 17, desde sus celulares plegables Razr hasta equipos de la familia Moto G. La actualizaci\u00f3n llegar\u00e1 de forma"},"footnotes":""},"class_list":["post-42077","page","type-page","status-publish","hentry"],"acf":[],"_links":{"self":[{"href":"https:\/\/www.opinionpublica.tv\/portada\/wp-json\/wp\/v2\/pages\/42077","targetHints":{"allow":["GET"]}}],"collection":[{"href":"https:\/\/www.opinionpublica.tv\/portada\/wp-json\/wp\/v2\/pages"}],"about":[{"href":"https:\/\/www.opinionpublica.tv\/portada\/wp-json\/wp\/v2\/types\/page"}],"author":[{"embeddable":true,"href":"https:\/\/www.opinionpublica.tv\/portada\/wp-json\/wp\/v2\/users\/5"}],"replies":[{"embeddable":true,"href":"https:\/\/www.opinionpublica.tv\/portada\/wp-json\/wp\/v2\/comments?post=42077"}],"version-history":[{"count":10,"href":"https:\/\/www.opinionpublica.tv\/portada\/wp-json\/wp\/v2\/pages\/42077\/revisions"}],"predecessor-version":[{"id":42422,"href":"https:\/\/www.opinionpublica.tv\/portada\/wp-json\/wp\/v2\/pages\/42077\/revisions\/42422"}],"wp:attachment":[{"href":"https:\/\/www.opinionpublica.tv\/portada\/wp-json\/wp\/v2\/media?parent=42077"}],"curies":[{"name":"wp","href":"https:\/\/api.w.org\/{rel}","templated":true}]}}