{"id":42010,"date":"2024-08-19T13:14:34","date_gmt":"2024-08-19T19:14:34","guid":{"rendered":"https:\/\/www.opinionpublica.tv\/portada\/?page_id=42010"},"modified":"2024-08-24T10:40:58","modified_gmt":"2024-08-24T16:40:58","slug":"principal","status":"publish","type":"page","link":"https:\/\/www.opinionpublica.tv\/portada\/principal\/","title":{"rendered":"Principal"},"content":{"rendered":"\t\t<div data-elementor-type=\"wp-page\" data-elementor-id=\"42010\" class=\"elementor elementor-42010\" data-elementor-post-type=\"page\">\n\t\t\t\t<div class=\"elementor-element elementor-element-3c7749e4 e-flex e-con-boxed e-con e-parent\" data-id=\"3c7749e4\" data-element_type=\"container\" data-e-type=\"container\">\n\t\t\t\t\t<div class=\"e-con-inner\">\n\t\t<div class=\"elementor-element elementor-element-6bb41ddd e-con-full e-flex e-con e-child\" data-id=\"6bb41ddd\" data-element_type=\"container\" data-e-type=\"container\">\n\t\t\t\t<div class=\"elementor-element elementor-element-20e0a99 elementor-widget elementor-widget-heading\" data-id=\"20e0a99\" data-element_type=\"widget\" data-e-type=\"widget\" data-widget_type=\"heading.default\">\n\t\t\t\t<div class=\"elementor-widget-container\">\n\t\t\t\t\t<h2 class=\"elementor-heading-title elementor-size-default\">Principal<\/h2>\t\t\t\t<\/div>\n\t\t\t\t<\/div>\n\t\t\t\t<div class=\"elementor-element elementor-element-9b69860 elementor-widget elementor-widget-heading\" data-id=\"9b69860\" data-element_type=\"widget\" data-e-type=\"widget\" data-widget_type=\"heading.default\">\n\t\t\t\t<div class=\"elementor-widget-container\">\n\t\t\t\t\t<h3 class=\"elementor-heading-title elementor-size-default\"><a href=\"mailto:direccion@opinionpublica.tv\">Contacto: direccion@opinionpublica.tv<\/a><\/h3>\t\t\t\t<\/div>\n\t\t\t\t<\/div>\n\t\t\t\t<div class=\"elementor-element elementor-element-5a73feb6 elementor-grid-1 elementor-grid-tablet-2 elementor-grid-mobile-1 elementor-posts--thumbnail-top elementor-card-shadow-yes elementor-posts__hover-gradient elementor-widget elementor-widget-posts\" data-id=\"5a73feb6\" data-element_type=\"widget\" data-e-type=\"widget\" data-settings=\"{&quot;cards_columns&quot;:&quot;1&quot;,&quot;cards_columns_tablet&quot;:&quot;2&quot;,&quot;cards_columns_mobile&quot;:&quot;1&quot;,&quot;cards_row_gap&quot;:{&quot;unit&quot;:&quot;px&quot;,&quot;size&quot;:35,&quot;sizes&quot;:[]},&quot;cards_row_gap_tablet&quot;:{&quot;unit&quot;:&quot;px&quot;,&quot;size&quot;:&quot;&quot;,&quot;sizes&quot;:[]},&quot;cards_row_gap_mobile&quot;:{&quot;unit&quot;:&quot;px&quot;,&quot;size&quot;:&quot;&quot;,&quot;sizes&quot;:[]}}\" data-widget_type=\"posts.cards\">\n\t\t\t\t<div class=\"elementor-widget-container\">\n\t\t\t\t\t\t\t<div class=\"elementor-posts-container elementor-posts elementor-posts--skin-cards elementor-grid\" role=\"list\">\n\t\t\t\t<article class=\"elementor-post elementor-grid-item post-92838 post type-post status-publish format-standard has-post-thumbnail hentry category-principal tag-exportaciones-mexicanas\" role=\"listitem\">\n\t\t\t<div class=\"elementor-post__card\">\n\t\t\t\t<a class=\"elementor-post__thumbnail__link\" href=\"https:\/\/www.opinionpublica.tv\/portada\/exportaciones-mexicanas-se-encaminan-a-su-mejor-ano-de-toda-la-historia\/\" tabindex=\"-1\" ><div class=\"elementor-post__thumbnail\"><img fetchpriority=\"high\" decoding=\"async\" width=\"800\" height=\"493\" src=\"https:\/\/www.opinionpublica.tv\/portada\/wp-content\/uploads\/2026\/08\/Exportaciones-mexicanas-se-encaminan-hacia-su-mejor-ano-de-toda-la-historia-1024x631.avif\" class=\"attachment-large size-large wp-image-92841\" alt=\"Exportaciones mexicanas se encaminan hacia su mejor an\u0303o de toda la historia\" srcset=\"https:\/\/www.opinionpublica.tv\/portada\/wp-content\/uploads\/2026\/08\/Exportaciones-mexicanas-se-encaminan-hacia-su-mejor-ano-de-toda-la-historia-1024x631.avif 1024w, https:\/\/www.opinionpublica.tv\/portada\/wp-content\/uploads\/2026\/08\/Exportaciones-mexicanas-se-encaminan-hacia-su-mejor-ano-de-toda-la-historia-300x185.avif 300w, https:\/\/www.opinionpublica.tv\/portada\/wp-content\/uploads\/2026\/08\/Exportaciones-mexicanas-se-encaminan-hacia-su-mejor-ano-de-toda-la-historia-768x473.avif 768w, https:\/\/www.opinionpublica.tv\/portada\/wp-content\/uploads\/2026\/08\/Exportaciones-mexicanas-se-encaminan-hacia-su-mejor-ano-de-toda-la-historia.avif 1081w\" sizes=\"(max-width: 800px) 100vw, 800px\" \/><\/div><\/a>\n\t\t\t\t<div class=\"elementor-post__badge\">Lo m\u00e1s destacado<\/div>\n\t\t\t\t<div class=\"elementor-post__text\">\n\t\t\t\t<h1 class=\"elementor-post__title\">\n\t\t\t<a href=\"https:\/\/www.opinionpublica.tv\/portada\/exportaciones-mexicanas-se-encaminan-a-su-mejor-ano-de-toda-la-historia\/\" >\n\t\t\t\tExportaciones mexicanas se encaminan hacia su mejor a\u00f1o de toda la historia\t\t\t<\/a>\n\t\t<\/h1>\n\t\t\t\t<div class=\"elementor-post__excerpt\">\n\t\t\t<p>M\u00e9xico vive un boom exportador gracias al auge de la Inteligencia Artificial en Estados Unidos, coinciden analistas. El pa\u00eds export\u00f3 mercanc\u00edas por valor total de<\/p>\n\t\t<\/div>\n\t\t\n\t\t<a class=\"elementor-post__read-more\" href=\"https:\/\/www.opinionpublica.tv\/portada\/exportaciones-mexicanas-se-encaminan-a-su-mejor-ano-de-toda-la-historia\/\" aria-label=\"M\u00e1s informaci\u00f3n sobre Exportaciones mexicanas se encaminan hacia su mejor a\u00f1o de toda la historia\" tabindex=\"-1\" >\n\t\t\tLeer m\u00e1s \u00bb\t\t<\/a>\n\n\t\t\t\t<\/div>\n\t\t\t\t<div class=\"elementor-post__meta-data\">\n\t\t\t\t\t<span class=\"elementor-post-author\">\n\t\t\tOPTV\t\t<\/span>\n\t\t\t\t<span class=\"elementor-post-date\">\n\t\t\t30 de agosto de 2026\t\t<\/span>\n\t\t\t\t<\/div>\n\t\t\t\t\t<\/div>\n\t\t<\/article>\n\t\t\t\t<\/div>\n\t\t\n\t\t\t\t\t\t<\/div>\n\t\t\t\t<\/div>\n\t\t\t\t<\/div>\n\t\t<div class=\"elementor-element elementor-element-47d4405e e-con-full e-flex e-con e-child\" data-id=\"47d4405e\" data-element_type=\"container\" data-e-type=\"container\">\n\t\t\t\t<div class=\"elementor-element elementor-element-51d25713 elementor-align-justify elementor-widget elementor-widget-button\" data-id=\"51d25713\" data-element_type=\"widget\" data-e-type=\"widget\" data-widget_type=\"button.default\">\n\t\t\t\t<div class=\"elementor-widget-container\">\n\t\t\t\t\t\t\t\t\t<div class=\"elementor-button-wrapper\">\n\t\t\t\t\t<a class=\"elementor-button elementor-size-sm\" role=\"button\">\n\t\t\t\t\t\t<span class=\"elementor-button-content-wrapper\">\n\t\t\t\t\t\t\t\t\t<span class=\"elementor-button-text\">OPINI\u00d3N P\u00daBLICA<\/span>\n\t\t\t\t\t<\/span>\n\t\t\t\t\t<\/a>\n\t\t\t\t<\/div>\n\t\t\t\t\t\t\t\t<\/div>\n\t\t\t\t<\/div>\n\t\t\t\t<div class=\"elementor-element elementor-element-3fd25daa elementor-grid-1 elementor-posts--thumbnail-none elementor-grid-tablet-2 elementor-grid-mobile-1 elementor-card-shadow-yes elementor-posts__hover-gradient elementor-widget elementor-widget-posts\" data-id=\"3fd25daa\" data-element_type=\"widget\" data-e-type=\"widget\" data-settings=\"{&quot;cards_columns&quot;:&quot;1&quot;,&quot;cards_columns_tablet&quot;:&quot;2&quot;,&quot;cards_columns_mobile&quot;:&quot;1&quot;,&quot;cards_row_gap&quot;:{&quot;unit&quot;:&quot;px&quot;,&quot;size&quot;:35,&quot;sizes&quot;:[]},&quot;cards_row_gap_tablet&quot;:{&quot;unit&quot;:&quot;px&quot;,&quot;size&quot;:&quot;&quot;,&quot;sizes&quot;:[]},&quot;cards_row_gap_mobile&quot;:{&quot;unit&quot;:&quot;px&quot;,&quot;size&quot;:&quot;&quot;,&quot;sizes&quot;:[]}}\" data-widget_type=\"posts.cards\">\n\t\t\t\t<div class=\"elementor-widget-container\">\n\t\t\t\t\t\t\t<div class=\"elementor-posts-container elementor-posts elementor-posts--skin-cards elementor-grid\" role=\"list\">\n\t\t\t\t<article class=\"elementor-post elementor-grid-item post-91725 post type-post status-publish format-standard has-post-thumbnail hentry category-cartapacio tag-cartapacio tag-raul-ruiz\" role=\"listitem\">\n\t\t\t<div class=\"elementor-post__card\">\n\t\t\t\t<div class=\"elementor-post__text\">\n\t\t\t\t<h2 class=\"elementor-post__title\">\n\t\t\t<a href=\"https:\/\/www.opinionpublica.tv\/portada\/sin-correa-y-sin-bozal\/\" >\n\t\t\t\tSin correa y sin bozal\t\t\t<\/a>\n\t\t<\/h2>\n\t\t\t\t<div class=\"elementor-post__excerpt\">\n\t\t\t<p>Ra\u00fal Ruiz __________________________ No puede uno soltar tantito a CJTOWN, porque se convierte nuevamente en Ciudad Ca\u00f3tica. Entre los chicotazos del clima, los agujeros que se producen con la lluvia y la inseguridad vial, los juarenses explotaron un d\u00eda y se fueron a quejar contra un grupo de agentes extorsionadores. El coordinador de Vialidad Lic. Jes\u00fas Manuel Garc\u00eda, alcanz\u00f3 a dar de baja a algunos. Y suspendi\u00f3 por un tiempo a otros quienes andan rabiosos porque quieren regresar y andar sueltos. No queremos correa ni bozal. Han dicho a sus propios compa\u00f1eros. Y obviamente no se le van a subir a las barbas a don Jes\u00fas Manuel Garc\u00eda Reyes. Si hay novedades, se las platico. CONEXIONES POTOSINAS Mientras tanto, en<\/p>\n\t\t<\/div>\n\t\t\n\t\t<a class=\"elementor-post__read-more\" href=\"https:\/\/www.opinionpublica.tv\/portada\/sin-correa-y-sin-bozal\/\" aria-label=\"M\u00e1s informaci\u00f3n sobre Sin correa y sin bozal\" tabindex=\"-1\" >\n\t\t\tLeer m\u00e1s \u00bb\t\t<\/a>\n\n\t\t\t\t<\/div>\n\t\t\t\t<div class=\"elementor-post__meta-data\">\n\t\t\t\t\t<span class=\"elementor-post-author\">\n\t\t\tOPTV\t\t<\/span>\n\t\t\t\t<span class=\"elementor-post-date\">\n\t\t\t14 de agosto de 2026\t\t<\/span>\n\t\t\t\t<\/div>\n\t\t\t\t\t<\/div>\n\t\t<\/article>\n\t\t\t\t<\/div>\n\t\t\n\t\t\t\t\t\t<\/div>\n\t\t\t\t<\/div>\n\t\t\t\t<\/div>\n\t\t<div class=\"elementor-element elementor-element-3dc5e5d1 e-con-full e-flex e-con e-child\" data-id=\"3dc5e5d1\" data-element_type=\"container\" data-e-type=\"container\">\n\t\t\t\t<div class=\"elementor-element elementor-element-e192b5f elementor-align-justify elementor-widget elementor-widget-button\" data-id=\"e192b5f\" data-element_type=\"widget\" data-e-type=\"widget\" data-widget_type=\"button.default\">\n\t\t\t\t<div class=\"elementor-widget-container\">\n\t\t\t\t\t\t\t\t\t<div class=\"elementor-button-wrapper\">\n\t\t\t\t\t<a class=\"elementor-button elementor-size-sm\" role=\"button\">\n\t\t\t\t\t\t<span class=\"elementor-button-content-wrapper\">\n\t\t\t\t\t\t\t\t\t<span class=\"elementor-button-text\">UN D\u00cdA COMO HOY<\/span>\n\t\t\t\t\t<\/span>\n\t\t\t\t\t<\/a>\n\t\t\t\t<\/div>\n\t\t\t\t\t\t\t\t<\/div>\n\t\t\t\t<\/div>\n\t\t\t\t<div class=\"elementor-element elementor-element-35ab253 elementor-grid-1 elementor-grid-tablet-2 elementor-grid-mobile-1 elementor-posts--thumbnail-top elementor-card-shadow-yes elementor-posts__hover-gradient elementor-widget elementor-widget-posts\" data-id=\"35ab253\" data-element_type=\"widget\" data-e-type=\"widget\" data-settings=\"{&quot;cards_columns&quot;:&quot;1&quot;,&quot;cards_row_gap&quot;:{&quot;unit&quot;:&quot;px&quot;,&quot;size&quot;:46,&quot;sizes&quot;:[]},&quot;cards_columns_tablet&quot;:&quot;2&quot;,&quot;cards_columns_mobile&quot;:&quot;1&quot;,&quot;cards_row_gap_tablet&quot;:{&quot;unit&quot;:&quot;px&quot;,&quot;size&quot;:&quot;&quot;,&quot;sizes&quot;:[]},&quot;cards_row_gap_mobile&quot;:{&quot;unit&quot;:&quot;px&quot;,&quot;size&quot;:&quot;&quot;,&quot;sizes&quot;:[]}}\" data-widget_type=\"posts.cards\">\n\t\t\t\t<div class=\"elementor-widget-container\">\n\t\t\t\t\t\t\t<div class=\"elementor-posts-container elementor-posts elementor-posts--skin-cards elementor-grid\" role=\"list\">\n\t\t\t\t<article class=\"elementor-post elementor-grid-item post-92861 post type-post status-publish format-standard has-post-thumbnail hentry category-un-dia-como-hoy tag-efemerides-30-de-agosto tag-transbordador-espacial-discovery\" role=\"listitem\">\n\t\t\t<div class=\"elementor-post__card\">\n\t\t\t\t<a class=\"elementor-post__thumbnail__link\" href=\"https:\/\/www.opinionpublica.tv\/portada\/efemerides-30-de-agosto-un-dia-como-hoy-en-la-historia-2\/\" tabindex=\"-1\" ><div class=\"elementor-post__thumbnail\"><img decoding=\"async\" width=\"300\" height=\"199\" src=\"https:\/\/www.opinionpublica.tv\/portada\/wp-content\/uploads\/2026\/08\/1984-Estados-Unidos-lanza-por-primera-vez-el-transbordador-espacial-Discovery-1-300x199.webp\" class=\"attachment-medium size-medium wp-image-92864\" alt=\"1984, Estados Unidos lanza por primera vez el transbordador espacial Discovery\" srcset=\"https:\/\/www.opinionpublica.tv\/portada\/wp-content\/uploads\/2026\/08\/1984-Estados-Unidos-lanza-por-primera-vez-el-transbordador-espacial-Discovery-1-300x199.webp 300w, https:\/\/www.opinionpublica.tv\/portada\/wp-content\/uploads\/2026\/08\/1984-Estados-Unidos-lanza-por-primera-vez-el-transbordador-espacial-Discovery-1-768x508.webp 768w, https:\/\/www.opinionpublica.tv\/portada\/wp-content\/uploads\/2026\/08\/1984-Estados-Unidos-lanza-por-primera-vez-el-transbordador-espacial-Discovery-1-1024x678.webp 1024w, https:\/\/www.opinionpublica.tv\/portada\/wp-content\/uploads\/2026\/08\/1984-Estados-Unidos-lanza-por-primera-vez-el-transbordador-espacial-Discovery-1.webp 1041w\" sizes=\"(max-width: 300px) 100vw, 300px\" \/><\/div><\/a>\n\t\t\t\t<div class=\"elementor-post__badge\">UN D\u00cdA COMO HOY...<\/div>\n\t\t\t\t<div class=\"elementor-post__text\">\n\t\t\t\t<h2 class=\"elementor-post__title\">\n\t\t\t<a href=\"https:\/\/www.opinionpublica.tv\/portada\/efemerides-30-de-agosto-un-dia-como-hoy-en-la-historia-2\/\" >\n\t\t\t\tEfem\u00e9rides 30 de agosto | Un d\u00eda como hoy en la historia&#8230;\t\t\t<\/a>\n\t\t<\/h2>\n\t\t\n\t\t<a class=\"elementor-post__read-more\" href=\"https:\/\/www.opinionpublica.tv\/portada\/efemerides-30-de-agosto-un-dia-como-hoy-en-la-historia-2\/\" aria-label=\"M\u00e1s informaci\u00f3n sobre Efem\u00e9rides 30 de agosto | Un d\u00eda como hoy en la historia&#8230;\" tabindex=\"-1\" >\n\t\t\tLeer m\u00e1s \u00bb\t\t<\/a>\n\n\t\t\t\t<\/div>\n\t\t\t\t<div class=\"elementor-post__meta-data\">\n\t\t\t\t\t<span class=\"elementor-post-author\">\n\t\t\tOPTV\t\t<\/span>\n\t\t\t\t<span class=\"elementor-post-date\">\n\t\t\t30 de agosto de 2026\t\t<\/span>\n\t\t\t\t<\/div>\n\t\t\t\t\t<\/div>\n\t\t<\/article>\n\t\t\t\t<\/div>\n\t\t\n\t\t\t\t\t\t<\/div>\n\t\t\t\t<\/div>\n\t\t\t\t<\/div>\n\t\t\t\t\t<\/div>\n\t\t\t\t<\/div>\n\t\t<div class=\"elementor-element elementor-element-42d4bf8 e-flex e-con-boxed e-con e-parent\" data-id=\"42d4bf8\" data-element_type=\"container\" data-e-type=\"container\">\n\t\t\t\t\t<div class=\"e-con-inner\">\n\t\t\t\t<div class=\"elementor-element elementor-element-6f9607d elementor-grid-3 elementor-grid-tablet-2 elementor-grid-mobile-1 elementor-posts--thumbnail-top elementor-card-shadow-yes elementor-posts__hover-gradient elementor-widget elementor-widget-posts\" data-id=\"6f9607d\" data-element_type=\"widget\" data-e-type=\"widget\" data-settings=\"{&quot;pagination_type&quot;:&quot;numbers&quot;,&quot;cards_columns&quot;:&quot;3&quot;,&quot;cards_columns_tablet&quot;:&quot;2&quot;,&quot;cards_columns_mobile&quot;:&quot;1&quot;,&quot;cards_row_gap&quot;:{&quot;unit&quot;:&quot;px&quot;,&quot;size&quot;:35,&quot;sizes&quot;:[]},&quot;cards_row_gap_tablet&quot;:{&quot;unit&quot;:&quot;px&quot;,&quot;size&quot;:&quot;&quot;,&quot;sizes&quot;:[]},&quot;cards_row_gap_mobile&quot;:{&quot;unit&quot;:&quot;px&quot;,&quot;size&quot;:&quot;&quot;,&quot;sizes&quot;:[]}}\" data-widget_type=\"posts.cards\">\n\t\t\t\t<div class=\"elementor-widget-container\">\n\t\t\t\t\t\t\t<div class=\"elementor-posts-container elementor-posts elementor-posts--skin-cards elementor-grid\" role=\"list\">\n\t\t\t\t<article class=\"elementor-post elementor-grid-item post-92691 post type-post status-publish format-standard has-post-thumbnail hentry category-principal tag-claudia-sheinbaum tag-morena tag-ruben-rocha-moya\" role=\"listitem\">\n\t\t\t<div class=\"elementor-post__card\">\n\t\t\t\t<a class=\"elementor-post__thumbnail__link\" href=\"https:\/\/www.opinionpublica.tv\/portada\/traicionar-a-sheinbaum-el-error-de-rocha-su-desafio-detono-su-salida-de-morena\/\" tabindex=\"-1\" ><div class=\"elementor-post__thumbnail\"><img decoding=\"async\" width=\"800\" height=\"533\" src=\"https:\/\/www.opinionpublica.tv\/portada\/wp-content\/uploads\/2026\/08\/22Traicionar22-a-la-presidenta-Sheinbaum-el-gran-error-de-Rocha-su-desafiante-regreso-detono-el-repudio-de-Morena.avif\" class=\"attachment-large size-large wp-image-92699\" alt=\"%22Traicionar%22 a la presidenta Sheinbaum, el gran error de Rocha; su desafiante regreso detono\u0301 el repudio de Morena\" srcset=\"https:\/\/www.opinionpublica.tv\/portada\/wp-content\/uploads\/2026\/08\/22Traicionar22-a-la-presidenta-Sheinbaum-el-gran-error-de-Rocha-su-desafiante-regreso-detono-el-repudio-de-Morena.avif 999w, https:\/\/www.opinionpublica.tv\/portada\/wp-content\/uploads\/2026\/08\/22Traicionar22-a-la-presidenta-Sheinbaum-el-gran-error-de-Rocha-su-desafiante-regreso-detono-el-repudio-de-Morena-300x200.avif 300w, https:\/\/www.opinionpublica.tv\/portada\/wp-content\/uploads\/2026\/08\/22Traicionar22-a-la-presidenta-Sheinbaum-el-gran-error-de-Rocha-su-desafiante-regreso-detono-el-repudio-de-Morena-768x512.avif 768w\" sizes=\"(max-width: 800px) 100vw, 800px\" \/><\/div><\/a>\n\t\t\t\t<div class=\"elementor-post__badge\">Lo m\u00e1s destacado<\/div>\n\t\t\t\t<div class=\"elementor-post__text\">\n\t\t\t\t<h1 class=\"elementor-post__title\">\n\t\t\t<a href=\"https:\/\/www.opinionpublica.tv\/portada\/traicionar-a-sheinbaum-el-error-de-rocha-su-desafio-detono-su-salida-de-morena\/\" >\n\t\t\t\t\u00abTraicionar\u00bb a la presidenta Sheinbaum, el gran error de Rocha; su desafiante regreso deton\u00f3 el repudio de Morena\t\t\t<\/a>\n\t\t<\/h1>\n\t\t\t\t<div class=\"elementor-post__excerpt\">\n\t\t\t<p>El error pol\u00edtico de Rub\u00e9n Rocha Moya de retomar la gubernatura de Sinaloa de manera unilateral fue la clave para que Morena decidiera, de manera<\/p>\n\t\t<\/div>\n\t\t\n\t\t<a class=\"elementor-post__read-more\" href=\"https:\/\/www.opinionpublica.tv\/portada\/traicionar-a-sheinbaum-el-error-de-rocha-su-desafio-detono-su-salida-de-morena\/\" aria-label=\"M\u00e1s informaci\u00f3n sobre \u00abTraicionar\u00bb a la presidenta Sheinbaum, el gran error de Rocha; su desafiante regreso deton\u00f3 el repudio de Morena\" tabindex=\"-1\" >\n\t\t\tLeer m\u00e1s \u00bb\t\t<\/a>\n\n\t\t\t\t<\/div>\n\t\t\t\t<div class=\"elementor-post__meta-data\">\n\t\t\t\t\t<span class=\"elementor-post-author\">\n\t\t\tOPTV\t\t<\/span>\n\t\t\t\t<span class=\"elementor-post-date\">\n\t\t\t28 de agosto de 2026\t\t<\/span>\n\t\t\t\t<\/div>\n\t\t\t\t\t<\/div>\n\t\t<\/article>\n\t\t\t\t<article class=\"elementor-post elementor-grid-item post-92641 post type-post status-publish format-standard has-post-thumbnail hentry category-principal tag-condusef tag-fraudes-bancarios\" role=\"listitem\">\n\t\t\t<div class=\"elementor-post__card\">\n\t\t\t\t<a class=\"elementor-post__thumbnail__link\" href=\"https:\/\/www.opinionpublica.tv\/portada\/credito-facil-o-inversion-milagro-condusef-alerta-por-tres-peligros-que-pueden-vaciar-tu-bolsillo\/\" tabindex=\"-1\" ><div class=\"elementor-post__thumbnail\"><img loading=\"lazy\" decoding=\"async\" width=\"800\" height=\"450\" src=\"https:\/\/www.opinionpublica.tv\/portada\/wp-content\/uploads\/2026\/08\/\u00bfCredito-facil-o-inversion-milagro-Condusef-alerta-sobre-fraudes-y-tres-peligros-que-pueden-vaciar-tu-bolsillo-1024x576.avif\" class=\"attachment-large size-large wp-image-92645\" alt=\"\u00bfCre\u0301dito fa\u0301cil o inversio\u0301n &#039;milagro&#039;? Condusef alerta sobre fraudes y tres peligros que pueden vaciar tu bolsillo\" srcset=\"https:\/\/www.opinionpublica.tv\/portada\/wp-content\/uploads\/2026\/08\/\u00bfCredito-facil-o-inversion-milagro-Condusef-alerta-sobre-fraudes-y-tres-peligros-que-pueden-vaciar-tu-bolsillo-1024x576.avif 1024w, https:\/\/www.opinionpublica.tv\/portada\/wp-content\/uploads\/2026\/08\/\u00bfCredito-facil-o-inversion-milagro-Condusef-alerta-sobre-fraudes-y-tres-peligros-que-pueden-vaciar-tu-bolsillo-300x169.avif 300w, https:\/\/www.opinionpublica.tv\/portada\/wp-content\/uploads\/2026\/08\/\u00bfCredito-facil-o-inversion-milagro-Condusef-alerta-sobre-fraudes-y-tres-peligros-que-pueden-vaciar-tu-bolsillo-768x432.avif 768w, https:\/\/www.opinionpublica.tv\/portada\/wp-content\/uploads\/2026\/08\/\u00bfCredito-facil-o-inversion-milagro-Condusef-alerta-sobre-fraudes-y-tres-peligros-que-pueden-vaciar-tu-bolsillo.avif 1200w\" sizes=\"(max-width: 800px) 100vw, 800px\" \/><\/div><\/a>\n\t\t\t\t<div class=\"elementor-post__badge\">Lo m\u00e1s destacado<\/div>\n\t\t\t\t<div class=\"elementor-post__text\">\n\t\t\t\t<h1 class=\"elementor-post__title\">\n\t\t\t<a href=\"https:\/\/www.opinionpublica.tv\/portada\/credito-facil-o-inversion-milagro-condusef-alerta-por-tres-peligros-que-pueden-vaciar-tu-bolsillo\/\" >\n\t\t\t\t\u00bfCr\u00e9dito f\u00e1cil o inversi\u00f3n &#8216;milagro&#8217;? Condusef alerta sobre fraudes y tres peligros que pueden vaciar tu bolsillo\t\t\t<\/a>\n\t\t<\/h1>\n\t\t\t\t<div class=\"elementor-post__excerpt\">\n\t\t\t<p>\u00bfUn cr\u00e9dito f\u00e1cil, una inversi\u00f3n con ganancias extraordinarias o utilizar varias tarjetas para cubrir gastos? Antes de aceptar cualquiera de estas opciones, la Condusef lanz\u00f3<\/p>\n\t\t<\/div>\n\t\t\n\t\t<a class=\"elementor-post__read-more\" href=\"https:\/\/www.opinionpublica.tv\/portada\/credito-facil-o-inversion-milagro-condusef-alerta-por-tres-peligros-que-pueden-vaciar-tu-bolsillo\/\" aria-label=\"M\u00e1s informaci\u00f3n sobre \u00bfCr\u00e9dito f\u00e1cil o inversi\u00f3n &#8216;milagro&#8217;? Condusef alerta sobre fraudes y tres peligros que pueden vaciar tu bolsillo\" tabindex=\"-1\" >\n\t\t\tLeer m\u00e1s \u00bb\t\t<\/a>\n\n\t\t\t\t<\/div>\n\t\t\t\t<div class=\"elementor-post__meta-data\">\n\t\t\t\t\t<span class=\"elementor-post-author\">\n\t\t\tOPTV\t\t<\/span>\n\t\t\t\t<span class=\"elementor-post-date\">\n\t\t\t27 de agosto de 2026\t\t<\/span>\n\t\t\t\t<\/div>\n\t\t\t\t\t<\/div>\n\t\t<\/article>\n\t\t\t\t<article class=\"elementor-post elementor-grid-item post-92556 post type-post status-publish format-standard has-post-thumbnail hentry category-principal tag-andres-manuel-lopez-obrador tag-andy-lopez-beltran tag-morena\" role=\"listitem\">\n\t\t\t<div class=\"elementor-post__card\">\n\t\t\t\t<a class=\"elementor-post__thumbnail__link\" href=\"https:\/\/www.opinionpublica.tv\/portada\/andy-lopez-beltran-hijo-de-amlo-extendio-red-con-politicos-y-empresarios\/\" tabindex=\"-1\" ><div class=\"elementor-post__thumbnail\"><img loading=\"lazy\" decoding=\"async\" width=\"800\" height=\"534\" src=\"https:\/\/www.opinionpublica.tv\/portada\/wp-content\/uploads\/2026\/08\/Andy-Lopez-Beltran-hijo-de-AMLO-creo-red-propia-con-politicos-y-empresarios-1024x683.webp\" class=\"attachment-large size-large wp-image-92565\" alt=\"&#039;Andy&#039; Lo\u0301pez Beltra\u0301n, hijo de AMLO creo\u0301 red propia con poli\u0301ticos y empresarios\" srcset=\"https:\/\/www.opinionpublica.tv\/portada\/wp-content\/uploads\/2026\/08\/Andy-Lopez-Beltran-hijo-de-AMLO-creo-red-propia-con-politicos-y-empresarios-1024x683.webp 1024w, https:\/\/www.opinionpublica.tv\/portada\/wp-content\/uploads\/2026\/08\/Andy-Lopez-Beltran-hijo-de-AMLO-creo-red-propia-con-politicos-y-empresarios-300x200.webp 300w, https:\/\/www.opinionpublica.tv\/portada\/wp-content\/uploads\/2026\/08\/Andy-Lopez-Beltran-hijo-de-AMLO-creo-red-propia-con-politicos-y-empresarios-768x512.webp 768w, https:\/\/www.opinionpublica.tv\/portada\/wp-content\/uploads\/2026\/08\/Andy-Lopez-Beltran-hijo-de-AMLO-creo-red-propia-con-politicos-y-empresarios.webp 1200w\" sizes=\"(max-width: 800px) 100vw, 800px\" \/><\/div><\/a>\n\t\t\t\t<div class=\"elementor-post__badge\">Lo m\u00e1s destacado<\/div>\n\t\t\t\t<div class=\"elementor-post__text\">\n\t\t\t\t<h1 class=\"elementor-post__title\">\n\t\t\t<a href=\"https:\/\/www.opinionpublica.tv\/portada\/andy-lopez-beltran-hijo-de-amlo-extendio-red-con-politicos-y-empresarios\/\" >\n\t\t\t\t&#8216;Andy&#8217; L\u00f3pez Beltr\u00e1n, hijo de AMLO cre\u00f3 red propia con pol\u00edticos y empresarios\t\t\t<\/a>\n\t\t<\/h1>\n\t\t\t\t<div class=\"elementor-post__excerpt\">\n\t\t\t<p>Alrededor de Andr\u00e9s Manuel Andy L\u00f3pez Beltr\u00e1n, aspirante a diputado federal por Tabasco e hijo del expresidente Andr\u00e9s Manuel L\u00f3pez Obrador (AMLO), se extiende un<\/p>\n\t\t<\/div>\n\t\t\n\t\t<a class=\"elementor-post__read-more\" href=\"https:\/\/www.opinionpublica.tv\/portada\/andy-lopez-beltran-hijo-de-amlo-extendio-red-con-politicos-y-empresarios\/\" aria-label=\"M\u00e1s informaci\u00f3n sobre &#8216;Andy&#8217; L\u00f3pez Beltr\u00e1n, hijo de AMLO cre\u00f3 red propia con pol\u00edticos y empresarios\" tabindex=\"-1\" >\n\t\t\tLeer m\u00e1s \u00bb\t\t<\/a>\n\n\t\t\t\t<\/div>\n\t\t\t\t<div class=\"elementor-post__meta-data\">\n\t\t\t\t\t<span class=\"elementor-post-author\">\n\t\t\tOPTV\t\t<\/span>\n\t\t\t\t<span class=\"elementor-post-date\">\n\t\t\t26 de agosto de 2026\t\t<\/span>\n\t\t\t\t<\/div>\n\t\t\t\t\t<\/div>\n\t\t<\/article>\n\t\t\t\t<article class=\"elementor-post elementor-grid-item post-92506 post type-post status-publish format-standard has-post-thumbnail hentry category-principal tag-inflacion-mexico\" role=\"listitem\">\n\t\t\t<div class=\"elementor-post__card\">\n\t\t\t\t<a class=\"elementor-post__thumbnail__link\" href=\"https:\/\/www.opinionpublica.tv\/portada\/inflacion-repunta-a-3-26-en-primera-quincena-de-agosto-servicios-educativos-y-transporte-publico-impulsaron-aumento\/\" tabindex=\"-1\" ><div class=\"elementor-post__thumbnail\"><img loading=\"lazy\" decoding=\"async\" width=\"800\" height=\"493\" src=\"https:\/\/www.opinionpublica.tv\/portada\/wp-content\/uploads\/2026\/08\/Inflacion-repunta-a-3.26-en-primera-quincena-de-agosto-impulsada-por-el-transporte-y-los-servicios-educativos-1024x631.avif\" class=\"attachment-large size-large wp-image-92511\" alt=\"Inflacio\u0301n repunta a 3.26% en primera quincena de agosto impulsada por el transporte y los servicios educativos\" srcset=\"https:\/\/www.opinionpublica.tv\/portada\/wp-content\/uploads\/2026\/08\/Inflacion-repunta-a-3.26-en-primera-quincena-de-agosto-impulsada-por-el-transporte-y-los-servicios-educativos-1024x631.avif 1024w, https:\/\/www.opinionpublica.tv\/portada\/wp-content\/uploads\/2026\/08\/Inflacion-repunta-a-3.26-en-primera-quincena-de-agosto-impulsada-por-el-transporte-y-los-servicios-educativos-300x185.avif 300w, https:\/\/www.opinionpublica.tv\/portada\/wp-content\/uploads\/2026\/08\/Inflacion-repunta-a-3.26-en-primera-quincena-de-agosto-impulsada-por-el-transporte-y-los-servicios-educativos-768x473.avif 768w, https:\/\/www.opinionpublica.tv\/portada\/wp-content\/uploads\/2026\/08\/Inflacion-repunta-a-3.26-en-primera-quincena-de-agosto-impulsada-por-el-transporte-y-los-servicios-educativos.avif 1081w\" sizes=\"(max-width: 800px) 100vw, 800px\" \/><\/div><\/a>\n\t\t\t\t<div class=\"elementor-post__badge\">Lo m\u00e1s destacado<\/div>\n\t\t\t\t<div class=\"elementor-post__text\">\n\t\t\t\t<h1 class=\"elementor-post__title\">\n\t\t\t<a href=\"https:\/\/www.opinionpublica.tv\/portada\/inflacion-repunta-a-3-26-en-primera-quincena-de-agosto-servicios-educativos-y-transporte-publico-impulsaron-aumento\/\" >\n\t\t\t\tInflaci\u00f3n repunta a 3.26% en primera quincena de agosto impulsada por el transporte y los servicios educativos\t\t\t<\/a>\n\t\t<\/h1>\n\t\t\t\t<div class=\"elementor-post__excerpt\">\n\t\t\t<p>Durante la primera quincena de agosto de 2026, la inflaci\u00f3n aument\u00f3 0.10%, con lo cual la tasa anual subi\u00f3 a 3.26% desde el 3.14% de<\/p>\n\t\t<\/div>\n\t\t\n\t\t<a class=\"elementor-post__read-more\" href=\"https:\/\/www.opinionpublica.tv\/portada\/inflacion-repunta-a-3-26-en-primera-quincena-de-agosto-servicios-educativos-y-transporte-publico-impulsaron-aumento\/\" aria-label=\"M\u00e1s informaci\u00f3n sobre Inflaci\u00f3n repunta a 3.26% en primera quincena de agosto impulsada por el transporte y los servicios educativos\" tabindex=\"-1\" >\n\t\t\tLeer m\u00e1s \u00bb\t\t<\/a>\n\n\t\t\t\t<\/div>\n\t\t\t\t<div class=\"elementor-post__meta-data\">\n\t\t\t\t\t<span class=\"elementor-post-author\">\n\t\t\tOPTV\t\t<\/span>\n\t\t\t\t<span class=\"elementor-post-date\">\n\t\t\t25 de agosto de 2026\t\t<\/span>\n\t\t\t\t<\/div>\n\t\t\t\t\t<\/div>\n\t\t<\/article>\n\t\t\t\t<article class=\"elementor-post elementor-grid-item post-92358 post type-post status-publish format-standard has-post-thumbnail hentry category-principal tag-multas tag-prodecon tag-registro-federal-de-contribuyentes tag-sat\" role=\"listitem\">\n\t\t\t<div class=\"elementor-post__card\">\n\t\t\t\t<a class=\"elementor-post__thumbnail__link\" href=\"https:\/\/www.opinionpublica.tv\/portada\/no-te-has-inscrito-al-rfc-en-el-sat-la-multa-puede-alcanzar-hasta-los-13-mil-430-pesos\/\" tabindex=\"-1\" ><div class=\"elementor-post__thumbnail\"><img loading=\"lazy\" decoding=\"async\" width=\"800\" height=\"420\" src=\"https:\/\/www.opinionpublica.tv\/portada\/wp-content\/uploads\/2026\/08\/\u00bfNo-te-has-inscrito-al-RFC-La-multa-puede-llegar-a-los-13-mil-430-pesos-1024x538.avif\" class=\"attachment-large size-large wp-image-92364\" alt=\"\u00bfNo te has inscrito al RFC? La multa puede llegar a los 13 mil 430 pesos\" srcset=\"https:\/\/www.opinionpublica.tv\/portada\/wp-content\/uploads\/2026\/08\/\u00bfNo-te-has-inscrito-al-RFC-La-multa-puede-llegar-a-los-13-mil-430-pesos-1024x538.avif 1024w, https:\/\/www.opinionpublica.tv\/portada\/wp-content\/uploads\/2026\/08\/\u00bfNo-te-has-inscrito-al-RFC-La-multa-puede-llegar-a-los-13-mil-430-pesos-300x158.avif 300w, https:\/\/www.opinionpublica.tv\/portada\/wp-content\/uploads\/2026\/08\/\u00bfNo-te-has-inscrito-al-RFC-La-multa-puede-llegar-a-los-13-mil-430-pesos-768x403.avif 768w, https:\/\/www.opinionpublica.tv\/portada\/wp-content\/uploads\/2026\/08\/\u00bfNo-te-has-inscrito-al-RFC-La-multa-puede-llegar-a-los-13-mil-430-pesos.avif 1200w\" sizes=\"(max-width: 800px) 100vw, 800px\" \/><\/div><\/a>\n\t\t\t\t<div class=\"elementor-post__badge\">Lo m\u00e1s destacado<\/div>\n\t\t\t\t<div class=\"elementor-post__text\">\n\t\t\t\t<h1 class=\"elementor-post__title\">\n\t\t\t<a href=\"https:\/\/www.opinionpublica.tv\/portada\/no-te-has-inscrito-al-rfc-en-el-sat-la-multa-puede-alcanzar-hasta-los-13-mil-430-pesos\/\" >\n\t\t\t\t\u00bfNo te has inscrito al RFC? La multa puede llegar a los 13 mil 430 pesos\t\t\t<\/a>\n\t\t<\/h1>\n\t\t\t\t<div class=\"elementor-post__excerpt\">\n\t\t\t<p>Las personas que perciben ingresos por la actividad que realizan o que deben emitir facturas y los j\u00f3venes que cumplan 18 a\u00f1os est\u00e1n obligados a<\/p>\n\t\t<\/div>\n\t\t\n\t\t<a class=\"elementor-post__read-more\" href=\"https:\/\/www.opinionpublica.tv\/portada\/no-te-has-inscrito-al-rfc-en-el-sat-la-multa-puede-alcanzar-hasta-los-13-mil-430-pesos\/\" aria-label=\"M\u00e1s informaci\u00f3n sobre \u00bfNo te has inscrito al RFC? La multa puede llegar a los 13 mil 430 pesos\" tabindex=\"-1\" >\n\t\t\tLeer m\u00e1s \u00bb\t\t<\/a>\n\n\t\t\t\t<\/div>\n\t\t\t\t<div class=\"elementor-post__meta-data\">\n\t\t\t\t\t<span class=\"elementor-post-author\">\n\t\t\tOPTV\t\t<\/span>\n\t\t\t\t<span class=\"elementor-post-date\">\n\t\t\t24 de agosto de 2026\t\t<\/span>\n\t\t\t\t<\/div>\n\t\t\t\t\t<\/div>\n\t\t<\/article>\n\t\t\t\t<article class=\"elementor-post elementor-grid-item post-92398 post type-post status-publish format-standard has-post-thumbnail hentry category-principal tag-licencia tag-ruben-rocha-moya tag-sinaloa\" role=\"listitem\">\n\t\t\t<div class=\"elementor-post__card\">\n\t\t\t\t<a class=\"elementor-post__thumbnail__link\" href=\"https:\/\/www.opinionpublica.tv\/portada\/tras-un-retorno-fallido-rocha-moya-deja-de-nuevo-a-la-gubernatura-de-sinaloa-y-pide-licencia-asegura-que-la-nacion-y-la-4t-estan-por-encima-de-todo\/\" tabindex=\"-1\" ><div class=\"elementor-post__thumbnail\"><img loading=\"lazy\" decoding=\"async\" width=\"800\" height=\"533\" src=\"https:\/\/www.opinionpublica.tv\/portada\/wp-content\/uploads\/2026\/08\/Tras-retorno-fallido-Rocha-Moya-deja-de-nuevo-la-gubernatura-de-Sinaloa-22la-4T-y-la-nacion-estan-por-encima-de-todo22.jpeg\" class=\"attachment-large size-large wp-image-92408\" alt=\"Tras retorno fallido, Rocha Moya deja de nuevo la gubernatura de Sinaloa %22la 4T y la nacio\u0301n esta\u0301n por encima de todo%22\" srcset=\"https:\/\/www.opinionpublica.tv\/portada\/wp-content\/uploads\/2026\/08\/Tras-retorno-fallido-Rocha-Moya-deja-de-nuevo-la-gubernatura-de-Sinaloa-22la-4T-y-la-nacion-estan-por-encima-de-todo22.jpeg 813w, https:\/\/www.opinionpublica.tv\/portada\/wp-content\/uploads\/2026\/08\/Tras-retorno-fallido-Rocha-Moya-deja-de-nuevo-la-gubernatura-de-Sinaloa-22la-4T-y-la-nacion-estan-por-encima-de-todo22-300x200.jpeg 300w, https:\/\/www.opinionpublica.tv\/portada\/wp-content\/uploads\/2026\/08\/Tras-retorno-fallido-Rocha-Moya-deja-de-nuevo-la-gubernatura-de-Sinaloa-22la-4T-y-la-nacion-estan-por-encima-de-todo22-768x512.jpeg 768w\" sizes=\"(max-width: 800px) 100vw, 800px\" \/><\/div><\/a>\n\t\t\t\t<div class=\"elementor-post__badge\">Lo m\u00e1s destacado<\/div>\n\t\t\t\t<div class=\"elementor-post__text\">\n\t\t\t\t<h1 class=\"elementor-post__title\">\n\t\t\t<a href=\"https:\/\/www.opinionpublica.tv\/portada\/tras-un-retorno-fallido-rocha-moya-deja-de-nuevo-a-la-gubernatura-de-sinaloa-y-pide-licencia-asegura-que-la-nacion-y-la-4t-estan-por-encima-de-todo\/\" >\n\t\t\t\tTras retorno fallido, Rocha Moya deja de nuevo la gubernatura de Sinaloa: \u00abla 4T y la naci\u00f3n est\u00e1n por encima de todo\u00bb\t\t\t<\/a>\n\t\t<\/h1>\n\t\t\t\t<div class=\"elementor-post__excerpt\">\n\t\t\t<p>Culiac\u00e1n, Sinaloa.- Rub\u00e9n Rocha Moya pidi\u00f3 de nuevo licencia indefinida a la gubernatura de Sinaloa tras el mensaje de la presidenta Claudia Sheinbaum Pardo y<\/p>\n\t\t<\/div>\n\t\t\n\t\t<a class=\"elementor-post__read-more\" href=\"https:\/\/www.opinionpublica.tv\/portada\/tras-un-retorno-fallido-rocha-moya-deja-de-nuevo-a-la-gubernatura-de-sinaloa-y-pide-licencia-asegura-que-la-nacion-y-la-4t-estan-por-encima-de-todo\/\" aria-label=\"M\u00e1s informaci\u00f3n sobre Tras retorno fallido, Rocha Moya deja de nuevo la gubernatura de Sinaloa: \u00abla 4T y la naci\u00f3n est\u00e1n por encima de todo\u00bb\" tabindex=\"-1\" >\n\t\t\tLeer m\u00e1s \u00bb\t\t<\/a>\n\n\t\t\t\t<\/div>\n\t\t\t\t<div class=\"elementor-post__meta-data\">\n\t\t\t\t\t<span class=\"elementor-post-author\">\n\t\t\tOPTV\t\t<\/span>\n\t\t\t\t<span class=\"elementor-post-date\">\n\t\t\t23 de agosto de 2026\t\t<\/span>\n\t\t\t\t<\/div>\n\t\t\t\t\t<\/div>\n\t\t<\/article>\n\t\t\t\t<article class=\"elementor-post elementor-grid-item post-92285 post type-post status-publish format-standard has-post-thumbnail hentry category-principal tag-cartel-de-sinaloa tag-estados-unidos tag-ruben-rocha-moya\" role=\"listitem\">\n\t\t\t<div class=\"elementor-post__card\">\n\t\t\t\t<a class=\"elementor-post__thumbnail__link\" href=\"https:\/\/www.opinionpublica.tv\/portada\/eu-reacciona-a-regreso-de-rocha-como-gobernador-cartel-de-sinaloa-no-podria-operar-sin-ayuda-de-funcionarios-corruptos\/\" tabindex=\"-1\" ><div class=\"elementor-post__thumbnail\"><img loading=\"lazy\" decoding=\"async\" width=\"800\" height=\"533\" src=\"https:\/\/www.opinionpublica.tv\/portada\/wp-content\/uploads\/2026\/08\/EU-reacciona-a-regreso-de-Rocha-Moya-22Cartel-de-Sinaloa-no-podria-operar-sin-la-ayuda-de-funcionarios-corruptos22.avif\" class=\"attachment-large size-large wp-image-92289\" alt=\"EU reacciona a regreso de Rocha Moya %22Ca\u0301rtel de Sinaloa no podri\u0301a operar sin la ayuda de funcionarios corruptos%22\" srcset=\"https:\/\/www.opinionpublica.tv\/portada\/wp-content\/uploads\/2026\/08\/EU-reacciona-a-regreso-de-Rocha-Moya-22Cartel-de-Sinaloa-no-podria-operar-sin-la-ayuda-de-funcionarios-corruptos22.avif 999w, https:\/\/www.opinionpublica.tv\/portada\/wp-content\/uploads\/2026\/08\/EU-reacciona-a-regreso-de-Rocha-Moya-22Cartel-de-Sinaloa-no-podria-operar-sin-la-ayuda-de-funcionarios-corruptos22-300x200.avif 300w, https:\/\/www.opinionpublica.tv\/portada\/wp-content\/uploads\/2026\/08\/EU-reacciona-a-regreso-de-Rocha-Moya-22Cartel-de-Sinaloa-no-podria-operar-sin-la-ayuda-de-funcionarios-corruptos22-768x512.avif 768w\" sizes=\"(max-width: 800px) 100vw, 800px\" \/><\/div><\/a>\n\t\t\t\t<div class=\"elementor-post__badge\">Lo m\u00e1s destacado<\/div>\n\t\t\t\t<div class=\"elementor-post__text\">\n\t\t\t\t<h1 class=\"elementor-post__title\">\n\t\t\t<a href=\"https:\/\/www.opinionpublica.tv\/portada\/eu-reacciona-a-regreso-de-rocha-como-gobernador-cartel-de-sinaloa-no-podria-operar-sin-ayuda-de-funcionarios-corruptos\/\" >\n\t\t\t\tEU reacciona a regreso de Rocha Moya: \u00abC\u00e1rtel de Sinaloa no podr\u00eda operar sin la ayuda de funcionarios corruptos\u00bb\t\t\t<\/a>\n\t\t<\/h1>\n\t\t\t\t<div class=\"elementor-post__excerpt\">\n\t\t\t<p>El gobierno estadounidense respondi\u00f3 que el \u00abC\u00e1rtel de Sinaloa no podr\u00eda operar sin la ayuda de funcionarios corruptos\u00bb. Un portavoz del Departamento de Estado de<\/p>\n\t\t<\/div>\n\t\t\n\t\t<a class=\"elementor-post__read-more\" href=\"https:\/\/www.opinionpublica.tv\/portada\/eu-reacciona-a-regreso-de-rocha-como-gobernador-cartel-de-sinaloa-no-podria-operar-sin-ayuda-de-funcionarios-corruptos\/\" aria-label=\"M\u00e1s informaci\u00f3n sobre EU reacciona a regreso de Rocha Moya: \u00abC\u00e1rtel de Sinaloa no podr\u00eda operar sin la ayuda de funcionarios corruptos\u00bb\" tabindex=\"-1\" >\n\t\t\tLeer m\u00e1s \u00bb\t\t<\/a>\n\n\t\t\t\t<\/div>\n\t\t\t\t<div class=\"elementor-post__meta-data\">\n\t\t\t\t\t<span class=\"elementor-post-author\">\n\t\t\tOPTV\t\t<\/span>\n\t\t\t\t<span class=\"elementor-post-date\">\n\t\t\t22 de agosto de 2026\t\t<\/span>\n\t\t\t\t<\/div>\n\t\t\t\t\t<\/div>\n\t\t<\/article>\n\t\t\t\t<article class=\"elementor-post elementor-grid-item post-92169 post type-post status-publish format-standard has-post-thumbnail hentry category-principal tag-registro-de-lineas-telefonicas\" role=\"listitem\">\n\t\t\t<div class=\"elementor-post__card\">\n\t\t\t\t<a class=\"elementor-post__thumbnail__link\" href=\"https:\/\/www.opinionpublica.tv\/portada\/quedaron-suspendidas-2-6-millones-de-lineas-con-terminacion-0-por-no-vincular-datos-usuarios-aun-pueden-recuperar-su-servicio\/\" tabindex=\"-1\" ><div class=\"elementor-post__thumbnail\"><img loading=\"lazy\" decoding=\"async\" width=\"800\" height=\"493\" src=\"https:\/\/www.opinionpublica.tv\/portada\/wp-content\/uploads\/2026\/08\/Suspenden-2.6-millones-de-lineas-con-terminacion-22022-por-no-vincular-datos-usuarios-pueden-recuperar-su-servicio.avif\" class=\"attachment-large size-large wp-image-92175\" alt=\"Suspenden 2.6 millones de li\u0301neas con terminacio\u0301n %220%22 por no vincular datos; usuarios pueden recuperar su servicio\" srcset=\"https:\/\/www.opinionpublica.tv\/portada\/wp-content\/uploads\/2026\/08\/Suspenden-2.6-millones-de-lineas-con-terminacion-22022-por-no-vincular-datos-usuarios-pueden-recuperar-su-servicio.avif 1006w, https:\/\/www.opinionpublica.tv\/portada\/wp-content\/uploads\/2026\/08\/Suspenden-2.6-millones-de-lineas-con-terminacion-22022-por-no-vincular-datos-usuarios-pueden-recuperar-su-servicio-300x185.avif 300w, https:\/\/www.opinionpublica.tv\/portada\/wp-content\/uploads\/2026\/08\/Suspenden-2.6-millones-de-lineas-con-terminacion-22022-por-no-vincular-datos-usuarios-pueden-recuperar-su-servicio-767x473.avif 767w\" sizes=\"(max-width: 800px) 100vw, 800px\" \/><\/div><\/a>\n\t\t\t\t<div class=\"elementor-post__badge\">Lo m\u00e1s destacado<\/div>\n\t\t\t\t<div class=\"elementor-post__text\">\n\t\t\t\t<h1 class=\"elementor-post__title\">\n\t\t\t<a href=\"https:\/\/www.opinionpublica.tv\/portada\/quedaron-suspendidas-2-6-millones-de-lineas-con-terminacion-0-por-no-vincular-datos-usuarios-aun-pueden-recuperar-su-servicio\/\" >\n\t\t\t\tSuspenden 2.6 millones de l\u00edneas con terminaci\u00f3n \u00ab0\u00bb por no vincular datos; usuarios pueden recuperar su servicio\t\t\t<\/a>\n\t\t<\/h1>\n\t\t\t\t<div class=\"elementor-post__excerpt\">\n\t\t\t<p>Al menos dos millones 600 mil usuarios que no vincularon sus l\u00edneas de telefon\u00eda m\u00f3vil con terminaci\u00f3n \u201c0\u201d a su informaci\u00f3n personal, quedaron desconectados del<\/p>\n\t\t<\/div>\n\t\t\n\t\t<a class=\"elementor-post__read-more\" href=\"https:\/\/www.opinionpublica.tv\/portada\/quedaron-suspendidas-2-6-millones-de-lineas-con-terminacion-0-por-no-vincular-datos-usuarios-aun-pueden-recuperar-su-servicio\/\" aria-label=\"M\u00e1s informaci\u00f3n sobre Suspenden 2.6 millones de l\u00edneas con terminaci\u00f3n \u00ab0\u00bb por no vincular datos; usuarios pueden recuperar su servicio\" tabindex=\"-1\" >\n\t\t\tLeer m\u00e1s \u00bb\t\t<\/a>\n\n\t\t\t\t<\/div>\n\t\t\t\t<div class=\"elementor-post__meta-data\">\n\t\t\t\t\t<span class=\"elementor-post-author\">\n\t\t\tOPTV\t\t<\/span>\n\t\t\t\t<span class=\"elementor-post-date\">\n\t\t\t21 de agosto de 2026\t\t<\/span>\n\t\t\t\t<\/div>\n\t\t\t\t\t<\/div>\n\t\t<\/article>\n\t\t\t\t<article class=\"elementor-post elementor-grid-item post-92135 post type-post status-publish format-standard has-post-thumbnail hentry category-principal tag-paquete-economico-2027 tag-presupuesto-2027\" role=\"listitem\">\n\t\t\t<div class=\"elementor-post__card\">\n\t\t\t\t<a class=\"elementor-post__thumbnail__link\" href=\"https:\/\/www.opinionpublica.tv\/portada\/paquete-economico-2027-gastar-mejor-y-evitar-el-riesgo-crediticio-retos-del-presupuesto\/\" tabindex=\"-1\" ><div class=\"elementor-post__thumbnail\"><img loading=\"lazy\" decoding=\"async\" width=\"800\" height=\"450\" src=\"https:\/\/www.opinionpublica.tv\/portada\/wp-content\/uploads\/2026\/08\/Paquete-economico-2027-gastar-mejor-y-sin-riesgo-crediticio-en-presupuesto-1024x576.avif\" class=\"attachment-large size-large wp-image-92142\" alt=\"Paquete econo\u0301mico 2027 gastar mejor y sin riesgo crediticio en presupuesto\" srcset=\"https:\/\/www.opinionpublica.tv\/portada\/wp-content\/uploads\/2026\/08\/Paquete-economico-2027-gastar-mejor-y-sin-riesgo-crediticio-en-presupuesto-1024x576.avif 1024w, https:\/\/www.opinionpublica.tv\/portada\/wp-content\/uploads\/2026\/08\/Paquete-economico-2027-gastar-mejor-y-sin-riesgo-crediticio-en-presupuesto-300x169.avif 300w, https:\/\/www.opinionpublica.tv\/portada\/wp-content\/uploads\/2026\/08\/Paquete-economico-2027-gastar-mejor-y-sin-riesgo-crediticio-en-presupuesto-768x432.avif 768w, https:\/\/www.opinionpublica.tv\/portada\/wp-content\/uploads\/2026\/08\/Paquete-economico-2027-gastar-mejor-y-sin-riesgo-crediticio-en-presupuesto.avif 1200w\" sizes=\"(max-width: 800px) 100vw, 800px\" \/><\/div><\/a>\n\t\t\t\t<div class=\"elementor-post__badge\">Lo m\u00e1s destacado<\/div>\n\t\t\t\t<div class=\"elementor-post__text\">\n\t\t\t\t<h1 class=\"elementor-post__title\">\n\t\t\t<a href=\"https:\/\/www.opinionpublica.tv\/portada\/paquete-economico-2027-gastar-mejor-y-evitar-el-riesgo-crediticio-retos-del-presupuesto\/\" >\n\t\t\t\tPaquete econ\u00f3mico 2027: gastar mejor y sin riesgo crediticio en presupuesto\t\t\t<\/a>\n\t\t<\/h1>\n\t\t\t\t<div class=\"elementor-post__excerpt\">\n\t\t\t<p>Paquete econ\u00f3mico 2027: Gastar mejor y evitar el riesgo crediticio, retos del Presupuesto La presentaci\u00f3n del Paquete Econ\u00f3mico 2027 pondr\u00e1 a prueba la capacidad del<\/p>\n\t\t<\/div>\n\t\t\n\t\t<a class=\"elementor-post__read-more\" href=\"https:\/\/www.opinionpublica.tv\/portada\/paquete-economico-2027-gastar-mejor-y-evitar-el-riesgo-crediticio-retos-del-presupuesto\/\" aria-label=\"M\u00e1s informaci\u00f3n sobre Paquete econ\u00f3mico 2027: gastar mejor y sin riesgo crediticio en presupuesto\" tabindex=\"-1\" >\n\t\t\tLeer m\u00e1s \u00bb\t\t<\/a>\n\n\t\t\t\t<\/div>\n\t\t\t\t<div class=\"elementor-post__meta-data\">\n\t\t\t\t\t<span class=\"elementor-post-author\">\n\t\t\tOPTV\t\t<\/span>\n\t\t\t\t<span class=\"elementor-post-date\">\n\t\t\t20 de agosto de 2026\t\t<\/span>\n\t\t\t\t<\/div>\n\t\t\t\t\t<\/div>\n\t\t<\/article>\n\t\t\t\t<article class=\"elementor-post elementor-grid-item post-92080 post type-post status-publish format-standard has-post-thumbnail hentry category-principal tag-elecciones-2027 tag-ine tag-partidos-politicos tag-presupuesto-2027\" role=\"listitem\">\n\t\t\t<div class=\"elementor-post__card\">\n\t\t\t\t<a class=\"elementor-post__thumbnail__link\" href=\"https:\/\/www.opinionpublica.tv\/portada\/comision-del-ine-aprueba-pedir-10-mil-842-mdp-para-partidos-en-2027-presupuesto-total-sube-a-47-mil-mdp\/\" tabindex=\"-1\" ><div class=\"elementor-post__thumbnail\"><img loading=\"lazy\" decoding=\"async\" width=\"800\" height=\"493\" src=\"https:\/\/www.opinionpublica.tv\/portada\/wp-content\/uploads\/2026\/08\/Comision-del-INE-aprueba-pedir-10-mil-842-millones-para-partidos-en-2027-presupuesto-total-sube-a-47-mil-mdp-1024x631.avif\" class=\"attachment-large size-large wp-image-92084\" alt=\"Comisio\u0301n del INE aprueba pedir 10 mil 842 millones para partidos en 2027; presupuesto total sube a 47 mil mdp\" srcset=\"https:\/\/www.opinionpublica.tv\/portada\/wp-content\/uploads\/2026\/08\/Comision-del-INE-aprueba-pedir-10-mil-842-millones-para-partidos-en-2027-presupuesto-total-sube-a-47-mil-mdp-1024x631.avif 1024w, https:\/\/www.opinionpublica.tv\/portada\/wp-content\/uploads\/2026\/08\/Comision-del-INE-aprueba-pedir-10-mil-842-millones-para-partidos-en-2027-presupuesto-total-sube-a-47-mil-mdp-300x185.avif 300w, https:\/\/www.opinionpublica.tv\/portada\/wp-content\/uploads\/2026\/08\/Comision-del-INE-aprueba-pedir-10-mil-842-millones-para-partidos-en-2027-presupuesto-total-sube-a-47-mil-mdp-768x473.avif 768w, https:\/\/www.opinionpublica.tv\/portada\/wp-content\/uploads\/2026\/08\/Comision-del-INE-aprueba-pedir-10-mil-842-millones-para-partidos-en-2027-presupuesto-total-sube-a-47-mil-mdp.avif 1081w\" sizes=\"(max-width: 800px) 100vw, 800px\" \/><\/div><\/a>\n\t\t\t\t<div class=\"elementor-post__badge\">Lo m\u00e1s destacado<\/div>\n\t\t\t\t<div class=\"elementor-post__text\">\n\t\t\t\t<h1 class=\"elementor-post__title\">\n\t\t\t<a href=\"https:\/\/www.opinionpublica.tv\/portada\/comision-del-ine-aprueba-pedir-10-mil-842-mdp-para-partidos-en-2027-presupuesto-total-sube-a-47-mil-mdp\/\" >\n\t\t\t\tComisi\u00f3n del INE aprueba pedir 10 mil 842 millones para partidos en 2027; presupuesto total sube a 47 mil mdp\t\t\t<\/a>\n\t\t<\/h1>\n\t\t\t\t<div class=\"elementor-post__excerpt\">\n\t\t\t<p>Ciudad de M\u00e9xico.- La Comisi\u00f3n de Prerrogativas y Partidos Pol\u00edticos del Instituto Nacional Electoral (INE) aprob\u00f3 el proyecto de acuerdo en el que proponen solicitar<\/p>\n\t\t<\/div>\n\t\t\n\t\t<a class=\"elementor-post__read-more\" href=\"https:\/\/www.opinionpublica.tv\/portada\/comision-del-ine-aprueba-pedir-10-mil-842-mdp-para-partidos-en-2027-presupuesto-total-sube-a-47-mil-mdp\/\" aria-label=\"M\u00e1s informaci\u00f3n sobre Comisi\u00f3n del INE aprueba pedir 10 mil 842 millones para partidos en 2027; presupuesto total sube a 47 mil mdp\" tabindex=\"-1\" >\n\t\t\tLeer m\u00e1s \u00bb\t\t<\/a>\n\n\t\t\t\t<\/div>\n\t\t\t\t<div class=\"elementor-post__meta-data\">\n\t\t\t\t\t<span class=\"elementor-post-author\">\n\t\t\tOPTV\t\t<\/span>\n\t\t\t\t<span class=\"elementor-post-date\">\n\t\t\t19 de agosto de 2026\t\t<\/span>\n\t\t\t\t<\/div>\n\t\t\t\t\t<\/div>\n\t\t<\/article>\n\t\t\t\t<article class=\"elementor-post elementor-grid-item post-92015 post type-post status-publish format-standard has-post-thumbnail hentry category-principal tag-afores tag-desempleo\" role=\"listitem\">\n\t\t\t<div class=\"elementor-post__card\">\n\t\t\t\t<a class=\"elementor-post__thumbnail__link\" href=\"https:\/\/www.opinionpublica.tv\/portada\/retiros-por-desempleo-de-afore-marcan-record-y-acumulan-ya-27-mil-millones-de-pesos\/\" tabindex=\"-1\" ><div class=\"elementor-post__thumbnail\"><img loading=\"lazy\" decoding=\"async\" width=\"800\" height=\"493\" src=\"https:\/\/www.opinionpublica.tv\/portada\/wp-content\/uploads\/2026\/08\/Retiros-por-desempleo-de-Afore-marcan-record-y-acumulan-ya-27-mil-millones-1024x631.avif\" class=\"attachment-large size-large wp-image-92018\" alt=\"Retiros por desempleo de Afore marcan re\u0301cord y acumulan ya 27 mil millones\" srcset=\"https:\/\/www.opinionpublica.tv\/portada\/wp-content\/uploads\/2026\/08\/Retiros-por-desempleo-de-Afore-marcan-record-y-acumulan-ya-27-mil-millones-1024x631.avif 1024w, https:\/\/www.opinionpublica.tv\/portada\/wp-content\/uploads\/2026\/08\/Retiros-por-desempleo-de-Afore-marcan-record-y-acumulan-ya-27-mil-millones-300x185.avif 300w, https:\/\/www.opinionpublica.tv\/portada\/wp-content\/uploads\/2026\/08\/Retiros-por-desempleo-de-Afore-marcan-record-y-acumulan-ya-27-mil-millones-768x473.avif 768w, https:\/\/www.opinionpublica.tv\/portada\/wp-content\/uploads\/2026\/08\/Retiros-por-desempleo-de-Afore-marcan-record-y-acumulan-ya-27-mil-millones.avif 1081w\" sizes=\"(max-width: 800px) 100vw, 800px\" \/><\/div><\/a>\n\t\t\t\t<div class=\"elementor-post__badge\">Lo m\u00e1s destacado<\/div>\n\t\t\t\t<div class=\"elementor-post__text\">\n\t\t\t\t<h1 class=\"elementor-post__title\">\n\t\t\t<a href=\"https:\/\/www.opinionpublica.tv\/portada\/retiros-por-desempleo-de-afore-marcan-record-y-acumulan-ya-27-mil-millones-de-pesos\/\" >\n\t\t\t\tRetiros por desempleo de Afore marcan r\u00e9cord y acumulan ya 27 mil millones\t\t\t<\/a>\n\t\t<\/h1>\n\t\t\t\t<div class=\"elementor-post__excerpt\">\n\t\t\t<p>Los retiros por desempleo de las Administradoras de Fondos para el Retiro (Afore) acumularon un total de 27 mil 52 millones de pesos entre enero<\/p>\n\t\t<\/div>\n\t\t\n\t\t<a class=\"elementor-post__read-more\" href=\"https:\/\/www.opinionpublica.tv\/portada\/retiros-por-desempleo-de-afore-marcan-record-y-acumulan-ya-27-mil-millones-de-pesos\/\" aria-label=\"M\u00e1s informaci\u00f3n sobre Retiros por desempleo de Afore marcan r\u00e9cord y acumulan ya 27 mil millones\" tabindex=\"-1\" >\n\t\t\tLeer m\u00e1s \u00bb\t\t<\/a>\n\n\t\t\t\t<\/div>\n\t\t\t\t<div class=\"elementor-post__meta-data\">\n\t\t\t\t\t<span class=\"elementor-post-author\">\n\t\t\tOPTV\t\t<\/span>\n\t\t\t\t<span class=\"elementor-post-date\">\n\t\t\t18 de agosto de 2026\t\t<\/span>\n\t\t\t\t<\/div>\n\t\t\t\t\t<\/div>\n\t\t<\/article>\n\t\t\t\t<article class=\"elementor-post elementor-grid-item post-91930 post type-post status-publish format-standard has-post-thumbnail hentry category-principal tag-bloomberg tag-dolares tag-superpeso\" role=\"listitem\">\n\t\t\t<div class=\"elementor-post__card\">\n\t\t\t\t<a class=\"elementor-post__thumbnail__link\" href=\"https:\/\/www.opinionpublica.tv\/portada\/superpeso-rompe-el-piso-de-17-unidades-por-dolar-moneda-mexicana-gana-terreno-a-la-divisa-estadounidense\/\" tabindex=\"-1\" ><div class=\"elementor-post__thumbnail\"><img loading=\"lazy\" decoding=\"async\" width=\"800\" height=\"493\" src=\"https:\/\/www.opinionpublica.tv\/portada\/wp-content\/uploads\/2026\/08\/Superpeso-rompe-el-piso-de-17-unidades-por-dolar-y-la-moneda-mexicana-gana-terreno-a-la-divisa-estadounidense-1024x631.avif\" class=\"attachment-large size-large wp-image-91934\" alt=\"Superpeso rompe el piso de 17 unidades por do\u0301lar y la moneda mexicana gana terreno a la divisa estadounidense\" srcset=\"https:\/\/www.opinionpublica.tv\/portada\/wp-content\/uploads\/2026\/08\/Superpeso-rompe-el-piso-de-17-unidades-por-dolar-y-la-moneda-mexicana-gana-terreno-a-la-divisa-estadounidense-1024x631.avif 1024w, https:\/\/www.opinionpublica.tv\/portada\/wp-content\/uploads\/2026\/08\/Superpeso-rompe-el-piso-de-17-unidades-por-dolar-y-la-moneda-mexicana-gana-terreno-a-la-divisa-estadounidense-300x185.avif 300w, https:\/\/www.opinionpublica.tv\/portada\/wp-content\/uploads\/2026\/08\/Superpeso-rompe-el-piso-de-17-unidades-por-dolar-y-la-moneda-mexicana-gana-terreno-a-la-divisa-estadounidense-768x473.avif 768w, https:\/\/www.opinionpublica.tv\/portada\/wp-content\/uploads\/2026\/08\/Superpeso-rompe-el-piso-de-17-unidades-por-dolar-y-la-moneda-mexicana-gana-terreno-a-la-divisa-estadounidense.avif 1081w\" sizes=\"(max-width: 800px) 100vw, 800px\" \/><\/div><\/a>\n\t\t\t\t<div class=\"elementor-post__badge\">Lo m\u00e1s destacado<\/div>\n\t\t\t\t<div class=\"elementor-post__text\">\n\t\t\t\t<h1 class=\"elementor-post__title\">\n\t\t\t<a href=\"https:\/\/www.opinionpublica.tv\/portada\/superpeso-rompe-el-piso-de-17-unidades-por-dolar-moneda-mexicana-gana-terreno-a-la-divisa-estadounidense\/\" >\n\t\t\t\tSuperpeso rompe el piso de 17 unidades por d\u00f3lar y la moneda mexicana gana terreno a la divisa estadounidense\t\t\t<\/a>\n\t\t<\/h1>\n\t\t\t\t<div class=\"elementor-post__excerpt\">\n\t\t\t<p>La moneda mexicana arrebat\u00f3 terreno al d\u00f3lar estadounidense nuevamente y perfor\u00f3 el soporte clave de las 17 unidades, seg\u00fan datos de Bloomberg. Y es que<\/p>\n\t\t<\/div>\n\t\t\n\t\t<a class=\"elementor-post__read-more\" href=\"https:\/\/www.opinionpublica.tv\/portada\/superpeso-rompe-el-piso-de-17-unidades-por-dolar-moneda-mexicana-gana-terreno-a-la-divisa-estadounidense\/\" aria-label=\"M\u00e1s informaci\u00f3n sobre Superpeso rompe el piso de 17 unidades por d\u00f3lar y la moneda mexicana gana terreno a la divisa estadounidense\" tabindex=\"-1\" >\n\t\t\tLeer m\u00e1s \u00bb\t\t<\/a>\n\n\t\t\t\t<\/div>\n\t\t\t\t<div class=\"elementor-post__meta-data\">\n\t\t\t\t\t<span class=\"elementor-post-author\">\n\t\t\tOPTV\t\t<\/span>\n\t\t\t\t<span class=\"elementor-post-date\">\n\t\t\t17 de agosto de 2026\t\t<\/span>\n\t\t\t\t<\/div>\n\t\t\t\t\t<\/div>\n\t\t<\/article>\n\t\t\t\t<\/div>\n\t\t\n\t\t\t\t<div class=\"e-load-more-anchor\" data-page=\"1\" data-max-page=\"286\" data-next-page=\"https:\/\/www.opinionpublica.tv\/portada\/wp-json\/wp\/v2\/pages\/42010\/page\/2\/\"><\/div>\n\t\t\t\t<nav class=\"elementor-pagination\" aria-label=\"Paginaci\u00f3n\">\n\t\t\t<span aria-current=\"page\" class=\"page-numbers current\"><span class=\"elementor-screen-only\">P\u00e1gina<\/span>1<\/span>\n<a class=\"page-numbers\" href=\"https:\/\/www.opinionpublica.tv\/portada\/wp-json\/wp\/v2\/pages\/42010\/page\/2\/\"><span class=\"elementor-screen-only\">P\u00e1gina<\/span>2<\/a>\n<a class=\"page-numbers\" href=\"https:\/\/www.opinionpublica.tv\/portada\/wp-json\/wp\/v2\/pages\/42010\/page\/3\/\"><span class=\"elementor-screen-only\">P\u00e1gina<\/span>3<\/a>\n<span class=\"page-numbers dots\">&hellip;<\/span>\n<a class=\"page-numbers\" href=\"https:\/\/www.opinionpublica.tv\/portada\/wp-json\/wp\/v2\/pages\/42010\/page\/60\/\"><span class=\"elementor-screen-only\">P\u00e1gina<\/span>60<\/a>\t\t<\/nav>\n\t\t\t\t\t\t<\/div>\n\t\t\t\t<\/div>\n\t\t\t\t\t<\/div>\n\t\t\t\t<\/div>\n\t\t\t\t<\/div>\n\t\t","protected":false},"excerpt":{"rendered":"<p>Principal Contacto: direccion@opinionpublica.tv OPINI\u00d3N P\u00daBLICA UN D\u00cdA COMO HOY<\/p>\n","protected":false},"author":5,"featured_media":0,"parent":0,"menu_order":0,"comment_status":"closed","ping_status":"closed","template":"","meta":{"_acf_changed":false,"_monsterinsights_skip_tracking":false,"slim_seo":{"title":"Superpeso rompe el piso de 17 unidades por d\u00f3lar y la moneda mexicana gana terreno a la divisa estadounidense - Opini\u00f3n P\u00fablica","description":"La moneda mexicana arrebat\u00f3 terreno al d\u00f3lar estadounidense nuevamente y perfor\u00f3 el soporte clave de las 17 unidades, seg\u00fan datos de Bloomberg. Y es que el pasa"},"footnotes":""},"class_list":["post-42010","page","type-page","status-publish","hentry"],"acf":[],"_links":{"self":[{"href":"https:\/\/www.opinionpublica.tv\/portada\/wp-json\/wp\/v2\/pages\/42010","targetHints":{"allow":["GET"]}}],"collection":[{"href":"https:\/\/www.opinionpublica.tv\/portada\/wp-json\/wp\/v2\/pages"}],"about":[{"href":"https:\/\/www.opinionpublica.tv\/portada\/wp-json\/wp\/v2\/types\/page"}],"author":[{"embeddable":true,"href":"https:\/\/www.opinionpublica.tv\/portada\/wp-json\/wp\/v2\/users\/5"}],"replies":[{"embeddable":true,"href":"https:\/\/www.opinionpublica.tv\/portada\/wp-json\/wp\/v2\/comments?post=42010"}],"version-history":[{"count":16,"href":"https:\/\/www.opinionpublica.tv\/portada\/wp-json\/wp\/v2\/pages\/42010\/revisions"}],"predecessor-version":[{"id":42479,"href":"https:\/\/www.opinionpublica.tv\/portada\/wp-json\/wp\/v2\/pages\/42010\/revisions\/42479"}],"wp:attachment":[{"href":"https:\/\/www.opinionpublica.tv\/portada\/wp-json\/wp\/v2\/media?parent=42010"}],"curies":[{"name":"wp","href":"https:\/\/api.w.org\/{rel}","templated":true}]}}