{"id":41884,"date":"2024-08-19T11:26:32","date_gmt":"2024-08-19T17:26:32","guid":{"rendered":"https:\/\/www.opinionpublica.tv\/portada\/?page_id=41884"},"modified":"2026-08-29T18:16:54","modified_gmt":"2026-08-30T00:16:54","slug":"inicio","status":"publish","type":"page","link":"https:\/\/www.opinionpublica.tv\/portada\/","title":{"rendered":"Inicio"},"content":{"rendered":"\t\t<div data-elementor-type=\"wp-page\" data-elementor-id=\"41884\" class=\"elementor elementor-41884\" data-elementor-post-type=\"page\">\n\t\t\t\t<div class=\"elementor-element elementor-element-17e8850 e-flex e-con-boxed e-con e-parent\" data-id=\"17e8850\" data-element_type=\"container\" data-e-type=\"container\">\n\t\t\t\t\t<div class=\"e-con-inner\">\n\t\t<div class=\"elementor-element elementor-element-14e9586 e-con-full e-flex e-con e-child\" data-id=\"14e9586\" data-element_type=\"container\" data-e-type=\"container\">\n\t\t<div class=\"elementor-element elementor-element-40288e6 e-con-full e-flex e-con e-child\" data-id=\"40288e6\" data-element_type=\"container\" data-e-type=\"container\">\n\t\t\t\t<div class=\"elementor-element elementor-element-d0a90ae elementor-grid-1 elementor-grid-tablet-1 elementor-grid-mobile-1 elementor-posts--thumbnail-top elementor-card-shadow-yes elementor-posts__hover-gradient elementor-widget elementor-widget-posts\" data-id=\"d0a90ae\" data-element_type=\"widget\" data-e-type=\"widget\" data-settings=\"{&quot;cards_columns&quot;:&quot;1&quot;,&quot;cards_row_gap&quot;:{&quot;unit&quot;:&quot;px&quot;,&quot;size&quot;:30,&quot;sizes&quot;:[]},&quot;cards_columns_tablet&quot;:&quot;1&quot;,&quot;cards_columns_mobile&quot;:&quot;1&quot;,&quot;cards_row_gap_tablet&quot;:{&quot;unit&quot;:&quot;px&quot;,&quot;size&quot;:&quot;&quot;,&quot;sizes&quot;:[]},&quot;cards_row_gap_mobile&quot;:{&quot;unit&quot;:&quot;px&quot;,&quot;size&quot;:&quot;&quot;,&quot;sizes&quot;:[]}}\" data-widget_type=\"posts.cards\">\n\t\t\t\t<div class=\"elementor-widget-container\">\n\t\t\t\t\t\t\t<div class=\"elementor-posts-container elementor-posts elementor-posts--skin-cards elementor-grid\" role=\"list\">\n\t\t\t\t<article class=\"elementor-post elementor-grid-item post-92838 post type-post status-publish format-standard has-post-thumbnail hentry category-principal tag-exportaciones-mexicanas\" role=\"listitem\">\n\t\t\t<div class=\"elementor-post__card\">\n\t\t\t\t<a class=\"elementor-post__thumbnail__link\" href=\"https:\/\/www.opinionpublica.tv\/portada\/exportaciones-mexicanas-se-encaminan-a-su-mejor-ano-de-toda-la-historia\/\" tabindex=\"-1\" ><div class=\"elementor-post__thumbnail\"><img fetchpriority=\"high\" decoding=\"async\" width=\"800\" height=\"493\" src=\"https:\/\/www.opinionpublica.tv\/portada\/wp-content\/uploads\/2026\/08\/Exportaciones-mexicanas-se-encaminan-hacia-su-mejor-ano-de-toda-la-historia-1024x631.avif\" class=\"attachment-large size-large wp-image-92841\" alt=\"Exportaciones mexicanas se encaminan hacia su mejor an\u0303o de toda la historia\" srcset=\"https:\/\/www.opinionpublica.tv\/portada\/wp-content\/uploads\/2026\/08\/Exportaciones-mexicanas-se-encaminan-hacia-su-mejor-ano-de-toda-la-historia-1024x631.avif 1024w, https:\/\/www.opinionpublica.tv\/portada\/wp-content\/uploads\/2026\/08\/Exportaciones-mexicanas-se-encaminan-hacia-su-mejor-ano-de-toda-la-historia-300x185.avif 300w, https:\/\/www.opinionpublica.tv\/portada\/wp-content\/uploads\/2026\/08\/Exportaciones-mexicanas-se-encaminan-hacia-su-mejor-ano-de-toda-la-historia-768x473.avif 768w, https:\/\/www.opinionpublica.tv\/portada\/wp-content\/uploads\/2026\/08\/Exportaciones-mexicanas-se-encaminan-hacia-su-mejor-ano-de-toda-la-historia.avif 1081w\" sizes=\"(max-width: 800px) 100vw, 800px\" \/><\/div><\/a>\n\t\t\t\t<div class=\"elementor-post__badge\">Lo m\u00e1s destacado<\/div>\n\t\t\t\t<div class=\"elementor-post__text\">\n\t\t\t\t<h1 class=\"elementor-post__title\">\n\t\t\t<a href=\"https:\/\/www.opinionpublica.tv\/portada\/exportaciones-mexicanas-se-encaminan-a-su-mejor-ano-de-toda-la-historia\/\" >\n\t\t\t\tExportaciones mexicanas se encaminan hacia su mejor a\u00f1o de toda la historia\t\t\t<\/a>\n\t\t<\/h1>\n\t\t\t\t<div class=\"elementor-post__excerpt\">\n\t\t\t<p>M\u00e9xico vive un boom exportador gracias al auge de la Inteligencia Artificial en Estados Unidos, coinciden analistas. El pa\u00eds export\u00f3 mercanc\u00edas por valor total de 471 mil millones de d\u00f3lares entre enero y julio, 28% m\u00e1s que en el mismo periodo del a\u00f1o pasado y se trata del mayor incremento para un lapso similar desde 2010. El Departamento de Estudios&nbsp; Econ\u00f3micos de Banamex aument\u00f3 su pron\u00f3stico del valor de las exportaciones para todo este a\u00f1o, de 714 mil millones de d\u00f3lares a 811 mil millones. De confirmarse, ser\u00e1 el mejor a\u00f1o desde que hay registro en el Instituto Nacional de Estad\u00edstica y Geograf\u00eda (Inegi), a partir de 1980. \u201cDado el dinamismo de las manufacturas no automotrices durante 2026, ahora proyectamos un super\u00e1vit de 14 mil 221 millones de d\u00f3lares para<\/p>\n\t\t<\/div>\n\t\t\n\t\t<a class=\"elementor-post__read-more\" href=\"https:\/\/www.opinionpublica.tv\/portada\/exportaciones-mexicanas-se-encaminan-a-su-mejor-ano-de-toda-la-historia\/\" aria-label=\"M\u00e1s informaci\u00f3n sobre Exportaciones mexicanas se encaminan hacia su mejor a\u00f1o de toda la historia\" tabindex=\"-1\" >\n\t\t\tLeer m\u00e1s \u00bb\t\t<\/a>\n\n\t\t\t\t<\/div>\n\t\t\t\t<div class=\"elementor-post__meta-data\">\n\t\t\t\t\t<span class=\"elementor-post-author\">\n\t\t\tOPTV\t\t<\/span>\n\t\t\t\t<span class=\"elementor-post-date\">\n\t\t\t30 de agosto de 2026\t\t<\/span>\n\t\t\t\t<\/div>\n\t\t\t\t\t<\/div>\n\t\t<\/article>\n\t\t\t\t<\/div>\n\t\t\n\t\t\t\t\t\t<\/div>\n\t\t\t\t<\/div>\n\t\t\t\t<\/div>\n\t\t<div class=\"elementor-element elementor-element-b43c23c e-con-full e-flex e-con e-child\" data-id=\"b43c23c\" data-element_type=\"container\" data-e-type=\"container\">\n\t\t\t\t<div class=\"elementor-element elementor-element-bdacfa8 elementor-grid-1 elementor-posts--thumbnail-none elementor-grid-tablet-1 elementor-grid-mobile-1 elementor-card-shadow-yes elementor-posts__hover-gradient elementor-widget elementor-widget-posts\" data-id=\"bdacfa8\" data-element_type=\"widget\" data-e-type=\"widget\" data-settings=\"{&quot;cards_columns&quot;:&quot;1&quot;,&quot;cards_row_gap&quot;:{&quot;unit&quot;:&quot;px&quot;,&quot;size&quot;:20,&quot;sizes&quot;:[]},&quot;cards_row_gap_tablet&quot;:{&quot;unit&quot;:&quot;custom&quot;,&quot;size&quot;:&quot;&quot;,&quot;sizes&quot;:[]},&quot;cards_row_gap_mobile&quot;:{&quot;unit&quot;:&quot;custom&quot;,&quot;size&quot;:&quot;&quot;,&quot;sizes&quot;:[]},&quot;cards_columns_tablet&quot;:&quot;1&quot;,&quot;cards_columns_mobile&quot;:&quot;1&quot;}\" data-widget_type=\"posts.cards\">\n\t\t\t\t<div class=\"elementor-widget-container\">\n\t\t\t\t\t\t\t<div class=\"elementor-posts-container elementor-posts elementor-posts--skin-cards elementor-grid\" role=\"list\">\n\t\t\t\t<article class=\"elementor-post elementor-grid-item post-92763 post type-post status-publish format-standard has-post-thumbnail hentry category-principal tag-desempleo tag-informalidad\" role=\"listitem\">\n\t\t\t<div class=\"elementor-post__card\">\n\t\t\t\t<div class=\"elementor-post__text\">\n\t\t\t\t<h2 class=\"elementor-post__title\">\n\t\t\t<a href=\"https:\/\/www.opinionpublica.tv\/portada\/informalidad-laboral-absorbe-a-un-millon-de-trabajadores-durante-julio\/\" >\n\t\t\t\tLa informalidad laboral absorbi\u00f3 a un mill\u00f3n de mexicanos durante julio\t\t\t<\/a>\n\t\t<\/h2>\n\t\t\t\t<\/div>\n\t\t\t\t\t<\/div>\n\t\t<\/article>\n\t\t\t\t<article class=\"elementor-post elementor-grid-item post-92691 post type-post status-publish format-standard has-post-thumbnail hentry category-principal tag-claudia-sheinbaum tag-morena tag-ruben-rocha-moya\" role=\"listitem\">\n\t\t\t<div class=\"elementor-post__card\">\n\t\t\t\t<div class=\"elementor-post__text\">\n\t\t\t\t<h2 class=\"elementor-post__title\">\n\t\t\t<a href=\"https:\/\/www.opinionpublica.tv\/portada\/traicionar-a-sheinbaum-el-error-de-rocha-su-desafio-detono-su-salida-de-morena\/\" >\n\t\t\t\t\u00abTraicionar\u00bb a la presidenta Sheinbaum, el gran error de Rocha; su desafiante regreso deton\u00f3 el repudio de Morena\t\t\t<\/a>\n\t\t<\/h2>\n\t\t\t\t<\/div>\n\t\t\t\t\t<\/div>\n\t\t<\/article>\n\t\t\t\t<article class=\"elementor-post elementor-grid-item post-92641 post type-post status-publish format-standard has-post-thumbnail hentry category-principal tag-condusef tag-fraudes-bancarios\" role=\"listitem\">\n\t\t\t<div class=\"elementor-post__card\">\n\t\t\t\t<div class=\"elementor-post__text\">\n\t\t\t\t<h2 class=\"elementor-post__title\">\n\t\t\t<a href=\"https:\/\/www.opinionpublica.tv\/portada\/credito-facil-o-inversion-milagro-condusef-alerta-por-tres-peligros-que-pueden-vaciar-tu-bolsillo\/\" >\n\t\t\t\t\u00bfCr\u00e9dito f\u00e1cil o inversi\u00f3n &#8216;milagro&#8217;? Condusef alerta sobre fraudes y tres peligros que pueden vaciar tu bolsillo\t\t\t<\/a>\n\t\t<\/h2>\n\t\t\t\t<\/div>\n\t\t\t\t\t<\/div>\n\t\t<\/article>\n\t\t\t\t<article class=\"elementor-post elementor-grid-item post-92556 post type-post status-publish format-standard has-post-thumbnail hentry category-principal tag-andres-manuel-lopez-obrador tag-andy-lopez-beltran tag-morena\" role=\"listitem\">\n\t\t\t<div class=\"elementor-post__card\">\n\t\t\t\t<div class=\"elementor-post__text\">\n\t\t\t\t<h2 class=\"elementor-post__title\">\n\t\t\t<a href=\"https:\/\/www.opinionpublica.tv\/portada\/andy-lopez-beltran-hijo-de-amlo-extendio-red-con-politicos-y-empresarios\/\" >\n\t\t\t\t&#8216;Andy&#8217; L\u00f3pez Beltr\u00e1n, hijo de AMLO cre\u00f3 red propia con pol\u00edticos y empresarios\t\t\t<\/a>\n\t\t<\/h2>\n\t\t\t\t<\/div>\n\t\t\t\t\t<\/div>\n\t\t<\/article>\n\t\t\t\t<article class=\"elementor-post elementor-grid-item post-92506 post type-post status-publish format-standard has-post-thumbnail hentry category-principal tag-inflacion-mexico\" role=\"listitem\">\n\t\t\t<div class=\"elementor-post__card\">\n\t\t\t\t<div class=\"elementor-post__text\">\n\t\t\t\t<h2 class=\"elementor-post__title\">\n\t\t\t<a href=\"https:\/\/www.opinionpublica.tv\/portada\/inflacion-repunta-a-3-26-en-primera-quincena-de-agosto-servicios-educativos-y-transporte-publico-impulsaron-aumento\/\" >\n\t\t\t\tInflaci\u00f3n repunta a 3.26% en primera quincena de agosto impulsada por el transporte y los servicios educativos\t\t\t<\/a>\n\t\t<\/h2>\n\t\t\t\t<\/div>\n\t\t\t\t\t<\/div>\n\t\t<\/article>\n\t\t\t\t<\/div>\n\t\t\n\t\t\t\t\t\t<\/div>\n\t\t\t\t<\/div>\n\t\t\t\t<\/div>\n\t\t\t\t<\/div>\n\t\t<div class=\"elementor-element elementor-element-1c01ef5 e-con-full e-flex e-con e-child\" data-id=\"1c01ef5\" data-element_type=\"container\" data-e-type=\"container\">\n\t\t<div class=\"elementor-element elementor-element-ea11443 e-con-full e-flex e-con e-child\" data-id=\"ea11443\" data-element_type=\"container\" data-e-type=\"container\">\n\t\t<div class=\"elementor-element elementor-element-a2654a7 e-con-full e-flex e-con e-child\" data-id=\"a2654a7\" data-element_type=\"container\" data-e-type=\"container\">\n\t\t\t\t<div class=\"elementor-element elementor-element-fb25851 elementor-align-justify elementor-widget elementor-widget-button\" data-id=\"fb25851\" data-element_type=\"widget\" data-e-type=\"widget\" data-widget_type=\"button.default\">\n\t\t\t\t<div class=\"elementor-widget-container\">\n\t\t\t\t\t\t\t\t\t<div class=\"elementor-button-wrapper\">\n\t\t\t\t\t<a class=\"elementor-button elementor-size-sm\" role=\"button\">\n\t\t\t\t\t\t<span class=\"elementor-button-content-wrapper\">\n\t\t\t\t\t\t\t\t\t<span class=\"elementor-button-text\">OPINI\u00d3N P\u00daBLICA<\/span>\n\t\t\t\t\t<\/span>\n\t\t\t\t\t<\/a>\n\t\t\t\t<\/div>\n\t\t\t\t\t\t\t\t<\/div>\n\t\t\t\t<\/div>\n\t\t\t\t<div class=\"elementor-element elementor-element-8631821 elementor-grid-1 elementor-posts--thumbnail-none elementor-grid-tablet-1 elementor-grid-mobile-1 elementor-card-shadow-yes elementor-posts__hover-gradient elementor-widget elementor-widget-posts\" data-id=\"8631821\" data-element_type=\"widget\" data-e-type=\"widget\" data-settings=\"{&quot;cards_columns&quot;:&quot;1&quot;,&quot;cards_columns_tablet&quot;:&quot;1&quot;,&quot;cards_columns_mobile&quot;:&quot;1&quot;,&quot;cards_row_gap&quot;:{&quot;unit&quot;:&quot;px&quot;,&quot;size&quot;:35,&quot;sizes&quot;:[]},&quot;cards_row_gap_tablet&quot;:{&quot;unit&quot;:&quot;px&quot;,&quot;size&quot;:&quot;&quot;,&quot;sizes&quot;:[]},&quot;cards_row_gap_mobile&quot;:{&quot;unit&quot;:&quot;px&quot;,&quot;size&quot;:&quot;&quot;,&quot;sizes&quot;:[]}}\" data-widget_type=\"posts.cards\">\n\t\t\t\t<div class=\"elementor-widget-container\">\n\t\t\t\t\t\t\t<div class=\"elementor-posts-container elementor-posts elementor-posts--skin-cards elementor-grid\" role=\"list\">\n\t\t\t\t<article class=\"elementor-post elementor-grid-item post-92822 post type-post status-publish format-standard has-post-thumbnail hentry category-de-chile-dulce-y-manteca-columna-invitada tag-jose-woldenberg\" role=\"listitem\">\n\t\t\t<div class=\"elementor-post__card\">\n\t\t\t\t<div class=\"elementor-post__text\">\n\t\t\t\t<h2 class=\"elementor-post__title\">\n\t\t\t<a href=\"https:\/\/www.opinionpublica.tv\/portada\/lo-frivolo-y-lo-serio\/\" >\n\t\t\t\tLo fr\u00edvolo y lo serio\t\t\t<\/a>\n\t\t<\/h2>\n\t\t\t\t<div class=\"elementor-post__excerpt\">\n\t\t\t<p>Jos\u00e9 Woldenberg ___________________________ Dicen por ah\u00ed que no hay nada nuevo bajo el sol. No lo creo, pero\u2026 Hace 120 a\u00f1os exactos (vean la fecha por favor) G. K. Chesterton escribi\u00f3: \u201ccomo nos hemos tomado<\/p>\n\t\t<\/div>\n\t\t\n\t\t<a class=\"elementor-post__read-more\" href=\"https:\/\/www.opinionpublica.tv\/portada\/lo-frivolo-y-lo-serio\/\" aria-label=\"M\u00e1s informaci\u00f3n sobre Lo fr\u00edvolo y lo serio\" tabindex=\"-1\" >\n\t\t\tLeer m\u00e1s \u00bb\t\t<\/a>\n\n\t\t\t\t<\/div>\n\t\t\t\t<div class=\"elementor-post__meta-data\">\n\t\t\t\t\t<span class=\"elementor-post-author\">\n\t\t\tOPTV\t\t<\/span>\n\t\t\t\t<span class=\"elementor-post-date\">\n\t\t\t30 de agosto de 2026\t\t<\/span>\n\t\t\t\t<\/div>\n\t\t\t\t\t<\/div>\n\t\t<\/article>\n\t\t\t\t<article class=\"elementor-post elementor-grid-item post-92778 post type-post status-publish format-standard has-post-thumbnail hentry category-columna-invitada tag-elecciones-2027 tag-mario-maldonado tag-morena\" role=\"listitem\">\n\t\t\t<div class=\"elementor-post__card\">\n\t\t\t\t<div class=\"elementor-post__text\">\n\t\t\t\t<h2 class=\"elementor-post__title\">\n\t\t\t<a href=\"https:\/\/www.opinionpublica.tv\/portada\/la-batalla-en-morena-y-palacio-por-las-candidaturas-de-2027\/\" >\n\t\t\t\tLa batalla en Morena y Palacio por las candidaturas de 2027\t\t\t<\/a>\n\t\t<\/h2>\n\t\t\t\t<div class=\"elementor-post__excerpt\">\n\t\t\t<p>Mario Maldonado ___________________________ La presidenta Claudia Sheinbaum tom\u00f3 el control de las 17 candidaturas de Morena para 2027. Revisa las encuestas y mantiene comunicaci\u00f3n permanente con Citlalli Hern\u00e1ndez, presidenta de la Comisi\u00f3n Nacional de Elecciones,<\/p>\n\t\t<\/div>\n\t\t\n\t\t<a class=\"elementor-post__read-more\" href=\"https:\/\/www.opinionpublica.tv\/portada\/la-batalla-en-morena-y-palacio-por-las-candidaturas-de-2027\/\" aria-label=\"M\u00e1s informaci\u00f3n sobre La batalla en Morena y Palacio por las candidaturas de 2027\" tabindex=\"-1\" >\n\t\t\tLeer m\u00e1s \u00bb\t\t<\/a>\n\n\t\t\t\t<\/div>\n\t\t\t\t<div class=\"elementor-post__meta-data\">\n\t\t\t\t\t<span class=\"elementor-post-author\">\n\t\t\tOPTV\t\t<\/span>\n\t\t\t\t<span class=\"elementor-post-date\">\n\t\t\t29 de agosto de 2026\t\t<\/span>\n\t\t\t\t<\/div>\n\t\t\t\t\t<\/div>\n\t\t<\/article>\n\t\t\t\t<\/div>\n\t\t\n\t\t\t\t\t\t<\/div>\n\t\t\t\t<\/div>\n\t\t\t\t<\/div>\n\t\t\t\t<div class=\"elementor-element elementor-element-559dce9 elementor-hidden-desktop elementor-hidden-tablet elementor-hidden-mobile elementor-widget elementor-widget-image\" data-id=\"559dce9\" data-element_type=\"widget\" data-e-type=\"widget\" data-widget_type=\"image.default\">\n\t\t\t\t<div class=\"elementor-widget-container\">\n\t\t\t\t\t\t\t\t\t\t\t\t\t\t\t\t<a href=\"https:\/\/www.chihuahua.gob.mx\/sites\/default\/atach2\/grupos\/user1615\/BROCHURE_4INF_WEB_0.pdf\">\n\t\t\t\t\t\t\t<img decoding=\"async\" width=\"250\" height=\"400\" src=\"https:\/\/www.opinionpublica.tv\/portada\/wp-content\/uploads\/2026\/02\/260220-v01-BANNERS_250X400.gif\" class=\"attachment-full size-full wp-image-79518\" alt=\"260220 v01 banners 250x400\" \/>\t\t\t\t\t\t\t\t<\/a>\n\t\t\t\t\t\t\t\t\t\t\t\t\t\t\t<\/div>\n\t\t\t\t<\/div>\n\t\t\t\t<\/div>\n\t\t<div class=\"elementor-element elementor-element-fc34c54 e-con-full e-flex e-con e-child\" data-id=\"fc34c54\" data-element_type=\"container\" data-e-type=\"container\">\n\t\t<div class=\"elementor-element elementor-element-276be67 e-con-full e-flex e-con e-child\" data-id=\"276be67\" data-element_type=\"container\" data-e-type=\"container\">\n\t\t\t\t<div class=\"elementor-element elementor-element-21110e9 elementor-align-justify elementor-widget elementor-widget-button\" data-id=\"21110e9\" data-element_type=\"widget\" data-e-type=\"widget\" data-widget_type=\"button.default\">\n\t\t\t\t<div class=\"elementor-widget-container\">\n\t\t\t\t\t\t\t\t\t<div class=\"elementor-button-wrapper\">\n\t\t\t\t\t<a class=\"elementor-button elementor-size-sm\" role=\"button\">\n\t\t\t\t\t\t<span class=\"elementor-button-content-wrapper\">\n\t\t\t\t\t\t\t\t\t<span class=\"elementor-button-text\">VIDEOS OPTV<\/span>\n\t\t\t\t\t<\/span>\n\t\t\t\t\t<\/a>\n\t\t\t\t<\/div>\n\t\t\t\t\t\t\t\t<\/div>\n\t\t\t\t<\/div>\n\t\t\t\t<div class=\"elementor-element elementor-element-55a9676 elementor-grid-1 elementor-grid-tablet-1 elementor-grid-mobile-1 elementor-posts--thumbnail-top elementor-card-shadow-yes elementor-posts__hover-gradient elementor-widget elementor-widget-posts\" data-id=\"55a9676\" data-element_type=\"widget\" data-e-type=\"widget\" data-settings=\"{&quot;cards_columns&quot;:&quot;1&quot;,&quot;cards_row_gap&quot;:{&quot;unit&quot;:&quot;px&quot;,&quot;size&quot;:16,&quot;sizes&quot;:[]},&quot;cards_columns_tablet&quot;:&quot;1&quot;,&quot;cards_columns_mobile&quot;:&quot;1&quot;,&quot;cards_row_gap_tablet&quot;:{&quot;unit&quot;:&quot;px&quot;,&quot;size&quot;:&quot;&quot;,&quot;sizes&quot;:[]},&quot;cards_row_gap_mobile&quot;:{&quot;unit&quot;:&quot;px&quot;,&quot;size&quot;:&quot;&quot;,&quot;sizes&quot;:[]}}\" data-widget_type=\"posts.cards\">\n\t\t\t\t<div class=\"elementor-widget-container\">\n\t\t\t\t\t\t\t<div class=\"elementor-posts-container elementor-posts elementor-posts--skin-cards elementor-grid\" role=\"list\">\n\t\t\t\t<article class=\"elementor-post elementor-grid-item post-92900 post type-post status-publish format-standard has-post-thumbnail hentry category-videos-destacados-contenido category-videos-destacados category-videos tag-angelus-papa-leon-xiv\" role=\"listitem\">\n\t\t\t<div class=\"elementor-post__card\">\n\t\t\t\t<a class=\"elementor-post__thumbnail__link\" href=\"https:\/\/www.opinionpublica.tv\/portada\/video-angelus-papa-leon-xiv-domingo-30-de-agosto-de-2026\/\" tabindex=\"-1\" ><div class=\"elementor-post__thumbnail\"><img decoding=\"async\" width=\"768\" height=\"432\" src=\"https:\/\/www.opinionpublica.tv\/portada\/wp-content\/uploads\/2026\/08\/Angelus-Papa-Leon-XIV-Domingo-30-de-agosto-de-2026-768x432.png\" class=\"attachment-medium_large size-medium_large wp-image-92902\" alt=\"A\u0301ngelus Papa Leo\u0301n XIV | Domingo 30 de agosto de\" srcset=\"https:\/\/www.opinionpublica.tv\/portada\/wp-content\/uploads\/2026\/08\/Angelus-Papa-Leon-XIV-Domingo-30-de-agosto-de-2026-768x432.png 768w, https:\/\/www.opinionpublica.tv\/portada\/wp-content\/uploads\/2026\/08\/Angelus-Papa-Leon-XIV-Domingo-30-de-agosto-de-2026-300x169.png 300w, https:\/\/www.opinionpublica.tv\/portada\/wp-content\/uploads\/2026\/08\/Angelus-Papa-Leon-XIV-Domingo-30-de-agosto-de-2026-1024x576.png 1024w, https:\/\/www.opinionpublica.tv\/portada\/wp-content\/uploads\/2026\/08\/Angelus-Papa-Leon-XIV-Domingo-30-de-agosto-de-2026-1536x865.png 1536w, https:\/\/www.opinionpublica.tv\/portada\/wp-content\/uploads\/2026\/08\/Angelus-Papa-Leon-XIV-Domingo-30-de-agosto-de-2026.png 1702w\" sizes=\"(max-width: 768px) 100vw, 768px\" \/><\/div><\/a>\n\t\t\t\t<div class=\"elementor-post__badge\">Videos Destacados<\/div>\n\t\t\t\t<div class=\"elementor-post__text\">\n\t\t\t\t<h2 class=\"elementor-post__title\">\n\t\t\t<a href=\"https:\/\/www.opinionpublica.tv\/portada\/video-angelus-papa-leon-xiv-domingo-30-de-agosto-de-2026\/\" >\n\t\t\t\tVideo: \u00c1ngelus Papa Le\u00f3n XIV | Domingo 30 de agosto de 2026\t\t\t<\/a>\n\t\t<\/h2>\n\t\t\t\t<\/div>\n\t\t\t\t<div class=\"elementor-post__meta-data\">\n\t\t\t\t\t<span class=\"elementor-post-date\">\n\t\t\t30 de agosto de 2026\t\t<\/span>\n\t\t\t\t<\/div>\n\t\t\t\t\t<\/div>\n\t\t<\/article>\n\t\t\t\t<article class=\"elementor-post elementor-grid-item post-92782 post type-post status-publish format-standard has-post-thumbnail hentry category-videos-destacados category-videos-destacados-contenido category-videos tag-hector-de-mauleon tag-morena tag-ruben-rocha-moya\" role=\"listitem\">\n\t\t\t<div class=\"elementor-post__card\">\n\t\t\t\t<a class=\"elementor-post__thumbnail__link\" href=\"https:\/\/www.opinionpublica.tv\/portada\/video-mientras-la-4t-protege-a-los-suyos-crecen-expedientes-en-eu-hector-de-mauleon\/\" tabindex=\"-1\" ><div class=\"elementor-post__thumbnail\"><img loading=\"lazy\" decoding=\"async\" width=\"768\" height=\"435\" src=\"https:\/\/www.opinionpublica.tv\/portada\/wp-content\/uploads\/2026\/08\/Mientras-la-4T-protege-a-los-suyos-crecen-expedientes-en-EU-Hector-de-Mauleon-768x435.png\" class=\"attachment-medium_large size-medium_large wp-image-92784\" alt=\"Mientras la 4T protege a los suyos crecen expedientes en EU | He\u0301ctor de Mauleo\u0301n\" srcset=\"https:\/\/www.opinionpublica.tv\/portada\/wp-content\/uploads\/2026\/08\/Mientras-la-4T-protege-a-los-suyos-crecen-expedientes-en-EU-Hector-de-Mauleon-768x435.png 768w, https:\/\/www.opinionpublica.tv\/portada\/wp-content\/uploads\/2026\/08\/Mientras-la-4T-protege-a-los-suyos-crecen-expedientes-en-EU-Hector-de-Mauleon-300x170.png 300w, https:\/\/www.opinionpublica.tv\/portada\/wp-content\/uploads\/2026\/08\/Mientras-la-4T-protege-a-los-suyos-crecen-expedientes-en-EU-Hector-de-Mauleon-1024x580.png 1024w, https:\/\/www.opinionpublica.tv\/portada\/wp-content\/uploads\/2026\/08\/Mientras-la-4T-protege-a-los-suyos-crecen-expedientes-en-EU-Hector-de-Mauleon-1536x870.png 1536w, https:\/\/www.opinionpublica.tv\/portada\/wp-content\/uploads\/2026\/08\/Mientras-la-4T-protege-a-los-suyos-crecen-expedientes-en-EU-Hector-de-Mauleon.png 1698w\" sizes=\"(max-width: 768px) 100vw, 768px\" \/><\/div><\/a>\n\t\t\t\t<div class=\"elementor-post__badge\">Videos Destacados<\/div>\n\t\t\t\t<div class=\"elementor-post__text\">\n\t\t\t\t<h2 class=\"elementor-post__title\">\n\t\t\t<a href=\"https:\/\/www.opinionpublica.tv\/portada\/video-mientras-la-4t-protege-a-los-suyos-crecen-expedientes-en-eu-hector-de-mauleon\/\" >\n\t\t\t\tVideo: Mientras la 4T protege a los suyos crecen expedientes en EU | H\u00e9ctor de Maule\u00f3n\t\t\t<\/a>\n\t\t<\/h2>\n\t\t\t\t<\/div>\n\t\t\t\t<div class=\"elementor-post__meta-data\">\n\t\t\t\t\t<span class=\"elementor-post-date\">\n\t\t\t29 de agosto de 2026\t\t<\/span>\n\t\t\t\t<\/div>\n\t\t\t\t\t<\/div>\n\t\t<\/article>\n\t\t\t\t<\/div>\n\t\t\n\t\t\t\t\t\t<\/div>\n\t\t\t\t<\/div>\n\t\t\t\t<\/div>\n\t\t\t\t<div class=\"elementor-element elementor-element-5ce3035 elementor-widget elementor-widget-image\" data-id=\"5ce3035\" data-element_type=\"widget\" data-e-type=\"widget\" data-widget_type=\"image.default\">\n\t\t\t\t<div class=\"elementor-widget-container\">\n\t\t\t\t\t\t\t\t\t\t\t\t\t\t\t\t<a href=\"https:\/\/prismaconsulting.mx\/\">\n\t\t\t\t\t\t\t<img loading=\"lazy\" decoding=\"async\" width=\"401\" height=\"400\" src=\"https:\/\/www.opinionpublica.tv\/portada\/wp-content\/uploads\/2024\/12\/Artboard-1-copy-2.png\" class=\"attachment-full size-full wp-image-48728\" alt=\"Artboard 1 Copy\" srcset=\"https:\/\/www.opinionpublica.tv\/portada\/wp-content\/uploads\/2024\/12\/Artboard-1-copy-2.png 401w, https:\/\/www.opinionpublica.tv\/portada\/wp-content\/uploads\/2024\/12\/Artboard-1-copy-2-300x300.png 300w, https:\/\/www.opinionpublica.tv\/portada\/wp-content\/uploads\/2024\/12\/Artboard-1-copy-2-150x150.png 150w\" sizes=\"(max-width: 401px) 100vw, 401px\" \/>\t\t\t\t\t\t\t\t<\/a>\n\t\t\t\t\t\t\t\t\t\t\t\t\t\t\t<\/div>\n\t\t\t\t<\/div>\n\t\t\t\t<\/div>\n\t\t\t\t<\/div>\n\t\t\t\t\t<\/div>\n\t\t\t\t<\/div>\n\t\t<div class=\"elementor-element elementor-element-79d4674 e-con-full e-flex e-con e-parent\" data-id=\"79d4674\" data-element_type=\"container\" data-e-type=\"container\">\n\t\t<div class=\"elementor-element elementor-element-4c91083 e-con-full e-flex e-con e-child\" data-id=\"4c91083\" data-element_type=\"container\" data-e-type=\"container\">\n\t\t\t\t<div class=\"elementor-element elementor-element-68d1107 elementor-widget elementor-widget-image\" data-id=\"68d1107\" data-element_type=\"widget\" data-e-type=\"widget\" data-widget_type=\"image.default\">\n\t\t\t\t<div class=\"elementor-widget-container\">\n\t\t\t\t\t\t\t\t\t\t\t\t\t\t\t<img loading=\"lazy\" decoding=\"async\" width=\"728\" height=\"90\" src=\"https:\/\/www.opinionpublica.tv\/portada\/wp-content\/uploads\/2024\/11\/728x90_Sept.gif\" class=\"attachment-full size-full wp-image-92844\" alt=\"728x90 Sept\" \/>\t\t\t\t\t\t\t\t\t\t\t\t\t\t\t<\/div>\n\t\t\t\t<\/div>\n\t\t\t\t<\/div>\n\t\t\t\t<\/div>\n\t\t<div class=\"elementor-element elementor-element-cf13d41 e-flex e-con-boxed e-con e-parent\" data-id=\"cf13d41\" data-element_type=\"container\" data-e-type=\"container\">\n\t\t\t\t\t<div class=\"e-con-inner\">\n\t\t<div class=\"elementor-element elementor-element-340725d e-con-full e-flex e-con e-child\" data-id=\"340725d\" data-element_type=\"container\" data-e-type=\"container\">\n\t\t\t\t<div class=\"elementor-element elementor-element-6d62cce elementor-widget elementor-widget-heading\" data-id=\"6d62cce\" data-element_type=\"widget\" data-e-type=\"widget\" data-widget_type=\"heading.default\">\n\t\t\t\t<div class=\"elementor-widget-container\">\n\t\t\t\t\t<h3 class=\"elementor-heading-title elementor-size-default\"><a href=\"mailto:direccion@opinionpublica.tv\">Contacto: direccion@opinionpublica.tv<\/a><\/h3>\t\t\t\t<\/div>\n\t\t\t\t<\/div>\n\t\t\t\t<div class=\"elementor-element elementor-element-37dca53 elementor-widget elementor-widget-image\" data-id=\"37dca53\" data-element_type=\"widget\" data-e-type=\"widget\" data-widget_type=\"image.default\">\n\t\t\t\t<div class=\"elementor-widget-container\">\n\t\t\t\t\t\t\t\t\t\t\t\t\t\t\t<img loading=\"lazy\" decoding=\"async\" width=\"1080\" height=\"111\" src=\"https:\/\/www.opinionpublica.tv\/portada\/wp-content\/uploads\/2026\/01\/senal-optv.png\" class=\"attachment-full size-full wp-image-75477\" alt=\"Senal optv\" srcset=\"https:\/\/www.opinionpublica.tv\/portada\/wp-content\/uploads\/2026\/01\/senal-optv.png 1080w, https:\/\/www.opinionpublica.tv\/portada\/wp-content\/uploads\/2026\/01\/senal-optv-300x31.png 300w, https:\/\/www.opinionpublica.tv\/portada\/wp-content\/uploads\/2026\/01\/senal-optv-1024x105.png 1024w, https:\/\/www.opinionpublica.tv\/portada\/wp-content\/uploads\/2026\/01\/senal-optv-768x79.png 768w\" sizes=\"(max-width: 1080px) 100vw, 1080px\" \/>\t\t\t\t\t\t\t\t\t\t\t\t\t\t\t<\/div>\n\t\t\t\t<\/div>\n\t\t\t\t<div class=\"elementor-element elementor-element-431823d elementor-widget elementor-widget-video\" data-id=\"431823d\" data-element_type=\"widget\" data-e-type=\"widget\" data-settings=\"{&quot;youtube_url&quot;:&quot;https:\\\/\\\/youtu.be\\\/jnDR6eoNXY0?si=yMkgXd1HpYsLppQS&quot;,&quot;yt_privacy&quot;:&quot;yes&quot;,&quot;video_type&quot;:&quot;youtube&quot;,&quot;controls&quot;:&quot;yes&quot;}\" data-widget_type=\"video.default\">\n\t\t\t\t<div class=\"elementor-widget-container\">\n\t\t\t\t\t\t\t<div class=\"elementor-wrapper elementor-open-inline\">\n\t\t\t<div class=\"elementor-video\"><\/div>\t\t<\/div>\n\t\t\t\t\t\t<\/div>\n\t\t\t\t<\/div>\n\t\t\t\t<div class=\"elementor-element elementor-element-75c3180 elementor-widget elementor-widget-heading\" data-id=\"75c3180\" data-element_type=\"widget\" data-e-type=\"widget\" data-widget_type=\"heading.default\">\n\t\t\t\t<div class=\"elementor-widget-container\">\n\t\t\t\t\t<h2 class=\"elementor-heading-title elementor-size-default\">JU\u00c1REZ<\/h2>\t\t\t\t<\/div>\n\t\t\t\t<\/div>\n\t\t\t\t<div class=\"elementor-element elementor-element-251f282 elementor-widget-divider--view-line elementor-widget elementor-widget-divider\" data-id=\"251f282\" data-element_type=\"widget\" data-e-type=\"widget\" data-widget_type=\"divider.default\">\n\t\t\t\t<div class=\"elementor-widget-container\">\n\t\t\t\t\t\t\t<div class=\"elementor-divider\">\n\t\t\t<span class=\"elementor-divider-separator\">\n\t\t\t\t\t\t<\/span>\n\t\t<\/div>\n\t\t\t\t\t\t<\/div>\n\t\t\t\t<\/div>\n\t\t\t\t<div class=\"elementor-element elementor-element-a40c01e elementor-grid-2 elementor-grid-tablet-2 elementor-grid-mobile-1 elementor-posts--thumbnail-top elementor-card-shadow-yes elementor-posts__hover-gradient elementor-widget elementor-widget-posts\" data-id=\"a40c01e\" data-element_type=\"widget\" data-e-type=\"widget\" data-settings=\"{&quot;cards_columns&quot;:&quot;2&quot;,&quot;cards_row_gap&quot;:{&quot;unit&quot;:&quot;px&quot;,&quot;size&quot;:46,&quot;sizes&quot;:[]},&quot;cards_columns_tablet&quot;:&quot;2&quot;,&quot;cards_columns_mobile&quot;:&quot;1&quot;,&quot;cards_row_gap_tablet&quot;:{&quot;unit&quot;:&quot;px&quot;,&quot;size&quot;:&quot;&quot;,&quot;sizes&quot;:[]},&quot;cards_row_gap_mobile&quot;:{&quot;unit&quot;:&quot;px&quot;,&quot;size&quot;:&quot;&quot;,&quot;sizes&quot;:[]}}\" data-widget_type=\"posts.cards\">\n\t\t\t\t<div class=\"elementor-widget-container\">\n\t\t\t\t\t\t\t<div class=\"elementor-posts-container elementor-posts elementor-posts--skin-cards elementor-grid\" role=\"list\">\n\t\t\t\t<article class=\"elementor-post elementor-grid-item post-92877 post type-post status-publish format-standard has-post-thumbnail hentry category-juarez tag-ciudad-juarez tag-cruces-ferroviarios tag-ferromex\" role=\"listitem\">\n\t\t\t<div class=\"elementor-post__card\">\n\t\t\t\t<a class=\"elementor-post__thumbnail__link\" href=\"https:\/\/www.opinionpublica.tv\/portada\/gestionara-municipio-mayor-seguridad-en-cruces-ferroviarios-ante-ferromex-y-federacion\/\" tabindex=\"-1\" ><div class=\"elementor-post__thumbnail\"><img loading=\"lazy\" decoding=\"async\" width=\"768\" height=\"512\" src=\"https:\/\/www.opinionpublica.tv\/portada\/wp-content\/uploads\/2026\/08\/Gestionara-Municipio-mayor-seguridad-en-cruces-del-tren-ante-Ferromex-y-Federacion-768x512.jpeg\" class=\"attachment-medium_large size-medium_large wp-image-92881\" alt=\"Gestionara\u0301 Municipio mayor seguridad en cruces del tren ante Ferromex y Federacio\u0301n\" srcset=\"https:\/\/www.opinionpublica.tv\/portada\/wp-content\/uploads\/2026\/08\/Gestionara-Municipio-mayor-seguridad-en-cruces-del-tren-ante-Ferromex-y-Federacion-768x512.jpeg 768w, https:\/\/www.opinionpublica.tv\/portada\/wp-content\/uploads\/2026\/08\/Gestionara-Municipio-mayor-seguridad-en-cruces-del-tren-ante-Ferromex-y-Federacion-300x200.jpeg 300w, https:\/\/www.opinionpublica.tv\/portada\/wp-content\/uploads\/2026\/08\/Gestionara-Municipio-mayor-seguridad-en-cruces-del-tren-ante-Ferromex-y-Federacion-1536x1024.jpeg 1536w, https:\/\/www.opinionpublica.tv\/portada\/wp-content\/uploads\/2026\/08\/Gestionara-Municipio-mayor-seguridad-en-cruces-del-tren-ante-Ferromex-y-Federacion-1024x683.jpeg 1024w, https:\/\/www.opinionpublica.tv\/portada\/wp-content\/uploads\/2026\/08\/Gestionara-Municipio-mayor-seguridad-en-cruces-del-tren-ante-Ferromex-y-Federacion-2048x1366.jpeg 2048w\" sizes=\"(max-width: 768px) 100vw, 768px\" \/><\/div><\/a>\n\t\t\t\t<div class=\"elementor-post__badge\">Ju\u00e1rez<\/div>\n\t\t\t\t<div class=\"elementor-post__text\">\n\t\t\t\t<h2 class=\"elementor-post__title\">\n\t\t\t<a href=\"https:\/\/www.opinionpublica.tv\/portada\/gestionara-municipio-mayor-seguridad-en-cruces-ferroviarios-ante-ferromex-y-federacion\/\" >\n\t\t\t\tGestionar\u00e1 Municipio mayor seguridad en cruces del tren ante Ferromex y Federaci\u00f3n\t\t\t<\/a>\n\t\t<\/h2>\n\t\t\n\t\t<a class=\"elementor-post__read-more\" href=\"https:\/\/www.opinionpublica.tv\/portada\/gestionara-municipio-mayor-seguridad-en-cruces-ferroviarios-ante-ferromex-y-federacion\/\" aria-label=\"M\u00e1s informaci\u00f3n sobre Gestionar\u00e1 Municipio mayor seguridad en cruces del tren ante Ferromex y Federaci\u00f3n\" tabindex=\"-1\" >\n\t\t\tLeer m\u00e1s \u00bb\t\t<\/a>\n\n\t\t\t\t<\/div>\n\t\t\t\t<div class=\"elementor-post__meta-data\">\n\t\t\t\t\t<span class=\"elementor-post-author\">\n\t\t\tOPTV\t\t<\/span>\n\t\t\t\t<span class=\"elementor-post-date\">\n\t\t\t30 de agosto de 2026\t\t<\/span>\n\t\t\t\t<\/div>\n\t\t\t\t\t<\/div>\n\t\t<\/article>\n\t\t\t\t<article class=\"elementor-post elementor-grid-item post-92883 post type-post status-publish format-standard has-post-thumbnail hentry category-juarez tag-biblioavion tag-ciudad-juarez tag-educacion tag-regreso-a-clases\" role=\"listitem\">\n\t\t\t<div class=\"elementor-post__card\">\n\t\t\t\t<a class=\"elementor-post__thumbnail__link\" href=\"https:\/\/www.opinionpublica.tv\/portada\/invita-direccion-de-educacion-a-conocer-el-biblioavion-en-este-nuevo-ciclo-escolar\/\" tabindex=\"-1\" ><div class=\"elementor-post__thumbnail\"><img loading=\"lazy\" decoding=\"async\" width=\"767\" height=\"511\" src=\"https:\/\/www.opinionpublica.tv\/portada\/wp-content\/uploads\/2026\/08\/Invita-Direccion-de-Educacion-a-conocer-el-Biblioavion-en-este-nuevo-ciclo-escolar-767x511.jpeg\" class=\"attachment-medium_large size-medium_large wp-image-92891\" alt=\"Invita Direccio\u0301n de Educacio\u0301n a conocer el Biblioavio\u0301n en este nuevo ciclo escolar\" srcset=\"https:\/\/www.opinionpublica.tv\/portada\/wp-content\/uploads\/2026\/08\/Invita-Direccion-de-Educacion-a-conocer-el-Biblioavion-en-este-nuevo-ciclo-escolar-767x511.jpeg 767w, https:\/\/www.opinionpublica.tv\/portada\/wp-content\/uploads\/2026\/08\/Invita-Direccion-de-Educacion-a-conocer-el-Biblioavion-en-este-nuevo-ciclo-escolar-300x200.jpeg 300w, https:\/\/www.opinionpublica.tv\/portada\/wp-content\/uploads\/2026\/08\/Invita-Direccion-de-Educacion-a-conocer-el-Biblioavion-en-este-nuevo-ciclo-escolar-1024x682.jpeg 1024w, https:\/\/www.opinionpublica.tv\/portada\/wp-content\/uploads\/2026\/08\/Invita-Direccion-de-Educacion-a-conocer-el-Biblioavion-en-este-nuevo-ciclo-escolar-1536x1023.jpeg 1536w, https:\/\/www.opinionpublica.tv\/portada\/wp-content\/uploads\/2026\/08\/Invita-Direccion-de-Educacion-a-conocer-el-Biblioavion-en-este-nuevo-ciclo-escolar.jpeg 1600w\" sizes=\"(max-width: 767px) 100vw, 767px\" \/><\/div><\/a>\n\t\t\t\t<div class=\"elementor-post__badge\">Ju\u00e1rez<\/div>\n\t\t\t\t<div class=\"elementor-post__text\">\n\t\t\t\t<h2 class=\"elementor-post__title\">\n\t\t\t<a href=\"https:\/\/www.opinionpublica.tv\/portada\/invita-direccion-de-educacion-a-conocer-el-biblioavion-en-este-nuevo-ciclo-escolar\/\" >\n\t\t\t\tInvita Direcci\u00f3n de Educaci\u00f3n a conocer el Biblioavi\u00f3n en este nuevo ciclo escolar\t\t\t<\/a>\n\t\t<\/h2>\n\t\t\n\t\t<a class=\"elementor-post__read-more\" href=\"https:\/\/www.opinionpublica.tv\/portada\/invita-direccion-de-educacion-a-conocer-el-biblioavion-en-este-nuevo-ciclo-escolar\/\" aria-label=\"M\u00e1s informaci\u00f3n sobre Invita Direcci\u00f3n de Educaci\u00f3n a conocer el Biblioavi\u00f3n en este nuevo ciclo escolar\" tabindex=\"-1\" >\n\t\t\tLeer m\u00e1s \u00bb\t\t<\/a>\n\n\t\t\t\t<\/div>\n\t\t\t\t<div class=\"elementor-post__meta-data\">\n\t\t\t\t\t<span class=\"elementor-post-author\">\n\t\t\tOPTV\t\t<\/span>\n\t\t\t\t<span class=\"elementor-post-date\">\n\t\t\t30 de agosto de 2026\t\t<\/span>\n\t\t\t\t<\/div>\n\t\t\t\t\t<\/div>\n\t\t<\/article>\n\t\t\t\t<\/div>\n\t\t\n\t\t\t\t\t\t<\/div>\n\t\t\t\t<\/div>\n\t\t\t\t<\/div>\n\t\t<div class=\"elementor-element elementor-element-6f8e63d e-con-full e-flex e-con e-child\" data-id=\"6f8e63d\" data-element_type=\"container\" data-e-type=\"container\">\n\t\t<div class=\"elementor-element elementor-element-4241231 e-con-full e-flex e-con e-child\" data-id=\"4241231\" data-element_type=\"container\" data-e-type=\"container\">\n\t\t\t\t<div class=\"elementor-element elementor-element-17f9527 elementor-widget elementor-widget-heading\" data-id=\"17f9527\" data-element_type=\"widget\" data-e-type=\"widget\" data-widget_type=\"heading.default\">\n\t\t\t\t<div class=\"elementor-widget-container\">\n\t\t\t\t\t<h2 class=\"elementor-heading-title elementor-size-default\">TENDENCIAS<\/h2>\t\t\t\t<\/div>\n\t\t\t\t<\/div>\n\t\t\t\t<div class=\"elementor-element elementor-element-32d0bec elementor-widget-divider--view-line elementor-widget elementor-widget-divider\" data-id=\"32d0bec\" data-element_type=\"widget\" data-e-type=\"widget\" data-widget_type=\"divider.default\">\n\t\t\t\t<div class=\"elementor-widget-container\">\n\t\t\t\t\t\t\t<div class=\"elementor-divider\">\n\t\t\t<span class=\"elementor-divider-separator\">\n\t\t\t\t\t\t<\/span>\n\t\t<\/div>\n\t\t\t\t\t\t<\/div>\n\t\t\t\t<\/div>\n\t\t\t\t<div class=\"elementor-element elementor-element-18e1807 elementor-grid-1 elementor-grid-tablet-2 elementor-grid-mobile-1 elementor-posts--thumbnail-top elementor-card-shadow-yes elementor-posts__hover-gradient elementor-widget elementor-widget-posts\" data-id=\"18e1807\" data-element_type=\"widget\" data-e-type=\"widget\" data-settings=\"{&quot;cards_columns&quot;:&quot;1&quot;,&quot;cards_row_gap&quot;:{&quot;unit&quot;:&quot;px&quot;,&quot;size&quot;:20,&quot;sizes&quot;:[]},&quot;cards_columns_tablet&quot;:&quot;2&quot;,&quot;cards_columns_mobile&quot;:&quot;1&quot;,&quot;cards_row_gap_tablet&quot;:{&quot;unit&quot;:&quot;px&quot;,&quot;size&quot;:&quot;&quot;,&quot;sizes&quot;:[]},&quot;cards_row_gap_mobile&quot;:{&quot;unit&quot;:&quot;px&quot;,&quot;size&quot;:&quot;&quot;,&quot;sizes&quot;:[]}}\" data-widget_type=\"posts.cards\">\n\t\t\t\t<div class=\"elementor-widget-container\">\n\t\t\t\t\t\t\t<div class=\"elementor-posts-container elementor-posts elementor-posts--skin-cards elementor-grid\" role=\"list\">\n\t\t\t\t<article class=\"elementor-post elementor-grid-item post-92885 post type-post status-publish format-standard has-post-thumbnail hentry category-tendencias tag-desnutricion-infantil tag-premio-novagob-mexico\" role=\"listitem\">\n\t\t\t<div class=\"elementor-post__card\">\n\t\t\t\t<a class=\"elementor-post__thumbnail__link\" href=\"https:\/\/www.opinionpublica.tv\/portada\/recibe-chihuahua-premio-novagob-mexico-2026-por-atencion-a-la-desnutricion-infantil\/\" tabindex=\"-1\" ><div class=\"elementor-post__thumbnail\"><img loading=\"lazy\" decoding=\"async\" width=\"767\" height=\"795\" src=\"https:\/\/www.opinionpublica.tv\/portada\/wp-content\/uploads\/2026\/08\/Recibe-Chihuahua-Premio-NovaGob-Mexico-por-atender-la-desnutricion-infantil-767x795.jpeg\" class=\"attachment-medium_large size-medium_large wp-image-92889\" alt=\"Recibe Chihuahua Premio NovaGob Me\u0301xico por atender la desnutricio\u0301n infantil\" srcset=\"https:\/\/www.opinionpublica.tv\/portada\/wp-content\/uploads\/2026\/08\/Recibe-Chihuahua-Premio-NovaGob-Mexico-por-atender-la-desnutricion-infantil-767x795.jpeg 767w, https:\/\/www.opinionpublica.tv\/portada\/wp-content\/uploads\/2026\/08\/Recibe-Chihuahua-Premio-NovaGob-Mexico-por-atender-la-desnutricion-infantil-290x300.jpeg 290w, https:\/\/www.opinionpublica.tv\/portada\/wp-content\/uploads\/2026\/08\/Recibe-Chihuahua-Premio-NovaGob-Mexico-por-atender-la-desnutricion-infantil-988x1024.jpeg 988w, https:\/\/www.opinionpublica.tv\/portada\/wp-content\/uploads\/2026\/08\/Recibe-Chihuahua-Premio-NovaGob-Mexico-por-atender-la-desnutricion-infantil-1482x1536.jpeg 1482w, https:\/\/www.opinionpublica.tv\/portada\/wp-content\/uploads\/2026\/08\/Recibe-Chihuahua-Premio-NovaGob-Mexico-por-atender-la-desnutricion-infantil.jpeg 1544w\" sizes=\"(max-width: 767px) 100vw, 767px\" \/><\/div><\/a>\n\t\t\t\t<div class=\"elementor-post__badge\">Tendencias<\/div>\n\t\t\t\t<div class=\"elementor-post__text\">\n\t\t\t\t<h2 class=\"elementor-post__title\">\n\t\t\t<a href=\"https:\/\/www.opinionpublica.tv\/portada\/recibe-chihuahua-premio-novagob-mexico-2026-por-atencion-a-la-desnutricion-infantil\/\" >\n\t\t\t\tRecibe Chihuahua Premio NovaGob M\u00e9xico por atender la desnutrici\u00f3n infantil\t\t\t<\/a>\n\t\t<\/h2>\n\t\t\n\t\t<a class=\"elementor-post__read-more\" href=\"https:\/\/www.opinionpublica.tv\/portada\/recibe-chihuahua-premio-novagob-mexico-2026-por-atencion-a-la-desnutricion-infantil\/\" aria-label=\"M\u00e1s informaci\u00f3n sobre Recibe Chihuahua Premio NovaGob M\u00e9xico por atender la desnutrici\u00f3n infantil\" tabindex=\"-1\" >\n\t\t\tLeer m\u00e1s \u00bb\t\t<\/a>\n\n\t\t\t\t<\/div>\n\t\t\t\t<div class=\"elementor-post__meta-data\">\n\t\t\t\t\t<span class=\"elementor-post-author\">\n\t\t\tOPTV\t\t<\/span>\n\t\t\t\t<span class=\"elementor-post-date\">\n\t\t\t30 de agosto de 2026\t\t<\/span>\n\t\t\t\t<\/div>\n\t\t\t\t\t<\/div>\n\t\t<\/article>\n\t\t\t\t<article class=\"elementor-post elementor-grid-item post-92894 post type-post status-publish format-standard has-post-thumbnail hentry category-tendencias tag-chihuahua tag-corredores-raramuri tag-francia\" role=\"listitem\">\n\t\t\t<div class=\"elementor-post__card\">\n\t\t\t\t<a class=\"elementor-post__thumbnail__link\" href=\"https:\/\/www.opinionpublica.tv\/portada\/hace-historia-la-corredora-raramuri-jenifer-yanez-en-la-utmb-de-chamonix-francia\/\" tabindex=\"-1\" ><div class=\"elementor-post__thumbnail\"><img loading=\"lazy\" decoding=\"async\" width=\"768\" height=\"576\" src=\"https:\/\/www.opinionpublica.tv\/portada\/wp-content\/uploads\/2026\/08\/Hace-historia-la-corredora-raramuri-Jenifer-Yanez-en-la-UTMB-de-Chamonix-Francia-768x576.jpeg\" class=\"attachment-medium_large size-medium_large wp-image-92897\" alt=\"Hace historia la corredora rara\u0301muri Jenifer Ya\u0301n\u0303ez en la UTMB de Chamonix, Francia\" srcset=\"https:\/\/www.opinionpublica.tv\/portada\/wp-content\/uploads\/2026\/08\/Hace-historia-la-corredora-raramuri-Jenifer-Yanez-en-la-UTMB-de-Chamonix-Francia-768x576.jpeg 768w, https:\/\/www.opinionpublica.tv\/portada\/wp-content\/uploads\/2026\/08\/Hace-historia-la-corredora-raramuri-Jenifer-Yanez-en-la-UTMB-de-Chamonix-Francia-300x225.jpeg 300w, https:\/\/www.opinionpublica.tv\/portada\/wp-content\/uploads\/2026\/08\/Hace-historia-la-corredora-raramuri-Jenifer-Yanez-en-la-UTMB-de-Chamonix-Francia-1024x768.jpeg 1024w, https:\/\/www.opinionpublica.tv\/portada\/wp-content\/uploads\/2026\/08\/Hace-historia-la-corredora-raramuri-Jenifer-Yanez-en-la-UTMB-de-Chamonix-Francia-1536x1152.jpeg 1536w, https:\/\/www.opinionpublica.tv\/portada\/wp-content\/uploads\/2026\/08\/Hace-historia-la-corredora-raramuri-Jenifer-Yanez-en-la-UTMB-de-Chamonix-Francia.jpeg 1600w\" sizes=\"(max-width: 768px) 100vw, 768px\" \/><\/div><\/a>\n\t\t\t\t<div class=\"elementor-post__badge\">Tendencias<\/div>\n\t\t\t\t<div class=\"elementor-post__text\">\n\t\t\t\t<h2 class=\"elementor-post__title\">\n\t\t\t<a href=\"https:\/\/www.opinionpublica.tv\/portada\/hace-historia-la-corredora-raramuri-jenifer-yanez-en-la-utmb-de-chamonix-francia\/\" >\n\t\t\t\tHace historia la corredora rar\u00e1muri Jenifer Y\u00e1\u00f1ez en la UTMB de Chamonix, Francia\t\t\t<\/a>\n\t\t<\/h2>\n\t\t\n\t\t<a class=\"elementor-post__read-more\" href=\"https:\/\/www.opinionpublica.tv\/portada\/hace-historia-la-corredora-raramuri-jenifer-yanez-en-la-utmb-de-chamonix-francia\/\" aria-label=\"M\u00e1s informaci\u00f3n sobre Hace historia la corredora rar\u00e1muri Jenifer Y\u00e1\u00f1ez en la UTMB de Chamonix, Francia\" tabindex=\"-1\" >\n\t\t\tLeer m\u00e1s \u00bb\t\t<\/a>\n\n\t\t\t\t<\/div>\n\t\t\t\t<div class=\"elementor-post__meta-data\">\n\t\t\t\t\t<span class=\"elementor-post-author\">\n\t\t\tOPTV\t\t<\/span>\n\t\t\t\t<span class=\"elementor-post-date\">\n\t\t\t30 de agosto de 2026\t\t<\/span>\n\t\t\t\t<\/div>\n\t\t\t\t\t<\/div>\n\t\t<\/article>\n\t\t\t\t<\/div>\n\t\t\n\t\t\t\t\t\t<\/div>\n\t\t\t\t<\/div>\n\t\t\t\t<\/div>\n\t\t<div class=\"elementor-element elementor-element-11292a7 e-con-full e-flex e-con e-child\" data-id=\"11292a7\" data-element_type=\"container\" data-e-type=\"container\">\n\t\t\t\t<div class=\"elementor-element elementor-element-ad904f4 elementor-widget elementor-widget-heading\" data-id=\"ad904f4\" data-element_type=\"widget\" data-e-type=\"widget\" data-widget_type=\"heading.default\">\n\t\t\t\t<div class=\"elementor-widget-container\">\n\t\t\t\t\t<h2 class=\"elementor-heading-title elementor-size-default\">CIENCIA Y TECNOLOG\u00cdA<\/h2>\t\t\t\t<\/div>\n\t\t\t\t<\/div>\n\t\t\t\t<div class=\"elementor-element elementor-element-ffe8808 elementor-widget-divider--view-line elementor-widget elementor-widget-divider\" data-id=\"ffe8808\" data-element_type=\"widget\" data-e-type=\"widget\" data-widget_type=\"divider.default\">\n\t\t\t\t<div class=\"elementor-widget-container\">\n\t\t\t\t\t\t\t<div class=\"elementor-divider\">\n\t\t\t<span class=\"elementor-divider-separator\">\n\t\t\t\t\t\t<\/span>\n\t\t<\/div>\n\t\t\t\t\t\t<\/div>\n\t\t\t\t<\/div>\n\t\t\t\t<div class=\"elementor-element elementor-element-bacadfd elementor-grid-1 elementor-grid-tablet-2 elementor-grid-mobile-1 elementor-posts--thumbnail-top elementor-card-shadow-yes elementor-posts__hover-gradient elementor-widget elementor-widget-posts\" data-id=\"bacadfd\" data-element_type=\"widget\" data-e-type=\"widget\" data-settings=\"{&quot;cards_columns&quot;:&quot;1&quot;,&quot;cards_row_gap&quot;:{&quot;unit&quot;:&quot;px&quot;,&quot;size&quot;:20,&quot;sizes&quot;:[]},&quot;cards_columns_tablet&quot;:&quot;2&quot;,&quot;cards_columns_mobile&quot;:&quot;1&quot;,&quot;cards_row_gap_tablet&quot;:{&quot;unit&quot;:&quot;px&quot;,&quot;size&quot;:&quot;&quot;,&quot;sizes&quot;:[]},&quot;cards_row_gap_mobile&quot;:{&quot;unit&quot;:&quot;px&quot;,&quot;size&quot;:&quot;&quot;,&quot;sizes&quot;:[]}}\" data-widget_type=\"posts.cards\">\n\t\t\t\t<div class=\"elementor-widget-container\">\n\t\t\t\t\t\t\t<div class=\"elementor-posts-container elementor-posts elementor-posts--skin-cards elementor-grid\" role=\"list\">\n\t\t\t\t<article class=\"elementor-post elementor-grid-item post-92824 post type-post status-publish format-standard has-post-thumbnail hentry category-ciencia-y-tecnologia tag-cargadores tag-celulares tag-electricidad\" role=\"listitem\">\n\t\t\t<div class=\"elementor-post__card\">\n\t\t\t\t<a class=\"elementor-post__thumbnail__link\" href=\"https:\/\/www.opinionpublica.tv\/portada\/asi-es-como-puedes-cargar-la-bateria-de-tu-celular-cuando-no-hay-electricidad\/\" tabindex=\"-1\" ><div class=\"elementor-post__thumbnail\"><img loading=\"lazy\" decoding=\"async\" width=\"767\" height=\"512\" src=\"https:\/\/www.opinionpublica.tv\/portada\/wp-content\/uploads\/2026\/08\/Asi-es-como-puedes-cargar-la-bateria-de-tu-celular-cuando-no-hay-energia-electrica-767x512.avif\" class=\"attachment-medium_large size-medium_large wp-image-92827\" alt=\"Asi\u0301 es co\u0301mo puedes cargar la bateri\u0301a de tu celular cuando no hay energi\u0301a ele\u0301ctrica\" srcset=\"https:\/\/www.opinionpublica.tv\/portada\/wp-content\/uploads\/2026\/08\/Asi-es-como-puedes-cargar-la-bateria-de-tu-celular-cuando-no-hay-energia-electrica-767x512.avif 767w, https:\/\/www.opinionpublica.tv\/portada\/wp-content\/uploads\/2026\/08\/Asi-es-como-puedes-cargar-la-bateria-de-tu-celular-cuando-no-hay-energia-electrica-300x200.avif 300w, https:\/\/www.opinionpublica.tv\/portada\/wp-content\/uploads\/2026\/08\/Asi-es-como-puedes-cargar-la-bateria-de-tu-celular-cuando-no-hay-energia-electrica.avif 929w\" sizes=\"(max-width: 767px) 100vw, 767px\" \/><\/div><\/a>\n\t\t\t\t<div class=\"elementor-post__badge\">Ciencia y Tecnolog\u00eda<\/div>\n\t\t\t\t<div class=\"elementor-post__text\">\n\t\t\t\t<h2 class=\"elementor-post__title\">\n\t\t\t<a href=\"https:\/\/www.opinionpublica.tv\/portada\/asi-es-como-puedes-cargar-la-bateria-de-tu-celular-cuando-no-hay-electricidad\/\" >\n\t\t\t\tAs\u00ed es c\u00f3mo puedes cargar la bater\u00eda de tu celular cuando no hay energ\u00eda el\u00e9ctrica\t\t\t<\/a>\n\t\t<\/h2>\n\t\t\n\t\t<a class=\"elementor-post__read-more\" href=\"https:\/\/www.opinionpublica.tv\/portada\/asi-es-como-puedes-cargar-la-bateria-de-tu-celular-cuando-no-hay-electricidad\/\" aria-label=\"M\u00e1s informaci\u00f3n sobre As\u00ed es c\u00f3mo puedes cargar la bater\u00eda de tu celular cuando no hay energ\u00eda el\u00e9ctrica\" tabindex=\"-1\" >\n\t\t\tLeer m\u00e1s \u00bb\t\t<\/a>\n\n\t\t\t\t<\/div>\n\t\t\t\t<div class=\"elementor-post__meta-data\">\n\t\t\t\t\t<span class=\"elementor-post-author\">\n\t\t\tOPTV\t\t<\/span>\n\t\t\t\t<span class=\"elementor-post-date\">\n\t\t\t30 de agosto de 2026\t\t<\/span>\n\t\t\t\t<\/div>\n\t\t\t\t\t<\/div>\n\t\t<\/article>\n\t\t\t\t<article class=\"elementor-post elementor-grid-item post-92758 post type-post status-publish format-standard has-post-thumbnail hentry category-ciencia-y-tecnologia tag-android tag-antivirus tag-hackers tag-ios tag-windows\" role=\"listitem\">\n\t\t\t<div class=\"elementor-post__card\">\n\t\t\t\t<a class=\"elementor-post__thumbnail__link\" href=\"https:\/\/www.opinionpublica.tv\/portada\/necesitas-antivirus-en-mac-pc-y-celular-la-razon-por-la-que-si-debes-usarlos-hoy\/\" tabindex=\"-1\" ><div class=\"elementor-post__thumbnail\"><img loading=\"lazy\" decoding=\"async\" width=\"768\" height=\"512\" src=\"https:\/\/www.opinionpublica.tv\/portada\/wp-content\/uploads\/2026\/08\/\u00bfNecesitas-antivirus-en-Mac-PC-y-celular-La-razon-por-la-que-si-debes-usarlos-hoy-768x512.jpeg\" class=\"attachment-medium_large size-medium_large wp-image-92760\" alt=\"\u00bfNecesitas antivirus en Mac, PC y celular? La razo\u0301n por la que si\u0301 debes usarlos hoy\" srcset=\"https:\/\/www.opinionpublica.tv\/portada\/wp-content\/uploads\/2026\/08\/\u00bfNecesitas-antivirus-en-Mac-PC-y-celular-La-razon-por-la-que-si-debes-usarlos-hoy-768x512.jpeg 768w, https:\/\/www.opinionpublica.tv\/portada\/wp-content\/uploads\/2026\/08\/\u00bfNecesitas-antivirus-en-Mac-PC-y-celular-La-razon-por-la-que-si-debes-usarlos-hoy-300x200.jpeg 300w, https:\/\/www.opinionpublica.tv\/portada\/wp-content\/uploads\/2026\/08\/\u00bfNecesitas-antivirus-en-Mac-PC-y-celular-La-razon-por-la-que-si-debes-usarlos-hoy.jpeg 813w\" sizes=\"(max-width: 768px) 100vw, 768px\" \/><\/div><\/a>\n\t\t\t\t<div class=\"elementor-post__badge\">Ciencia y Tecnolog\u00eda<\/div>\n\t\t\t\t<div class=\"elementor-post__text\">\n\t\t\t\t<h2 class=\"elementor-post__title\">\n\t\t\t<a href=\"https:\/\/www.opinionpublica.tv\/portada\/necesitas-antivirus-en-mac-pc-y-celular-la-razon-por-la-que-si-debes-usarlos-hoy\/\" >\n\t\t\t\t\u00bfNecesitas antivirus en Mac, PC y celular? La raz\u00f3n por la que s\u00ed debes usarlos hoy\t\t\t<\/a>\n\t\t<\/h2>\n\t\t\n\t\t<a class=\"elementor-post__read-more\" href=\"https:\/\/www.opinionpublica.tv\/portada\/necesitas-antivirus-en-mac-pc-y-celular-la-razon-por-la-que-si-debes-usarlos-hoy\/\" aria-label=\"M\u00e1s informaci\u00f3n sobre \u00bfNecesitas antivirus en Mac, PC y celular? La raz\u00f3n por la que s\u00ed debes usarlos hoy\" tabindex=\"-1\" >\n\t\t\tLeer m\u00e1s \u00bb\t\t<\/a>\n\n\t\t\t\t<\/div>\n\t\t\t\t<div class=\"elementor-post__meta-data\">\n\t\t\t\t\t<span class=\"elementor-post-author\">\n\t\t\tOPTV\t\t<\/span>\n\t\t\t\t<span class=\"elementor-post-date\">\n\t\t\t29 de agosto de 2026\t\t<\/span>\n\t\t\t\t<\/div>\n\t\t\t\t\t<\/div>\n\t\t<\/article>\n\t\t\t\t<\/div>\n\t\t\n\t\t\t\t\t\t<\/div>\n\t\t\t\t<\/div>\n\t\t\t\t<\/div>\n\t\t\t\t<\/div>\n\t\t\t\t\t<\/div>\n\t\t\t\t<\/div>\n\t\t<div class=\"elementor-element elementor-element-1a751a5 e-flex e-con-boxed e-con e-parent\" data-id=\"1a751a5\" data-element_type=\"container\" data-e-type=\"container\">\n\t\t\t\t\t<div class=\"e-con-inner\">\n\t\t<div class=\"elementor-element elementor-element-13210d7 e-con-full e-flex e-con e-child\" data-id=\"13210d7\" data-element_type=\"container\" data-e-type=\"container\">\n\t\t\t\t<div class=\"elementor-element elementor-element-c5a2293 elementor-widget elementor-widget-image\" data-id=\"c5a2293\" data-element_type=\"widget\" data-e-type=\"widget\" data-widget_type=\"image.default\">\n\t\t\t\t<div class=\"elementor-widget-container\">\n\t\t\t\t\t\t\t\t\t\t\t\t\t\t\t\t<a href=\"https:\/\/isak.edu.mx\/\">\n\t\t\t\t\t\t\t<img loading=\"lazy\" decoding=\"async\" width=\"2560\" height=\"415\" src=\"https:\/\/www.opinionpublica.tv\/portada\/wp-content\/uploads\/2026\/07\/Cartelera-kinematica-digital-scaled.png\" class=\"attachment-full size-full wp-image-90818\" alt=\"Cartelera kinematica digital\" srcset=\"https:\/\/www.opinionpublica.tv\/portada\/wp-content\/uploads\/2026\/07\/Cartelera-kinematica-digital-scaled.png 2560w, https:\/\/www.opinionpublica.tv\/portada\/wp-content\/uploads\/2026\/07\/Cartelera-kinematica-digital-300x49.png 300w, https:\/\/www.opinionpublica.tv\/portada\/wp-content\/uploads\/2026\/07\/Cartelera-kinematica-digital-1024x166.png 1024w, https:\/\/www.opinionpublica.tv\/portada\/wp-content\/uploads\/2026\/07\/Cartelera-kinematica-digital-768x125.png 768w, https:\/\/www.opinionpublica.tv\/portada\/wp-content\/uploads\/2026\/07\/Cartelera-kinematica-digital-1536x249.png 1536w, https:\/\/www.opinionpublica.tv\/portada\/wp-content\/uploads\/2026\/07\/Cartelera-kinematica-digital-2048x332.png 2048w\" sizes=\"(max-width: 2560px) 100vw, 2560px\" \/>\t\t\t\t\t\t\t\t<\/a>\n\t\t\t\t\t\t\t\t\t\t\t\t\t\t\t<\/div>\n\t\t\t\t<\/div>\n\t\t\t\t<\/div>\n\t\t\t\t\t<\/div>\n\t\t\t\t<\/div>\n\t\t<div class=\"elementor-element elementor-element-c931e87 e-flex e-con-boxed e-con e-parent\" data-id=\"c931e87\" data-element_type=\"container\" data-e-type=\"container\">\n\t\t\t\t\t<div class=\"e-con-inner\">\n\t\t<div class=\"elementor-element elementor-element-fa4ff55 e-con-full e-flex e-con e-child\" data-id=\"fa4ff55\" data-element_type=\"container\" data-e-type=\"container\">\n\t\t\t\t<div class=\"elementor-element elementor-element-e3dc059 elementor-widget elementor-widget-image\" data-id=\"e3dc059\" data-element_type=\"widget\" data-e-type=\"widget\" data-widget_type=\"image.default\">\n\t\t\t\t<div class=\"elementor-widget-container\">\n\t\t\t\t\t\t\t\t\t\t\t\t\t\t\t<img loading=\"lazy\" decoding=\"async\" width=\"1080\" height=\"111\" src=\"https:\/\/www.opinionpublica.tv\/portada\/wp-content\/uploads\/2026\/01\/Optv-usa.png\" class=\"attachment-full size-full wp-image-75478\" alt=\"Optv usa\" srcset=\"https:\/\/www.opinionpublica.tv\/portada\/wp-content\/uploads\/2026\/01\/Optv-usa.png 1080w, https:\/\/www.opinionpublica.tv\/portada\/wp-content\/uploads\/2026\/01\/Optv-usa-300x31.png 300w, https:\/\/www.opinionpublica.tv\/portada\/wp-content\/uploads\/2026\/01\/Optv-usa-1024x105.png 1024w, https:\/\/www.opinionpublica.tv\/portada\/wp-content\/uploads\/2026\/01\/Optv-usa-768x79.png 768w\" sizes=\"(max-width: 1080px) 100vw, 1080px\" \/>\t\t\t\t\t\t\t\t\t\t\t\t\t\t\t<\/div>\n\t\t\t\t<\/div>\n\t\t\t\t<\/div>\n\t\t<div class=\"elementor-element elementor-element-7e4d392 e-con-full e-flex e-con e-child\" data-id=\"7e4d392\" data-element_type=\"container\" data-e-type=\"container\">\n\t\t<div class=\"elementor-element elementor-element-6c036fc e-con-full e-flex e-con e-child\" data-id=\"6c036fc\" data-element_type=\"container\" data-e-type=\"container\">\n\t\t\t\t<div class=\"elementor-element elementor-element-f5014ed elementor-grid-1 elementor-grid-tablet-1 elementor-grid-mobile-1 elementor-posts--thumbnail-top elementor-card-shadow-yes elementor-posts__hover-gradient elementor-widget elementor-widget-posts\" data-id=\"f5014ed\" data-element_type=\"widget\" data-e-type=\"widget\" data-settings=\"{&quot;cards_columns&quot;:&quot;1&quot;,&quot;cards_row_gap&quot;:{&quot;unit&quot;:&quot;px&quot;,&quot;size&quot;:30,&quot;sizes&quot;:[]},&quot;cards_columns_tablet&quot;:&quot;1&quot;,&quot;cards_columns_mobile&quot;:&quot;1&quot;,&quot;cards_row_gap_tablet&quot;:{&quot;unit&quot;:&quot;px&quot;,&quot;size&quot;:&quot;&quot;,&quot;sizes&quot;:[]},&quot;cards_row_gap_mobile&quot;:{&quot;unit&quot;:&quot;px&quot;,&quot;size&quot;:&quot;&quot;,&quot;sizes&quot;:[]}}\" data-widget_type=\"posts.cards\">\n\t\t\t\t<div class=\"elementor-widget-container\">\n\t\t\t\t\t\t\t<div class=\"elementor-posts-container elementor-posts elementor-posts--skin-cards elementor-grid\" role=\"list\">\n\t\t\t\t<article class=\"elementor-post elementor-grid-item post-92869 post type-post status-publish format-standard has-post-thumbnail hentry category-optv-usa tag-afghanistan tag-education tag-girls tag-secret-schools\" role=\"listitem\">\n\t\t\t<div class=\"elementor-post__card\">\n\t\t\t\t<a class=\"elementor-post__thumbnail__link\" href=\"https:\/\/www.opinionpublica.tv\/portada\/inside-afghanistans-secret-schools-for-girls\/\" tabindex=\"-1\" ><div class=\"elementor-post__thumbnail\"><img loading=\"lazy\" decoding=\"async\" width=\"800\" height=\"534\" src=\"https:\/\/www.opinionpublica.tv\/portada\/wp-content\/uploads\/2026\/08\/Inside-Afghanistans-secret-schools-for-girls-1024x683.webp\" class=\"attachment-large size-large wp-image-92870\" alt=\"Inside Afghanistan\u2019s secret schools for girls\" srcset=\"https:\/\/www.opinionpublica.tv\/portada\/wp-content\/uploads\/2026\/08\/Inside-Afghanistans-secret-schools-for-girls-1024x683.webp 1024w, https:\/\/www.opinionpublica.tv\/portada\/wp-content\/uploads\/2026\/08\/Inside-Afghanistans-secret-schools-for-girls-300x200.webp 300w, https:\/\/www.opinionpublica.tv\/portada\/wp-content\/uploads\/2026\/08\/Inside-Afghanistans-secret-schools-for-girls-768x512.webp 768w, https:\/\/www.opinionpublica.tv\/portada\/wp-content\/uploads\/2026\/08\/Inside-Afghanistans-secret-schools-for-girls-1536x1024.webp 1536w, https:\/\/www.opinionpublica.tv\/portada\/wp-content\/uploads\/2026\/08\/Inside-Afghanistans-secret-schools-for-girls.webp 2048w\" sizes=\"(max-width: 800px) 100vw, 800px\" \/><\/div><\/a>\n\t\t\t\t<div class=\"elementor-post__badge\">OPTV USA<\/div>\n\t\t\t\t<div class=\"elementor-post__text\">\n\t\t\t\t<h1 class=\"elementor-post__title\">\n\t\t\t<a href=\"https:\/\/www.opinionpublica.tv\/portada\/inside-afghanistans-secret-schools-for-girls\/\" >\n\t\t\t\tInside Afghanistan\u2019s secret schools for girls\t\t\t<\/a>\n\t\t<\/h1>\n\t\t\t\t<div class=\"elementor-post__excerpt\">\n\t\t\t<p>Ayesha goes to a secret school six days a week, mainly to keep seeing people outside her home. It\u2019s the only way to avoid total isolation under Taliban rule, she says. It\u2019s the only way to feel alive. \u201cWithout that connection,\u201d she said, \u201cI don\u2019t know what would happen to me.\u201d Now 18, Ayesha once dreamed of studying psychology at university. The Taliban ended that<\/p>\n\t\t<\/div>\n\t\t\n\t\t<a class=\"elementor-post__read-more\" href=\"https:\/\/www.opinionpublica.tv\/portada\/inside-afghanistans-secret-schools-for-girls\/\" aria-label=\"M\u00e1s informaci\u00f3n sobre Inside Afghanistan\u2019s secret schools for girls\" tabindex=\"-1\" >\n\t\t\tLeer m\u00e1s \u00bb\t\t<\/a>\n\n\t\t\t\t<\/div>\n\t\t\t\t<div class=\"elementor-post__meta-data\">\n\t\t\t\t\t<span class=\"elementor-post-author\">\n\t\t\tOPTV\t\t<\/span>\n\t\t\t\t<span class=\"elementor-post-date\">\n\t\t\t30 de agosto de 2026\t\t<\/span>\n\t\t\t\t<\/div>\n\t\t\t\t\t<\/div>\n\t\t<\/article>\n\t\t\t\t<\/div>\n\t\t\n\t\t\t\t\t\t<\/div>\n\t\t\t\t<\/div>\n\t\t\t\t<\/div>\n\t\t<div class=\"elementor-element elementor-element-8260503 e-con-full e-flex e-con e-child\" data-id=\"8260503\" data-element_type=\"container\" data-e-type=\"container\">\n\t\t\t\t<div class=\"elementor-element elementor-element-831dd1d elementor-grid-2 elementor-grid-tablet-2 elementor-grid-mobile-1 elementor-posts--thumbnail-top elementor-card-shadow-yes elementor-posts__hover-gradient elementor-widget elementor-widget-posts\" data-id=\"831dd1d\" data-element_type=\"widget\" data-e-type=\"widget\" data-settings=\"{&quot;cards_columns&quot;:&quot;2&quot;,&quot;cards_row_gap&quot;:{&quot;unit&quot;:&quot;px&quot;,&quot;size&quot;:45,&quot;sizes&quot;:[]},&quot;cards_columns_tablet&quot;:&quot;2&quot;,&quot;cards_columns_mobile&quot;:&quot;1&quot;,&quot;cards_row_gap_tablet&quot;:{&quot;unit&quot;:&quot;px&quot;,&quot;size&quot;:&quot;&quot;,&quot;sizes&quot;:[]},&quot;cards_row_gap_mobile&quot;:{&quot;unit&quot;:&quot;px&quot;,&quot;size&quot;:&quot;&quot;,&quot;sizes&quot;:[]}}\" data-widget_type=\"posts.cards\">\n\t\t\t\t<div class=\"elementor-widget-container\">\n\t\t\t\t\t\t\t<div class=\"elementor-posts-container elementor-posts elementor-posts--skin-cards elementor-grid\" role=\"list\">\n\t\t\t\t<article class=\"elementor-post elementor-grid-item post-92874 post type-post status-publish format-standard has-post-thumbnail hentry category-optv-usa tag-hoarders tag-mental-health\" role=\"listitem\">\n\t\t\t<div class=\"elementor-post__card\">\n\t\t\t\t<a class=\"elementor-post__thumbnail__link\" href=\"https:\/\/www.opinionpublica.tv\/portada\/my-estranged-husband-is-a-hoarder-can-i-force-him-to-get-help\/\" tabindex=\"-1\" ><div class=\"elementor-post__thumbnail\"><img loading=\"lazy\" decoding=\"async\" width=\"768\" height=\"691\" src=\"https:\/\/www.opinionpublica.tv\/portada\/wp-content\/uploads\/2026\/08\/My-estranged-husband-is-a-hoarder.-Can-I-force-him-to-get-help-768x691.webp\" class=\"attachment-medium_large size-medium_large wp-image-92875\" alt=\"My estranged husband is a hoarder. Can I force him to get help?\" srcset=\"https:\/\/www.opinionpublica.tv\/portada\/wp-content\/uploads\/2026\/08\/My-estranged-husband-is-a-hoarder.-Can-I-force-him-to-get-help-768x691.webp 768w, https:\/\/www.opinionpublica.tv\/portada\/wp-content\/uploads\/2026\/08\/My-estranged-husband-is-a-hoarder.-Can-I-force-him-to-get-help-300x270.webp 300w, https:\/\/www.opinionpublica.tv\/portada\/wp-content\/uploads\/2026\/08\/My-estranged-husband-is-a-hoarder.-Can-I-force-him-to-get-help-1024x922.webp 1024w, https:\/\/www.opinionpublica.tv\/portada\/wp-content\/uploads\/2026\/08\/My-estranged-husband-is-a-hoarder.-Can-I-force-him-to-get-help-1536x1382.webp 1536w, https:\/\/www.opinionpublica.tv\/portada\/wp-content\/uploads\/2026\/08\/My-estranged-husband-is-a-hoarder.-Can-I-force-him-to-get-help.webp 2048w\" sizes=\"(max-width: 768px) 100vw, 768px\" \/><\/div><\/a>\n\t\t\t\t<div class=\"elementor-post__badge\">OPTV USA<\/div>\n\t\t\t\t<div class=\"elementor-post__text\">\n\t\t\t\t<h2 class=\"elementor-post__title\">\n\t\t\t<a href=\"https:\/\/www.opinionpublica.tv\/portada\/my-estranged-husband-is-a-hoarder-can-i-force-him-to-get-help\/\" >\n\t\t\t\tMy estranged husband is a hoarder. Can I force him to get help?\t\t\t<\/a>\n\t\t<\/h2>\n\t\t\t\t<div class=\"elementor-post__excerpt\">\n\t\t\t<p>I have been married for 55 years to a man who is highly intelligent and educated. He is funny, generous and a wonderful provider. Together we have raised two amazing children we are very proud of. The problem is that he is a full-blown hoarder \u2014 the kind you see on TV. More than a decade ago, he agreed to<\/p>\n\t\t<\/div>\n\t\t\n\t\t<a class=\"elementor-post__read-more\" href=\"https:\/\/www.opinionpublica.tv\/portada\/my-estranged-husband-is-a-hoarder-can-i-force-him-to-get-help\/\" aria-label=\"M\u00e1s informaci\u00f3n sobre My estranged husband is a hoarder. Can I force him to get help?\" tabindex=\"-1\" >\n\t\t\tLeer m\u00e1s \u00bb\t\t<\/a>\n\n\t\t\t\t<\/div>\n\t\t\t\t<div class=\"elementor-post__meta-data\">\n\t\t\t\t\t<span class=\"elementor-post-author\">\n\t\t\tOPTV\t\t<\/span>\n\t\t\t\t<span class=\"elementor-post-date\">\n\t\t\t30 de agosto de 2026\t\t<\/span>\n\t\t\t\t<\/div>\n\t\t\t\t\t<\/div>\n\t\t<\/article>\n\t\t\t\t<article class=\"elementor-post elementor-grid-item post-92773 post type-post status-publish format-standard has-post-thumbnail hentry category-optv-usa tag-artemis-ii tag-donald-trump tag-nasa tag-space-academy\" role=\"listitem\">\n\t\t\t<div class=\"elementor-post__card\">\n\t\t\t\t<a class=\"elementor-post__thumbnail__link\" href=\"https:\/\/www.opinionpublica.tv\/portada\/trump-creates-a-space-academy-and-honors-the-artemis-astronauts\/\" tabindex=\"-1\" ><div class=\"elementor-post__thumbnail\"><img loading=\"lazy\" decoding=\"async\" width=\"767\" height=\"511\" src=\"https:\/\/www.opinionpublica.tv\/portada\/wp-content\/uploads\/2026\/08\/Trump-creates-a-space-academy-and-honors-the-Artemis-astronauts-767x511.webp\" class=\"attachment-medium_large size-medium_large wp-image-92774\" alt=\"Trump creates a space academy and honors the Artemis astronauts\" srcset=\"https:\/\/www.opinionpublica.tv\/portada\/wp-content\/uploads\/2026\/08\/Trump-creates-a-space-academy-and-honors-the-Artemis-astronauts-767x511.webp 767w, https:\/\/www.opinionpublica.tv\/portada\/wp-content\/uploads\/2026\/08\/Trump-creates-a-space-academy-and-honors-the-Artemis-astronauts-300x200.webp 300w, https:\/\/www.opinionpublica.tv\/portada\/wp-content\/uploads\/2026\/08\/Trump-creates-a-space-academy-and-honors-the-Artemis-astronauts-1024x682.webp 1024w, https:\/\/www.opinionpublica.tv\/portada\/wp-content\/uploads\/2026\/08\/Trump-creates-a-space-academy-and-honors-the-Artemis-astronauts-1536x1024.webp 1536w, https:\/\/www.opinionpublica.tv\/portada\/wp-content\/uploads\/2026\/08\/Trump-creates-a-space-academy-and-honors-the-Artemis-astronauts.webp 2048w\" sizes=\"(max-width: 767px) 100vw, 767px\" \/><\/div><\/a>\n\t\t\t\t<div class=\"elementor-post__badge\">OPTV USA<\/div>\n\t\t\t\t<div class=\"elementor-post__text\">\n\t\t\t\t<h2 class=\"elementor-post__title\">\n\t\t\t<a href=\"https:\/\/www.opinionpublica.tv\/portada\/trump-creates-a-space-academy-and-honors-the-artemis-astronauts\/\" >\n\t\t\t\tTrump creates a space academy and honors the Artemis II astronauts\t\t\t<\/a>\n\t\t<\/h2>\n\t\t\t\t<div class=\"elementor-post__excerpt\">\n\t\t\t<p>Declaring that space exploration is \u201cthe hot thing,\u201d President Trump on Friday signed an executive order creating a U.S. space academy and presented Medals of Honor to the Artemis II crew, which completed a historic 10-day flight around the moon. At an event at the NASA Lyndon B. Johnson Space Center in Houston, Mr. Trump presented the Congressional Space Medal<\/p>\n\t\t<\/div>\n\t\t\n\t\t<a class=\"elementor-post__read-more\" href=\"https:\/\/www.opinionpublica.tv\/portada\/trump-creates-a-space-academy-and-honors-the-artemis-astronauts\/\" aria-label=\"M\u00e1s informaci\u00f3n sobre Trump creates a space academy and honors the Artemis II astronauts\" tabindex=\"-1\" >\n\t\t\tLeer m\u00e1s \u00bb\t\t<\/a>\n\n\t\t\t\t<\/div>\n\t\t\t\t<div class=\"elementor-post__meta-data\">\n\t\t\t\t\t<span class=\"elementor-post-author\">\n\t\t\tOPTV\t\t<\/span>\n\t\t\t\t<span class=\"elementor-post-date\">\n\t\t\t29 de agosto de 2026\t\t<\/span>\n\t\t\t\t<\/div>\n\t\t\t\t\t<\/div>\n\t\t<\/article>\n\t\t\t\t<\/div>\n\t\t\n\t\t\t\t\t\t<\/div>\n\t\t\t\t<\/div>\n\t\t\t\t<\/div>\n\t\t\t\t<\/div>\n\t\t\t\t\t<\/div>\n\t\t\t\t<\/div>\n\t\t<div class=\"elementor-element elementor-element-415b4b4 e-flex e-con-boxed e-con e-parent\" data-id=\"415b4b4\" data-element_type=\"container\" data-e-type=\"container\">\n\t\t\t\t\t<div class=\"e-con-inner\">\n\t\t<div class=\"elementor-element elementor-element-c5540ec e-con-full e-flex e-con e-child\" data-id=\"c5540ec\" data-element_type=\"container\" data-e-type=\"container\">\n\t\t\t\t<div class=\"elementor-element elementor-element-02bc469 elementor-hidden-tablet elementor-widget-divider--view-line elementor-widget elementor-widget-divider\" data-id=\"02bc469\" data-element_type=\"widget\" data-e-type=\"widget\" data-widget_type=\"divider.default\">\n\t\t\t\t<div class=\"elementor-widget-container\">\n\t\t\t\t\t\t\t<div class=\"elementor-divider\">\n\t\t\t<span class=\"elementor-divider-separator\">\n\t\t\t\t\t\t<\/span>\n\t\t<\/div>\n\t\t\t\t\t\t<\/div>\n\t\t\t\t<\/div>\n\t\t\t\t<div class=\"elementor-element elementor-element-5ba0ff0 elementor-widget elementor-widget-heading\" data-id=\"5ba0ff0\" data-element_type=\"widget\" data-e-type=\"widget\" data-widget_type=\"heading.default\">\n\t\t\t\t<div class=\"elementor-widget-container\">\n\t\t\t\t\t<h2 class=\"elementor-heading-title elementor-size-default\">PULSO POL\u00cdTICO<\/h2>\t\t\t\t<\/div>\n\t\t\t\t<\/div>\n\t\t\t\t<div class=\"elementor-element elementor-element-c76a053 elementor-grid-2 elementor-grid-tablet-2 elementor-grid-mobile-1 elementor-posts--thumbnail-top elementor-card-shadow-yes elementor-posts__hover-gradient elementor-widget elementor-widget-posts\" data-id=\"c76a053\" data-element_type=\"widget\" data-e-type=\"widget\" data-settings=\"{&quot;cards_columns&quot;:&quot;2&quot;,&quot;cards_row_gap&quot;:{&quot;unit&quot;:&quot;px&quot;,&quot;size&quot;:46,&quot;sizes&quot;:[]},&quot;cards_row_gap_tablet&quot;:{&quot;unit&quot;:&quot;px&quot;,&quot;size&quot;:46,&quot;sizes&quot;:[]},&quot;cards_columns_tablet&quot;:&quot;2&quot;,&quot;cards_columns_mobile&quot;:&quot;1&quot;,&quot;cards_row_gap_mobile&quot;:{&quot;unit&quot;:&quot;px&quot;,&quot;size&quot;:&quot;&quot;,&quot;sizes&quot;:[]}}\" data-widget_type=\"posts.cards\">\n\t\t\t\t<div class=\"elementor-widget-container\">\n\t\t\t\t\t\t\t<div class=\"elementor-posts-container elementor-posts elementor-posts--skin-cards elementor-grid\" role=\"list\">\n\t\t\t\t<article class=\"elementor-post elementor-grid-item post-92830 post type-post status-publish format-standard has-post-thumbnail hentry category-pulsopolitico tag-elecciones-2027 tag-grecia-quiroz tag-michoacan\" role=\"listitem\">\n\t\t\t<div class=\"elementor-post__card\">\n\t\t\t\t<a class=\"elementor-post__thumbnail__link\" href=\"https:\/\/www.opinionpublica.tv\/portada\/me-quieren-quitar-del-camino-si-algo-me-pasa-no-abandonen-la-lucha-grecia-quiroz\/\" tabindex=\"-1\" ><div class=\"elementor-post__thumbnail\"><img loading=\"lazy\" decoding=\"async\" width=\"768\" height=\"473\" src=\"https:\/\/www.opinionpublica.tv\/portada\/wp-content\/uploads\/2026\/08\/Me-quieren-quitar-del-camino-si-algo-me-pasa-no-dejen-la-lucha-asegura-Grecia-Quiroz-768x473.avif\" class=\"attachment-medium_large size-medium_large wp-image-92836\" alt=\"&#039;Me quieren quitar del camino, si algo me pasa, no dejen la lucha&#039;, asegura Grecia Quiroz\" srcset=\"https:\/\/www.opinionpublica.tv\/portada\/wp-content\/uploads\/2026\/08\/Me-quieren-quitar-del-camino-si-algo-me-pasa-no-dejen-la-lucha-asegura-Grecia-Quiroz-768x473.avif 768w, https:\/\/www.opinionpublica.tv\/portada\/wp-content\/uploads\/2026\/08\/Me-quieren-quitar-del-camino-si-algo-me-pasa-no-dejen-la-lucha-asegura-Grecia-Quiroz-300x185.avif 300w, https:\/\/www.opinionpublica.tv\/portada\/wp-content\/uploads\/2026\/08\/Me-quieren-quitar-del-camino-si-algo-me-pasa-no-dejen-la-lucha-asegura-Grecia-Quiroz-1024x631.avif 1024w, https:\/\/www.opinionpublica.tv\/portada\/wp-content\/uploads\/2026\/08\/Me-quieren-quitar-del-camino-si-algo-me-pasa-no-dejen-la-lucha-asegura-Grecia-Quiroz.avif 1081w\" sizes=\"(max-width: 768px) 100vw, 768px\" \/><\/div><\/a>\n\t\t\t\t<div class=\"elementor-post__badge\">Pulso Pol\u00edtico<\/div>\n\t\t\t\t<div class=\"elementor-post__text\">\n\t\t\t\t<h2 class=\"elementor-post__title\">\n\t\t\t<a href=\"https:\/\/www.opinionpublica.tv\/portada\/me-quieren-quitar-del-camino-si-algo-me-pasa-no-abandonen-la-lucha-grecia-quiroz\/\" >\n\t\t\t\t&#8216;Me quieren quitar del camino, si algo me pasa, no dejen la lucha&#8217;, asegura Grecia Quiroz\t\t\t<\/a>\n\t\t<\/h2>\n\t\t\n\t\t<a class=\"elementor-post__read-more\" href=\"https:\/\/www.opinionpublica.tv\/portada\/me-quieren-quitar-del-camino-si-algo-me-pasa-no-abandonen-la-lucha-grecia-quiroz\/\" aria-label=\"M\u00e1s informaci\u00f3n sobre &#8216;Me quieren quitar del camino, si algo me pasa, no dejen la lucha&#8217;, asegura Grecia Quiroz\" tabindex=\"-1\" >\n\t\t\tLeer m\u00e1s \u00bb\t\t<\/a>\n\n\t\t\t\t<\/div>\n\t\t\t\t<div class=\"elementor-post__meta-data\">\n\t\t\t\t\t<span class=\"elementor-post-author\">\n\t\t\tOPTV\t\t<\/span>\n\t\t\t\t<span class=\"elementor-post-date\">\n\t\t\t30 de agosto de 2026\t\t<\/span>\n\t\t\t\t<\/div>\n\t\t\t\t\t<\/div>\n\t\t<\/article>\n\t\t\t\t<article class=\"elementor-post elementor-grid-item post-92855 post type-post status-publish format-standard has-post-thumbnail hentry category-pulsopolitico tag-dispositivos-digitales tag-escuelas tag-redes-sociales tag-sep\" role=\"listitem\">\n\t\t\t<div class=\"elementor-post__card\">\n\t\t\t\t<a class=\"elementor-post__thumbnail__link\" href=\"https:\/\/www.opinionpublica.tv\/portada\/sep-docentes-consideran-necesaria-regulacion-sobre-uso-de-dispositivos-digitales-en-escuelas\/\" tabindex=\"-1\" ><div class=\"elementor-post__thumbnail\"><img loading=\"lazy\" decoding=\"async\" width=\"768\" height=\"512\" src=\"https:\/\/www.opinionpublica.tv\/portada\/wp-content\/uploads\/2026\/08\/SEP-docentes-si-consideran-necesario-regular-el-uso-de-dispositivos-digitales-en-clase-768x512.webp\" class=\"attachment-medium_large size-medium_large wp-image-92859\" alt=\"SEP docentes si\u0301 consideran necesario regular el uso de dispositivos digitales en clase\" srcset=\"https:\/\/www.opinionpublica.tv\/portada\/wp-content\/uploads\/2026\/08\/SEP-docentes-si-consideran-necesario-regular-el-uso-de-dispositivos-digitales-en-clase-768x512.webp 768w, https:\/\/www.opinionpublica.tv\/portada\/wp-content\/uploads\/2026\/08\/SEP-docentes-si-consideran-necesario-regular-el-uso-de-dispositivos-digitales-en-clase-300x200.webp 300w, https:\/\/www.opinionpublica.tv\/portada\/wp-content\/uploads\/2026\/08\/SEP-docentes-si-consideran-necesario-regular-el-uso-de-dispositivos-digitales-en-clase-1024x683.webp 1024w, https:\/\/www.opinionpublica.tv\/portada\/wp-content\/uploads\/2026\/08\/SEP-docentes-si-consideran-necesario-regular-el-uso-de-dispositivos-digitales-en-clase.webp 1200w\" sizes=\"(max-width: 768px) 100vw, 768px\" \/><\/div><\/a>\n\t\t\t\t<div class=\"elementor-post__badge\">Pulso Pol\u00edtico<\/div>\n\t\t\t\t<div class=\"elementor-post__text\">\n\t\t\t\t<h2 class=\"elementor-post__title\">\n\t\t\t<a href=\"https:\/\/www.opinionpublica.tv\/portada\/sep-docentes-consideran-necesaria-regulacion-sobre-uso-de-dispositivos-digitales-en-escuelas\/\" >\n\t\t\t\tSEP: docentes s\u00ed consideran necesario regular el uso de dispositivos digitales en clase\t\t\t<\/a>\n\t\t<\/h2>\n\t\t\n\t\t<a class=\"elementor-post__read-more\" href=\"https:\/\/www.opinionpublica.tv\/portada\/sep-docentes-consideran-necesaria-regulacion-sobre-uso-de-dispositivos-digitales-en-escuelas\/\" aria-label=\"M\u00e1s informaci\u00f3n sobre SEP: docentes s\u00ed consideran necesario regular el uso de dispositivos digitales en clase\" tabindex=\"-1\" >\n\t\t\tLeer m\u00e1s \u00bb\t\t<\/a>\n\n\t\t\t\t<\/div>\n\t\t\t\t<div class=\"elementor-post__meta-data\">\n\t\t\t\t\t<span class=\"elementor-post-author\">\n\t\t\tOPTV\t\t<\/span>\n\t\t\t\t<span class=\"elementor-post-date\">\n\t\t\t30 de agosto de 2026\t\t<\/span>\n\t\t\t\t<\/div>\n\t\t\t\t\t<\/div>\n\t\t<\/article>\n\t\t\t\t<\/div>\n\t\t\n\t\t\t\t\t\t<\/div>\n\t\t\t\t<\/div>\n\t\t\t\t<\/div>\n\t\t<div class=\"elementor-element elementor-element-b606f65 e-con-full e-flex e-con e-child\" data-id=\"b606f65\" data-element_type=\"container\" data-e-type=\"container\">\n\t\t<div class=\"elementor-element elementor-element-bed17b9 e-con-full e-flex e-con e-child\" data-id=\"bed17b9\" data-element_type=\"container\" data-e-type=\"container\">\n\t\t\t\t<div class=\"elementor-element elementor-element-cbcd2fd elementor-align-justify elementor-widget elementor-widget-button\" data-id=\"cbcd2fd\" data-element_type=\"widget\" data-e-type=\"widget\" data-widget_type=\"button.default\">\n\t\t\t\t<div class=\"elementor-widget-container\">\n\t\t\t\t\t\t\t\t\t<div class=\"elementor-button-wrapper\">\n\t\t\t\t\t<a class=\"elementor-button elementor-size-sm\" role=\"button\">\n\t\t\t\t\t\t<span class=\"elementor-button-content-wrapper\">\n\t\t\t\t\t\t\t\t\t<span class=\"elementor-button-text\">EL LIBRO DE LA SEMANA<\/span>\n\t\t\t\t\t<\/span>\n\t\t\t\t\t<\/a>\n\t\t\t\t<\/div>\n\t\t\t\t\t\t\t\t<\/div>\n\t\t\t\t<\/div>\n\t\t\t\t<div class=\"elementor-element elementor-element-87b3827 elementor-grid-1 elementor-grid-tablet-1 elementor-grid-mobile-1 elementor-posts--thumbnail-top elementor-card-shadow-yes elementor-posts__hover-gradient elementor-widget elementor-widget-posts\" data-id=\"87b3827\" data-element_type=\"widget\" data-e-type=\"widget\" data-settings=\"{&quot;cards_columns&quot;:&quot;1&quot;,&quot;cards_row_gap&quot;:{&quot;unit&quot;:&quot;px&quot;,&quot;size&quot;:46,&quot;sizes&quot;:[]},&quot;cards_columns_tablet&quot;:&quot;1&quot;,&quot;cards_columns_mobile&quot;:&quot;1&quot;,&quot;cards_row_gap_tablet&quot;:{&quot;unit&quot;:&quot;px&quot;,&quot;size&quot;:&quot;&quot;,&quot;sizes&quot;:[]},&quot;cards_row_gap_mobile&quot;:{&quot;unit&quot;:&quot;px&quot;,&quot;size&quot;:&quot;&quot;,&quot;sizes&quot;:[]}}\" data-widget_type=\"posts.cards\">\n\t\t\t\t<div class=\"elementor-widget-container\">\n\t\t\t\t\t\t\t<div class=\"elementor-posts-container elementor-posts elementor-posts--skin-cards elementor-grid\" role=\"list\">\n\t\t\t\t<article class=\"elementor-post elementor-grid-item post-92750 post type-post status-publish format-standard has-post-thumbnail hentry category-el-libro-de-la-semana tag-lectura tag-libro-de-la-semana\" role=\"listitem\">\n\t\t\t<div class=\"elementor-post__card\">\n\t\t\t\t<a class=\"elementor-post__thumbnail__link\" href=\"https:\/\/www.opinionpublica.tv\/portada\/la-vida-en-un-scroll-como-las-pantallas-moldean-y-dirigen-lo-que-somos-autor-moises-g-recio\/\" tabindex=\"-1\" ><div class=\"elementor-post__thumbnail\"><img loading=\"lazy\" decoding=\"async\" width=\"768\" height=\"1186\" src=\"https:\/\/www.opinionpublica.tv\/portada\/wp-content\/uploads\/2026\/08\/La-vida-en-un-scroll-Como-las-pantallas-moldean-y-dirigen-lo-que-somos-768x1186.jpg\" class=\"attachment-medium_large size-medium_large wp-image-92751\" alt=\"La vida en un scroll Co\u0301mo las pantallas moldean y dirigen lo que somos\" srcset=\"https:\/\/www.opinionpublica.tv\/portada\/wp-content\/uploads\/2026\/08\/La-vida-en-un-scroll-Como-las-pantallas-moldean-y-dirigen-lo-que-somos-768x1186.jpg 768w, https:\/\/www.opinionpublica.tv\/portada\/wp-content\/uploads\/2026\/08\/La-vida-en-un-scroll-Como-las-pantallas-moldean-y-dirigen-lo-que-somos-194x300.jpg 194w, https:\/\/www.opinionpublica.tv\/portada\/wp-content\/uploads\/2026\/08\/La-vida-en-un-scroll-Como-las-pantallas-moldean-y-dirigen-lo-que-somos-663x1024.jpg 663w, https:\/\/www.opinionpublica.tv\/portada\/wp-content\/uploads\/2026\/08\/La-vida-en-un-scroll-Como-las-pantallas-moldean-y-dirigen-lo-que-somos.jpg 971w\" sizes=\"(max-width: 768px) 100vw, 768px\" \/><\/div><\/a>\n\t\t\t\t<div class=\"elementor-post__badge\">El Libro de la Semana<\/div>\n\t\t\t\t<div class=\"elementor-post__text\">\n\t\t\t\t<h2 class=\"elementor-post__title\">\n\t\t\t<a href=\"https:\/\/www.opinionpublica.tv\/portada\/la-vida-en-un-scroll-como-las-pantallas-moldean-y-dirigen-lo-que-somos-autor-moises-g-recio\/\" >\n\t\t\t\tLa vida en un scroll: C\u00f3mo las pantallas moldean lo que somos | Mois\u00e9s Recio\t\t\t<\/a>\n\t\t<\/h2>\n\t\t\n\t\t<a class=\"elementor-post__read-more\" href=\"https:\/\/www.opinionpublica.tv\/portada\/la-vida-en-un-scroll-como-las-pantallas-moldean-y-dirigen-lo-que-somos-autor-moises-g-recio\/\" aria-label=\"M\u00e1s informaci\u00f3n sobre La vida en un scroll: C\u00f3mo las pantallas moldean lo que somos | Mois\u00e9s Recio\" tabindex=\"-1\" >\n\t\t\tLeer m\u00e1s \u00bb\t\t<\/a>\n\n\t\t\t\t<\/div>\n\t\t\t\t<div class=\"elementor-post__meta-data\">\n\t\t\t\t\t<span class=\"elementor-post-date\">\n\t\t\t29 de agosto de 2026\t\t<\/span>\n\t\t\t\t<\/div>\n\t\t\t\t\t<\/div>\n\t\t<\/article>\n\t\t\t\t<\/div>\n\t\t\n\t\t\t\t\t\t<\/div>\n\t\t\t\t<\/div>\n\t\t\t\t<\/div>\n\t\t<div class=\"elementor-element elementor-element-31eae6f e-con-full e-flex e-con e-child\" data-id=\"31eae6f\" data-element_type=\"container\" data-e-type=\"container\">\n\t\t\t\t<div class=\"elementor-element elementor-element-cd44afb elementor-align-justify elementor-widget elementor-widget-button\" data-id=\"cd44afb\" data-element_type=\"widget\" data-e-type=\"widget\" data-widget_type=\"button.default\">\n\t\t\t\t<div class=\"elementor-widget-container\">\n\t\t\t\t\t\t\t\t\t<div class=\"elementor-button-wrapper\">\n\t\t\t\t\t<a class=\"elementor-button elementor-size-sm\" role=\"button\">\n\t\t\t\t\t\t<span class=\"elementor-button-content-wrapper\">\n\t\t\t\t\t\t\t\t\t<span class=\"elementor-button-text\">UN D\u00cdA COMO HOY     <\/span>\n\t\t\t\t\t<\/span>\n\t\t\t\t\t<\/a>\n\t\t\t\t<\/div>\n\t\t\t\t\t\t\t\t<\/div>\n\t\t\t\t<\/div>\n\t\t\t\t<div class=\"elementor-element elementor-element-d5c60b7 elementor-grid-1 elementor-grid-tablet-1 elementor-grid-mobile-1 elementor-posts--thumbnail-top elementor-card-shadow-yes elementor-posts__hover-gradient elementor-widget elementor-widget-posts\" data-id=\"d5c60b7\" data-element_type=\"widget\" data-e-type=\"widget\" data-settings=\"{&quot;cards_columns&quot;:&quot;1&quot;,&quot;cards_row_gap&quot;:{&quot;unit&quot;:&quot;px&quot;,&quot;size&quot;:46,&quot;sizes&quot;:[]},&quot;cards_columns_tablet&quot;:&quot;1&quot;,&quot;cards_columns_mobile&quot;:&quot;1&quot;,&quot;cards_row_gap_tablet&quot;:{&quot;unit&quot;:&quot;px&quot;,&quot;size&quot;:&quot;&quot;,&quot;sizes&quot;:[]},&quot;cards_row_gap_mobile&quot;:{&quot;unit&quot;:&quot;px&quot;,&quot;size&quot;:&quot;&quot;,&quot;sizes&quot;:[]}}\" data-widget_type=\"posts.cards\">\n\t\t\t\t<div class=\"elementor-widget-container\">\n\t\t\t\t\t\t\t<div class=\"elementor-posts-container elementor-posts elementor-posts--skin-cards elementor-grid\" role=\"list\">\n\t\t\t\t<article class=\"elementor-post elementor-grid-item post-92861 post type-post status-publish format-standard has-post-thumbnail hentry category-un-dia-como-hoy tag-efemerides-30-de-agosto tag-transbordador-espacial-discovery\" role=\"listitem\">\n\t\t\t<div class=\"elementor-post__card\">\n\t\t\t\t<a class=\"elementor-post__thumbnail__link\" href=\"https:\/\/www.opinionpublica.tv\/portada\/efemerides-30-de-agosto-un-dia-como-hoy-en-la-historia-2\/\" tabindex=\"-1\" ><div class=\"elementor-post__thumbnail\"><img loading=\"lazy\" decoding=\"async\" width=\"768\" height=\"508\" src=\"https:\/\/www.opinionpublica.tv\/portada\/wp-content\/uploads\/2026\/08\/1984-Estados-Unidos-lanza-por-primera-vez-el-transbordador-espacial-Discovery-1-768x508.webp\" class=\"attachment-medium_large size-medium_large wp-image-92864\" alt=\"1984, Estados Unidos lanza por primera vez el transbordador espacial Discovery\" srcset=\"https:\/\/www.opinionpublica.tv\/portada\/wp-content\/uploads\/2026\/08\/1984-Estados-Unidos-lanza-por-primera-vez-el-transbordador-espacial-Discovery-1-768x508.webp 768w, https:\/\/www.opinionpublica.tv\/portada\/wp-content\/uploads\/2026\/08\/1984-Estados-Unidos-lanza-por-primera-vez-el-transbordador-espacial-Discovery-1-1024x678.webp 1024w, https:\/\/www.opinionpublica.tv\/portada\/wp-content\/uploads\/2026\/08\/1984-Estados-Unidos-lanza-por-primera-vez-el-transbordador-espacial-Discovery-1-300x199.webp 300w, https:\/\/www.opinionpublica.tv\/portada\/wp-content\/uploads\/2026\/08\/1984-Estados-Unidos-lanza-por-primera-vez-el-transbordador-espacial-Discovery-1.webp 1041w\" sizes=\"(max-width: 768px) 100vw, 768px\" \/><\/div><\/a>\n\t\t\t\t<div class=\"elementor-post__badge\">UN D\u00cdA COMO HOY...<\/div>\n\t\t\t\t<div class=\"elementor-post__text\">\n\t\t\t\t<h2 class=\"elementor-post__title\">\n\t\t\t<a href=\"https:\/\/www.opinionpublica.tv\/portada\/efemerides-30-de-agosto-un-dia-como-hoy-en-la-historia-2\/\" >\n\t\t\t\tEfem\u00e9rides 30 de agosto | Un d\u00eda como hoy en la historia&#8230;\t\t\t<\/a>\n\t\t<\/h2>\n\t\t\n\t\t<a class=\"elementor-post__read-more\" href=\"https:\/\/www.opinionpublica.tv\/portada\/efemerides-30-de-agosto-un-dia-como-hoy-en-la-historia-2\/\" aria-label=\"M\u00e1s informaci\u00f3n sobre Efem\u00e9rides 30 de agosto | Un d\u00eda como hoy en la historia&#8230;\" tabindex=\"-1\" >\n\t\t\tLeer m\u00e1s \u00bb\t\t<\/a>\n\n\t\t\t\t<\/div>\n\t\t\t\t<div class=\"elementor-post__meta-data\">\n\t\t\t\t\t<span class=\"elementor-post-author\">\n\t\t\tOPTV\t\t<\/span>\n\t\t\t\t<span class=\"elementor-post-date\">\n\t\t\t30 de agosto de 2026\t\t<\/span>\n\t\t\t\t<\/div>\n\t\t\t\t\t<\/div>\n\t\t<\/article>\n\t\t\t\t<\/div>\n\t\t\n\t\t\t\t\t\t<\/div>\n\t\t\t\t<\/div>\n\t\t\t\t<\/div>\n\t\t\t\t<\/div>\n\t\t\t\t\t<\/div>\n\t\t\t\t<\/div>\n\t\t<div class=\"elementor-element elementor-element-f54634b e-flex e-con-boxed e-con e-parent\" data-id=\"f54634b\" data-element_type=\"container\" data-e-type=\"container\">\n\t\t\t\t\t<div class=\"e-con-inner\">\n\t\t<div class=\"elementor-element elementor-element-7c50848 e-con-full e-flex e-con e-child\" data-id=\"7c50848\" data-element_type=\"container\" data-e-type=\"container\">\n\t\t\t\t<div class=\"elementor-element elementor-element-f76907a elementor-widget elementor-widget-image\" data-id=\"f76907a\" data-element_type=\"widget\" data-e-type=\"widget\" data-widget_type=\"image.default\">\n\t\t\t\t<div class=\"elementor-widget-container\">\n\t\t\t\t\t\t\t\t\t\t\t\t\t\t\t\t<a href=\"https:\/\/floralnicole.com\/\">\n\t\t\t\t\t\t\t<img loading=\"lazy\" decoding=\"async\" width=\"993\" height=\"160\" src=\"https:\/\/www.opinionpublica.tv\/portada\/wp-content\/uploads\/2024\/12\/Banner-Ad-Floralnicole-Dic-5-2024-2.gif\" class=\"attachment-full size-full wp-image-48753\" alt=\"Banner Ad Floralnicole Dic 5 2024 2\" \/>\t\t\t\t\t\t\t\t<\/a>\n\t\t\t\t\t\t\t\t\t\t\t\t\t\t\t<\/div>\n\t\t\t\t<\/div>\n\t\t\t\t<\/div>\n\t\t\t\t\t<\/div>\n\t\t\t\t<\/div>\n\t\t\t\t<\/div>\n\t\t","protected":false},"excerpt":{"rendered":"<p>OPINI\u00d3N P\u00daBLICA VIDEOS OPTV Contacto: direccion@opinionpublica.tv JU\u00c1REZ TENDENCIAS CIENCIA Y TECNOLOG\u00cdA PULSO POL\u00cdTICO EL LIBRO DE LA SEMANA UN D\u00cdA COMO HOY<\/p>\n","protected":false},"author":5,"featured_media":0,"parent":0,"menu_order":0,"comment_status":"closed","ping_status":"closed","template":"","meta":{"_acf_changed":false,"_monsterinsights_skip_tracking":false,"slim_seo":{"description":"Un d\u00eda 30 de agosto como hoy, pero de 1984, Estados Unidos lanza por primera vez el transbordador espacial Discovery, en la misi\u00f3n STS-41-D, con dos sat\u00e9lites d","title":"Efem\u00e9rides 30 de agosto | Un d\u00eda como hoy en la historia... - Opini\u00f3n P\u00fablica"},"footnotes":""},"class_list":["post-41884","page","type-page","status-publish","hentry"],"acf":[],"_links":{"self":[{"href":"https:\/\/www.opinionpublica.tv\/portada\/wp-json\/wp\/v2\/pages\/41884","targetHints":{"allow":["GET"]}}],"collection":[{"href":"https:\/\/www.opinionpublica.tv\/portada\/wp-json\/wp\/v2\/pages"}],"about":[{"href":"https:\/\/www.opinionpublica.tv\/portada\/wp-json\/wp\/v2\/types\/page"}],"author":[{"embeddable":true,"href":"https:\/\/www.opinionpublica.tv\/portada\/wp-json\/wp\/v2\/users\/5"}],"replies":[{"embeddable":true,"href":"https:\/\/www.opinionpublica.tv\/portada\/wp-json\/wp\/v2\/comments?post=41884"}],"version-history":[{"count":779,"href":"https:\/\/www.opinionpublica.tv\/portada\/wp-json\/wp\/v2\/pages\/41884\/revisions"}],"predecessor-version":[{"id":92848,"href":"https:\/\/www.opinionpublica.tv\/portada\/wp-json\/wp\/v2\/pages\/41884\/revisions\/92848"}],"wp:attachment":[{"href":"https:\/\/www.opinionpublica.tv\/portada\/wp-json\/wp\/v2\/media?parent=41884"}],"curies":[{"name":"wp","href":"https:\/\/api.w.org\/{rel}","templated":true}]}}